{"id":20,"date":"2019-01-21T09:57:48","date_gmt":"2019-01-21T08:57:48","guid":{"rendered":"https:\/\/wordpress.nibis.de\/gswalchum\/?page_id=20"},"modified":"2026-08-27T16:27:38","modified_gmt":"2026-08-27T14:27:38","slug":"kollegium","status":"publish","type":"page","link":"https:\/\/wordpress.nibis.de\/gswalchum\/kollegium\/","title":{"rendered":"Kollegium im Schuljahr 2026\/27"},"content":{"rendered":"<div class=\"wp-block-image\">\n<figure class=\"aligncenter size-large\"><img loading=\"lazy\" decoding=\"async\" width=\"1200\" height=\"675\" src=\"https:\/\/wordpress.nibis.de\/gswalchum\/files\/2026\/08\/Lehrerkollegium-2026-Grundschule-Walchum-1200x675.jpg\" alt=\"\" class=\"wp-image-2727\" srcset=\"https:\/\/wordpress.nibis.de\/gswalchum\/files\/2026\/08\/Lehrerkollegium-2026-Grundschule-Walchum-1200x675.jpg 1200w, https:\/\/wordpress.nibis.de\/gswalchum\/files\/2026\/08\/Lehrerkollegium-2026-Grundschule-Walchum-850x478.jpg 850w, https:\/\/wordpress.nibis.de\/gswalchum\/files\/2026\/08\/Lehrerkollegium-2026-Grundschule-Walchum-250x141.jpg 250w\" sizes=\"auto, (max-width: 1200px) 100vw, 1200px\" \/><figcaption class=\"wp-element-caption\">Von links nach rechts: Frau Wiebke Schulte (FSJ), Frau Nina Vornholt (PM), Frau Maresa D\u00fcnh\u00f6ft (PM), Frau Hannah Krallmann (LA), Frau Sandra Rensen (PM), Frau Gaby Weseler (SL), Frau Irmgard Tamminga (PM), Frau Kim Neehoff (L), Frau Franziska Herbers (L), Frau Marion Hunfeld (L), Herr Rolf Niehus (L)<\/figcaption><\/figure>\n<\/div>\n\n\n<p class=\"wp-block-paragraph\"><strong>Lehrerinnen und Lehrer<\/strong><\/p>\n\n\n\n<div class=\"wp-block-group\"><div class=\"wp-block-group__inner-container is-layout-constrained wp-block-group-is-layout-constrained\">\n<div class=\"wp-block-columns is-layout-flex wp-container-core-columns-is-layout-8f761849 wp-block-columns-is-layout-flex\">\n<div class=\"wp-block-column is-layout-flow wp-block-column-is-layout-flow\" style=\"--col-width:100%;flex-basis:100%\">\n<figure class=\"wp-block-gallery has-nested-images columns-2 is-cropped wp-block-gallery-1 is-layout-flex wp-block-gallery-is-layout-flex\">\n<figure class=\"wp-block-image size-large\"><img loading=\"lazy\" decoding=\"async\" width=\"640\" height=\"640\" data-id=\"1746\" src=\"https:\/\/wordpress.nibis.de\/gswalchum\/files\/2024\/11\/Marion.jpg\" alt=\"\" class=\"wp-image-1746\" srcset=\"https:\/\/wordpress.nibis.de\/gswalchum\/files\/2024\/11\/Marion.jpg 640w, https:\/\/wordpress.nibis.de\/gswalchum\/files\/2024\/11\/Marion-300x300.jpg 300w, https:\/\/wordpress.nibis.de\/gswalchum\/files\/2024\/11\/Marion-150x150.jpg 150w\" sizes=\"auto, (max-width: 640px) 100vw, 640px\" \/><figcaption class=\"wp-element-caption\">Marion Hunfeld (Klasse 1)<\/figcaption><\/figure>\n\n\n\n<figure class=\"wp-block-image size-large\"><img loading=\"lazy\" decoding=\"async\" width=\"1200\" height=\"675\" data-id=\"2742\" src=\"https:\/\/wordpress.nibis.de\/gswalchum\/files\/2026\/08\/Franzi-3-1200x675.jpeg\" alt=\"\" class=\"wp-image-2742\" srcset=\"https:\/\/wordpress.nibis.de\/gswalchum\/files\/2026\/08\/Franzi-3-1200x675.jpeg 1200w, https:\/\/wordpress.nibis.de\/gswalchum\/files\/2026\/08\/Franzi-3-850x478.jpeg 850w, https:\/\/wordpress.nibis.de\/gswalchum\/files\/2026\/08\/Franzi-3-250x141.jpeg 250w\" sizes=\"auto, (max-width: 1200px) 100vw, 1200px\" \/><figcaption class=\"wp-element-caption\">Franziska Herbers (Klasse 2)<\/figcaption><\/figure>\n\n\n\n<figure class=\"wp-block-image size-large\"><img loading=\"lazy\" decoding=\"async\" width=\"640\" height=\"640\" data-id=\"1743\" src=\"https:\/\/wordpress.nibis.de\/gswalchum\/files\/2024\/11\/Kim-1.jpg\" alt=\"\" class=\"wp-image-1743\" srcset=\"https:\/\/wordpress.nibis.de\/gswalchum\/files\/2024\/11\/Kim-1.jpg 640w, https:\/\/wordpress.nibis.de\/gswalchum\/files\/2024\/11\/Kim-1-300x300.jpg 300w, https:\/\/wordpress.nibis.de\/gswalchum\/files\/2024\/11\/Kim-1-150x150.jpg 150w\" sizes=\"auto, (max-width: 640px) 100vw, 640px\" \/><figcaption class=\"wp-element-caption\">Kim Neehoff (Klasse 3)<\/figcaption><\/figure>\n\n\n\n<figure class=\"wp-block-image size-large\"><img loading=\"lazy\" decoding=\"async\" width=\"640\" height=\"640\" data-id=\"1745\" src=\"https:\/\/wordpress.nibis.de\/gswalchum\/files\/2024\/11\/Rolf.jpg\" alt=\"\" class=\"wp-image-1745\" srcset=\"https:\/\/wordpress.nibis.de\/gswalchum\/files\/2024\/11\/Rolf.jpg 640w, https:\/\/wordpress.nibis.de\/gswalchum\/files\/2024\/11\/Rolf-300x300.jpg 300w, https:\/\/wordpress.nibis.de\/gswalchum\/files\/2024\/11\/Rolf-150x150.jpg 150w\" sizes=\"auto, (max-width: 640px) 100vw, 640px\" \/><figcaption class=\"wp-element-caption\">Rolf Niehus (Klasse 4)<\/figcaption><\/figure>\n\n\n\n<figure class=\"wp-block-image size-large\"><img loading=\"lazy\" decoding=\"async\" width=\"1200\" height=\"675\" data-id=\"2756\" src=\"https:\/\/wordpress.nibis.de\/gswalchum\/files\/2026\/08\/Hannah-1200x675.jpeg\" alt=\"\" class=\"wp-image-2756\" srcset=\"https:\/\/wordpress.nibis.de\/gswalchum\/files\/2026\/08\/Hannah-1200x675.jpeg 1200w, https:\/\/wordpress.nibis.de\/gswalchum\/files\/2026\/08\/Hannah-850x478.jpeg 850w, https:\/\/wordpress.nibis.de\/gswalchum\/files\/2026\/08\/Hannah-250x141.jpeg 250w\" sizes=\"auto, (max-width: 1200px) 100vw, 1200px\" \/><figcaption class=\"wp-element-caption\">Hannah Krallmann (Lehrerin im Vorbereitungsdienst)<\/figcaption><\/figure>\n\n\n\n<figure class=\"wp-block-image size-large\"><img loading=\"lazy\" decoding=\"async\" width=\"640\" height=\"640\" data-id=\"1755\" src=\"https:\/\/wordpress.nibis.de\/gswalchum\/files\/2024\/11\/Nicole.jpg\" alt=\"\" class=\"wp-image-1755\" srcset=\"https:\/\/wordpress.nibis.de\/gswalchum\/files\/2024\/11\/Nicole.jpg 640w, https:\/\/wordpress.nibis.de\/gswalchum\/files\/2024\/11\/Nicole-300x300.jpg 300w, https:\/\/wordpress.nibis.de\/gswalchum\/files\/2024\/11\/Nicole-150x150.jpg 150w\" sizes=\"auto, (max-width: 640px) 100vw, 640px\" \/><figcaption class=\"wp-element-caption\">Nicole Stindt (F\u00f6rderschullehrerin)<\/figcaption><\/figure>\n\n\n\n<figure class=\"wp-block-image size-large\"><img loading=\"lazy\" decoding=\"async\" width=\"748\" height=\"795\" data-id=\"1747\" src=\"https:\/\/wordpress.nibis.de\/gswalchum\/files\/2024\/11\/SL-1.jpg\" alt=\"\" class=\"wp-image-1747\" srcset=\"https:\/\/wordpress.nibis.de\/gswalchum\/files\/2024\/11\/SL-1.jpg 748w, https:\/\/wordpress.nibis.de\/gswalchum\/files\/2024\/11\/SL-1-282x300.jpg 282w\" sizes=\"auto, (max-width: 748px) 100vw, 748px\" \/><figcaption class=\"wp-element-caption\">Gaby Weseler (Schulleiterin)<\/figcaption><\/figure>\n\n\n\n<figure class=\"wp-block-image size-large\"><img loading=\"lazy\" decoding=\"async\" width=\"1200\" height=\"675\" data-id=\"2758\" src=\"https:\/\/wordpress.nibis.de\/gswalchum\/files\/2026\/08\/Wiebke-1-1200x675.jpeg\" alt=\"\" class=\"wp-image-2758\" srcset=\"https:\/\/wordpress.nibis.de\/gswalchum\/files\/2026\/08\/Wiebke-1-1200x675.jpeg 1200w, https:\/\/wordpress.nibis.de\/gswalchum\/files\/2026\/08\/Wiebke-1-850x478.jpeg 850w, https:\/\/wordpress.nibis.de\/gswalchum\/files\/2026\/08\/Wiebke-1-250x141.jpeg 250w\" sizes=\"auto, (max-width: 1200px) 100vw, 1200px\" \/><figcaption class=\"wp-element-caption\">Wiebke Schulte (Bundesfreiwilligendienstlerin)<\/figcaption><\/figure>\n\n\n\n<figure class=\"wp-block-image size-large\"><img loading=\"lazy\" decoding=\"async\" width=\"640\" height=\"640\" data-id=\"1744\" src=\"https:\/\/wordpress.nibis.de\/gswalchum\/files\/2024\/11\/Thomas.jpg\" alt=\"\" class=\"wp-image-1744\" srcset=\"https:\/\/wordpress.nibis.de\/gswalchum\/files\/2024\/11\/Thomas.jpg 640w, https:\/\/wordpress.nibis.de\/gswalchum\/files\/2024\/11\/Thomas-300x300.jpg 300w, https:\/\/wordpress.nibis.de\/gswalchum\/files\/2024\/11\/Thomas-150x150.jpg 150w\" sizes=\"auto, (max-width: 640px) 100vw, 640px\" \/><figcaption class=\"wp-element-caption\">Thomas Albers (in Elternzeit)<\/figcaption><\/figure>\n<\/figure>\n<\/div>\n<\/div>\n<\/div><\/div>\n\n\n<section class=\"main-content\" role=\"main\">\n<div id=\"kollegium\" class=\"mod_article first last block\">\n<div class=\"ce_image block\">&nbsp;<\/div>\n<\/div>\n<div><span style=\"color: #000000\"><strong>P\u00e4dagogische Mitarbeiterinnen<\/strong><\/span><\/div>\n<\/section>\n<div>&nbsp;<\/div>\n\n\n<figure class=\"wp-block-gallery has-nested-images columns-default is-cropped wp-block-gallery-2 is-layout-flex wp-block-gallery-is-layout-flex\">\n<figure class=\"wp-block-image size-large\"><img loading=\"lazy\" decoding=\"async\" width=\"480\" height=\"640\" data-id=\"1748\" src=\"https:\/\/wordpress.nibis.de\/gswalchum\/files\/2024\/11\/Irmgard-rotated.jpeg\" alt=\"\" class=\"wp-image-1748\" srcset=\"https:\/\/wordpress.nibis.de\/gswalchum\/files\/2024\/11\/Irmgard-rotated.jpeg 480w, https:\/\/wordpress.nibis.de\/gswalchum\/files\/2024\/11\/Irmgard-225x300.jpeg 225w\" sizes=\"auto, (max-width: 480px) 100vw, 480px\" \/><figcaption class=\"wp-element-caption\">Irmgard Tamminga<\/figcaption><\/figure>\n\n\n\n<figure class=\"wp-block-image size-large\"><img loading=\"lazy\" decoding=\"async\" width=\"640\" height=\"640\" data-id=\"1749\" src=\"https:\/\/wordpress.nibis.de\/gswalchum\/files\/2024\/11\/Maresa.jpg\" alt=\"\" class=\"wp-image-1749\" srcset=\"https:\/\/wordpress.nibis.de\/gswalchum\/files\/2024\/11\/Maresa.jpg 640w, https:\/\/wordpress.nibis.de\/gswalchum\/files\/2024\/11\/Maresa-300x300.jpg 300w, https:\/\/wordpress.nibis.de\/gswalchum\/files\/2024\/11\/Maresa-150x150.jpg 150w\" sizes=\"auto, (max-width: 640px) 100vw, 640px\" \/><figcaption class=\"wp-element-caption\">Maresa D\u00fcnh\u00f6ft<\/figcaption><\/figure>\n\n\n\n<figure class=\"wp-block-image size-large\"><img loading=\"lazy\" decoding=\"async\" width=\"480\" height=\"640\" data-id=\"1750\" src=\"https:\/\/wordpress.nibis.de\/gswalchum\/files\/2024\/11\/Sandra-rotated.jpeg\" alt=\"\" class=\"wp-image-1750\" srcset=\"https:\/\/wordpress.nibis.de\/gswalchum\/files\/2024\/11\/Sandra-rotated.jpeg 480w, https:\/\/wordpress.nibis.de\/gswalchum\/files\/2024\/11\/Sandra-225x300.jpeg 225w\" sizes=\"auto, (max-width: 480px) 100vw, 480px\" \/><figcaption class=\"wp-element-caption\">Sandra Rensen<\/figcaption><\/figure>\n<\/figure>\n\n\n\n<p class=\"wp-block-paragraph\"><\/p>\n\n\n\n<p class=\"has-text-align-left wp-block-paragraph\"><strong>Mitarbeiterinnen und Mitarbeiter<\/strong><\/p>\n\n\n\n<figure class=\"wp-block-gallery has-nested-images columns-default is-cropped wp-block-gallery-3 is-layout-flex wp-block-gallery-is-layout-flex\">\n<figure class=\"wp-block-image size-large\"><img loading=\"lazy\" decoding=\"async\" width=\"480\" height=\"640\" data-id=\"1737\" src=\"https:\/\/wordpress.nibis.de\/gswalchum\/files\/2024\/11\/Sabine-1-rotated.jpg\" alt=\"\" class=\"wp-image-1737\" srcset=\"https:\/\/wordpress.nibis.de\/gswalchum\/files\/2024\/11\/Sabine-1-rotated.jpg 480w, https:\/\/wordpress.nibis.de\/gswalchum\/files\/2024\/11\/Sabine-1-225x300.jpg 225w\" sizes=\"auto, (max-width: 480px) 100vw, 480px\" \/><figcaption class=\"wp-element-caption\">Die gute Seele im B\u00fcro, Frau Sabine Koop, ist donnerstags erreichbar.<\/figcaption><\/figure>\n\n\n\n<figure class=\"wp-block-image size-large\"><img loading=\"lazy\" decoding=\"async\" width=\"480\" height=\"640\" data-id=\"1738\" src=\"https:\/\/wordpress.nibis.de\/gswalchum\/files\/2024\/11\/Ludwig-1.jpeg\" alt=\"\" class=\"wp-image-1738\" srcset=\"https:\/\/wordpress.nibis.de\/gswalchum\/files\/2024\/11\/Ludwig-1.jpeg 480w, https:\/\/wordpress.nibis.de\/gswalchum\/files\/2024\/11\/Ludwig-1-225x300.jpeg 225w\" sizes=\"auto, (max-width: 480px) 100vw, 480px\" \/><figcaption class=\"wp-element-caption\">Der Hausmeister, Ludwig Scheperjans, arbeitet mittwochs in unserer Schule.<\/figcaption><\/figure>\n<\/figure>\n\n\n\n<figure class=\"wp-block-gallery has-nested-images columns-default is-cropped wp-block-gallery-4 is-layout-flex wp-block-gallery-is-layout-flex\">\n<figure class=\"wp-block-image size-large\"><img loading=\"lazy\" decoding=\"async\" width=\"480\" height=\"640\" data-id=\"1729\" src=\"https:\/\/wordpress.nibis.de\/gswalchum\/files\/2024\/11\/Angie-1-rotated.jpg\" alt=\"\" class=\"wp-image-1729\" srcset=\"https:\/\/wordpress.nibis.de\/gswalchum\/files\/2024\/11\/Angie-1-rotated.jpg 480w, https:\/\/wordpress.nibis.de\/gswalchum\/files\/2024\/11\/Angie-1-225x300.jpg 225w\" sizes=\"auto, (max-width: 480px) 100vw, 480px\" \/><figcaption class=\"wp-element-caption\">Reinigungsfachkraft: Angelika Jansing<\/figcaption><\/figure>\n\n\n\n<figure class=\"wp-block-image size-large\"><img loading=\"lazy\" decoding=\"async\" width=\"552\" height=\"640\" data-id=\"1730\" src=\"https:\/\/wordpress.nibis.de\/gswalchum\/files\/2024\/11\/Moni-1.jpg\" alt=\"\" class=\"wp-image-1730\" srcset=\"https:\/\/wordpress.nibis.de\/gswalchum\/files\/2024\/11\/Moni-1.jpg 552w, https:\/\/wordpress.nibis.de\/gswalchum\/files\/2024\/11\/Moni-1-259x300.jpg 259w\" sizes=\"auto, (max-width: 552px) 100vw, 552px\" \/><figcaption class=\"wp-element-caption\">Reinigungsfachkraft: Monika Rother<\/figcaption><\/figure>\n\n\n\n<figure class=\"wp-block-image size-large\"><img loading=\"lazy\" decoding=\"async\" width=\"480\" height=\"640\" data-id=\"1731\" src=\"https:\/\/wordpress.nibis.de\/gswalchum\/files\/2024\/11\/Anja-rotated.jpeg\" alt=\"\" class=\"wp-image-1731\" srcset=\"https:\/\/wordpress.nibis.de\/gswalchum\/files\/2024\/11\/Anja-rotated.jpeg 480w, https:\/\/wordpress.nibis.de\/gswalchum\/files\/2024\/11\/Anja-225x300.jpeg 225w\" sizes=\"auto, (max-width: 480px) 100vw, 480px\" \/><figcaption class=\"wp-element-caption\">Mensamitarbeiterin: Anja Pape<\/figcaption><\/figure>\n<\/figure>\n\n\n\n<p class=\"wp-block-paragraph\"><\/p>\n\n\n\n<p class=\"wp-block-paragraph\"><strong>Schulbegleiterinnen<\/strong><\/p>\n\n\n\n<div class=\"wp-block-image\"><img loading=\"lazy\" decoding=\"async\" id=\"longdesc-return-2743\" class=\"wpa-warning wpa-image-missing-alt aligncenter size-full wp-image-2743\" src=\"https:\/\/wordpress.nibis.de\/gswalchum\/files\/2026\/08\/SB.jpeg\" alt=\"\" width=\"2048\" height=\"1536\" longdesc=\"https:\/\/wordpress.nibis.de\/gswalchum?longdesc=2743&amp;referrer=20\" data-warning=\"Missing alt text\" srcset=\"https:\/\/wordpress.nibis.de\/gswalchum\/files\/2026\/08\/SB.jpeg 2048w, https:\/\/wordpress.nibis.de\/gswalchum\/files\/2026\/08\/SB-768x576.jpeg 768w, https:\/\/wordpress.nibis.de\/gswalchum\/files\/2026\/08\/SB-100x75.jpeg 100w, https:\/\/wordpress.nibis.de\/gswalchum\/files\/2026\/08\/SB-1536x1152.jpeg 1536w, https:\/\/wordpress.nibis.de\/gswalchum\/files\/2026\/08\/SB-507x380.jpeg 507w\" sizes=\"auto, (max-width: 2048px) 100vw, 2048px\" \/><\/div>\n\n\n\n<div class=\"wp-block-group\"><div class=\"wp-block-group__inner-container is-layout-constrained wp-block-group-is-layout-constrained\">\n<p style=\"text-align: center\">Frau Jansen, Frau D\u00fcnh\u00f6ft, Frau Arling<\/p>\n<\/div><\/div>\n","protected":false},"excerpt":{"rendered":"<p>Lehrerinnen und Lehrer &nbsp; P\u00e4dagogische Mitarbeiterinnen &nbsp; Mitarbeiterinnen und Mitarbeiter Schulbegleiterinnen Frau Jansen, Frau D\u00fcnh\u00f6ft, Frau Arling<\/p>\n","protected":false},"author":9192933,"featured_media":0,"parent":0,"menu_order":0,"comment_status":"closed","ping_status":"closed","template":"","meta":{"footnotes":""},"class_list":["post-20","page","type-page","status-publish","hentry","without-featured-image"],"_links":{"self":[{"href":"https:\/\/wordpress.nibis.de\/gswalchum\/wp-json\/wp\/v2\/pages\/20","targetHints":{"allow":["GET"]}}],"collection":[{"href":"https:\/\/wordpress.nibis.de\/gswalchum\/wp-json\/wp\/v2\/pages"}],"about":[{"href":"https:\/\/wordpress.nibis.de\/gswalchum\/wp-json\/wp\/v2\/types\/page"}],"author":[{"embeddable":true,"href":"https:\/\/wordpress.nibis.de\/gswalchum\/wp-json\/wp\/v2\/users\/9192933"}],"replies":[{"embeddable":true,"href":"https:\/\/wordpress.nibis.de\/gswalchum\/wp-json\/wp\/v2\/comments?post=20"}],"version-history":[{"count":39,"href":"https:\/\/wordpress.nibis.de\/gswalchum\/wp-json\/wp\/v2\/pages\/20\/revisions"}],"predecessor-version":[{"id":2759,"href":"https:\/\/wordpress.nibis.de\/gswalchum\/wp-json\/wp\/v2\/pages\/20\/revisions\/2759"}],"wp:attachment":[{"href":"https:\/\/wordpress.nibis.de\/gswalchum\/wp-json\/wp\/v2\/media?parent=20"}],"curies":[{"name":"wp","href":"https:\/\/api.w.org\/{rel}","templated":true}]}}