{"id":68,"date":"2019-01-28T09:28:39","date_gmt":"2019-01-28T08:28:39","guid":{"rendered":"https:\/\/wordpress.nibis.de\/gswalchum\/?page_id=68"},"modified":"2026-04-21T12:27:14","modified_gmt":"2026-04-21T10:27:14","slug":"foerderverein-2","status":"publish","type":"page","link":"https:\/\/wordpress.nibis.de\/gswalchum\/foerderverein-2\/","title":{"rendered":"F\u00f6rderverein"},"content":{"rendered":"<div class=\"ce_text last block\">\n<p>An alle B\u00fcrgerinnen und B\u00fcrger der Gemeinde Walchum &#8211; Hasselbrock<\/p>\n<p>Der F\u00f6rderverein der Grundschule Walchum besteht nun seit 2009.<br \/>In diesem Zeitraum wurden durch vielf\u00e4ltige Spendengelder und Beitragszahlungen der Vereinsmitglieder zahlreiche Projekte bzw. Ma\u00dfnahmen der Grundschule finanziell unterst\u00fctzt.<br \/>Aber auch durch personellen Einsatz bei schulischen Ma\u00dfnahmen wie z.B. beim Schul-oder Kartoffelfest erfolgte die Unterst\u00fctzung der Arbeit in der Grundschule.<\/p>\n<p>Im Einzelnen wurden folgende Projekte umgesetzt:<br \/>&#8211; Zusch\u00fcsse f\u00fcr Fahrten zu au\u00dferschulischen Lernorten, z.B. Freilichtb\u00fchnen<br \/>&#8211; Anschaffung diverser Sachb\u00fccher<br \/>&#8211; Unterst\u00fctzung von Vorlesungen lokaler Schriftsteller<br \/>&#8211; Anschaffung von M\u00fctzen f\u00fcr die Sch\u00fclerinnen und Sch\u00fcler, u.a. f\u00fcr<br \/>die Teilnahme an den Umz\u00fcgen bei den Sch\u00fctzenfesten in Hasselbrock und Walchum<br \/>&#8211; Anschaffung von Spielzeug f\u00fcr den Au\u00dfenbereich (Schaufeln, Eimer, Harken)<br \/>&#8211; Anschaffung von Experimentierk\u00e4sten f\u00fcr den Sachunterricht<br \/>&#8211; Kauf von speziellem Kartenmaterial f\u00fcr den Sachkundeunterricht<br \/>&#8211; Zusch\u00fcsse f\u00fcr das Einbinden von Schulb\u00fcchern<br \/>&#8211; Anschaffung von Holzspielen von der Firma Ratering (Hasselbrock)<br \/>&#8211; Unterst\u00fctzung beim Kauf eines &#8222;Bauwagens&#8220; -genutzt im Spielbereich<\/p>\n<p>Aus der nicht abschlie\u00dfenden Aufz\u00e4hlung sehen Sie, dass der F\u00f6rderverein bem\u00fcht ist,<br \/>sich f\u00fcr das Wohl der Grundschulkinder und der Sicherung des Schulstandortes einzusetzen.<\/p>\n<p>Die Projekte konnten wir durch Beitragszahlungen der Vereinsmitglieder<br \/>und insbesondere vieler Spendengelder von Privatpersonen, Vereinen, Gruppen<br \/>oder Nachbarschaften umsetzen.<\/p>\n<p>Wir bedanken uns an dieser Stelle nochmals recht herzlich,<br \/>auch im Namen der Schulleitung und des Lehrerkollegiums, f\u00fcr Ihre Mithilfe<br \/>und bitten auch weiterhin um Ihre Unterst\u00fctzung.<\/p>\n<p>Mit freundlichen Gr\u00fc\u00dfen<br \/>Der Vorstand des F\u00f6rdervereins<\/p>\n<p>Vorstand des F\u00f6rdervereins:<\/p>\n<p>1. Vorsitzende: Anja Varnhorst<\/p>\n<p>2. Vorsitzende: Daniel Niehoff<\/p>\n<p>Schriftf\u00fchrerin: Anna Rother<\/p>\n<p>Kassenwartin: Mareike Kramer<\/p>\n<p>Beisitzer: Silke J\u00fcrgens, Tobias Falkenberg, Maik Horstmann, Anna Ratering<\/p>\n<\/div>\n\n\n<figure class=\"wp-block-image size-full\"><img loading=\"lazy\" decoding=\"async\" width=\"640\" height=\"416\" src=\"https:\/\/wordpress.nibis.de\/gswalchum\/files\/2026\/04\/Foerderverein-GS-Walchum-Generalversammlung-scaled-e1776074051677.jpg\" alt=\"\" class=\"wp-image-2627\" srcset=\"https:\/\/wordpress.nibis.de\/gswalchum\/files\/2026\/04\/Foerderverein-GS-Walchum-Generalversammlung-scaled-e1776074051677.jpg 640w, https:\/\/wordpress.nibis.de\/gswalchum\/files\/2026\/04\/Foerderverein-GS-Walchum-Generalversammlung-scaled-e1776074051677-100x65.jpg 100w, https:\/\/wordpress.nibis.de\/gswalchum\/files\/2026\/04\/Foerderverein-GS-Walchum-Generalversammlung-scaled-e1776074051677-585x380.jpg 585w\" sizes=\"auto, (max-width: 640px) 100vw, 640px\" \/><\/figure>\n\n\n\n<p>stehend: Gaby Weseler, Silke J\u00fcrgens, Maik Horstmann, Tobias Falkenberg, Anna Ratering, Anna Rother, Mareike Kramer, Kim Neehoff, Irmgard Eiken; sitzend: Frank Brandewiede und Anja Varnhorst<\/p>\n","protected":false},"excerpt":{"rendered":"<p>An alle B\u00fcrgerinnen und B\u00fcrger der Gemeinde Walchum &#8211; Hasselbrock Der F\u00f6rderverein der Grundschule Walchum besteht nun seit 2009.In diesem Zeitraum wurden durch vielf\u00e4ltige Spendengelder und Beitragszahlungen der Vereinsmitglieder zahlreiche Projekte bzw. Ma\u00dfnahmen der Grundschule finanziell unterst\u00fctzt.Aber auch durch personellen Einsatz bei schulischen Ma\u00dfnahmen wie z.B. beim Schul-oder Kartoffelfest erfolgte die Unterst\u00fctzung der Arbeit in &hellip; <a href=\"https:\/\/wordpress.nibis.de\/gswalchum\/foerderverein-2\/\" class=\"more-link\">Weiterlesen <span class=\"screen-reader-text\">F\u00f6rderverein<\/span><\/a><\/p>\n","protected":false},"author":9192933,"featured_media":0,"parent":0,"menu_order":0,"comment_status":"closed","ping_status":"closed","template":"","meta":{"footnotes":""},"class_list":["post-68","page","type-page","status-publish","hentry","without-featured-image"],"_links":{"self":[{"href":"https:\/\/wordpress.nibis.de\/gswalchum\/wp-json\/wp\/v2\/pages\/68","targetHints":{"allow":["GET"]}}],"collection":[{"href":"https:\/\/wordpress.nibis.de\/gswalchum\/wp-json\/wp\/v2\/pages"}],"about":[{"href":"https:\/\/wordpress.nibis.de\/gswalchum\/wp-json\/wp\/v2\/types\/page"}],"author":[{"embeddable":true,"href":"https:\/\/wordpress.nibis.de\/gswalchum\/wp-json\/wp\/v2\/users\/9192933"}],"replies":[{"embeddable":true,"href":"https:\/\/wordpress.nibis.de\/gswalchum\/wp-json\/wp\/v2\/comments?post=68"}],"version-history":[{"count":15,"href":"https:\/\/wordpress.nibis.de\/gswalchum\/wp-json\/wp\/v2\/pages\/68\/revisions"}],"predecessor-version":[{"id":2625,"href":"https:\/\/wordpress.nibis.de\/gswalchum\/wp-json\/wp\/v2\/pages\/68\/revisions\/2625"}],"wp:attachment":[{"href":"https:\/\/wordpress.nibis.de\/gswalchum\/wp-json\/wp\/v2\/media?parent=68"}],"curies":[{"name":"wp","href":"https:\/\/api.w.org\/{rel}","templated":true}]}}