{"id":1037,"date":"2023-09-30T14:05:35","date_gmt":"2023-09-30T12:05:35","guid":{"rendered":"https:\/\/wordpress.nibis.de\/gswaldschulebb\/?page_id=1037"},"modified":"2025-01-02T19:37:25","modified_gmt":"2025-01-02T18:37:25","slug":"partizipation-an-der-waldschule","status":"publish","type":"page","link":"https:\/\/wordpress.nibis.de\/gswaldschulebb\/?page_id=1037","title":{"rendered":"Partizipation an der Waldschule"},"content":{"rendered":"\n<p><\/p>\n\n\n\n<p>Die Kinder der Waldschule k\u00f6nnen sich neben den allt\u00e4glichen, in den Unterricht eingewobenen Mitbestimmungsprozessen, in folgenden Bereichen partizipativ am Schulgeschehen beteiligen.<\/p>\n<h4>\u00a0<\/h4>\n<h5>Der Sch\u00fclerrat<\/h5>\n<table style=\"border-collapse: collapse;width: 120.164%;height: 477px\">\n<tbody>\n<tr style=\"height: 218px\">\n<td style=\"width: 26.3984%;height: 218px\"><strong>Wer<\/strong><\/td>\n<td style=\"width: 93.7655%;height: 218px\">\n<p>Der Sch\u00fclerrat der Waldschule setzt sich zusammen aus den Klassensprechern der Jahrgangsstufen 2 bis 4.<br \/><br \/>Jede Klasse wird von zwei Klassensprechern im Sch\u00fclerrat vertreten. Bei Ausf\u00e4llen springen die gew\u00e4hlten Vertreter f\u00fcr sie ein. In diesem F\u00e4llen werden die Eltern am Vormittag dar\u00fcber informiert.<\/p>\n<\/td>\n<\/tr>\n<tr style=\"height: 112px\">\n<td style=\"width: 26.3984%;height: 112px\"><strong>Wann<\/strong><\/td>\n<td style=\"width: 93.7655%;height: 112px\">Der Sch\u00fclerrat trifft sich w\u00f6chentlich &#8211; jeden Montag in der 6. Stunde (12.30 \u2013 13.15 Uhr).<\/td>\n<\/tr>\n<tr style=\"height: 57px\">\n<td style=\"width: 26.3984%;height: 57px\"><strong>Was<\/strong><\/td>\n<td style=\"width: 93.7655%;height: 57px\"><span style=\"font-size: revert;color: initial\">Der Sch\u00fclerrat ist ein Mitbestimmungsgremium der Sch\u00fclerinnen und Sch\u00fcler der Waldschule. Er bietet einen demokratischen Rahmen, in dem die Kinder sich f\u00fcr ihre eigenen Interessen einsetzen k\u00f6nnen. Die zu besprechenden Themen werden von den Sch\u00fclerinnen und Sch\u00fclern selbst eingebracht. Sie selbst entscheiden mittels demokratischer Abstimmungen, \u00fcber welche sie diskutieren und zu welchen sie L\u00f6sungen finden wollen.<\/span><\/td>\n<\/tr>\n<tr style=\"height: 30px\">\n<td style=\"width: 26.3984%;height: 30px\"><strong>Wahlen<\/strong><\/td>\n<td style=\"width: 93.7655%;height: 30px\">\n<p>In jedem Halbjahr werden in allen 2. bis 4. Klassen zwei Klassensprecher und ein bis zwei Vertreter demokratisch gew\u00e4hlt.<\/p>\n<p>\u00a0Im Sch\u00fclerrat werden im Anschluss zwei Schulsprecher gew\u00e4hlt.<\/p>\n<\/td>\n<\/tr>\n<tr style=\"height: 30px\">\n<td style=\"width: 26.3984%;height: 30px\"><strong>Schulsprecher<\/strong><\/td>\n<td style=\"width: 93.7655%;height: 30px\">Die Schulsprecher tragen bei Bedarf die W\u00fcnsche und Anregungen des Sch\u00fclerrats dem Lehrerkollegium und der Elternschaft vor. Sie informieren bei Bedarf \u00fcber die Arbeit des Sch\u00fclerrates und vertreten die Sch\u00fclerschaft bei offiziellen Veranstaltungen (z.B. bei schulischen Veranstaltungen wie Schulfeste, Verabschiedungen o.\u00e4.).<\/td>\n<\/tr>\n<tr style=\"height: 30px\">\n<td style=\"width: 26.3984%;height: 30px\"><strong>Verantwortlich<\/strong><\/td>\n<td style=\"width: 93.7655%;height: 30px\">Der Sch\u00fclerrat wird von Frau Schenk (Lehrkraft) und Frau Possenau (Schulsozialarbeiterin) mit der Haltung \u201eHilfe zur Selbsthilfe\u201c unterst\u00fctzt.<\/td>\n<\/tr>\n<\/tbody>\n<\/table>\n<p>\u00a0<\/p>\n<p>\u00a0<\/p>\n<p><strong>Der Klassenrat<\/strong><\/p>\n<table style=\"border-collapse: collapse;width: 118.929%;height: 288px\">\n<tbody>\n<tr style=\"height: 41px\">\n<td style=\"width: 26.572%;height: 41px\"><strong>Wer<\/strong><\/td>\n<td style=\"width: 92.357%;height: 41px\">Der Klassenrat setzt sich zusammen aus allen Sch\u00fclerinnen und Sch\u00fclern einer Klasse.<\/td>\n<\/tr>\n<tr style=\"height: 138px\">\n<td style=\"width: 26.572%;height: 138px\"><strong>Was<\/strong><\/td>\n<td style=\"width: 92.357%;height: 138px\">Der Klassenrat ist das demokratische Forum einer Klasse. In den Klassenratsstunden beraten, diskutieren und entscheiden die Kinder \u00fcber selbstgew\u00e4hlte Themen, die die Klasse betreffen. Klassen\u00fcbergreifende Themen werden von den Klassensprechern gesammelt und in den Sch\u00fclerratssitzungen eingebracht. Themen, die im Sch\u00fclerrat besprochen und beschlossen werden, werden durch die Klassensprecher wiederum im Klassenrat kundgetan.<\/td>\n<\/tr>\n<tr style=\"height: 49px\">\n<td style=\"width: 26.572%;height: 49px\"><strong>Wann<\/strong><\/td>\n<td style=\"width: 92.357%;height: 49px\">Ab der 1. Klasse findet w\u00f6chentlich in einer Unterrichtsstunde ein Klassenrat statt.<\/td>\n<\/tr>\n<tr style=\"height: 60px\">\n<td style=\"width: 26.572%;height: 60px\"><strong>Verantwortlich<\/strong><\/td>\n<td style=\"width: 92.357%;height: 60px\">Je nach Altern \u00fcbernehmen die Kinder der Klasse die Leitung des Klassenrates selbstst\u00e4ndig. Dabei werden sie von den Klassenlehrkr\u00e4ften unterst\u00fctzt.<\/td>\n<\/tr>\n<\/tbody>\n<\/table>\n<p>\u00a0 \u00a0 \u00a0 \u00a0<\/p>\n\n\n\n<p><\/p>\n","protected":false},"excerpt":{"rendered":"<p>Die Kinder der Waldschule k\u00f6nnen sich neben den allt\u00e4glichen, in den Unterricht eingewobenen Mitbestimmungsprozessen, in folgenden Bereichen partizipativ am Schulgeschehen beteiligen. \u00a0 Der Sch\u00fclerrat Wer Der Sch\u00fclerrat der Waldschule setzt sich zusammen aus den Klassensprechern der Jahrgangsstufen 2 bis 4. Jede Klasse wird von zwei Klassensprechern im Sch\u00fclerrat vertreten. Bei Ausf\u00e4llen springen die gew\u00e4hlten Vertreter&hellip;<\/p>\n","protected":false},"author":1363,"featured_media":0,"parent":0,"menu_order":0,"comment_status":"closed","ping_status":"closed","template":"","meta":{"footnotes":""},"class_list":["post-1037","page","type-page","status-publish","hentry"],"_links":{"self":[{"href":"https:\/\/wordpress.nibis.de\/gswaldschulebb\/index.php?rest_route=\/wp\/v2\/pages\/1037","targetHints":{"allow":["GET"]}}],"collection":[{"href":"https:\/\/wordpress.nibis.de\/gswaldschulebb\/index.php?rest_route=\/wp\/v2\/pages"}],"about":[{"href":"https:\/\/wordpress.nibis.de\/gswaldschulebb\/index.php?rest_route=\/wp\/v2\/types\/page"}],"author":[{"embeddable":true,"href":"https:\/\/wordpress.nibis.de\/gswaldschulebb\/index.php?rest_route=\/wp\/v2\/users\/1363"}],"replies":[{"embeddable":true,"href":"https:\/\/wordpress.nibis.de\/gswaldschulebb\/index.php?rest_route=%2Fwp%2Fv2%2Fcomments&post=1037"}],"version-history":[{"count":8,"href":"https:\/\/wordpress.nibis.de\/gswaldschulebb\/index.php?rest_route=\/wp\/v2\/pages\/1037\/revisions"}],"predecessor-version":[{"id":1223,"href":"https:\/\/wordpress.nibis.de\/gswaldschulebb\/index.php?rest_route=\/wp\/v2\/pages\/1037\/revisions\/1223"}],"wp:attachment":[{"href":"https:\/\/wordpress.nibis.de\/gswaldschulebb\/index.php?rest_route=%2Fwp%2Fv2%2Fmedia&parent=1037"}],"curies":[{"name":"wp","href":"https:\/\/api.w.org\/{rel}","templated":true}]}}