{"id":1283,"date":"2025-01-07T17:35:37","date_gmt":"2025-01-07T16:35:37","guid":{"rendered":"https:\/\/wordpress.nibis.de\/gswaldschulebb\/?page_id=1283"},"modified":"2025-10-10T16:22:13","modified_gmt":"2025-10-10T14:22:13","slug":"herzlich-wilkommen","status":"publish","type":"page","link":"https:\/\/wordpress.nibis.de\/gswaldschulebb\/","title":{"rendered":"Herzlich Willkommen"},"content":{"rendered":"\n<figure class=\"wp-block-image size-full is-resized is-style-tw-rounded-corners\"><img loading=\"lazy\" decoding=\"async\" src=\"https:\/\/wordpress.nibis.de\/gswaldschulebb\/files\/2025\/01\/IMG_7297-1-scaled.jpeg\" alt=\"\" class=\"wp-image-1278\" width=\"608\" height=\"455\" srcset=\"https:\/\/wordpress.nibis.de\/gswaldschulebb\/files\/2025\/01\/IMG_7297-1-scaled.jpeg 2560w, https:\/\/wordpress.nibis.de\/gswaldschulebb\/files\/2025\/01\/IMG_7297-1-768x576.jpeg 768w, https:\/\/wordpress.nibis.de\/gswaldschulebb\/files\/2025\/01\/IMG_7297-1-1536x1152.jpeg 1536w, https:\/\/wordpress.nibis.de\/gswaldschulebb\/files\/2025\/01\/IMG_7297-1-2048x1536.jpeg 2048w, https:\/\/wordpress.nibis.de\/gswaldschulebb\/files\/2025\/01\/IMG_7297-1-1200x900.jpeg 1200w, https:\/\/wordpress.nibis.de\/gswaldschulebb\/files\/2025\/01\/IMG_7297-1-1980x1485.jpeg 1980w\" sizes=\"auto, (max-width: 608px) 100vw, 608px\" \/><\/figure>\n\n\n\n<p>Die Waldschule Bad Bevensen ist ein Ort, an dem Lernen und Natur Hand in Hand gehen. Eingebettet in die idyllische Umgebung,\u00a0 bieten wir unseren Sch\u00fclerinnen und Sch\u00fclern eine einzigartige Lernatmosph\u00e4re, die durch Vielfalt, Respekt und Gemeinschaft gepr\u00e4gt ist.<\/p>\n<p>Unser Ziel ist es, Kinder und Jugendliche nicht nur fachlich zu f\u00f6rdern, sondern auch ihre pers\u00f6nliche Entwicklung zu unterst\u00fctzen. Mit einem ganzheitlichen Ansatz, modernen Unterrichtskonzepten und einer starken Verbindung zur Natur bereiten wir unsere Sch\u00fclerinnen und Sch\u00fcler optimal auf die Herausforderungen der Zukunft vor.<\/p>\n<p>Erfahren Sie mehr \u00fcber unser vielf\u00e4ltiges Angebot, unsere Projekte und das Leben an der Waldschule. Wir freuen uns, Sie auf unserer Webseite begr\u00fc\u00dfen zu d\u00fcrfen!<\/p>\n<p><strong>Gemeinsam wachsen \u2013 f\u00fcr eine starke Zukunft.<\/strong><\/p>\n\n\n\n<hr class=\"wp-block-separator\" \/>\n\n\n\n<p class=\"has-text-align-center has-h-2-font-size\"><strong>Aktuelles<\/strong><\/p>\n\n\n<h2 style=\"color:#00000000;\" class=\"wp-block-post-title has-text-color\">Herzlich Willkommen<\/h2>\n\n\n<div class=\"wp-block-query is-layout-flow wp-block-query-is-layout-flow\"><ul class=\"wp-block-post-template is-layout-flow wp-block-post-template-is-layout-flow\"><li class=\"wp-block-post post-1121 post type-post status-publish format-standard hentry category-allgemein\">\n<h2 class=\"wp-block-post-title\"><a href=\"https:\/\/wordpress.nibis.de\/gswaldschulebb\/?p=1121\" target=\"_self\" >iServ f\u00fcr Eltern<\/a><\/h2>\n\n\n\n<div class=\"wp-block-post-excerpt\"><p class=\"wp-block-post-excerpt__excerpt\">\u00dcber die iServ-Plattform\u00a0https:\/\/gs-waldschule.de findet die Kommunikation zwischen Schule und Elternhaus statt. Sie empfangen dort Elternbriefe aus der Schule, melden Ihr Kind krank, k\u00f6nnen einen Termin f\u00fcr Elternsprechtage buchen und Einblick iin den Stundenplan Ihres Kindes nehmen. Sie ben\u00f6tigen nur einen Zugang, auch wenn Sie mehrere Kinder an unserer Schule haben.\u00a0 Bei Eingang eines Elternbriefes erhalten&hellip; <\/p><\/div>\n\n\n<hr class=\"wp-block-separator\" \/>\n\n\n<div class=\"wp-block-post-date\"><time datetime=\"2024-10-29T10:54:28+01:00\">29. Oktober 2024<\/time><\/div>\n<\/li><li class=\"wp-block-post post-1384 post type-post status-publish format-standard hentry category-allgemein\">\n<h2 class=\"wp-block-post-title\"><a href=\"https:\/\/wordpress.nibis.de\/gswaldschulebb\/?p=1384\" target=\"_self\" >Waldschule ist jetzt \u201eSchule ohne Rassismus \u2013 Schule mit Courage\u201c<\/a><\/h2>\n\n\n\n<div class=\"wp-block-post-excerpt\"><p class=\"wp-block-post-excerpt__excerpt\">Am 4. M\u00e4rz 2026 wurde unserer Waldschule Bad Bevensen offiziell das Schild des Netzwerks Schule ohne Rassismus \u2013 Schule mit Courage \u00fcberreicht. Damit ist unsere Schule die erste Grundschule im Landkreis, die Teil dieses bundesweiten Netzwerks ist. Zur feierlichen \u00dcbergabe kam Melanie Stamer, Regionalkoordinatorin des Netzwerks, an unsere Schule und \u00fcberreichte das Schild in der&hellip; <\/p><\/div>\n\n\n<hr class=\"wp-block-separator\" \/>\n\n\n<div class=\"wp-block-post-date\"><time datetime=\"2026-03-06T12:29:00+01:00\">6. M\u00e4rz 2026<\/time><\/div>\n<\/li><li class=\"wp-block-post post-1369 post type-post status-publish format-standard hentry category-allgemein\">\n<h2 class=\"wp-block-post-title\"><a href=\"https:\/\/wordpress.nibis.de\/gswaldschulebb\/?p=1369\" target=\"_self\" >Mut zum Neinsagen<\/a><\/h2>\n\n\n\n<div class=\"wp-block-post-excerpt\"><p class=\"wp-block-post-excerpt__excerpt\">In diesem Schuljahr fand vor den Herbstferien f\u00fcr alle Sch\u00fclerinnen und Sch\u00fcler der Waldschule ein Pr\u00e4ventionsprogramm statt. Im Jahrgang 1 und 2 wurde das interaktive Theaterst\u00fcck die &#8222;Nein-Tonne&#8220; gezeigt, f\u00fcr die Klassen 3 und 4 gab es das Programm &#8222;Mein K\u00f6rper geh\u00f6rt mir&#8220; Um auch zuk\u00fcnftig dieses wichtige Projekt anbieten zu k\u00f6nnen, sind wir auf&hellip; <\/p><\/div>\n\n\n<hr class=\"wp-block-separator\" \/>\n\n\n<div class=\"wp-block-post-date\"><time datetime=\"2025-10-09T15:46:10+02:00\">9. Oktober 2025<\/time><\/div>\n<\/li><li class=\"wp-block-post post-1340 post type-post status-publish format-standard hentry category-allgemein\">\n<h2 class=\"wp-block-post-title\"><a href=\"https:\/\/wordpress.nibis.de\/gswaldschulebb\/?p=1340\" target=\"_self\" >Schulfest am 23.5.2025<\/a><\/h2>\n\n\n\n<div class=\"wp-block-post-excerpt\"><p class=\"wp-block-post-excerpt__excerpt\">Wir laden euch und Sie alle recht herzlich zu unserem diesj\u00e4hrigen Schulfest ein.\u00a0 \u00a0 <\/p><\/div>\n\n\n<hr class=\"wp-block-separator\" \/>\n\n\n<div class=\"wp-block-post-date\"><time datetime=\"2025-04-29T09:48:56+02:00\">29. April 2025<\/time><\/div>\n<\/li><\/ul><\/div>\n\n\n\n<hr class=\"wp-block-separator\" \/>\n","protected":false},"excerpt":{"rendered":"<p>Die Waldschule Bad Bevensen ist ein Ort, an dem Lernen und Natur Hand in Hand gehen. Eingebettet in die idyllische Umgebung,\u00a0 bieten wir unseren Sch\u00fclerinnen und Sch\u00fclern eine einzigartige Lernatmosph\u00e4re, die durch Vielfalt, Respekt und Gemeinschaft gepr\u00e4gt ist. Unser Ziel ist es, Kinder und Jugendliche nicht nur fachlich zu f\u00f6rdern, sondern auch ihre pers\u00f6nliche Entwicklung&hellip;<\/p>\n","protected":false},"author":9194525,"featured_media":0,"parent":0,"menu_order":0,"comment_status":"closed","ping_status":"closed","template":"","meta":{"footnotes":""},"class_list":["post-1283","page","type-page","status-publish","hentry"],"_links":{"self":[{"href":"https:\/\/wordpress.nibis.de\/gswaldschulebb\/index.php?rest_route=\/wp\/v2\/pages\/1283","targetHints":{"allow":["GET"]}}],"collection":[{"href":"https:\/\/wordpress.nibis.de\/gswaldschulebb\/index.php?rest_route=\/wp\/v2\/pages"}],"about":[{"href":"https:\/\/wordpress.nibis.de\/gswaldschulebb\/index.php?rest_route=\/wp\/v2\/types\/page"}],"author":[{"embeddable":true,"href":"https:\/\/wordpress.nibis.de\/gswaldschulebb\/index.php?rest_route=\/wp\/v2\/users\/9194525"}],"replies":[{"embeddable":true,"href":"https:\/\/wordpress.nibis.de\/gswaldschulebb\/index.php?rest_route=%2Fwp%2Fv2%2Fcomments&post=1283"}],"version-history":[{"count":11,"href":"https:\/\/wordpress.nibis.de\/gswaldschulebb\/index.php?rest_route=\/wp\/v2\/pages\/1283\/revisions"}],"predecessor-version":[{"id":1379,"href":"https:\/\/wordpress.nibis.de\/gswaldschulebb\/index.php?rest_route=\/wp\/v2\/pages\/1283\/revisions\/1379"}],"wp:attachment":[{"href":"https:\/\/wordpress.nibis.de\/gswaldschulebb\/index.php?rest_route=%2Fwp%2Fv2%2Fmedia&parent=1283"}],"curies":[{"name":"wp","href":"https:\/\/api.w.org\/{rel}","templated":true}]}}