{"id":133,"date":"2017-05-03T14:55:59","date_gmt":"2017-05-03T12:55:59","guid":{"rendered":"http:\/\/wordpress.nibis.de\/gswaldschulebb\/?page_id=133"},"modified":"2025-08-11T11:24:55","modified_gmt":"2025-08-11T09:24:55","slug":"unterrichtszeiten","status":"publish","type":"page","link":"https:\/\/wordpress.nibis.de\/gswaldschulebb\/?page_id=133","title":{"rendered":"Unterrichtszeiten"},"content":{"rendered":"\n<table id=\"tablepress-2\" class=\"tablepress tablepress-id-2\">\n<thead>\n<tr class=\"row-1\">\n\t<th class=\"column-1\">Stunde<\/th><th class=\"column-2\">Zeit<\/th>\n<\/tr>\n<\/thead>\n<tbody class=\"row-striping row-hover\">\n<tr class=\"row-2\">\n\t<td class=\"column-1\">1.<\/td><td class=\"column-2\">07.55 - 08.40 Uhr<\/td>\n<\/tr>\n<tr class=\"row-3\">\n\t<td class=\"column-1\">2.<\/td><td class=\"column-2\">08.40 - 09.25 Uhr<\/td>\n<\/tr>\n<tr class=\"row-4\">\n\t<td class=\"column-1\">3.<\/td><td class=\"column-2\">10.00 - 10.45 Uhr<\/td>\n<\/tr>\n<tr class=\"row-5\">\n\t<td class=\"column-1\">4.<\/td><td class=\"column-2\">10.50 - 11.35 Uhr<\/td>\n<\/tr>\n<tr class=\"row-6\">\n\t<td class=\"column-1\">5.<\/td><td class=\"column-2\">11.55 - 12.40 Uhr<\/td>\n<\/tr>\n<tr class=\"row-7\">\n\t<td class=\"column-1\">6.<\/td><td class=\"column-2\">12.40 - 13.25 Uhr<\/td>\n<\/tr>\n<\/tbody>\n<\/table>\n\n<p><\/p>\n\n\n<hr class=\"wp-block-separator tw-mt-0\" \/>\n\n\n<p>F\u00fcr alle Sch\u00fcler beginnt der Unterricht um 7:55 Uhr.<\/p>\n<p><strong>1. und 2. Klassen<\/strong><\/p>\n<ul>\n<li>Die ersten und zweiten Klassen haben an einigen Tagen der Woche bis 11:35 Uhr Unterricht.<\/li>\n<li>Danach findet im Rahmen der Verl\u00e4sslichkeit eine Betreuung bis 12:40 Uhr \u00a0statt.<\/li>\n<\/ul>\n<p><strong>3. und 4. Klassen<\/strong><\/p>\n<ul>\n<li>F\u00fcr die dritten und vierten Klassen endet der Unterricht nach der 5. Stunde um 12:40 Uhr.<\/li>\n<li>Einmal pro Woche gibt es ein AG-Angebot, welches die Sch\u00fcler jedes Halbjahr neu w\u00e4hlen k\u00f6nnen. Die AG geh\u00f6rt zum verpflichtenden Unterricht und endet dann um 13:25 Uhr<\/li>\n<\/ul>\n\n\n<hr class=\"wp-block-separator\" \/>\n\n\n<p><\/p>\n<p><span style=\"font-size: revert\"><b>Nachmittagsbetreuung\/Hort<\/b><\/span><\/p>\n<p><span style=\"font-size: revert\">Die Nachmittagsbetreuung findet in der Schule statt und wird vom CJD G\u00f6ddenstedt ausgerichtet.<\/span><\/p>\n<p>Weitere Informationen zu Konzept, Anmeldung, Kosten und&nbsp; Schlie\u00dfzeiten finden Sie <a href=\"https:\/\/www.cjd-goeddenstedt.de\/kitas-und-horte\/hort-bad-bevensen\/\">hier<\/a>.<\/p>\n<p><\/p>\n\n\n<hr class=\"wp-block-separator\" \/>\n\n\n<p><\/p>\n<p><span style=\"font-size: revert\"><b>F\u00f6rderunterricht<\/b><\/span><\/p>\n<p>Zus\u00e4tzlich bieten wir f\u00fcr einige Sch\u00fcler F\u00f6rderunterricht an:<\/p>\n<ul>\n<li>1. und 2. Klasse in einer 5. Stunde<\/li>\n<li>3. und 4. Klassen in der 6. Stunde<\/li>\n<\/ul>\n<p>Die Erziehungsberechtigten werden \u00fcber die Teilnahme am F\u00f6rderunterricht informiert.<\/p>\n<p><span style=\"text-decoration: underline\"><strong><\/strong><\/span><\/p>\n\n\n<hr class=\"wp-block-separator\" \/>\n\n\n<p>Ferientermine<\/p>\n\n\n<figure class=\"wp-block-image size-full\"><img loading=\"lazy\" decoding=\"async\" width=\"2382\" height=\"1040\" src=\"https:\/\/wordpress.nibis.de\/gswaldschulebb\/files\/2025\/01\/Bildschirmfoto-2025-01-03-um-05.27.01.png\" alt=\"\" class=\"wp-image-1237\" srcset=\"https:\/\/wordpress.nibis.de\/gswaldschulebb\/files\/2025\/01\/Bildschirmfoto-2025-01-03-um-05.27.01.png 2382w, https:\/\/wordpress.nibis.de\/gswaldschulebb\/files\/2025\/01\/Bildschirmfoto-2025-01-03-um-05.27.01-768x335.png 768w, https:\/\/wordpress.nibis.de\/gswaldschulebb\/files\/2025\/01\/Bildschirmfoto-2025-01-03-um-05.27.01-1536x671.png 1536w, https:\/\/wordpress.nibis.de\/gswaldschulebb\/files\/2025\/01\/Bildschirmfoto-2025-01-03-um-05.27.01-2048x894.png 2048w, https:\/\/wordpress.nibis.de\/gswaldschulebb\/files\/2025\/01\/Bildschirmfoto-2025-01-03-um-05.27.01-1200x524.png 1200w, https:\/\/wordpress.nibis.de\/gswaldschulebb\/files\/2025\/01\/Bildschirmfoto-2025-01-03-um-05.27.01-1980x864.png 1980w\" sizes=\"auto, (max-width: 2382px) 100vw, 2382px\" \/><\/figure>\n\n\n","protected":false},"excerpt":{"rendered":"<p>F\u00fcr alle Sch\u00fcler beginnt der Unterricht um 7:55 Uhr. 1. und 2. Klassen Die ersten und zweiten Klassen haben an einigen Tagen der Woche bis 11:35 Uhr Unterricht. Danach findet im Rahmen der Verl\u00e4sslichkeit eine Betreuung bis 12:40 Uhr \u00a0statt. 3. und 4. Klassen F\u00fcr die dritten und vierten Klassen endet der Unterricht nach der&hellip;<\/p>\n","protected":false},"author":1363,"featured_media":0,"parent":0,"menu_order":0,"comment_status":"closed","ping_status":"closed","template":"","meta":{"footnotes":""},"class_list":["post-133","page","type-page","status-publish","hentry"],"_links":{"self":[{"href":"https:\/\/wordpress.nibis.de\/gswaldschulebb\/index.php?rest_route=\/wp\/v2\/pages\/133","targetHints":{"allow":["GET"]}}],"collection":[{"href":"https:\/\/wordpress.nibis.de\/gswaldschulebb\/index.php?rest_route=\/wp\/v2\/pages"}],"about":[{"href":"https:\/\/wordpress.nibis.de\/gswaldschulebb\/index.php?rest_route=\/wp\/v2\/types\/page"}],"author":[{"embeddable":true,"href":"https:\/\/wordpress.nibis.de\/gswaldschulebb\/index.php?rest_route=\/wp\/v2\/users\/1363"}],"replies":[{"embeddable":true,"href":"https:\/\/wordpress.nibis.de\/gswaldschulebb\/index.php?rest_route=%2Fwp%2Fv2%2Fcomments&post=133"}],"version-history":[{"count":13,"href":"https:\/\/wordpress.nibis.de\/gswaldschulebb\/index.php?rest_route=\/wp\/v2\/pages\/133\/revisions"}],"predecessor-version":[{"id":1353,"href":"https:\/\/wordpress.nibis.de\/gswaldschulebb\/index.php?rest_route=\/wp\/v2\/pages\/133\/revisions\/1353"}],"wp:attachment":[{"href":"https:\/\/wordpress.nibis.de\/gswaldschulebb\/index.php?rest_route=%2Fwp%2Fv2%2Fmedia&parent=133"}],"curies":[{"name":"wp","href":"https:\/\/api.w.org\/{rel}","templated":true}]}}