{"id":282,"date":"2019-03-07T20:46:00","date_gmt":"2019-03-07T19:46:00","guid":{"rendered":"https:\/\/wordpress.nibis.de\/gswarmsen\/?page_id=282"},"modified":"2026-04-08T19:13:15","modified_gmt":"2026-04-08T17:13:15","slug":"unterrichtszeiten","status":"publish","type":"page","link":"https:\/\/wordpress.nibis.de\/gswarmsen\/unterrichtszeiten\/","title":{"rendered":"Unterrichtszeiten"},"content":{"rendered":"\n<p>An der Grundschule Warmsen ist die F\u00fcnftagewoche eingef\u00fchrt. Mit Ausnahme des durch Erlass vorgeschriebenen Einschulungstages am ersten Samstag im Schuljahr sind alle \u00fcbrigen Samstage unterrichtsfrei.<br>Die Grundschule Warmsen ist eine offene Ganztagsgrundschule und damit auch eine Verl\u00e4ssliche Grundschule, d. h. in der Regel sind alle Sch\u00fclerinnen und Sch\u00fcler der Klassen 1 und 2\u00a0 jeweils vier Zeitstunden und alle Sch\u00fclerinnen und Sch\u00fcler der Klassen 3 und 4 jeweils f\u00fcnf Zeitstunden in der Schule.<br>Zus\u00e4tzlich wird eine Betreuung vor und nach den offiziellen Unterrichtszeiten angeboten.<\/p>\n\n\n\n<p>Unterricht &#8211; inklusive F\u00f6rderunterricht &#8211; findet in der Zeit von 8:00 Uhr bis 13:25 Uhr statt.<\/p>\n\n\n\n<p>(In den Jahrgangsstufen 3 und 4 kann der Schwimmunterricht zwischen \nHerbst- und Osterferien auch ab 7:30 Uhr durchgef\u00fchrt werden.)<\/p>\n\n\n\n<p>Die Unterrichtszeiten und die sich daraus ergebenden Pausenzeiten gliedern sich wie folgt:<\/p>\n<table class=\"wp-block-table\" style=\"width: 50.6978%;height: 291px\">\n<tbody>\n<tr style=\"height: 29px\">\n<td style=\"width: 40.5751%;height: 29px;text-align: center\">8:00 \u2013\u00a0 8:45<\/td>\n<td style=\"width: 59.7444%;height: 29px\">1. Stunde \/ Betreuung<\/td>\n<\/tr>\n<tr style=\"height: 29px\">\n<td style=\"width: 40.5751%;height: 29px;text-align: center\">8:50 \u2013\u00a0 9:35<\/td>\n<td style=\"width: 59.7444%;height: 29px\">2. Stunde<\/td>\n<\/tr>\n<tr style=\"height: 29px\">\n<td style=\"width: 40.5751%;height: 29px;text-align: center\">10:00 \u2013 10:45<\/td>\n<td style=\"width: 59.7444%;height: 29px\">3. Stunde<\/td>\n<\/tr>\n<tr style=\"height: 29px\">\n<td style=\"width: 40.5751%;height: 29px;text-align: center\">10:50 \u2013 11:35<\/td>\n<td style=\"width: 59.7444%;height: 29px\">4. Stunde<\/td>\n<\/tr>\n<tr style=\"height: 29px\">\n<td style=\"width: 40.5751%;height: 29px;text-align: center\">11:45 \u2013 12:30<\/td>\n<td style=\"width: 59.7444%;height: 29px\">5. Stunde \/ Betreuung<\/td>\n<\/tr>\n<tr>\n<td style=\"width: 40.5751%;text-align: center\">12:40 \u2013 13:25<\/td>\n<td style=\"width: 59.7444%\">6. Stunde \/ Lernzeit<\/td>\n<\/tr>\n<tr>\n<td style=\"width: 40.5751%;text-align: center\">13:25 \u2013 14:10<\/td>\n<td style=\"width: 59.7444%\">Mittagessen\/Mittagspause<\/td>\n<\/tr>\n<tr style=\"height: 29px\">\n<td style=\"width: 40.5751%;height: 29px;text-align: center\">14:10 \u2013 14:55<\/td>\n<td style=\"width: 59.7444%;height: 29px\">7. Stunde<\/td>\n<\/tr>\n<tr style=\"height: 29px\">\n<td style=\"width: 40.5751%;height: 29px;text-align: center\">14:55 \u2013 15:40<\/td>\n<td style=\"width: 59.7444%;height: 29px\">8. Stunde<\/td>\n<\/tr>\n<\/tbody>\n<\/table>\n\n\n\n<p>Auf Grund der o.g. Zeiten sind die Aufsichten folgenderma\u00dfen geregelt:<\/p>\n<table class=\"wp-block-table\" style=\"width: 358px\">\n<tbody>\n<tr>\n<td style=\"width: 119.683px\">Zeit (Uhr)<\/td>\n<td style=\"width: 237.317px\">Ort<\/td>\n<\/tr>\n<tr>\n<td style=\"width: 119.683px;text-align: center\">7:40 \u2013 8:00<\/td>\n<td style=\"width: 237.317px\">Busaufsicht\/Innenaufsicht<\/td>\n<\/tr>\n<tr>\n<td style=\"width: 119.683px;text-align: center\">\u00a09:35 \u2013 9:50<\/td>\n<td style=\"width: 237.317px\">Au\u00dfenaufsicht<\/td>\n<\/tr>\n<tr>\n<td style=\"width: 119.683px;text-align: center\">11:35 \u2013 11:45<\/td>\n<td style=\"width: 237.317px\">Busaufsicht\/Au\u00dfenaufsicht<\/td>\n<\/tr>\n<tr>\n<td style=\"width: 119.683px;text-align: center\">12:30 \u2013 12:40<\/td>\n<td style=\"width: 237.317px\">Busaufsicht\/Au\u00dfenaufsicht<\/td>\n<\/tr>\n<tr>\n<td style=\"width: 119.683px;text-align: center\">13:25 \u2013 13:40<\/td>\n<td style=\"width: 237.317px\">Busaufsicht\/Au\u00dfenaufsicht<\/td>\n<\/tr>\n<tr>\n<td style=\"width: 119.683px;text-align: center\">14:55 \u2013 15:15<\/td>\n<td style=\"width: 237.317px\">Busaufsicht\/Au\u00dfenaufsicht<\/td>\n<\/tr>\n<tr>\n<td style=\"width: 119.683px;text-align: center\">15:40 \u2013 15:55<\/td>\n<td style=\"width: 237.317px\">Busaufsicht\/Au\u00dfenaufsicht<\/td>\n<\/tr>\n<\/tbody>\n<\/table>\n\n\n\n<p>Auf eine Innenaufsicht w\u00e4hrend der drei gro\u00dfen Pausen wird aus Kapazit\u00e4tsgr\u00fcnden verzichtet.<\/p>\n\n\n\n<p>Jede Kollegin\/jeder Kollege verl\u00e4sst als letzte\/als letzter den Klassenraum und achtet dabei darauf, dass<\/p>\n\n\n\n<ol class=\"wp-block-list\">\n<li>alle Sch\u00fclerinnen und Sch\u00fcler das Geb\u00e4ude verlassen<\/li>\n\n\n\n<li>die Fenster ge\u00f6ffnet sind<\/li>\n\n\n\n<li>das Licht gel\u00f6scht ist<\/li>\n\n\n\n<li>die T\u00fcren geschlossen sind.<br><br><\/li>\n<\/ol>\n\n\n\n<p>Sollten sich trotzdem Sch\u00fclerinnen und Sch\u00fcler im Innengeb\u00e4ude \naufhalten, f\u00fchlt sich jede Lehrkraft verantwortlich und regelt diese \nSituation.<\/p>\n\n\n\n<p>Die Kolleginnen und Kollegen der Au\u00dfenaufsicht kontrollieren in \ngegenseitiger Absprache und Eigenverantwortung das Au\u00dfengel\u00e4nde und den \nPausengang vor den Toiletten.<\/p>\n\n\n\n<p>Die Fr\u00fchst\u00fcckspause findet f\u00fcr alle gemeinsam nach der ersten gro\u00dfen \nPause in der Zeit von 9:50 bis 10:00 Uhr statt. Aufsicht w\u00e4hrend dieser \nZeit hat jeweils die Kollegin\/der Kollege, die\/der in der Klasse den \nnachfolgenden Unterricht hat.<\/p>\n\n\n\n<p>Die Aufsicht nach Schulschluss \u00fcbernimmt dankenswerterweise die \nBetreuungskraft. Daraus folgt, dass das Kollegium der GS Warmsen t\u00e4glich\n 110\/130 Minuten Aufsicht zu \u00fcbernehmen hat. Diese \nAufsichtsverpflichtung wird anteilig gem\u00e4\u00df der Unterrichtsverpflichtung \nberechnet.<br> <br> Bei Regenwetter, Schneematsch oder Glatteis \nentscheidet die Aufsicht in Absprache mit der Schulleitung, ob die \nSch\u00fclerinnen und Sch\u00fcler die Pause im Geb\u00e4ude verbringen (\u201eRegenpause\u201c &#8211;\n zweimal lang klingeln). In diesem Fall \u00fcbernimmt die Au\u00dfenaufsicht die \nInnenaufsicht und h\u00e4lt sich auf den Fluren auf.<\/p>\n\n\n\n<p>Bei Abwesenheit und Krankheit einer Aufsicht f\u00fchrenden Person wird eine Vertretung im Vertretungsplan vorgesehen, wenn der Ausfall rechtzeitig bekannt ist.<br>Im dringenden Fall erfolgt die Weisung m\u00fcndlich.<\/p>\n\n\n\n<p>Bei pers\u00f6nlichen \u00c4nderungsw\u00fcnschen innerhalb des Schulhalbjahres muss\n f\u00fcr die Aufsichten selbst ein Tauschpartner gesucht werden.<\/p>\n\n\n\n<p>Jede Aufsicht f\u00fchrende Person ist f\u00fcr die Einhaltung der Schulordnung verantwortlich.<\/p>\n\n\n\n<p><strong>Zeittafel der offenen Ganztagsschule<\/strong><\/p>\n\n\n\n<p>F\u00fcr die freiwillig angemeldeten Kinder folgt nach der allgemeinen \nUnterrichtszeit erst das Mittagessen. Danach folgen verschiedene \nAngebote.<\/p>\n\n\n\n<table class=\"wp-block-table\" style=\"width: 342px\">\n<tbody>\n<tr>\n<td style=\"width: 130.633px\">Mittagessen <br \/>Mittagspause<\/td>\n<td style=\"width: 210.367px\">13:25 Uhr &#8211; 14:10 Uhr<\/td>\n<\/tr>\n<tr>\n<td style=\"width: 130.633px\">7. Stunde<\/td>\n<td style=\"width: 210.367px\">14:10 Uhr &#8211; 14:55 Uhr<\/td>\n<\/tr>\n<tr>\n<td style=\"width: 130.633px\">8. Stunde<\/td>\n<td style=\"width: 210.367px\">14:55 Uhr &#8211; 15:40 Uhr<\/td>\n<\/tr>\n<\/tbody>\n<\/table>\n\n\n\n<p><br>In Abh\u00e4ngigkeit der uns unterst\u00fctzenden au\u00dferschulischen Vereine und\/oder Privatpersonen bieten wir montags bis donnerstags in der Regel um 14:10 Uhr bzw. um 14:55 Uhr eine Hausaufgabenbetreuung an; freitags werden keine Hausaufgaben aufgegeben.<\/p>\n\n\n\n<p>Neben den festen Angeboten, die von den Kindern halbj\u00e4hrlich gew\u00e4hlt \nwerden, und der Hausaufgabenbetreuung k\u00f6nnen die Kinder auch in der \nfreien Spielzeit selbstorganisiert ihre Zeit verbringen bzw. an \nwechselnden Angeboten teilnehmen.<\/p>\n","protected":false},"excerpt":{"rendered":"<p>An der Grundschule Warmsen ist die F\u00fcnftagewoche eingef\u00fchrt. Mit Ausnahme des durch Erlass vorgeschriebenen Einschulungstages am ersten Samstag im Schuljahr sind alle \u00fcbrigen Samstage unterrichtsfrei.Die Grundschule Warmsen ist eine offene Ganztagsgrundschule und damit auch eine Verl\u00e4ssliche Grundschule, d. h. in der Regel sind alle Sch\u00fclerinnen und Sch\u00fcler der Klassen 1 und 2\u00a0 jeweils vier Zeitstunden [&hellip;]<\/p>\n","protected":false},"author":9192574,"featured_media":0,"parent":0,"menu_order":0,"comment_status":"closed","ping_status":"closed","template":"","meta":{"footnotes":""},"class_list":["post-282","page","type-page","status-publish","hentry"],"_links":{"self":[{"href":"https:\/\/wordpress.nibis.de\/gswarmsen\/wp-json\/wp\/v2\/pages\/282","targetHints":{"allow":["GET"]}}],"collection":[{"href":"https:\/\/wordpress.nibis.de\/gswarmsen\/wp-json\/wp\/v2\/pages"}],"about":[{"href":"https:\/\/wordpress.nibis.de\/gswarmsen\/wp-json\/wp\/v2\/types\/page"}],"author":[{"embeddable":true,"href":"https:\/\/wordpress.nibis.de\/gswarmsen\/wp-json\/wp\/v2\/users\/9192574"}],"replies":[{"embeddable":true,"href":"https:\/\/wordpress.nibis.de\/gswarmsen\/wp-json\/wp\/v2\/comments?post=282"}],"version-history":[{"count":7,"href":"https:\/\/wordpress.nibis.de\/gswarmsen\/wp-json\/wp\/v2\/pages\/282\/revisions"}],"predecessor-version":[{"id":2631,"href":"https:\/\/wordpress.nibis.de\/gswarmsen\/wp-json\/wp\/v2\/pages\/282\/revisions\/2631"}],"wp:attachment":[{"href":"https:\/\/wordpress.nibis.de\/gswarmsen\/wp-json\/wp\/v2\/media?parent=282"}],"curies":[{"name":"wp","href":"https:\/\/api.w.org\/{rel}","templated":true}]}}