{"id":1513,"date":"2018-09-19T08:25:27","date_gmt":"2018-09-19T06:25:27","guid":{"rendered":"http:\/\/wordpress.nibis.de\/gswrestedt\/?page_id=1513"},"modified":"2019-01-29T11:02:35","modified_gmt":"2019-01-29T10:02:35","slug":"aquarium-ag","status":"publish","type":"page","link":"https:\/\/wordpress.nibis.de\/gswrestedt\/aquarium-ag\/","title":{"rendered":"AG Aquarium"},"content":{"rendered":"<p>Das Aquarium f\u00fcr unsere Schule ist endlich da. Nun geht es ans Einrichten, dazu muss ersteinmal der Sand gewaschen und dann in das Becken gef\u00fcllt werden.<\/p>\n<p><a href=\"http:\/\/wordpress.nibis.de\/gswrestedt\/files\/2018\/09\/aquarium-sandwaschen.jpg\"><img loading=\"lazy\" decoding=\"async\" class=\"alignnone wp-image-1515\" src=\"http:\/\/wordpress.nibis.de\/gswrestedt\/files\/2018\/09\/aquarium-sandwaschen-300x225.jpg\" alt=\"\" width=\"264\" height=\"198\" \/><\/a><a href=\"http:\/\/wordpress.nibis.de\/gswrestedt\/files\/2018\/09\/aquarium-lennart.jpg\">\u00a0\u00a0\u00a0\u00a0\u00a0\u00a0\u00a0\u00a0\u00a0\u00a0\u00a0 <img loading=\"lazy\" decoding=\"async\" class=\"alignnone wp-image-1514\" src=\"http:\/\/wordpress.nibis.de\/gswrestedt\/files\/2018\/09\/aquarium-lennart-300x225.jpg\" alt=\"\" width=\"260\" height=\"195\" \/><\/a><\/p>\n<p>Anschlie\u00dfend haben wir die Pflanzen geschnitten und an den Wurzeln ges\u00e4ubert.<\/p>\n<p><a href=\"http:\/\/wordpress.nibis.de\/gswrestedt\/files\/2018\/09\/aquarium-paulmann.jpg\"><img loading=\"lazy\" decoding=\"async\" class=\"wp-image-1517 alignnone\" src=\"http:\/\/wordpress.nibis.de\/gswrestedt\/files\/2018\/09\/aquarium-paulmann-300x225.jpg\" alt=\"\" width=\"239\" height=\"180\" \/><\/a> \u00a0 \u00a0\u00a0 <a href=\"http:\/\/wordpress.nibis.de\/gswrestedt\/files\/2018\/09\/pflanze.jpg\"><img loading=\"lazy\" decoding=\"async\" class=\"wp-image-1519 alignnone\" src=\"http:\/\/wordpress.nibis.de\/gswrestedt\/files\/2018\/09\/pflanze-300x225.jpg\" alt=\"\" width=\"242\" height=\"181\" \/><\/a><\/p>\n<p><a href=\"http:\/\/wordpress.nibis.de\/gswrestedt\/files\/2018\/09\/aquarium-simon-1.jpg\"><img loading=\"lazy\" decoding=\"async\" class=\"alignnone wp-image-1521 \" src=\"http:\/\/wordpress.nibis.de\/gswrestedt\/files\/2018\/09\/aquarium-simon-1.jpg\" alt=\"\" width=\"494\" height=\"658\" \/><\/a><\/p>\n<p>Herr Paulmann vom <a href=\"https:\/\/vda-online.de\/\" target=\"_blank\" rel=\"noopener\">VDA-Verein<\/a> (Vivaristik die Anspricht) und dem <a href=\"https:\/\/www.uelzener-aquarienfreunde.de\/\" target=\"_blank\" rel=\"noopener\">Verein der Uelzener Aquarienfreunde<\/a> erkl\u00e4rt uns alles ganz genau und hilft uns beim Einrichten des Aquariums.<\/p>\n<p>Kurz vor den Ferien werden die Wasserwerte gemessen, denn bald sollen die ersten Wasserbewohner einziehen.<a href=\"http:\/\/wordpress.nibis.de\/gswrestedt\/files\/2018\/09\/Werte-messen.jpg\"><img loading=\"lazy\" decoding=\"async\" class=\"alignnone size-full wp-image-1550\" src=\"http:\/\/wordpress.nibis.de\/gswrestedt\/files\/2018\/09\/Werte-messen.jpg\" alt=\"\" width=\"800\" height=\"600\" \/><\/a><\/p>\n<p>Alle Werte in Ordnung!<\/p>\n<p>So k\u00f6nnen vor den Ferien noch die ersten Bewohner einziehen: <i><b>Neritina pulligera<\/b><\/i>, auch <b>Stahlhelm-Schnecke<\/b> genannt, eine <strong>S\u00fc\u00dfwassermuschel <\/strong>und ein paar <em><strong>Anenetome helena<\/strong><\/em> oder auch <strong>Raubturmdeckelschnecken<\/strong>.<\/p>\n<p>Damit Pflanzen und Tiere sich wohlf\u00fchlen muss regelm\u00e4\u00dfig das Wasser gewechselt werden.<\/p>\n<p><a href=\"http:\/\/wordpress.nibis.de\/gswrestedt\/files\/2018\/10\/wasserwechsel.jpg\"><img loading=\"lazy\" decoding=\"async\" class=\"alignnone wp-image-1591 size-large\" src=\"http:\/\/wordpress.nibis.de\/gswrestedt\/files\/2018\/10\/wasserwechsel-768x1024.jpg\" alt=\"\" width=\"640\" height=\"853\" \/><\/a><\/p>\n<p>Nach den Herbstferien 2018 war es soweit. <strong>Die Fische sind da!<\/strong><\/p>\n<p>Im Aquarium k\u00f6nnen nun <strong>Guppys, Panterwelze, Zebraprachtschmerle, Schwerttr\u00e4ger,<\/strong> <strong>Fensterputzer, Gl\u00fchlichtsalmer<\/strong> und noch ein paar andere Fische beobachtet werden.<\/p>\n<p><a href=\"http:\/\/wordpress.nibis.de\/gswrestedt\/files\/2018\/10\/fische.jpg\"><img loading=\"lazy\" decoding=\"async\" class=\"alignnone size-full wp-image-1571\" src=\"http:\/\/wordpress.nibis.de\/gswrestedt\/files\/2018\/10\/fische.jpg\" alt=\"\" width=\"1024\" height=\"1024\" \/><\/a><\/p>\n<p>Am Ende der AG konnten die Kinder eigenst\u00e4ndig Wasser wechsel machen, die Fische f\u00fcttern und das Aquarium s\u00e4ubern.<\/p>\n<p>Zum Abschluss besuchten wir Herrn Paulmann und durften seine vielz\u00e4hligen Aquarien uns ansehen.<\/p>\n<p><a href=\"http:\/\/wordpress.nibis.de\/gswrestedt\/files\/2019\/01\/IMG_5044.jpg\"><img loading=\"lazy\" decoding=\"async\" class=\"aligncenter size-full wp-image-1705\" src=\"http:\/\/wordpress.nibis.de\/gswrestedt\/files\/2019\/01\/IMG_5044.jpg\" alt=\"\" width=\"800\" height=\"600\" srcset=\"https:\/\/wordpress.nibis.de\/gswrestedt\/files\/2019\/01\/IMG_5044.jpg 800w, https:\/\/wordpress.nibis.de\/gswrestedt\/files\/2019\/01\/IMG_5044-300x225.jpg 300w, https:\/\/wordpress.nibis.de\/gswrestedt\/files\/2019\/01\/IMG_5044-768x576.jpg 768w\" sizes=\"auto, (max-width: 800px) 100vw, 800px\" \/><\/a>Die Grunschule Wrestedt freut sich dar\u00fcber, dass Herr Paulmann ein weiteres Schulhalbjahr die Aquarium-AG betreut.<\/p>\n","protected":false},"excerpt":{"rendered":"<p>Das Aquarium f\u00fcr unsere Schule ist endlich da. Nun geht es ans Einrichten, dazu muss ersteinmal der Sand gewaschen und dann in das Becken gef\u00fcllt werden. \u00a0\u00a0\u00a0\u00a0\u00a0\u00a0\u00a0\u00a0\u00a0\u00a0\u00a0 Anschlie\u00dfend haben wir die Pflanzen geschnitten und an den Wurzeln ges\u00e4ubert. \u00a0 \u00a0\u00a0 &hellip; <a href=\"https:\/\/wordpress.nibis.de\/gswrestedt\/aquarium-ag\/\">Weiterlesen <span class=\"meta-nav\">&rarr;<\/span><\/a><\/p>\n","protected":false},"author":1020,"featured_media":0,"parent":0,"menu_order":0,"comment_status":"closed","ping_status":"closed","template":"","meta":{"footnotes":""},"class_list":["post-1513","page","type-page","status-publish","hentry"],"_links":{"self":[{"href":"https:\/\/wordpress.nibis.de\/gswrestedt\/wp-json\/wp\/v2\/pages\/1513","targetHints":{"allow":["GET"]}}],"collection":[{"href":"https:\/\/wordpress.nibis.de\/gswrestedt\/wp-json\/wp\/v2\/pages"}],"about":[{"href":"https:\/\/wordpress.nibis.de\/gswrestedt\/wp-json\/wp\/v2\/types\/page"}],"author":[{"embeddable":true,"href":"https:\/\/wordpress.nibis.de\/gswrestedt\/wp-json\/wp\/v2\/users\/1020"}],"replies":[{"embeddable":true,"href":"https:\/\/wordpress.nibis.de\/gswrestedt\/wp-json\/wp\/v2\/comments?post=1513"}],"version-history":[{"count":15,"href":"https:\/\/wordpress.nibis.de\/gswrestedt\/wp-json\/wp\/v2\/pages\/1513\/revisions"}],"predecessor-version":[{"id":1708,"href":"https:\/\/wordpress.nibis.de\/gswrestedt\/wp-json\/wp\/v2\/pages\/1513\/revisions\/1708"}],"wp:attachment":[{"href":"https:\/\/wordpress.nibis.de\/gswrestedt\/wp-json\/wp\/v2\/media?parent=1513"}],"curies":[{"name":"wp","href":"https:\/\/api.w.org\/{rel}","templated":true}]}}