{"id":65,"date":"2016-05-23T11:31:14","date_gmt":"2016-05-23T09:31:14","guid":{"rendered":"http:\/\/wordpress.nibis.de\/gswrestedt\/?page_id=65"},"modified":"2026-09-01T15:07:03","modified_gmt":"2026-09-01T13:07:03","slug":"unsere-schule","status":"publish","type":"page","link":"https:\/\/wordpress.nibis.de\/gswrestedt\/","title":{"rendered":"Unsere Schule"},"content":{"rendered":"<p>Die Grundschule Wrestedt ist eine <strong>Verl\u00e4ssliche Grundschule und eine offene Ganztagsschule<\/strong>, die in allen Jahrg\u00e4ngen Sch\u00fcler <strong>inklusiv<\/strong> beschult, das hei\u00dft wir beschulen alle Kinder, die in unserem Einzugsgebiet wohnen.<\/p>\n<p>Verl\u00e4sslich bedeutet, dass Eltern sich darauf verlassen k\u00f6nnen, dass ihr Kind nicht wegen Krankheit der Lehrkr\u00e4fte o.\u00e4. fr\u00fcher nach Hause kommt.<\/p>\n<p>Unsere Schule ist von<strong> 7.30 bis 15.30 Uhr<\/strong>\u00a0ge\u00f6ffnet.<\/p>\n<p>In der Zeit von <strong>11.45 bis 12.30 Uhr<\/strong> k\u00f6nnen die Sch\u00fclerinnen und Sch\u00fcler der 1. und 2. Klassen von P\u00e4dagogischen Mitarbeitern betreut\u00a0 werden. Daf\u00fcr ist eine verbindliche Anmeldung f\u00fcr ein Schulhalbjahr notwendig.<\/p>\n<p>Von <strong>12.30 bis 15.30 Uhr<\/strong> k\u00f6nnen Sie Ihr Kind f\u00fcr den <strong>Ganztag<\/strong> anmelden. Um 14.00 Uhr gibt es die M\u00f6glichkeit einer zus\u00e4tzlichen Abholzeit. Zu dieser Uhrzeit f\u00e4hrt kein Bus. <strong>Die Anmeldung erfolgt verbindlich f\u00fcr ein Schulhalbjahr.<\/strong><\/p>\n<p>Die Kinder haben die M\u00f6glichkeit, eine warme Mahlzeit (kostenpflichtig, derzeit 4,50\u20ac) einzunehmen. Die Anmeldung daf\u00fcr erfolgt \u00fcber die <a href=\"https:\/\/www.samtgemeinde-aue.de\/home.aspx\" target=\"_blank\" rel=\"noopener noreferrer\">Samtgemeinde Aue. \u00a0<\/a>Das Essen wird vom Caterer &#8222;dieFeinschmeckerei&#8220; geliefert.<\/p>\n<p>Zurzeit besuchen 139 Sch\u00fclerinnen und Sch\u00fcler unsere Schule. 10 Lehrerinnen, 1 Lehrer, 1 F\u00f6rderschullehrerin, 1 Inklusionshelferin und 4 P\u00e4dagogische Mitarbeiterinnen sind hier besch\u00e4ftigt.<\/p>\n<p>Ca. 60 % unserer Sch\u00fclerinnen und Sch\u00fcler kommen direkt aus Wrestedt, die anderen stammen aus den umliegenden D\u00f6rfern (Stederdorf, Stadensen, Nettelkamp, Nienwohlde, Kallenbrock, Hamborg, Esterholz, Niendorf II).<\/p>\n<p>Unsere Schule besteht aus mehreren Geb\u00e4udeteilen, der \u00e4lteste wurde im Jahr 1938 gebaut. Wir verf\u00fcgen \u00fcber 8 Klassenr\u00e4ume, einen Werkraum, eine K\u00fcche und Beratungsraum und eine Schulturnhalle. In direktem Umfeld unserer Schule befinden sich das Jugendzentrum und das Sportzentrum mit gro\u00dfer Sporthalle und dem Sportplatz.<\/p>\n","protected":false},"excerpt":{"rendered":"<p>Die Grundschule Wrestedt ist eine Verl\u00e4ssliche Grundschule und eine offene Ganztagsschule, die in allen Jahrg\u00e4ngen Sch\u00fcler inklusiv beschult, das hei\u00dft wir beschulen alle Kinder, die in unserem Einzugsgebiet wohnen. Verl\u00e4sslich bedeutet, dass Eltern sich darauf verlassen k\u00f6nnen, dass ihr Kind &hellip; <a href=\"https:\/\/wordpress.nibis.de\/gswrestedt\/\">Weiterlesen <span class=\"meta-nav\">&rarr;<\/span><\/a><\/p>\n","protected":false},"author":1020,"featured_media":0,"parent":0,"menu_order":0,"comment_status":"closed","ping_status":"closed","template":"","meta":{"footnotes":""},"class_list":["post-65","page","type-page","status-publish","hentry"],"_links":{"self":[{"href":"https:\/\/wordpress.nibis.de\/gswrestedt\/wp-json\/wp\/v2\/pages\/65","targetHints":{"allow":["GET"]}}],"collection":[{"href":"https:\/\/wordpress.nibis.de\/gswrestedt\/wp-json\/wp\/v2\/pages"}],"about":[{"href":"https:\/\/wordpress.nibis.de\/gswrestedt\/wp-json\/wp\/v2\/types\/page"}],"author":[{"embeddable":true,"href":"https:\/\/wordpress.nibis.de\/gswrestedt\/wp-json\/wp\/v2\/users\/1020"}],"replies":[{"embeddable":true,"href":"https:\/\/wordpress.nibis.de\/gswrestedt\/wp-json\/wp\/v2\/comments?post=65"}],"version-history":[{"count":36,"href":"https:\/\/wordpress.nibis.de\/gswrestedt\/wp-json\/wp\/v2\/pages\/65\/revisions"}],"predecessor-version":[{"id":3994,"href":"https:\/\/wordpress.nibis.de\/gswrestedt\/wp-json\/wp\/v2\/pages\/65\/revisions\/3994"}],"wp:attachment":[{"href":"https:\/\/wordpress.nibis.de\/gswrestedt\/wp-json\/wp\/v2\/media?parent=65"}],"curies":[{"name":"wp","href":"https:\/\/api.w.org\/{rel}","templated":true}]}}