{"id":2,"date":"2018-08-10T11:34:30","date_gmt":"2018-08-10T09:34:30","guid":{"rendered":"http:\/\/wordpress.nibis.de\/gymdamme\/?page_id=2"},"modified":"2025-05-23T12:07:28","modified_gmt":"2025-05-23T10:07:28","slug":"ausgezeichnet","status":"publish","type":"page","link":"https:\/\/wordpress.nibis.de\/gymdamme\/ausgezeichnet\/","title":{"rendered":"Ausgezeichnet"},"content":{"rendered":"<p><strong>EW 2025: \u201eLego-Film\u201c bringt Eva und Leon einen Landespreis ein!<\/strong><\/p>\n<p><img loading=\"lazy\" decoding=\"async\" class=\"alignright size-medium wp-image-1096\" src=\"https:\/\/wordpress.nibis.de\/gymdamme\/files\/2025\/05\/Foto-Preisverleihung_EW_Eva-und-Leon-300x200.jpg\" alt=\"\" width=\"300\" height=\"200\" srcset=\"https:\/\/wordpress.nibis.de\/gymdamme\/files\/2025\/05\/Foto-Preisverleihung_EW_Eva-und-Leon-300x200.jpg 300w, https:\/\/wordpress.nibis.de\/gymdamme\/files\/2025\/05\/Foto-Preisverleihung_EW_Eva-und-Leon-900x600.jpg 900w, https:\/\/wordpress.nibis.de\/gymdamme\/files\/2025\/05\/Foto-Preisverleihung_EW_Eva-und-Leon-768x512.jpg 768w, https:\/\/wordpress.nibis.de\/gymdamme\/files\/2025\/05\/Foto-Preisverleihung_EW_Eva-und-Leon-1536x1024.jpg 1536w, https:\/\/wordpress.nibis.de\/gymdamme\/files\/2025\/05\/Foto-Preisverleihung_EW_Eva-und-Leon-2048x1365.jpg 2048w\" sizes=\"auto, (max-width: 300px) 100vw, 300px\" \/>Ja, sie haben ganz sch\u00f6n lange gebaut und get\u00fcftelt. Wer selbst schon einmal einen Stop-Motion-Film produziert hat, wei\u00df, wie aufw\u00e4ndig dies ist: Die Anschl\u00fcsse m\u00fcssen passen, die Bewegungen sollen so nat\u00fcrlich wie m\u00f6glich wirken und dann die Sache mit dem Ton\u2026<br \/>Eva Berends und Leon Heil aus dem WPU Journalismus Jg.8 haben die Herausforderung angenommen und die viele Arbeit hat sich gelohnt: Ihr Beitrag wurde beim 72. Europ\u00e4ischen Wettbewerb mit einem Landespreis ausgezeichnet.<\/p>\n<p>Das Wettbewerbs-Motto \u201eEuropa? Aber sicher!\u201c haben die beiden auf die Gefahren im Internet bezogen. Der Protagonist ihres Films bekommt die unangenehmen Folgen zu sp\u00fcren, wenn man pers\u00f6nliche Daten unbedacht im Netz preisgibt. Der Film ist bei aller Ernsthaftigkeit zugleich so unterhaltsam gestaltet, dass er seine Zielgruppe, Kinder und Jugendliche, gut erreicht. Eva und Leon haben w\u00e4hrend des gesamten Prozesses R\u00fcckmeldungen aus dem WPU-Kurs eingefordert und Verbesserungsvorschl\u00e4ge konsequent umgesetzt. Im Mai durften sie dann in Hannover aus den H\u00e4nden von Landtagspr\u00e4sidentin Hanna Naber ihre Urkunden in Empfang nehmen.<\/p>\n<p>An unserer Schule war noch ein weiteres Sch\u00fclerteam erfolgreich. Leonie Krolage und Greta Wessels aus dem WPU Journalismus Jg. 10 setzten die Chancen und Risiken digitaler Entwicklungen in einem aussagekr\u00e4ftigen Bild gegen\u00fcber und erg\u00e4nzten ihre Gedanken durch ein kritisches Gedicht. Auch sie durften sich \u00fcber einen Landespreis im \u00e4ltesten Sch\u00fclerwettbewerb Deutschlands freuen.<\/p>\n<p><strong>EW 2024: Gleich zwei Landepreise f\u00fcr unseren WPU!<br \/><img loading=\"lazy\" decoding=\"async\" class=\"alignleft size-medium wp-image-1079\" src=\"https:\/\/wordpress.nibis.de\/gymdamme\/files\/2024\/08\/Landtagsvizepraesidentin-300x202.jpg\" alt=\"\" width=\"300\" height=\"202\" srcset=\"https:\/\/wordpress.nibis.de\/gymdamme\/files\/2024\/08\/Landtagsvizepraesidentin-300x202.jpg 300w, https:\/\/wordpress.nibis.de\/gymdamme\/files\/2024\/08\/Landtagsvizepraesidentin-891x600.jpg 891w, https:\/\/wordpress.nibis.de\/gymdamme\/files\/2024\/08\/Landtagsvizepraesidentin-768x517.jpg 768w, https:\/\/wordpress.nibis.de\/gymdamme\/files\/2024\/08\/Landtagsvizepraesidentin-1536x1034.jpg 1536w, https:\/\/wordpress.nibis.de\/gymdamme\/files\/2024\/08\/Landtagsvizepraesidentin-2048x1379.jpg 2048w\" sizes=\"auto, (max-width: 300px) 100vw, 300px\" \/><\/strong>Gro\u00dfen Applaus gab es Anfang Juni f\u00fcr Emma Ihlendorf, Esther Edou-Ondjii, Niklas Vocks, Hannes Punte, Milan D\u00fcvel und Mika V\u00f6lkerding im nieders\u00e4chsischen Landtag. Die sechs Sch\u00fcler aus dem WPU Journalismus (Jg.10) des Gymnasiums Damme wurden f\u00fcr ihre herausragenden Arbeiten beim 71. Europ\u00e4ischen Wettbewerb geehrt.<\/p>\n<p>\u201eEuropa (un)limited\u201c lautete in diesem Jahr das Motto. Warum fliehen Menschen eigentlich nach Deutschland? Wie ist es ihnen ergangen und wie geht es ihnen jetzt? In ihrem Podcast besch\u00e4ftigen sich Emma und Esther mit dem Thema Migration. Ihr Beitrag ist informativ und ber\u00fchrend zugleich, denn sie liefern Fakten und lassen auch Gefl\u00fcchtete ihre Geschichte erz\u00e4hlen. Der f\u00fcnfmin\u00fctige Audiobeitrag endet mit diesem Appell:<br \/>\u201eEs liegt in unserer Verantwortung, Vorurteile abzubauen und unsere Solidarit\u00e4t zu zeigen. Lasst uns gemeinsam daf\u00fcr k\u00e4mpfen, dass Europa ein Ort ist, an dem Menschen in Sicherheit leben k\u00f6nnen, unabh\u00e4ngig von ihrer Herkunft.\u201d<br \/><em>\u00a0 \u00a0 \u00a0 \u00a0 \u00a0 \u00a0 \u00a0 \u00a0 \u00a0 \u00a0 \u00a0 \u00a0 \u00a0 \u00a0 \u00a0 \u00a0 \u00a0 \u00a0 \u00a0 \u00a0 \u00a0 \u00a0 \u00a0 \u00a0 \u00a0 \u00a0 \u00a0 \u00a0 \u00a0 \u00a0Beste Arbeit im Modul \u201eDas digitale Ich\u201c<\/em><strong><br \/><\/strong>Aus allen niedersachsenweit eingereichten Beitr\u00e4gen im Modul \u201eDas digitale Ich\u201c wurde der Film von Niklas, Milan, Hannes und Mika sogar als beste Arbeit gek\u00fcrt. Die Sechzehnj\u00e4hrigen haben dargestellt, welche positiven und negativen Folgen es haben kann, wenn auf das Handy verzichtet wird. Dabei zeigt Protagonist Niklas auf witzige Weise, wie sich sein Leben und sein \u00c4u\u00dferes ohne Smartphone ganz konkret ver\u00e4ndern w\u00fcrden.<br \/><em>\u00a0 \u00a0 \u00a0 \u00a0 \u00a0 \u00a0 \u00a0 \u00a0 \u00a0 \u00a0 \u00a0 \u00a0 \u00a0 \u00a0 \u00a0 \u00a0 \u00a0 \u00a0 \u00a0 \u00a0 \u00a0 \u00a0 \u00a0 \u00a0 \u00a0 \u00a0 \u00a0 \u00a0 \u00a0 Preisverleihung im Landtag in Hannover<\/em><strong><br \/><\/strong>Beide Sch\u00fclergruppen durften sich \u00fcber Urkunden, B\u00fcchergutscheine und eine Einladung in den nieders\u00e4chsischen Landtag freuen. Hier wurden Ausschnitte aus ihren Werken auf gro\u00dfen Bildschirmen pr\u00e4sentiert, eine F\u00fchrung durch den Landtag rundete die Preisverleihung ab. Der Europ\u00e4ische Wettbewerb ist der \u00e4lteste Sch\u00fclerwettbewerb Deutschlands. In Niedersachsen nahmen in diesem Jahr 2179 Sch\u00fcler teil.<\/p>\n<p><strong>2022: Landespreis f\u00fcr Mia und Karina!<img loading=\"lazy\" decoding=\"async\" class=\"alignright size-medium wp-image-856\" src=\"https:\/\/wordpress.nibis.de\/gymdamme\/files\/2022\/06\/Landespreis-Europawettbewerb-6-300x225.jpg\" alt=\"\" width=\"300\" height=\"225\" srcset=\"https:\/\/wordpress.nibis.de\/gymdamme\/files\/2022\/06\/Landespreis-Europawettbewerb-6-300x225.jpg 300w, https:\/\/wordpress.nibis.de\/gymdamme\/files\/2022\/06\/Landespreis-Europawettbewerb-6-801x600.jpg 801w, https:\/\/wordpress.nibis.de\/gymdamme\/files\/2022\/06\/Landespreis-Europawettbewerb-6-768x576.jpg 768w, https:\/\/wordpress.nibis.de\/gymdamme\/files\/2022\/06\/Landespreis-Europawettbewerb-6.jpg 1317w\" sizes=\"auto, (max-width: 300px) 100vw, 300px\" \/><\/strong><br \/>Wochenmarkt oder Supermarkt \u2013 welcher Einkauf ist besser f\u00fcrs Klima, schmeckt besser und ist preisg\u00fcnstiger? Unterhaltsam und informativ haben Mia Jolie Ahrens und Karina Sinn ihren Selbstversuch in einem Film dokumentiert und damit einen Preis auf Landesebene beim 69. Europ\u00e4ischen Wettbewerb abger\u00e4umt. Die Jury w\u00fcrdigte das f\u00fcnfmin\u00fctige\u00a0<a href=\"https:\/\/youtu.be\/C56d-1eWgbU\">Video<\/a>\u00a0als \u201eherausragenden Erfolg\u201c und belohnte das Engagement der beiden Neuntkl\u00e4sslerinnen mit Urkunden und Buchgutscheinen.<br \/>Der WPU Journalismus Jg. 9 hat im November und Dezember 2021 verschiedene Aspekte zum Thema \u201eNachhaltige Ern\u00e4hrung\u201c recherchiert und aufbereitet. \u201eMia und Karina hatten nicht nur eine gute Idee f\u00fcr ihren Film, sie haben diese auch handwerklich toll umgesetzt\u201c, sagt Kursleiterin Anke Westerkamp.<br \/>Seit 2019 sind Teilnehmerinnen und Teilnehmer aus den WPU-Journalismus-Kursen bereits viermal auf Landesebene erfolgreich gewesen. Ein Ansporn, auch im kommenden Schuljahr den Sch\u00fclerinnen und Sch\u00fclern eine Teilnahme an diesem \u00e4ltesten Sch\u00fclerwettbewerb zu erm\u00f6glichen. \u201eDie thematischen Vorgaben des Europ\u00e4ischen Wettbewerbs passen f\u00fcr uns als Europa-Schule sehr gut ins Schulprofil und unsere Sch\u00fcler profitieren stark von der Projektarbeit\u201c, ist Koordinator Michael Hansen \u00fcberzeugt.<\/p>\n<p><strong><img loading=\"lazy\" decoding=\"async\" class=\"alignleft size-medium wp-image-838\" src=\"https:\/\/wordpress.nibis.de\/gymdamme\/files\/2022\/05\/1_drei-Autoren-300x200.jpg\" alt=\"\" width=\"300\" height=\"200\" srcset=\"https:\/\/wordpress.nibis.de\/gymdamme\/files\/2022\/05\/1_drei-Autoren-300x200.jpg 300w, https:\/\/wordpress.nibis.de\/gymdamme\/files\/2022\/05\/1_drei-Autoren-900x600.jpg 900w, https:\/\/wordpress.nibis.de\/gymdamme\/files\/2022\/05\/1_drei-Autoren-768x511.jpg 768w, https:\/\/wordpress.nibis.de\/gymdamme\/files\/2022\/05\/1_drei-Autoren-1536x1022.jpg 1536w, https:\/\/wordpress.nibis.de\/gymdamme\/files\/2022\/05\/1_drei-Autoren-2048x1363.jpg 2048w\" sizes=\"auto, (max-width: 300px) 100vw, 300px\" \/>Junge Autoren publizieren eigene Texte zum Thema \u201eStille\u201c<br \/><\/strong>Die Erfolgsgeschichte des ersten WPU-Journalismuskurses rei\u00dft nicht ab. Mittlerweile Elftkl\u00e4ssler, konnten Lara, Theresa und Niklas im Mai 2022 erneut stolz au sich sein:\u00a0 ihre Texte, die sie w\u00e4hrend des Corona-Lockdowns verfasst haben, wurden im Buch &#8222;Stille &#8211; ein anderes Lebensgef\u00fchl&#8220; publiziert.<\/p>\n<p>Drama, Lyrik, Epik \u2013 diese drei gro\u00dfen Literaturgattungen haben Niklas Wei\u00df, Lara Neteler und Theresa Meyer ausprobiert. Die Jugendlichen haben im vergangen Jahr im WPU Journalismus eine Kurzgeschichte, ein Drama und ein Gedicht verfasst. Jetzt wurden ihre Texte in der Anthologie \u201eStille \u2013 ein anderes Lebensgef\u00fchl\u201c ver\u00f6ffentlicht. Ein toller Erfolg f\u00fcr die jungen Autoren aus dem Jahrgang 11!<\/p>\n<p><strong>Theresa Meyer erfolgreich beim 4. Vechtaer Jugendliteraturpreis<img loading=\"lazy\" decoding=\"async\" class=\"alignleft size-medium wp-image-839\" src=\"https:\/\/wordpress.nibis.de\/gymdamme\/files\/2022\/05\/4_Lesung-Theresa-200x300.jpg\" alt=\"\" width=\"200\" height=\"300\" srcset=\"https:\/\/wordpress.nibis.de\/gymdamme\/files\/2022\/05\/4_Lesung-Theresa-200x300.jpg 200w, https:\/\/wordpress.nibis.de\/gymdamme\/files\/2022\/05\/4_Lesung-Theresa-400x600.jpg 400w, https:\/\/wordpress.nibis.de\/gymdamme\/files\/2022\/05\/4_Lesung-Theresa-768x1152.jpg 768w, https:\/\/wordpress.nibis.de\/gymdamme\/files\/2022\/05\/4_Lesung-Theresa-1024x1536.jpg 1024w, https:\/\/wordpress.nibis.de\/gymdamme\/files\/2022\/05\/4_Lesung-Theresa-1365x2048.jpg 1365w, https:\/\/wordpress.nibis.de\/gymdamme\/files\/2022\/05\/4_Lesung-Theresa-scaled.jpg 1707w\" sizes=\"auto, (max-width: 200px) 100vw, 200px\" \/><br \/><\/strong>Theresa Meyer wurde dabei eine besondere Ehre zuteil. Sie durfte als eine der Preistr\u00e4gerinnen des 4. Vechtaer Jugendliteraturwettbewerbs ihr Kurzdrama bei der Buchpremiere im Vechtaer Rathaus vor \u00fcber hundert Zuschauern vorlesen. Die stellvertretende Schulleiterin Sabine Nieberding gratulierte der Sch\u00fclerin zu ihrem Erfolg und zu dem professionellen Vortrag.<\/p>\n<p>Insgesamt gingen \u00fcber 500 Beitr\u00e4ge aus allen Teilen der Bundesrepublik, aus \u00d6sterreich, der Schweiz, Italien und Luxemburg bei dem Wettbewerb ein. Der von der Stadt Vechta und dem Geest-Verlag ausgeschriebene Preis geh\u00f6rt zu den gr\u00f6\u00dften Jugendliteratur-Wettbewerben in Deutschland. Das Buch ist ab sofort im Buchhandel, online oder direkt beim Geest-Verlag erh\u00e4ltlich:<br \/>Stille &#8211; ein anderes Lebensgef\u00fchl<br \/>106 AutorInnen \u00fcber ihre Lebensgef\u00fchle in einer schwierigen Zeit<br \/>Geest-Verlag 2022<br \/>ISBN 978-3-86685-893-0<br \/>15 Euro\u00a0\u00a0<\/p>\n<p><strong>Unser WPU erh\u00e4lt einen Sch\u00fclerpreis!<img loading=\"lazy\" decoding=\"async\" class=\"alignright size-medium wp-image-736\" src=\"https:\/\/wordpress.nibis.de\/gymdamme\/files\/2021\/06\/OM_Preisverleihung-1-300x199.jpg\" alt=\"\" width=\"300\" height=\"199\" srcset=\"https:\/\/wordpress.nibis.de\/gymdamme\/files\/2021\/06\/OM_Preisverleihung-1-300x199.jpg 300w, https:\/\/wordpress.nibis.de\/gymdamme\/files\/2021\/06\/OM_Preisverleihung-1-900x597.jpg 900w, https:\/\/wordpress.nibis.de\/gymdamme\/files\/2021\/06\/OM_Preisverleihung-1-768x510.jpg 768w, https:\/\/wordpress.nibis.de\/gymdamme\/files\/2021\/06\/OM_Preisverleihung-1-1536x1019.jpg 1536w, https:\/\/wordpress.nibis.de\/gymdamme\/files\/2021\/06\/OM_Preisverleihung-1.jpg 1920w\" sizes=\"auto, (max-width: 300px) 100vw, 300px\" \/><\/strong><br \/>Kr\u00f6nender Abschluss von drei \u00fcberaus erfolgreichen Jahren WPU Journalismus: Der Kurs wurde mit dem Sch\u00fclerpreis Oldenburger M\u00fcnsterland 2020 ausgezeichnet, wegen der Pandemie erfolgte die \u00dcbergabe der Urkunde im Juni 2021.<\/p>\n<p>Mit ihrem Kurzfilm \u201eDammer Alltag in Zeiten von Corona\u201c haben die Sch\u00fclerinnen und Sch\u00fcler des Wahlpflichtkurses Journalismus Jg.10 den Sch\u00fclerpreis Oldenburger M\u00fcnsterland 2020 gewonnen. Der inspirierende Kurzfilm zeigt unter anderem M\u00f6glichkeiten zur Freizeitgestaltung im Raum Damme auf.<\/p>\n<p><img loading=\"lazy\" decoding=\"async\" class=\"alignleft size-medium wp-image-735\" src=\"https:\/\/wordpress.nibis.de\/gymdamme\/files\/2021\/06\/OM_Preisverleihung-3-300x199.jpg\" alt=\"\" width=\"300\" height=\"199\" srcset=\"https:\/\/wordpress.nibis.de\/gymdamme\/files\/2021\/06\/OM_Preisverleihung-3-300x199.jpg 300w, https:\/\/wordpress.nibis.de\/gymdamme\/files\/2021\/06\/OM_Preisverleihung-3-900x597.jpg 900w, https:\/\/wordpress.nibis.de\/gymdamme\/files\/2021\/06\/OM_Preisverleihung-3-768x510.jpg 768w, https:\/\/wordpress.nibis.de\/gymdamme\/files\/2021\/06\/OM_Preisverleihung-3-1536x1019.jpg 1536w, https:\/\/wordpress.nibis.de\/gymdamme\/files\/2021\/06\/OM_Preisverleihung-3.jpg 1917w\" sizes=\"auto, (max-width: 300px) 100vw, 300px\" \/>\u201eHomeschooling\u201c, \u201esocial distancing\u201c und \u201eAHA\u201c-Regeln \u2013 alles Stichworte, die seit \u00fcber einem Jahr den Alltag bestimmen und umgekrempelt haben. Die Corona-Pandemie stellte und stellt gro\u00dfe Herausforderungen an alle. Aber die Zehntkl\u00e4ssler haben sich unter Anleitung ihrer Lehrerin Anke Westerkamp inspirieren lassen und den Verzicht sowie die erzwungene Isolation f\u00fcr kreative Ans\u00e4tze genutzt, neue Perspektiven zu entdecken. Festgehalten haben sie diese mutmachende Botschaft auf dem schuleigenen Blog und in dem kurzen Film \u201eDammer Alltag in der Corona-Zeit\u201c, der mit dem Sch\u00fclerpreis des Heimatbundes Oldenburger M\u00fcnsterland ausgezeichnet worden ist. Heimatbund-Gesch\u00e4ftsf\u00fchrerin Gisela L\u00fcnnemann \u00fcbergab jetzt offiziell die Urkunde.<\/p>\n<p>Mal wieder ein Buch lesen, Spazierg\u00e4nge mit dem Hund machen, mit den Geschwistern Spiele spielen oder das eigene Zimmer aufr\u00e4umen sind nur einige der teilweise mit einem Augenzwinkern gemachten Vorschl\u00e4ge, die die 19 Sch\u00fclerinnen und Sch\u00fcler in kurzen Sequenzen mit dem Smartphone aufgenommen und zu einem Gesamtfilm zusammengeschnitten haben. Auch die eigene Heimat und deren Natursch\u00f6nheit zu entdecken, lohne sich, so die einhellige Meinung. Und man solle die gute Laune nicht verlieren, w\u00fcnschen die Jugendlichen: \u201eStay positive\u201c und bleibt gesund\u201c, lautet der Wunsch zum Abschluss.<\/p>\n<p>\u201eIn negativer Zeit haben die Jugendlichen positive Zeichen gesetzt\u201c, so L\u00fcnnemann, dies sei bewundernswert und vorbildlich. Vorbildlich sei der Beitrag nicht nur inhaltlich, sondern auch im Hinblick auf die Nutzung moderner Medien und die Pr\u00e4sentation in Form eines Films. Dies rege hoffentlich zur Nachahmung an f\u00fcr Bewerbungen f\u00fcr den Sch\u00fclerpreis OM, dr\u00fcckte L\u00fcnnemann ihre Hoffnung aus.<\/p>\n<p>Das Gymnasium Damme wurde zum ersten Mal mit einem Sch\u00fclerpreis des Heimatbundes ausgezeichnet.<\/p>\n<p><a href=\"https:\/\/www.heimatbund-om.de\/service-und-wissen\/schulportal-schuelerpreis\/schuelerpreis-2020\">https:\/\/www.heimatbund-om.de\/service-und-wissen\/schulportal-schuelerpreis\/schuelerpreis-2020<\/a><\/p>\n<p style=\"text-align: center\"><strong>Landespreis f\u00fcr Lara!<\/strong><\/p>\n<div id=\"attachment_702\" style=\"width: 650px\" class=\"wp-caption aligncenter\"><img loading=\"lazy\" decoding=\"async\" aria-describedby=\"caption-attachment-702\" class=\"size-large wp-image-702\" src=\"https:\/\/wordpress.nibis.de\/gymdamme\/files\/2021\/03\/stop-hate-speech_Lara_Neteler-800x600.jpg\" alt=\"\" width=\"640\" height=\"480\" srcset=\"https:\/\/wordpress.nibis.de\/gymdamme\/files\/2021\/03\/stop-hate-speech_Lara_Neteler-800x600.jpg 800w, https:\/\/wordpress.nibis.de\/gymdamme\/files\/2021\/03\/stop-hate-speech_Lara_Neteler-300x225.jpg 300w, https:\/\/wordpress.nibis.de\/gymdamme\/files\/2021\/03\/stop-hate-speech_Lara_Neteler-768x576.jpg 768w, https:\/\/wordpress.nibis.de\/gymdamme\/files\/2021\/03\/stop-hate-speech_Lara_Neteler-1536x1152.jpg 1536w, https:\/\/wordpress.nibis.de\/gymdamme\/files\/2021\/03\/stop-hate-speech_Lara_Neteler-2048x1536.jpg 2048w\" sizes=\"auto, (max-width: 640px) 100vw, 640px\" \/><p id=\"caption-attachment-702\" class=\"wp-caption-text\">nor<\/p><\/div>\n<p>Mit ihrer Collage zum Thema \u201eStop Hate Speech\u201c hat Lara die Landesjury des \u00a0<a href=\"https:\/\/www.europaeischer-wettbewerb.de\/\">Europ\u00e4ischen Wettbewerbs<\/a> \u00fcberzeugt und eine Auszeichnung erhalten.<br \/>Hate Speech gibt es nicht nur hier in Deutschland, sondern in ganz Europa und \u00fcberall auf der Welt. Es werden rassistische, frauenfeindliche, homophobe oder generell menschenfeindliche Bemerkungen gemacht. Auf Laras Collage ist der Instagram-Post der Tagesschau abgebildet, in dem es um LGBTIQ-Rechte geht. Hier sind reichlich Hasskommentare gegen die LGBTIQ-Gemeinschaft zu finden. Lara Neteler fordert: \u201eWir alle haben in einem vereinten Europa die Aufgabe, uns dagegen einzusetzen und m\u00fcssen endlich auf ,Stop\u2018 dr\u00fccken.\u201c <br \/>Entsprechend dem Motto der 68. Wettbewerbsrunde \u201eDigital EU \u2013 and you!?\u201c fand in diesem Jahr pandemiebedingt die Jury online statt. Die Jury freut sich, dass insgesamt 80 Landespreise vergeben wurden. Sie war begeistert, welche Ergebnisse die Sch\u00fclerinnen und Sch\u00fcler in ganz Niedersachsen trotz der erschwerten Bedingungen erzielt haben. Die Preisverleihung findet in diesem Jahr aus Pandemie-Gr\u00fcnden in digitaler Form Anfang Juni statt. Die Landtagspr\u00e4sidentin Dr. Gabriele Andretta wird die Preistr\u00e4gerinnen und Preistr\u00e4ger dabei pers\u00f6nlich ehren. F\u00fcr Lara geht es nun Ende April auf Bundesebene weiter. Wir dr\u00fccken f\u00fcr die n\u00e4chste Runde die Daumen!<\/p>\n\n\n<p><img loading=\"lazy\" decoding=\"async\" class=\"alignleft size-medium wp-image-156\" src=\"https:\/\/wordpress.nibis.de\/gymdamme\/files\/2019\/07\/37_N-REPORT-PREIS_2019_JPG-300x200.jpg\" alt=\"\" width=\"300\" height=\"200\" srcset=\"https:\/\/wordpress.nibis.de\/gymdamme\/files\/2019\/07\/37_N-REPORT-PREIS_2019_JPG-300x200.jpg 300w, https:\/\/wordpress.nibis.de\/gymdamme\/files\/2019\/07\/37_N-REPORT-PREIS_2019_JPG-768x512.jpg 768w, https:\/\/wordpress.nibis.de\/gymdamme\/files\/2019\/07\/37_N-REPORT-PREIS_2019_JPG-900x600.jpg 900w\" sizes=\"auto, (max-width: 300px) 100vw, 300px\" \/><strong>N-REPORT-Preis in der Kategorie Radio geht nach Damme<br><\/strong>Eine Kursfahrt des WPU Journalismus f\u00fchrte die Teilnehmer zum Ende des Schuljahres nach Hannover. Gemeinsam mit 160 Sch\u00fclerinnen und Sch\u00fclern aus 14 nieders\u00e4chsischen Schulen hofften sie auf einen Preis f\u00fcr ihre journalistischen Beitr\u00e4ge.<\/p>\n<p>(Foto: Marcel Zeumer)<\/p>\n<p>Und es hat geklappt. Emily, Lena, Katja und Jan gewannen mit ihrem Beitrag \u201eInfluencer \u2013 ein europ\u00e4isches Ph\u00e4nomen\u201c in der Kategorie Radio den mit 200 Euro dotierten N-REPORT-Preis 2019. Bereits im Mai wurde der Audio-Beitrag beim Europ\u00e4ischen Wettbewerb mit einem Landespreis ausgezeichnet.<br>Im Rahmen des&nbsp;<a href=\"https:\/\/n-report.de\/projekt\/\">Landesprojektes \u201en-report crossmedial\u201c<\/a> hat das Nieders\u00e4chsische Landesinstitut f\u00fcr schulische Qualit\u00e4tsentwicklung (NLQ) und die Nieders\u00e4chsische Landesmedienanstalt (NLM) f\u00fcr alle teilnehmenden Schulen den N-REPORT-PREIS 2019 ausgeschrieben.<\/p>\n<p>Frau Westerkamp, die den WPU-Kurs leitet, erhielt im Rahmen der Siegerehrung ihr Zertifikat f\u00fcr die erfolgreiche Teilnahme an der NLQ-Weiterbildung \u201eJournalistisches Arbeiten in der Schule\u201c.<\/p>\n<p><strong>Influenced<img loading=\"lazy\" decoding=\"async\" class=\"alignright size-medium wp-image-101\" src=\"https:\/\/wordpress.nibis.de\/gymdamme\/files\/2019\/05\/0_Landessieger-300x209.jpg\" alt=\"\" width=\"300\" height=\"209\" srcset=\"https:\/\/wordpress.nibis.de\/gymdamme\/files\/2019\/05\/0_Landessieger-300x209.jpg 300w, https:\/\/wordpress.nibis.de\/gymdamme\/files\/2019\/05\/0_Landessieger-768x536.jpg 768w, https:\/\/wordpress.nibis.de\/gymdamme\/files\/2019\/05\/0_Landessieger-860x600.jpg 860w\" sizes=\"auto, (max-width: 300px) 100vw, 300px\" \/><br><\/strong>Im Rahmen des <a href=\"https:\/\/www.europaeischer-wettbewerb.de\/\">66. Europ\u00e4ischen Wettbewerbs<\/a> haben wir verschiedene H\u00f6rfunkbeitr\u00e4ge zum Thema &#8222;Influenced&#8220; produziert. Dazu haben wir unter anderem Sch\u00fclerinnen unserer Partnerschule in Ungarn befragt. Die Landesjury bescheinigte Jan, Katja, Lena und Emily &#8222;hervorragende Leistungen&#8220; und lud sie in den Landtag nach Hannover ein!<\/p>\n<p><br><a href=\"https:\/\/wordpress.nibis.de\/gymdamme\/files\/2019\/04\/Radiofeature-influenced.pdf\">Radiofeature influenced<\/a>(pdf)<\/p>\n<audio class=\"wp-audio-shortcode\" id=\"audio-2-1\" preload=\"none\" style=\"width: 100%;\" controls=\"controls\"><source type=\"audio\/mpeg\" src=\"https:\/\/wordpress.nibis.de\/gymdamme\/files\/2019\/04\/Radiofeature-influencer-in-Europa.mp3?_=1\" \/><a href=\"https:\/\/wordpress.nibis.de\/gymdamme\/files\/2019\/04\/Radiofeature-influencer-in-Europa.mp3\">https:\/\/wordpress.nibis.de\/gymdamme\/files\/2019\/04\/Radiofeature-influencer-in-Europa.mp3<\/a><\/audio>\n<p>&nbsp;<\/p>\n<p><strong>Recherche-Wettbewerb der Tageszeitung<img loading=\"lazy\" decoding=\"async\" class=\"alignright size-medium wp-image-142\" src=\"https:\/\/wordpress.nibis.de\/gymdamme\/files\/2019\/06\/SPOOKS-300x200.jpg\" alt=\"\" width=\"300\" height=\"200\" srcset=\"https:\/\/wordpress.nibis.de\/gymdamme\/files\/2019\/06\/SPOOKS-300x200.jpg 300w, https:\/\/wordpress.nibis.de\/gymdamme\/files\/2019\/06\/SPOOKS-768x511.jpg 768w, https:\/\/wordpress.nibis.de\/gymdamme\/files\/2019\/06\/SPOOKS-900x600.jpg 900w\" sizes=\"auto, (max-width: 300px) 100vw, 300px\" \/><\/strong><br>Alle Kursteilnehmer haben im Fr\u00fchjahr 2019 am Wettbewerb der Oldenburgischen Volkszeitung <a href=\"https:\/\/www.medien-profi.net\/\">&#8222;Medienprofi&#8220;<\/a> teilgenommen. Als Schulsieger hat die Gruppe &#8222;SPOOKS&#8220; einen respektablen 9. Platz erreicht. <br>Bei der Preisverleihung in Vechta Ende Mai standen Emily und Lena der OV-Redakteurin Rede und Antwort. Richtig sch\u00f6n war die musikalische Begleitung der Preisverleihung: unsere formidablen &#8222;Blechbirds&#8220; unter der Leitung von Volker Emse brachten das Schauburg-Kino zum Klingen.<\/p>\n<p>&nbsp;<\/p>\n\n\n","protected":false},"excerpt":{"rendered":"<p>EW 2025: \u201eLego-Film\u201c bringt Eva und Leon einen Landespreis ein! Ja, sie haben ganz sch\u00f6n lange gebaut und get\u00fcftelt. Wer selbst schon einmal einen Stop-Motion-Film produziert hat, wei\u00df, wie aufw\u00e4ndig dies ist: Die Anschl\u00fcsse m\u00fcssen passen, die Bewegungen sollen so &hellip; <a href=\"https:\/\/wordpress.nibis.de\/gymdamme\/ausgezeichnet\/\">Weiterlesen <span class=\"meta-nav\">&rarr;<\/span><\/a><\/p>\n","protected":false},"author":9192642,"featured_media":0,"parent":0,"menu_order":0,"comment_status":"closed","ping_status":"closed","template":"","meta":{"footnotes":""},"class_list":["post-2","page","type-page","status-publish","hentry"],"_links":{"self":[{"href":"https:\/\/wordpress.nibis.de\/gymdamme\/wp-json\/wp\/v2\/pages\/2","targetHints":{"allow":["GET"]}}],"collection":[{"href":"https:\/\/wordpress.nibis.de\/gymdamme\/wp-json\/wp\/v2\/pages"}],"about":[{"href":"https:\/\/wordpress.nibis.de\/gymdamme\/wp-json\/wp\/v2\/types\/page"}],"author":[{"embeddable":true,"href":"https:\/\/wordpress.nibis.de\/gymdamme\/wp-json\/wp\/v2\/users\/9192642"}],"replies":[{"embeddable":true,"href":"https:\/\/wordpress.nibis.de\/gymdamme\/wp-json\/wp\/v2\/comments?post=2"}],"version-history":[{"count":24,"href":"https:\/\/wordpress.nibis.de\/gymdamme\/wp-json\/wp\/v2\/pages\/2\/revisions"}],"predecessor-version":[{"id":1098,"href":"https:\/\/wordpress.nibis.de\/gymdamme\/wp-json\/wp\/v2\/pages\/2\/revisions\/1098"}],"wp:attachment":[{"href":"https:\/\/wordpress.nibis.de\/gymdamme\/wp-json\/wp\/v2\/media?parent=2"}],"curies":[{"name":"wp","href":"https:\/\/api.w.org\/{rel}","templated":true}]}}