{"id":1102,"date":"2018-12-04T20:49:36","date_gmt":"2018-12-04T19:49:36","guid":{"rendered":"http:\/\/wordpress.nibis.de\/gymharen\/?page_id=1102"},"modified":"2018-12-04T22:18:54","modified_gmt":"2018-12-04T21:18:54","slug":"soziales-lernen-humanitaere-schule","status":"publish","type":"page","link":"https:\/\/wordpress.nibis.de\/gymharen\/soziales-lernen\/soziales-lernen-humanitaere-schule\/","title":{"rendered":"[:de]Soziales Lernen &#8211; Humanit\u00e4re Schule[:]"},"content":{"rendered":"<p>[:de]<strong><span class=\"Stil34\">LEITGEDANKE<\/span><\/strong><\/p>\n<div align=\"justify\">\n<p>Dass unser Bewusstsein f\u00fcr soziales Engagement nicht an den Schulmauern enden soll, kann bereits bei dem <em>regionalen Einsatz <\/em>unserer Sechst- und Neuntkl\u00e4ssler im Rahmen des generations\u00fcbergreifenden Lernens deutlich werden. Zugleich aber zeigt sich uns in den verschiedenen F\u00e4chern in Themenbereichen zu den Lebensverh\u00e4ltnissen von Menschen in anderen L\u00e4ndern, dass es weltweit noch immer viel zu viel Armut und Ungerechtigkeit gibt, insbesondere im Bereich der Zug\u00e4nge zu Gesundheit und Bildung. Diesem Aspekt verpflichten wir uns als ganze Schulgemeinschaft in unserer <em>internationalen Partnerschaft<\/em> mit der Secondary School Litembo\/ Tanzania. Diese Schule wurde Mitte der 90er-Jahre von Elternh\u00e4nden f\u00fcr anf\u00e4nglich 43 Sch\u00fcler errichtet und unterhalten. Erst seit 2005 beansprucht sie den Status einer staatlichen Anerkennung und erh\u00e4lt seitdem ein begrenztes Kontingent an bezahlten Lehrkr\u00e4ften. Trotz des Mangels an ausreichender personeller und finanzieller F\u00f6rderung verf\u00fcgt die Schule im Jahre 2010 \u00fcber 511 Sch\u00fcler in acht Klassenr\u00e4umen bei einer Unterrichtsversorgung durch f\u00fcnf Lehrer. Lern- und Lehrmaterial, ausreichende Fachkr\u00e4fte und -r\u00e4ume und eine dem Klima angemessene Stromversorgung in Form von Licht und Airconditioning stellen bis heute ein gro\u00dfes Desiderat dar.<\/p>\n<p>Auch f\u00fcr Kinder in einem Entwicklungsland wie Tanzania ist es sehr wichtig, einen Zugang zur Bildung zu bekommen. Damit n\u00e4mlich erhalten sie einerseits die M\u00f6glichkeit, einen Beruf erlernen zu k\u00f6nnen, der die Sicherung der eigenen Familie bedeutet. Andererseits wird es ihnen durch Aufkl\u00e4rung im Bereich Gesundheit und Lebensf\u00fchrung m\u00f6glich, ihr eigenes Leben und das ihrer Familien und zuk\u00fcnftigen eigenen Kinder zu sch\u00fctzen. Deshalb wollen wir an diesem Ort unsere Unterst\u00fctzung versprechen. Zugleich erleben wir es als gro\u00dfes Geschenk und als wichtige Bereicherung, an dieser so ganz anderen Lebensweise in Bildern, Berichten und Begegnungen teilzuhaben und kennenzulernen wie es m\u00f6glich ist, ein Leben zu f\u00fchren, dass trotz Mangel und Armut von gro\u00dfer Lebensfreude und Mut erz\u00e4hlt.<\/p>\n<p align=\"justify\">\n<p align=\"justify\"><a href=\"http:\/\/wordpress.nibis.de\/gymharen\/soziales-lernen\/\"><img loading=\"lazy\" decoding=\"async\" class=\"alignnone size-full wp-image-1132\" src=\"http:\/\/wordpress.nibis.de\/gymharen\/files\/2018\/12\/dach.jpg\" alt=\"\" width=\"405\" height=\"62\" srcset=\"https:\/\/wordpress.nibis.de\/gymharen\/files\/2018\/12\/dach.jpg 405w, https:\/\/wordpress.nibis.de\/gymharen\/files\/2018\/12\/dach-250x38.jpg 250w\" sizes=\"auto, (max-width: 405px) 100vw, 405px\" \/><\/a><\/p>\n<p align=\"justify\"><a href=\"http:\/\/wordpress.nibis.de\/gymharen\/soziales-lernen\/schulgemeinschaftstage-clemenswerth\/\"><img loading=\"lazy\" decoding=\"async\" class=\"alignnone size-full wp-image-1121\" src=\"http:\/\/wordpress.nibis.de\/gymharen\/files\/2018\/12\/saeule1.jpg\" alt=\"\" width=\"64\" height=\"297\" \/><\/a> <a href=\"http:\/\/wordpress.nibis.de\/gymharen\/soziales-lernen\/generationsuebergreifendes-lernen\/\"><img loading=\"lazy\" decoding=\"async\" class=\"alignnone size-full wp-image-1122\" src=\"http:\/\/wordpress.nibis.de\/gymharen\/files\/2018\/12\/saeule2.jpg\" alt=\"\" width=\"64\" height=\"297\" \/><\/a> <a href=\"http:\/\/wordpress.nibis.de\/gymharen\/soziales-lernen\/soziales-lernen-suchtpraevention\/\"><img loading=\"lazy\" decoding=\"async\" class=\"alignnone size-full wp-image-1123\" src=\"http:\/\/wordpress.nibis.de\/gymharen\/files\/2018\/12\/saeule3.jpg\" alt=\"\" width=\"64\" height=\"297\" \/><\/a> <a href=\"http:\/\/wordpress.nibis.de\/gymharen\/soziales-lernen\/soziales-lernen-konfliktmanagement-und-gewaltpraevention\/\"><img loading=\"lazy\" decoding=\"async\" class=\"alignnone size-full wp-image-1124\" src=\"http:\/\/wordpress.nibis.de\/gymharen\/files\/2018\/12\/saeule4.jpg\" alt=\"\" width=\"64\" height=\"297\" \/><\/a> <a href=\"http:\/\/wordpress.nibis.de\/gymharen\/soziales-lernen\/soziales-lernen-humanitaere-schule\/\"><img loading=\"lazy\" decoding=\"async\" class=\"alignnone size-full wp-image-1125\" src=\"http:\/\/wordpress.nibis.de\/gymharen\/files\/2018\/12\/saeule5.jpg\" alt=\"\" width=\"64\" height=\"297\" \/><\/a> <a href=\"http:\/\/wordpress.nibis.de\/gymharen\/soziales-lernen\/soziales-lernen-weitergedacht\/\"><img loading=\"lazy\" decoding=\"async\" class=\"alignnone size-full wp-image-1126\" src=\"http:\/\/wordpress.nibis.de\/gymharen\/files\/2018\/12\/saeule6.jpg\" alt=\"\" width=\"64\" height=\"297\" \/><\/a><\/p>\n<\/div>\n<p>[:]<\/p>\n","protected":false},"excerpt":{"rendered":"<p>[:de]LEITGEDANKE Dass unser Bewusstsein f\u00fcr soziales Engagement nicht an den Schulmauern enden soll, kann bereits bei dem regionalen Einsatz unserer Sechst- und Neuntkl\u00e4ssler im Rahmen des generations\u00fcbergreifenden Lernens deutlich werden. Zugleich aber zeigt sich uns in den verschiedenen F\u00e4chern in<\/p>\n","protected":false},"author":1256,"featured_media":0,"parent":1090,"menu_order":58,"comment_status":"closed","ping_status":"closed","template":"","meta":{"footnotes":""},"class_list":["post-1102","page","type-page","status-publish","hentry"],"_links":{"self":[{"href":"https:\/\/wordpress.nibis.de\/gymharen\/wp-json\/wp\/v2\/pages\/1102","targetHints":{"allow":["GET"]}}],"collection":[{"href":"https:\/\/wordpress.nibis.de\/gymharen\/wp-json\/wp\/v2\/pages"}],"about":[{"href":"https:\/\/wordpress.nibis.de\/gymharen\/wp-json\/wp\/v2\/types\/page"}],"author":[{"embeddable":true,"href":"https:\/\/wordpress.nibis.de\/gymharen\/wp-json\/wp\/v2\/users\/1256"}],"replies":[{"embeddable":true,"href":"https:\/\/wordpress.nibis.de\/gymharen\/wp-json\/wp\/v2\/comments?post=1102"}],"version-history":[{"count":2,"href":"https:\/\/wordpress.nibis.de\/gymharen\/wp-json\/wp\/v2\/pages\/1102\/revisions"}],"predecessor-version":[{"id":1141,"href":"https:\/\/wordpress.nibis.de\/gymharen\/wp-json\/wp\/v2\/pages\/1102\/revisions\/1141"}],"up":[{"embeddable":true,"href":"https:\/\/wordpress.nibis.de\/gymharen\/wp-json\/wp\/v2\/pages\/1090"}],"wp:attachment":[{"href":"https:\/\/wordpress.nibis.de\/gymharen\/wp-json\/wp\/v2\/media?parent=1102"}],"curies":[{"name":"wp","href":"https:\/\/api.w.org\/{rel}","templated":true}]}}