{"id":973,"date":"2018-11-29T15:37:33","date_gmt":"2018-11-29T14:37:33","guid":{"rendered":"http:\/\/wordpress.nibis.de\/gymharen\/?page_id=973"},"modified":"2019-10-18T13:40:05","modified_gmt":"2019-10-18T11:40:05","slug":"bso-jahrgang-8","status":"publish","type":"page","link":"https:\/\/wordpress.nibis.de\/gymharen\/berufs-und-studienorientierung\/bso-jahrgaenge\/bso-jahrgang-8\/","title":{"rendered":"[:de]Berufs- und Studienorientierung Jahrgang 8[:]"},"content":{"rendered":"<p>[:de]<strong>Inhaltliche Ausgestaltung<\/strong><\/p>\n<p align=\"center\"><img decoding=\"async\" src=\"https:\/\/plaene.gymnasium-haren.de\/sonstiges\/jg8.jpg\" alt=\"\" \/><\/p>\n<p style=\"text-align: justify\" align=\"center\"><strong> Angebot \u201eStudien- und Berufsorientierung\u201c<\/strong><\/p>\n<p style=\"text-align: justify\" align=\"center\"><em>verbindlich<\/em>:<\/p>\n<ul>\n<li style=\"list-style-type: none\">\n<ul>\n<li style=\"text-align: justify\">Zukunftstag f\u00fcr M\u00e4dchen und Jungen<\/li>\n<\/ul>\n<\/li>\n<\/ul>\n<p><em>fakultativ:<\/em><\/p>\n<ul>\n<li style=\"list-style-type: none\">\n<ul>\n<li>Zeitungsprojekt (Fach Deutsch)<\/li>\n<li>Emsl\u00e4ndische Mathematik-Olympiade (Fach Mathematik)<\/li>\n<li>Wettbewerb \u201eDiercke Wissen\u201c (Fach Erdkunde)<\/li>\n<li>Wettbewerb \u201eThe Big Challenge\u201c (Fach Englisch)<\/li>\n<li>Sch\u00fcleraustausch mit Andr\u00e9sy<\/li>\n<li>Junior-Akademie der Historisch-\u00d6kologischen Bildungsst\u00e4tte Papenburg<\/li>\n<li>AG Schulchor<\/li>\n<li>AG Band<\/li>\n<li>AG Querfl\u00f6tenensemble<\/li>\n<li>AG Sch\u00fclerzeitung<\/li>\n<li>Theater-AG<\/li>\n<li>AG Basketball<\/li>\n<li>AG Bibliothek<\/li>\n<\/ul>\n<\/li>\n<\/ul>\n<hr \/>\n<p style=\"text-align: center\">|<a href=\"http:\/\/wordpress.nibis.de\/gymharen\/bso-jahrgang-5\/\">Jg 5<\/a>|<a href=\"http:\/\/wordpress.nibis.de\/gymharen\/bso-jahrgang-6\">Jg 6<\/a>|<a href=\"http:\/\/wordpress.nibis.de\/gymharen\/bso-jahrgang-7\/\">Jg 7<\/a>|<a href=\"http:\/\/wordpress.nibis.de\/gymharen\/bso-jahrgang-8\/\">Jg 8<\/a>|<a href=\"http:\/\/wordpress.nibis.de\/gymharen\/bso-jahrgang-9\/\">Jg 9<\/a>|<a href=\"http:\/\/wordpress.nibis.de\/gymharen\/bso-jahrgang-10\/\">Jg 10<\/a>|<a href=\"http:\/\/wordpress.nibis.de\/gymharen\/bso-jahrgang-11\/\">Jg 11<\/a>|<a href=\"http:\/\/wordpress.nibis.de\/gymharen\/bso-jahrgang-12\/\">Jg 12<\/a>|<a href=\"http:\/\/wordpress.nibis.de\/gymharen\/berufs-und-studienorientierung\/bso-jahrgaenge\/berufs-und-studienorientierung-jahrgang-13\/\">Jg 13<\/a>|<\/p>\n<p>[:]<\/p>\n","protected":false},"excerpt":{"rendered":"<p>[:de]Inhaltliche Ausgestaltung Angebot \u201eStudien- und Berufsorientierung\u201c verbindlich: Zukunftstag f\u00fcr M\u00e4dchen und Jungen fakultativ: Zeitungsprojekt (Fach Deutsch) Emsl\u00e4ndische Mathematik-Olympiade (Fach Mathematik) Wettbewerb \u201eDiercke Wissen\u201c (Fach Erdkunde) Wettbewerb \u201eThe Big Challenge\u201c (Fach Englisch) Sch\u00fcleraustausch mit Andr\u00e9sy Junior-Akademie der Historisch-\u00d6kologischen Bildungsst\u00e4tte Papenburg AG<\/p>\n","protected":false},"author":1256,"featured_media":0,"parent":989,"menu_order":76,"comment_status":"closed","ping_status":"closed","template":"","meta":{"footnotes":""},"class_list":["post-973","page","type-page","status-publish","hentry"],"_links":{"self":[{"href":"https:\/\/wordpress.nibis.de\/gymharen\/wp-json\/wp\/v2\/pages\/973","targetHints":{"allow":["GET"]}}],"collection":[{"href":"https:\/\/wordpress.nibis.de\/gymharen\/wp-json\/wp\/v2\/pages"}],"about":[{"href":"https:\/\/wordpress.nibis.de\/gymharen\/wp-json\/wp\/v2\/types\/page"}],"author":[{"embeddable":true,"href":"https:\/\/wordpress.nibis.de\/gymharen\/wp-json\/wp\/v2\/users\/1256"}],"replies":[{"embeddable":true,"href":"https:\/\/wordpress.nibis.de\/gymharen\/wp-json\/wp\/v2\/comments?post=973"}],"version-history":[{"count":7,"href":"https:\/\/wordpress.nibis.de\/gymharen\/wp-json\/wp\/v2\/pages\/973\/revisions"}],"predecessor-version":[{"id":2779,"href":"https:\/\/wordpress.nibis.de\/gymharen\/wp-json\/wp\/v2\/pages\/973\/revisions\/2779"}],"up":[{"embeddable":true,"href":"https:\/\/wordpress.nibis.de\/gymharen\/wp-json\/wp\/v2\/pages\/989"}],"wp:attachment":[{"href":"https:\/\/wordpress.nibis.de\/gymharen\/wp-json\/wp\/v2\/media?parent=973"}],"curies":[{"name":"wp","href":"https:\/\/api.w.org\/{rel}","templated":true}]}}