{"id":979,"date":"2018-11-29T15:38:14","date_gmt":"2018-11-29T14:38:14","guid":{"rendered":"http:\/\/wordpress.nibis.de\/gymharen\/?page_id=979"},"modified":"2023-08-22T18:01:40","modified_gmt":"2023-08-22T16:01:40","slug":"bso-jahrgang-11","status":"publish","type":"page","link":"https:\/\/wordpress.nibis.de\/gymharen\/berufs-und-studienorientierung\/bso-jahrgaenge\/bso-jahrgang-11\/","title":{"rendered":"Berufs- und Studienorientierung Jahrgang 11"},"content":{"rendered":"<p><strong>Inhaltliche Ausgestaltung<\/strong><\/p>\n<p align=\"center\"><img decoding=\"async\" src=\"https:\/\/plaene.gymnasium-haren.de\/sonstiges\/jg11.jpg\" alt=\"\" \/><\/p>\n<p style=\"text-align: justify\" align=\"center\"><strong> Angebot \u201eStudien- und Berufsorientierung\u201c<\/strong><\/p>\n<p style=\"text-align: justify\" align=\"center\"><em>verbindlich:<\/em><\/p>\n<ul>\n<li style=\"list-style-type: none\">\n<ul>\n<li>Berufs- und Studienorientierung (ganzj\u00e4hrig einst\u00fcndig im Rahmen des Fachs Politik-Wirtschaft)<\/li>\n<li>Zweiw\u00f6chiges Betriebspraktikum (Fach Politik-Wirtschaft)<\/li>\n<li>Bewerbertraining (ganzt\u00e4giges Seminar)<\/li>\n<\/ul>\n<\/li>\n<\/ul>\n<p style=\"text-align: justify\" align=\"center\"><em>fakultativ:<\/em><\/p>\n<ul>\n<li style=\"list-style-type: none\">\n<ul>\n<li>Einzelberatung durch den Berufsberater der <strong>Bundesagentur f\u00fcr Arbeit<\/strong><br \/>\n[<a href=\"https:\/\/plaene.gymnasium-haren.de\/sonstiges\/vorstellung_berufs_studienberater.pdf\" rel=\"noopener noreferrer\">Vorstellung der Berufsberaterin<\/a>]<br \/>\n[<a href=\"https:\/\/plaene.gymnasium-haren.de\/sonstiges\/221014_Anmeldebogen.pdf\">Anmeldebogen f\u00fcr eine Beratung<\/a>]<br \/>\n[<a href=\"https:\/\/plaene.gymnasium-haren.de\/sonstiges\/Linkliste.pdf\" rel=\"noopener noreferrer\">Informationsquellen zur Berufs- und Studienwahl (Linkliste)<\/a>]<\/li>\n<li>Angebote zur Berufsorientierung von der <strong>Jobb\u00f6rse<\/strong>\n<ul>\n<li>Ausbildung finden:\u00a0<a href=\"https:\/\/www.jobb\u00f6rse-stellenangebote.de\/ausbildung\/\">https:\/\/www.jobb\u00f6rse-stellenangebote.de\/ausbildung\/<\/a><\/li>\n<li>Praktikum finden: <a href=\"https:\/\/www.jobb\u00f6rse-stellenangebote.de\/praktikum\/\">https:\/\/www.jobb\u00f6rse-stellenangebote.de\/praktikum\/<\/a><\/li>\n<li>Berufsorientierung: <a href=\"https:\/\/www.jobb\u00f6rse-stellenangebote.de\/berufsbereich\/\">https:\/\/www.jobb\u00f6rse-stellenangebote.de\/berufsbereich\/<\/a><\/li>\n<li>Stellenangebote: <a href=\"https:\/\/www.jobb\u00f6rse.de\/\">https:\/\/www.jobb\u00f6rse.de\/<\/a><\/li>\n<\/ul>\n<\/li>\n<li>Management Information Game<\/li>\n<li>Informationsveranstaltung des Instituts f\u00fcr duales Studium<\/li>\n<li>Sprachpr\u00fcfung \u201eDELF\u201c (Fach Franz\u00f6sisch, DELF-AG)<\/li>\n<li>Seminar \u201eRhetorik und Kommunikation\u201c<\/li>\n<li>Planspiel B\u00f6rse (Fach Politik-Wirtschaft)<\/li>\n<li><a href=\"https:\/\/wordpress.nibis.de\/gymharen\/harener-elftklaessler-erhalten-einblick-in-maritime-wirtschaft\/\" target=\"_blank\" rel=\"noopener noreferrer\">\u201eMaritime Stunde\u201c<\/a><\/li>\n<li>Sch\u00fclerakademie<\/li>\n<li>Besuch der Ideen-Expo<\/li>\n<li>Besuch der Abi-Zukunft-Messe Emsland<\/li>\n<li>Junior-Akademie der Historisch-\u00d6kologischen Bildungsst\u00e4tte Papenburg<\/li>\n<li>Besuch der Abi-Zukunft-Messe Emsland<\/li>\n<li>Cambridge-AG<\/li>\n<li>AG Schulchor<\/li>\n<li>AG Band<\/li>\n<li>AG Querfl\u00f6tenensemble<\/li>\n<li>AG Sch\u00fclerzeitung<\/li>\n<li>AG Schulsanit\u00e4tsdienst<\/li>\n<li>Theater-AG<\/li>\n<li>AG Basketball<\/li>\n<li>AG Bibliothek<\/li>\n<\/ul>\n<\/li>\n<\/ul>\n<hr \/>\n<p style=\"text-align: center\">|<a href=\"http:\/\/wordpress.nibis.de\/gymharen\/bso-jahrgang-5\/\">Jg 5<\/a>|<a href=\"http:\/\/wordpress.nibis.de\/gymharen\/bso-jahrgang-6\">Jg 6<\/a>|<a href=\"http:\/\/wordpress.nibis.de\/gymharen\/bso-jahrgang-7\/\">Jg 7<\/a>|<a href=\"http:\/\/wordpress.nibis.de\/gymharen\/bso-jahrgang-8\/\">Jg 8<\/a>|<a href=\"http:\/\/wordpress.nibis.de\/gymharen\/bso-jahrgang-9\/\">Jg 9<\/a>|<a href=\"http:\/\/wordpress.nibis.de\/gymharen\/bso-jahrgang-10\/\">Jg 10<\/a>|<a href=\"http:\/\/wordpress.nibis.de\/gymharen\/bso-jahrgang-11\/\">Jg 11<\/a>|<a href=\"http:\/\/wordpress.nibis.de\/gymharen\/bso-jahrgang-12\/\">Jg 12<\/a>|<a href=\"http:\/\/wordpress.nibis.de\/gymharen\/berufs-und-studienorientierung\/bso-jahrgaenge\/berufs-und-studienorientierung-jahrgang-13\/\">Jg 13<\/a>|<\/p>\n","protected":false},"excerpt":{"rendered":"<p>Inhaltliche Ausgestaltung Angebot \u201eStudien- und Berufsorientierung\u201c verbindlich: Berufs- und Studienorientierung (ganzj\u00e4hrig einst\u00fcndig im Rahmen des Fachs Politik-Wirtschaft) Zweiw\u00f6chiges Betriebspraktikum (Fach Politik-Wirtschaft) Bewerbertraining (ganzt\u00e4giges Seminar) fakultativ: Einzelberatung durch den Berufsberater der Bundesagentur f\u00fcr Arbeit [Vorstellung der Berufsberaterin] [Anmeldebogen f\u00fcr eine Beratung]<\/p>\n","protected":false},"author":1256,"featured_media":0,"parent":989,"menu_order":73,"comment_status":"closed","ping_status":"closed","template":"","meta":{"footnotes":""},"class_list":["post-979","page","type-page","status-publish","hentry"],"_links":{"self":[{"href":"https:\/\/wordpress.nibis.de\/gymharen\/wp-json\/wp\/v2\/pages\/979","targetHints":{"allow":["GET"]}}],"collection":[{"href":"https:\/\/wordpress.nibis.de\/gymharen\/wp-json\/wp\/v2\/pages"}],"about":[{"href":"https:\/\/wordpress.nibis.de\/gymharen\/wp-json\/wp\/v2\/types\/page"}],"author":[{"embeddable":true,"href":"https:\/\/wordpress.nibis.de\/gymharen\/wp-json\/wp\/v2\/users\/1256"}],"replies":[{"embeddable":true,"href":"https:\/\/wordpress.nibis.de\/gymharen\/wp-json\/wp\/v2\/comments?post=979"}],"version-history":[{"count":13,"href":"https:\/\/wordpress.nibis.de\/gymharen\/wp-json\/wp\/v2\/pages\/979\/revisions"}],"predecessor-version":[{"id":6372,"href":"https:\/\/wordpress.nibis.de\/gymharen\/wp-json\/wp\/v2\/pages\/979\/revisions\/6372"}],"up":[{"embeddable":true,"href":"https:\/\/wordpress.nibis.de\/gymharen\/wp-json\/wp\/v2\/pages\/989"}],"wp:attachment":[{"href":"https:\/\/wordpress.nibis.de\/gymharen\/wp-json\/wp\/v2\/media?parent=979"}],"curies":[{"name":"wp","href":"https:\/\/api.w.org\/{rel}","templated":true}]}}