{"id":245,"date":"2018-04-28T16:51:31","date_gmt":"2018-04-28T14:51:31","guid":{"rendered":"http:\/\/wordpress.nibis.de\/gymoedeme\/?page_id=245"},"modified":"2026-09-02T09:22:35","modified_gmt":"2026-09-02T07:22:35","slug":"schulleitung","status":"publish","type":"page","link":"https:\/\/wordpress.nibis.de\/gymoedeme\/schulleitung\/","title":{"rendered":"Schulleitung und Verwaltung"},"content":{"rendered":"\n<p class=\"wp-block-paragraph\"><\/p>\n\n\n\n<figure class=\"wp-block-table\"><table class=\"has-fixed-layout\"><tbody><tr><th colspan=\"2\">Schulleitung<\/th><\/tr><tr><td><img decoding=\"async\" src=\"https:\/\/wordpress.nibis.de\/gymoedeme\/files\/2025\/12\/Schulz.jpg\" width=\"200\"><\/td><td><strong>Stefan Schulz<\/strong>&nbsp;(Schulleiter)<br><br>Aufgabenbereiche: Schulleitung,<br>Gesamtverantwortung, Unterrichtsversorgung und -verteilung, HRM, Onboarding, Verabschiedungen Vertretungslehrkr\u00e4fte, \u00d6ffentlichkeitsarbeit, Anmeldetage, Download Abitur, ASA (inkl. Notfallplan), Zusammenarbeit mit SV, SER und F\u00f6rderverein, Zusammenarbeit mit GB\/PR, &nbsp;<br>Zusammenarbeit mit Kooperations-partnern,&nbsp;Durchsicht Klassenarbeiten\/Klausuren&nbsp;, Beratungs- und Kon\ufb02iktmanagement, Au\u00dfenvertretung, Schulzentrum, Schultr\u00e4ger, RLSB, Qualit\u00e4tssicherung, Zusammenarbeit mit Studienseminar, Digitalisierung&nbsp;<br><br>Kontaktaufnahme \u00fcber das Sekretariat: <br>E-Mail: <a href=\"&#x6d;&#x61;&#x69;&#x6c;&#x74;&#111;&#58;&#115;&#101;kre&#x74;&#x61;&#x72;&#x69;&#x61;&#x74;&#64;&#103;&#121;mna&#x73;&#x69;&#x75;&#x6d;&#x2d;&#x6f;&#101;&#100;&#101;&#109;e&#46;d&#x65;\">&#x73;&#x65;&#x6b;&#x72;&#x65;&#x74;&#x61;&#x72;&#x69;&#x61;&#x74;&#x40;&#x67;&#x79;&#x6d;&#x6e;&#x61;&#x73;&#x69;&#x75;&#x6d;&#x2d;&#x6f;&#x65;&#x64;&#x65;&#x6d;&#x65;&#x2e;&#x64;&#x65;<\/a><br>Telefonnummer: <a href=\"tel:+49413199220213\">04131 99220-200<\/a><\/td><\/tr><tr><td><img decoding=\"async\" src=\"https:\/\/wordpress.nibis.de\/gymoedeme\/files\/2024\/08\/Renke-scaled.jpg\" width=\"70%\" alt=\"\" class=\"alignleft size-medium wp-image-533\"><\/td><td><strong>Dr. Birgit Renke<\/strong>&nbsp;(stellvertretende Schulleiterin)<br><br>Aufgabenbereiche: Schulentwicklung, Haushalt, Mensa, Aufgabenfeld C<br><br>Kontakt:<br>E-Mail: <a href=\"&#x6d;&#97;&#105;l&#x74;&#x6f;&#58;b&#x69;&#x72;&#103;it&#x2e;&#114;&#101;n&#x6b;&#x65;&#64;g&#x79;&#x6d;&#110;&#97;s&#x69;&#x75;&#109;-&#x6f;&#x65;&#100;e&#x6d;&#x65;&#46;&#100;e\">&#98;&#x69;&#114;&#x67;&#105;&#x74;&#46;&#x72;&#101;&#x6e;&#107;&#x65;&#64;&#x67;y&#x6d;n&#x61;s&#x69;u&#x6d;-&#111;&#x65;&#100;&#x65;&#109;&#x65;&#46;&#x64;&#101;<\/a><br>Telefonnummer: <a href=\"tel:+49413199220215\">04131 99220-215<\/a><\/td><\/tr><tr><th colspan=\"2\">Koordinatoren-Team<\/th><\/tr><tr><td><img decoding=\"async\" src=\"https:\/\/wordpress.nibis.de\/gymoedeme\/files\/2020\/09\/Wulf_Kiecksee_20200826_Capture0023.jpg\" width=\"70%\" class=\"alignleft size-full wp-image-618\"><\/td><td><strong>Michael Braun<\/strong><br><br>Aufgabenbereiche: Koordinator Sek. II, Koordinator Aufgabenfeld B, BO Jg. 11-13<br><br>Kontakt:<br>E-Mail: <a href=\"&#x6d;&#x61;&#x69;&#x6c;&#x74;&#x6f;&#x3a;&#109;&#105;&#99;&#104;&#97;el&#46;b&#x72;&#x61;&#x75;&#x6e;&#x40;&#x67;&#x79;&#x6d;&#110;&#97;&#115;&#105;&#117;m-oe&#x64;&#x65;&#x6d;&#x65;&#x2e;&#x64;&#x65;\">&#109;&#x69;&#99;&#x68;&#97;&#x65;l&#x2e;b&#x72;a&#117;&#x6e;&#64;&#x67;&#121;&#x6d;&#110;&#x61;s&#x69;u&#x6d;-&#111;&#x65;&#100;&#x65;&#109;&#x65;&#46;&#x64;e<\/a><br>Telefonnummer: <a href=\"tel:+49413199220213\">04131 99220-201<\/a><\/td><\/tr><tr><td><img decoding=\"async\" src=\"https:\/\/wordpress.nibis.de\/gymoedeme\/files\/2025\/02\/Hilmer-w.jpg\" width=\"70%\" class=\"alignleft\"><\/td><td><strong>Christian Hilmer<\/strong><br><br>Aufgabenbereiche: Koordinator Sek. II,<br>Jahresterminplan &amp; Elternsprechtag<br><br>Kontakt:<br>E-Mail: <a href=\"mail&#116;&#111;&#58;&#99;&#104;&#114;&#105;&#x73;&#x74;&#x69;&#x61;&#x6e;&#x2e;&#x68;&#x69;&#x6c;mer&#64;&#103;&#121;&#109;&#110;&#97;&#115;&#105;&#x75;&#x6d;&#x2d;&#x6f;&#x65;&#x64;&#x65;&#x6d;&#x65;&#46;de\">&#x63;&#x68;&#x72;&#105;&#115;&#116;ia&#x6e;&#x2e;&#x68;&#x69;&#108;&#109;er&#x40;&#x67;&#x79;&#x6d;&#110;&#97;si&#x75;&#x6d;&#x2d;&#x6f;&#101;&#100;&#101;me&#x2e;&#x64;&#x65;<\/a><br>Telefonnummer: <a href=\"tel:+49413199220213\">04131 99220-240<\/a><\/td><\/tr><tr><td><img decoding=\"async\" src=\"https:\/\/wordpress.nibis.de\/gymoedeme\/files\/2026\/04\/Foto-HOeR.jpg\" width=\"70%\"><\/td><td><strong>Matthias H\u00f6rig<\/strong><br><br>Aufgabenbereiche: Koordination Sek. I,<br>Mitarbeit UV, Koordination Aufgabenfeld A<br><br>Kontakt:<br>E-Mail: <a href=\"&#x6d;&#x61;&#105;l&#x74;&#x6f;&#x3a;&#109;a&#x74;&#x74;&#x68;&#105;a&#x73;&#x2e;&#x68;&#111;e&#x72;&#x69;&#x67;&#64;g&#x79;&#x6d;&#x6e;&#97;s&#x69;&#x75;&#x6d;&#45;o&#x65;&#x64;&#x65;&#109;e&#x2e;&#x64;&#x65;\" target=\"_blank\" rel=\"noreferrer noopener\">ma&#116;&#116;&#104;&#x69;&#x61;&#x73;&#x2e;&#x68;oe&#114;&#105;&#103;&#x40;&#x67;&#x79;&#x6d;&#x6e;as&#105;&#117;&#109;&#x2d;&#x6f;&#x65;&#x64;&#x65;me&#46;&#100;&#101;<\/a><br>Telefonnummer: <a href=\"tel:+49413199220209\">04131 99220-209<\/a><\/td><\/tr><tr><td><img decoding=\"async\" src=\"https:\/\/wordpress.nibis.de\/gymoedeme\/files\/2022\/12\/Wulf_Kiecksee_20200826_Capture0078.jpg\" alt=\"\" width=\"70%\" class=\"alignleft size-medium wp-image-666\"><\/td><td><strong>Timm Sabatino<\/strong><br><br>Aufgabenbereiche: Koordinator Stundenplan, Pausenaufsichten<br><br>Kontakt: <br>E-Mail: E-Mail: <a href=\"&#x6d;&#x61;&#x69;&#x6c;&#116;&#111;&#58;&#116;imm&#x2e;&#x73;&#x61;&#x62;&#x61;&#116;&#105;&#110;o&#64;g&#x79;&#x6d;&#x6e;&#x61;&#x73;&#105;&#117;&#109;-oe&#x64;&#x65;&#x6d;&#x65;&#x2e;&#100;&#101;\">&#116;&#105;&#x6d;m&#46;&#x73;&#x61;b&#97;&#x74;&#x69;n&#111;&#x40;&#x67;y&#109;&#x6e;&#x61;s&#105;&#x75;&#x6d;-&#111;&#x65;d&#101;&#109;&#x65;&#46;&#100;&#x65;<\/a><br>Telefonnummer: <a href=\"tel:+49413199220213\">04131 99220-228<\/a><\/td><\/tr><tr><td><img decoding=\"async\" src=\"https:\/\/wordpress.nibis.de\/gymoedeme\/files\/2025\/01\/Schnackenberg.jpg\" width=\"70%\"><\/td><td><strong>Martin Schnackenberg<\/strong><br><br>Aufgabenbereiche: Vertretungsplan<br><br>Kontakt:<br>E-Mail: <a href=\"m&#97;&#105;&#x6c;&#x74;&#x6f;&#x3a;m&#97;&#114;&#116;&#x69;&#x6e;&#x2e;sc&#104;&#110;&#x61;&#x63;&#x6b;en&#98;&#101;&#x72;&#x67;&#x40;gy&#109;&#110;&#x61;&#x73;&#x69;um&#45;&#111;&#x65;&#x64;&#x65;me&#46;&#100;&#x65;\">&#x6d;&#x61;&#x72;&#x74;&#x69;&#x6e;&#46;&#115;&#99;&#104;nack&#x65;&#x6e;&#x62;&#x65;&#x72;&#x67;&#64;&#103;&#121;&#109;&#110;asi&#x75;&#x6d;&#x2d;&#x6f;&#x65;&#x64;&#101;&#109;&#101;&#46;&#100;e<\/a><br>Telefonnummer: <a href=\"tel:+49413199220213\">04131 99220-216<\/a><\/td><\/tr><tr><th colspan=\"2\">Leitung &#8222;Standort S\u00fcd&#8220;<\/th><\/tr><tr><td><img decoding=\"async\" src=\"https:\/\/wordpress.nibis.de\/gymoedeme\/files\/2025\/10\/Download.jpg\" width=\"70%\"><\/td><td><strong>Simon Elling<\/strong><br><br>Aufgabenbereiche: Au\u00dfenstellenleitung,<br>Buslotsen, Inklusion, Nachteilsausgleich<br><br>Kontakt:<br>E-Mail: <a href=\"&#109;&#x61;i&#108;&#x74;o&#58;&#x73;i&#109;&#x6f;n&#46;&#x65;&#108;&#x6c;&#x69;&#110;&#x67;&#x40;&#103;&#x79;m&#110;&#x61;s&#105;&#x75;m&#45;&#x6f;e&#100;&#x65;&#109;&#x65;&#x2e;&#100;&#x65;\">simon&#46;elling&#64;&#103;&#121;&#109;&#110;&#97;&#115;&#105;&#117;&#109;&#45;&#111;&#101;&#100;&#101;&#x6d;&#x65;&#x2e;&#x64;&#x65;<\/a><br>Telefonnummer: <a href=\"tel:+49413199220213\">04131 99220-235<\/a><\/td><\/tr><tr><th colspan=\"2\">Sekretariat<\/th><\/tr><tr><td><\/td><td>Hauptgeb\u00e4ude:<br><strong>Frau Dittmann, Frau Hehl, Frau May<\/strong><br><br>\u00d6ffnungszeiten:<br>Hauptstandort:<br>Mo \u2013 Fr: 07:30 bis 12:45 Uhr und 13:15 bis 14:00 Uhr<br><br>Zus\u00e4tzliche telefonische Erreichbarkeit:<br>Mo \u2013 Do: 14:00 bis 15:30 Uhr<br><br>Tel.: <a href=\"tel:+49413199220213\">04131 99220-200<\/a><br>E-Mail: <a href=\"m&#97;&#x69;&#x6c;t&#111;&#58;&#x73;&#x65;k&#114;&#101;&#x74;&#x61;r&#105;&#x61;&#x74;&#x40;g&#121;&#x6d;&#x6e;a&#115;&#105;&#x75;&#x6d;-&#111;&#101;&#x64;&#x65;m&#101;&#x2e;&#x64;&#x65;\">sekret&#97;&#114;&#105;&#97;&#116;&#64;&#103;&#x79;&#x6d;&#x6e;&#x61;&#x73;&#x69;&#x75;&#x6d;&#x2d;&#x6f;&#x65;&#x64;eme&#46;de<\/a><br><br>Standort S\u00fcd:<br><strong>Frau Zimmerling<\/strong><br><br>\u00d6ffnungszeiten: Mo. bis Fr. 07:30 bis 13:00 Uhr<br><br>Tel.: <a href=\"tel:+49413199220213\">04131 99220-234<\/a><br>E-Mail: <a href=\"&#x6d;&#x61;&#x69;&#x6c;&#116;&#111;&#58;se&#x6b;&#x72;&#x65;&#x74;&#x61;&#114;&#105;&#97;t-&#x73;&#x75;&#x65;&#x64;&#x40;&#103;&#121;&#109;na&#x73;&#x69;&#x75;&#x6d;&#x2d;&#111;&#101;&#100;em&#x65;&#x2e;&#x64;&#x65;\">sekret&#97;&#114;&#105;&#97;&#116;&#45;&#115;&#x75;&#x65;&#x64;&#x40;&#x67;&#x79;&#x6d;&#x6e;&#x61;&#x73;&#x69;&#x75;m-oede&#109;&#101;&#46;&#100;&#101;<\/a><\/td><\/tr><\/tbody><\/table><\/figure>\n\n\n\n<p class=\"wp-block-paragraph\"><\/p>\n\n\n\n<h4 class=\"wp-block-heading\">Organigramm des Gymnasiums Oedeme<\/h4>\n\n\n\n<div data-wp-interactive=\"core\/file\" class=\"wp-block-file\"><object data-wp-bind--hidden=\"!state.hasPdfPreview\" hidden class=\"wp-block-file__embed\" data=\"https:\/\/wordpress.nibis.de\/gymoedeme\/files\/2026\/09\/Organigramm-GymOed-Stand-Sept-2026.pdf\" type=\"application\/pdf\" style=\"width:100%;height:600px\" aria-label=\"Einbettung von Organigramm - GymOed Stand Sept 2026.\"><\/object><a id=\"wp-block-file--media-19cd2fdc-9320-4bb0-bb8b-4b9f10adb3ef\" href=\"https:\/\/wordpress.nibis.de\/gymoedeme\/files\/2026\/09\/Organigramm-GymOed-Stand-Sept-2026.pdf\">Organigramm &#8211; GymOed Stand Sept 2026<\/a><a href=\"https:\/\/wordpress.nibis.de\/gymoedeme\/files\/2026\/09\/Organigramm-GymOed-Stand-Sept-2026.pdf\" class=\"wp-block-file__button wp-element-button\" download aria-describedby=\"wp-block-file--media-19cd2fdc-9320-4bb0-bb8b-4b9f10adb3ef\">Herunterladen<\/a><\/div>\n","protected":false},"excerpt":{"rendered":"<p>Schulleitung Stefan Schulz&nbsp;(Schulleiter) Aufgabenbereiche: Schulleitung,Gesamtverantwortung, Unterrichtsversorgung und -verteilung, HRM, Onboarding, Verabschiedungen Vertretungslehrkr\u00e4fte, \u00d6ffentlichkeitsarbeit, Anmeldetage, Download Abitur, ASA (inkl. Notfallplan), Zusammenarbeit mit SV, SER und F\u00f6rderverein, Zusammenarbeit mit GB\/PR, &nbsp;Zusammenarbeit mit Kooperations-partnern,&nbsp;Durchsicht Klassenarbeiten\/Klausuren&nbsp;, Beratungs- und Kon\ufb02iktmanagement, Au\u00dfenvertretung, Schulzentrum, Schultr\u00e4ger, RLSB, Qualit\u00e4tssicherung, Zusammenarbeit mit Studienseminar, Digitalisierung&nbsp; Kontaktaufnahme \u00fcber das Sekretariat: E-Mail: &#x73;&#x65;&#107;r&#x65;&#x74;&#97;&#114;i&#x61;&#x74;&#64;&#103;y&#x6d;&#x6e;&#97;si&#x75;&#x6d;&#45;o&#x65;&#x64;&#101;&#109;e&#x2e;&#x64;&#101;Telefonnummer: 04131 99220-200 Dr. Birgit Renke&nbsp;(stellvertretende Schulleiterin) Aufgabenbereiche: Schulentwicklung, Haushalt, Mensa, Aufgabenfeld C Kontakt:E-Mail: b&#105;&#114;&#x67;&#x69;t&#46;&#114;&#x65;&#x6e;&#x6b;e&#64;&#103;&#x79;&#x6d;na&#115;&#x69;&#x75;&#x6d;-&#111;&#101;&#x64;&#x65;me&#46;&#x64;&#x65;Telefonnummer: 04131 99220-215 Koordinatoren-Team Michael Braun Aufgabenbereiche: Koordinator Sek. II, Koordinator Aufgabenfeld B, BO Jg. 11-13 Kontakt:E-Mail:&hellip; <a class=\"continue\" href=\"https:\/\/wordpress.nibis.de\/gymoedeme\/schulleitung\/\">Weiterlesen:<span> Schulleitung und Verwaltung<\/span><\/a><\/p>\n","protected":false},"author":1411,"featured_media":0,"parent":0,"menu_order":62,"comment_status":"closed","ping_status":"closed","template":"","meta":{"footnotes":"","_members_access_role":[],"_members_access_error":""},"class_list":["post-245","page","type-page","status-publish","hentry"],"_links":{"self":[{"href":"https:\/\/wordpress.nibis.de\/gymoedeme\/wp-json\/wp\/v2\/pages\/245","targetHints":{"allow":["GET"]}}],"collection":[{"href":"https:\/\/wordpress.nibis.de\/gymoedeme\/wp-json\/wp\/v2\/pages"}],"about":[{"href":"https:\/\/wordpress.nibis.de\/gymoedeme\/wp-json\/wp\/v2\/types\/page"}],"author":[{"embeddable":true,"href":"https:\/\/wordpress.nibis.de\/gymoedeme\/wp-json\/wp\/v2\/users\/1411"}],"replies":[{"embeddable":true,"href":"https:\/\/wordpress.nibis.de\/gymoedeme\/wp-json\/wp\/v2\/comments?post=245"}],"version-history":[{"count":116,"href":"https:\/\/wordpress.nibis.de\/gymoedeme\/wp-json\/wp\/v2\/pages\/245\/revisions"}],"predecessor-version":[{"id":10644,"href":"https:\/\/wordpress.nibis.de\/gymoedeme\/wp-json\/wp\/v2\/pages\/245\/revisions\/10644"}],"wp:attachment":[{"href":"https:\/\/wordpress.nibis.de\/gymoedeme\/wp-json\/wp\/v2\/media?parent=245"}],"curies":[{"name":"wp","href":"https:\/\/api.w.org\/{rel}","templated":true}]}}