{"id":245,"date":"2018-04-28T16:51:31","date_gmt":"2018-04-28T14:51:31","guid":{"rendered":"http:\/\/wordpress.nibis.de\/gymoedeme\/?page_id=245"},"modified":"2026-04-27T18:12:46","modified_gmt":"2026-04-27T16:12:46","slug":"schulleitung","status":"publish","type":"page","link":"https:\/\/wordpress.nibis.de\/gymoedeme\/schulleitung\/","title":{"rendered":"Schulleitung und Verwaltung"},"content":{"rendered":"\n<p><\/p>\n\n\n\n<figure class=\"wp-block-table\"><table class=\"has-fixed-layout\"><tbody><tr><th colspan=\"2\">Schulleitung<\/th><\/tr><tr><td><img decoding=\"async\" src=\"https:\/\/wordpress.nibis.de\/gymoedeme\/files\/2025\/12\/Schulz.jpg\" width=\"200\"><\/td><td><strong>Stefan Schulz<\/strong>\u00a0(Schulleiter)<br><br>Aufgabenbereiche: Schulleitung,<br>Gesamtverantwortung, Unterrichtsversorgung und -verteilung, HRM, Onboarding, Verabschiedungen Vertretungslehrkr\u00e4fte, \u00d6ffentlichkeitsarbeit, Anmeldetage, Download Abitur, ASA (inkl. Notfallplan), Zusammenarbeit mit SV, SER und F\u00f6rderverein, Zusammenarbeit mit GB\/PR, \u00a0<br>Zusammenarbeit mit Kooperations-partnern,\u00a0Durchsicht Klassenarbeiten\/Klausuren\u00a0, Beratungs- und Kon\ufb02iktmanagement, Au\u00dfenvertretung, Schulzentrum, Schultr\u00e4ger, RLSB, Qualit\u00e4tssicherung, Zusammenarbeit mit Studienseminar, Digitalisierung\u00a0<br><br>Kontaktaufnahme \u00fcber das Sekretariat: <br>E-Mail: <a href=\"&#x6d;&#x61;&#x69;&#x6c;&#116;&#111;:se&#x6b;&#x72;&#x65;&#x74;&#97;&#114;iat&#x40;&#x67;&#x79;&#x6d;&#110;&#97;&#115;iu&#x6d;&#x2d;&#x6f;&#x65;&#100;&#101;&#109;e&#46;&#x64;&#x65;\">sekretariat&#64;&#103;&#121;&#109;&#110;&#97;&#115;&#105;&#117;&#109;&#45;&#111;&#101;&#100;&#101;&#109;&#x65;&#x2e;&#x64;&#x65;<\/a><br>Telefonnummer: 04131-76280<\/td><\/tr><tr><td><img decoding=\"async\" src=\"https:\/\/wordpress.nibis.de\/gymoedeme\/files\/2024\/08\/Renke-scaled.jpg\" width=\"70%\" alt=\"\" class=\"alignleft size-medium wp-image-533\" \/><\/td><td><strong>Dr. Birgit Renke<\/strong>\u00a0(stellvertretende Schulleiterin)<br><br>Aufgabenbereiche: Schulentwicklung, Haushalt, Mensa, Aufgabenfeld C<br><br>Kontakt:<br>E-Mail: <a href=\"&#x6d;&#x61;&#x69;&#108;&#116;&#111;:b&#x69;&#x72;&#x67;&#x69;&#116;&#46;re&#x6e;&#x6b;&#x65;&#x40;&#103;&#121;mn&#x61;&#x73;&#x69;&#x75;&#109;&#45;&#111;ed&#x65;&#x6d;&#x65;&#x2e;&#100;&#101;\">&#x62;&#105;&#114;g&#x69;&#x74;&#46;r&#x65;&#x6e;&#107;e&#x40;&#x67;&#121;m&#x6e;&#x61;&#115;i&#x75;&#x6d;&#45;o&#x65;&#x64;&#101;&#109;e&#x2e;&#x64;&#101;<\/a><br>Telefonnummer: 04131-762852<\/td><\/tr><tr><th colspan=\"2\">Koordinatoren-Team<\/th><\/tr><tr><td><img decoding=\"async\" src=\"https:\/\/wordpress.nibis.de\/gymoedeme\/files\/2020\/09\/Wulf_Kiecksee_20200826_Capture0023.jpg\" width=\"70%\" class=\"alignleft size-full wp-image-618\" \/><\/td><td><strong>Michael Braun<\/strong><br><br>Aufgabenbereiche: Koordinator Sek. II, Koordinator Aufgabenfeld B, BO Jg. 11-13<br><br>Kontakt:<br>E-Mail: <a href=\"&#x6d;&#x61;&#105;&#108;t&#x6f;&#x3a;&#x6d;&#105;&#99;h&#x61;&#x65;&#x6c;&#46;&#98;r&#x61;&#x75;&#x6e;&#64;&#103;y&#x6d;&#x6e;&#x61;&#115;iu&#x6d;&#x2d;&#x6f;&#101;de&#x6d;&#x65;&#46;&#100;e\">&#x6d;&#x69;&#x63;&#x68;&#x61;&#x65;&#x6c;&#x2e;&#x62;&#x72;&#x61;&#x75;&#x6e;&#x40;&#x67;&#x79;&#x6d;&#x6e;&#x61;&#x73;&#x69;&#x75;&#x6d;&#x2d;&#x6f;&#x65;&#x64;&#x65;&#x6d;&#x65;&#x2e;&#x64;&#x65;<\/a><br>Telefonnummer: 04131-99220201<\/td><\/tr><tr><td><img decoding=\"async\" src=\"https:\/\/wordpress.nibis.de\/gymoedeme\/files\/2025\/02\/Hilmer-w.jpg\" width=\"70%\" class=\"alignleft\" \/><\/td><td><strong>Christian Hilmer<\/strong><br><br>Aufgabenbereiche: Koordinator Sek. II,<br>Jahresterminplan &amp; Elternsprechtag<br><br>Kontakt:<br>E-Mail: <a href=\"&#109;a&#x69;l&#x74;&#111;&#x3a;&#99;&#x68;&#114;i&#x73;t&#x69;&#97;&#x6e;&#46;&#x68;&#105;&#x6c;&#109;e&#x72;&#64;&#x67;&#121;&#x6d;&#110;&#x61;&#115;i&#x75;m&#x2d;&#111;&#x65;&#100;&#x65;&#109;&#x65;&#46;d&#x65;\">&#99;&#x68;r&#x69;s&#116;&#x69;&#97;&#x6e;&#46;&#104;&#x69;&#108;&#x6d;e&#x72;&#x40;&#103;&#x79;m&#x6e;a&#115;&#x69;&#117;&#x6d;-&#111;&#x65;&#100;&#x65;m&#101;&#x2e;&#100;&#x65;<\/a><br>Telefonnummer: 04131-99220200<\/td><\/tr><tr><td><img decoding=\"async\" src=\"https:\/\/wordpress.nibis.de\/gymoedeme\/files\/2026\/04\/Foto-HOeR.jpg\" width=\"70%\"><\/td><td><strong>Matthias H\u00f6rig<\/strong><br><br>Aufgabenbereiche: Koordination Sek. I,<br>Mitarbeit UV, Koordination Aufgabenfeld A<br><br>Kontakt:<br>E-Mail: <a href=\"&#x6d;&#x61;&#x69;&#x6c;&#x74;&#x6f;&#x3a;&#x6d;&#x61;&#x74;&#x74;&#x68;&#x69;&#x61;&#x73;&#x2e;&#x68;&#x6f;&#x65;&#x72;&#x69;&#x67;&#64;&#103;&#121;&#109;&#110;&#97;&#115;&#105;&#117;&#109;&#45;&#111;&#101;&#100;&#101;me&#46;de\" target=\"_blank\" rel=\"noreferrer noopener\">&#109;&#x61;&#116;&#x74;&#104;&#x69;&#97;&#x73;&#46;&#x68;o&#x65;r&#x69;g&#64;&#x67;&#121;&#x6d;&#110;&#x61;&#115;&#x69;&#117;&#x6d;-&#x6f;e&#x64;e&#x6d;e&#46;&#x64;&#101;<\/a><br>Telefonnummer: 04131-99220209<\/td><\/tr><tr><td><img decoding=\"async\" src=\"https:\/\/wordpress.nibis.de\/gymoedeme\/files\/2022\/12\/Wulf_Kiecksee_20200826_Capture0078.jpg\" alt=\"\" width=\"70%\" class=\"alignleft size-medium wp-image-666\" \/><\/td><td><strong>Timm Sabatino<\/strong><br><br>Aufgabenbereiche: Koordinator Stundenplan, Pausenaufsichten<br><br>Kontakt: <br>E-Mail: E-Mail: <a href=\"&#x6d;a&#x69;l&#x74;&#111;&#x3a;&#116;i&#x6d;m&#x2e;&#115;&#x61;&#98;&#x61;&#116;i&#x6e;o&#x40;&#103;&#x79;&#109;&#x6e;&#x61;s&#x69;u&#x6d;&#45;&#x6f;&#101;d&#x65;m&#x65;&#46;&#x64;&#101;\">&#x74;&#105;&#x6d;&#x6d;&#46;&#x73;&#x61;&#98;&#x61;&#x74;&#105;&#x6e;&#x6f;&#64;&#x67;&#x79;m&#x6e;&#97;s&#x69;&#117;m&#x2d;&#111;e&#x64;&#101;m&#x65;&#46;d&#x65;<\/a><br>Telefonnummer: 04131-762867<\/td><\/tr><tr><td><img decoding=\"async\" src=\"https:\/\/wordpress.nibis.de\/gymoedeme\/files\/2025\/01\/Schnackenberg.jpg\" width=\"70%\"><\/td><td><strong>Martin Schnackenberg<\/strong><br><br>Aufgabenbereiche: Vertretungsplan<br><br>Kontakt:<br>E-Mail: <a href=\"&#x6d;a&#x69;&#108;&#x74;&#111;&#x3a;&#x6d;a&#x72;&#116;&#x69;&#110;&#x2e;&#115;c&#x68;&#110;&#x61;&#99;&#x6b;&#101;n&#x62;&#101;&#x72;&#103;&#x40;&#103;y&#x6d;n&#x61;&#115;&#x69;&#117;m&#x2d;o&#x65;&#100;&#x65;&#109;e&#x2e;d&#x65;\">&#x6d;a&#x72;&#116;&#x69;&#110;&#46;&#x73;&#99;&#x68;&#110;a&#x63;&#107;&#x65;&#110;b&#x65;r&#x67;&#64;&#x67;&#x79;m&#x6e;&#97;&#x73;&#105;u&#x6d;&#45;&#x6f;&#101;d&#x65;m&#x65;&#46;d&#x65;<\/a><br>Telefonnummer: 04131-762854<\/td><\/tr><tr><th colspan=\"2\">Leitung &#8222;Standort S\u00fcd&#8220;<\/th><\/tr><tr><td><img decoding=\"async\" src=\"https:\/\/wordpress.nibis.de\/gymoedeme\/files\/2025\/10\/Download.jpg\" width=\"70%\"><\/td><td><strong>Simon Elling<\/strong><br><br>Aufgabenbereiche: Au\u00dfenstellenleitung,<br>Buslotsen, Inklusion, Nachteilsausgleich<br><br>Kontakt:<br>E-Mail: <a href=\"&#109;&#x61;i&#108;&#x74;&#111;&#x3a;s&#105;&#x6d;o&#x6e;&#x2e;&#101;&#x6c;l&#105;&#x6e;g&#x40;&#x67;&#121;&#x6d;n&#97;&#x73;&#105;&#x75;m&#45;&#x6f;e&#100;&#x65;&#109;&#x65;&#46;&#100;&#x65;\">&#x73;i&#x6d;&#111;&#x6e;&#46;e&#x6c;&#108;&#x69;&#110;g&#x40;&#103;&#x79;&#109;n&#x61;s&#x69;&#117;&#x6d;&#x2d;o&#x65;&#100;&#x65;&#109;e&#x2e;&#100;&#x65;<\/a><br>Telefonnummer: 04131-762811<\/td><\/tr><tr><th colspan=\"2\">Sekretariat<\/th><\/tr><tr><td><\/td><td>Hauptgeb\u00e4ude:<br><strong>Frau Dittmann, Frau Hehl, Frau May<\/strong><br><br>\u00d6ffnungszeiten:<br>Hauptstandort:<br>Mo \u2013 Fr: 07:30 bis 12:45 Uhr und 13:15 bis 14:00 Uhr<br><br>Zus\u00e4tzliche telefonische Erreichbarkeit:<br>Mo \u2013 Do: 14:00 bis 15:30 Uhr<br><br>Tel.: 04131 7628-0<br>Fax: 04131 7628-20<br>E-Mail: <a href=\"&#109;&#x61;&#105;&#x6c;&#116;&#x6f;:&#x73;e&#x6b;r&#101;&#x74;&#97;&#x72;&#105;&#x61;&#116;&#x40;g&#x79;m&#x6e;a&#115;&#x69;&#117;&#x6d;&#45;&#x6f;&#101;&#x64;e&#x6d;e&#x2e;d&#101;\">&#x73;&#101;k&#x72;&#101;&#116;&#x61;&#x72;&#105;a&#x74;&#64;g&#x79;&#x6d;&#110;a&#x73;&#105;u&#x6d;&#x2d;&#111;e&#x64;&#101;m&#x65;&#x2e;&#100;e<\/a><br><br>Standort S\u00fcd:<br><strong>Frau Zimmerling<\/strong><br><br>\u00d6ffnungszeiten: Mo. bis Fr. 07:30 bis 13:00 Uhr<br><br>Tel.: 04131 7628-10<br>E-Mail: <a href=\"m&#97;&#x69;&#x6c;&#x74;o&#58;&#115;&#x65;&#x6b;r&#101;&#116;&#x61;&#x72;ia&#116;&#x2d;&#x73;&#x75;e&#100;&#x40;&#x67;&#x79;m&#110;&#97;&#x73;&#x69;u&#109;&#45;&#x6f;&#x65;de&#109;&#x65;&#x2e;&#x64;e\">&#115;&#x65;k&#114;&#x65;t&#97;&#x72;i&#97;&#x74;-&#115;&#x75;e&#100;&#x40;g&#121;&#x6d;n&#97;&#x73;i&#117;&#x6d;-&#111;&#x65;d&#101;&#x6d;e&#x2e;&#x64;e<\/a><\/td><\/tr><\/tbody><\/table><\/figure>\n\n\n\n<p><\/p>\n\n\n\n<h4 class=\"wp-block-heading\">Organigramm des Gymnasiums Oedeme<\/h4>\n\n\n\n<div data-wp-interactive=\"core\/file\" class=\"wp-block-file\"><object data-wp-bind--hidden=\"!state.hasPdfPreview\" hidden class=\"wp-block-file__embed\" data=\"https:\/\/wordpress.nibis.de\/gymoedeme\/files\/2025\/08\/Organigramm-GymOed-15_08_25.pdf\" type=\"application\/pdf\" style=\"width:100%;height:600px\" aria-label=\"Einbettung von Organigramm - GymOed 15_08_25.\"><\/object><a id=\"wp-block-file--media-4cb56188-bc00-4bba-921a-8d1a62eaf398\" href=\"https:\/\/wordpress.nibis.de\/gymoedeme\/files\/2025\/08\/Organigramm-GymOed-15_08_25.pdf\">Organigramm &#8211; GymOed 15_08_25<\/a><a href=\"https:\/\/wordpress.nibis.de\/gymoedeme\/files\/2025\/08\/Organigramm-GymOed-15_08_25.pdf\" class=\"wp-block-file__button wp-element-button\" download aria-describedby=\"wp-block-file--media-4cb56188-bc00-4bba-921a-8d1a62eaf398\">Herunterladen<\/a><\/div>\n","protected":false},"excerpt":{"rendered":"<p>Schulleitung Stefan Schulz\u00a0(Schulleiter) Aufgabenbereiche: Schulleitung,Gesamtverantwortung, Unterrichtsversorgung und -verteilung, HRM, Onboarding, Verabschiedungen Vertretungslehrkr\u00e4fte, \u00d6ffentlichkeitsarbeit, Anmeldetage, Download Abitur, ASA (inkl. Notfallplan), Zusammenarbeit mit SV, SER und F\u00f6rderverein, Zusammenarbeit mit GB\/PR, \u00a0Zusammenarbeit mit Kooperations-partnern,\u00a0Durchsicht Klassenarbeiten\/Klausuren\u00a0, Beratungs- und Kon\ufb02iktmanagement, Au\u00dfenvertretung, Schulzentrum, Schultr\u00e4ger, RLSB, Qualit\u00e4tssicherung, Zusammenarbeit mit Studienseminar, Digitalisierung\u00a0 Kontaktaufnahme \u00fcber das Sekretariat: E-Mail: s&#101;&#107;&#x72;&#x65;&#x74;a&#114;&#105;&#x61;&#x74;&#x40;gy&#109;&#x6e;&#x61;&#x73;iu&#109;&#45;&#x6f;&#x65;&#x64;e&#109;&#101;&#x2e;&#x64;&#x65;Telefonnummer: 04131-76280 Dr. Birgit Renke\u00a0(stellvertretende Schulleiterin) Aufgabenbereiche: Schulentwicklung, Haushalt, Mensa, Aufgabenfeld C Kontakt:E-Mail: &#98;&#x69;r&#x67;i&#116;&#x2e;&#114;&#x65;n&#107;&#x65;&#64;&#x67;y&#x6d;&#x6e;&#97;&#x73;i&#x75;m&#45;&#x6f;&#101;&#x64;e&#109;&#x65;&#46;&#x64;eTelefonnummer: 04131-762852 Koordinatoren-Team Michael Braun Aufgabenbereiche: Koordinator Sek. II, Koordinator Aufgabenfeld B, BO Jg. 11-13 Kontakt:E-Mail: &#109;i&#x63;h&#x61;e&#x6c;&#46;&#x62;&#114;&#x61;&#117;n&#x40;g&#x79;m&#x6e;&#97;&#x73;&#105;&#x75;&#109;&#x2d;&#111;e&#x64;e&#x6d;e&#x2e;&#100;&#x65;Telefonnummer: 04131-99220201&hellip; <a class=\"continue\" href=\"https:\/\/wordpress.nibis.de\/gymoedeme\/schulleitung\/\">Weiterlesen:<span> Schulleitung und Verwaltung<\/span><\/a><\/p>\n","protected":false},"author":1411,"featured_media":0,"parent":0,"menu_order":62,"comment_status":"closed","ping_status":"closed","template":"","meta":{"footnotes":""},"class_list":["post-245","page","type-page","status-publish","hentry"],"_links":{"self":[{"href":"https:\/\/wordpress.nibis.de\/gymoedeme\/wp-json\/wp\/v2\/pages\/245","targetHints":{"allow":["GET"]}}],"collection":[{"href":"https:\/\/wordpress.nibis.de\/gymoedeme\/wp-json\/wp\/v2\/pages"}],"about":[{"href":"https:\/\/wordpress.nibis.de\/gymoedeme\/wp-json\/wp\/v2\/types\/page"}],"author":[{"embeddable":true,"href":"https:\/\/wordpress.nibis.de\/gymoedeme\/wp-json\/wp\/v2\/users\/1411"}],"replies":[{"embeddable":true,"href":"https:\/\/wordpress.nibis.de\/gymoedeme\/wp-json\/wp\/v2\/comments?post=245"}],"version-history":[{"count":110,"href":"https:\/\/wordpress.nibis.de\/gymoedeme\/wp-json\/wp\/v2\/pages\/245\/revisions"}],"predecessor-version":[{"id":10358,"href":"https:\/\/wordpress.nibis.de\/gymoedeme\/wp-json\/wp\/v2\/pages\/245\/revisions\/10358"}],"wp:attachment":[{"href":"https:\/\/wordpress.nibis.de\/gymoedeme\/wp-json\/wp\/v2\/media?parent=245"}],"curies":[{"name":"wp","href":"https:\/\/api.w.org\/{rel}","templated":true}]}}