{"id":132,"date":"2025-04-06T07:29:48","date_gmt":"2025-04-06T05:29:48","guid":{"rendered":"https:\/\/wordpress.nibis.de\/kam-bbs\/?page_id=132"},"modified":"2025-05-14T06:11:06","modified_gmt":"2025-05-14T04:11:06","slug":"beraten-und-unterstuetzen","status":"publish","type":"page","link":"https:\/\/wordpress.nibis.de\/kam-bbs\/beraten-und-unterstuetzen\/","title":{"rendered":"Beraten und unterst\u00fctzen"},"content":{"rendered":"\n<div style=\"text-align: center\"><img loading=\"lazy\" decoding=\"async\" width=\"466\" height=\"269\" src=\"https:\/\/wordpress.nibis.de\/kam-bbs\/files\/2025\/04\/Beraten-und-unterstuetzen.png\" alt=\"\" class=\"wp-image-249\" srcset=\"https:\/\/wordpress.nibis.de\/kam-bbs\/files\/2025\/04\/Beraten-und-unterstuetzen.png 466w, https:\/\/wordpress.nibis.de\/kam-bbs\/files\/2025\/04\/Beraten-und-unterstuetzen-300x173.png 300w\" sizes=\"auto, (max-width: 466px) 100vw, 466px\" \/><\/div>\n\n\n\n<table style=\"height: 278px;border-color: black\" border=\"0\" width=\"658\">\n<tbody>\n<tr>\n<td style=\"background-color: #ccffff;width: 37px;border-color: black;vertical-align: middle\" rowspan=\"7\" width=\"37\">\n<p style=\"text-align: center\"><span style=\"color: #000000\"><strong>B12<\/strong><\/span><\/p>\n<\/td>\n<td style=\"background-color: #ccffff;width: 285px;border-color: black\" width=\"285\">\n<p><span style=\"color: #000000\"><strong>Pr\u00e4ventiv arbeiten<\/strong><\/span><\/p>\n<\/td>\n<\/tr>\n<tr>\n<td style=\"border-color: black;width: 285px\" width=\"285\">\n<p><span style=\"color: #000000\"><strong>Die Schule arbeitet pr\u00e4ventiv f\u00fcr die Sicherheit und den Gesundheitsschutz der Sch\u00fclerinnen und Sch\u00fcler.<\/strong><\/span><\/p>\n<\/td>\n<\/tr>\n<tr>\n<td style=\"border-color: black;width: 285px\" width=\"285\"><span style=\"color: #000000\"><strong>Anforderung (A):<\/strong><\/span><br><span style=\"color: #000000\">Es liegen schulweit verbindliche Regelungen zur Pr\u00e4vention vor, um die Sicherheit und den Gesundheitsschutz der Sch\u00fclerinnen und Sch\u00fcler zu gew\u00e4hrleisten.<\/span><\/td>\n<\/tr>\n<tr>\n<td style=\"width: 285px;background-color: #dcdcdc;border-color: black;vertical-align: bottom\" width=\"285\"><span style=\"color: #000000\">Die folgenden Hinweise dienen den Schulen zur <strong>Unterst\u00fctzung bei der Bearbeitung der Kernaufgaben<\/strong>. Sie sind jedoch <strong>nicht verbindlich<\/strong> und somit <strong>nicht Erlassbestandteil<\/strong>.<\/span><\/td>\n<\/tr>\n<tr>\n<td style=\"border-color: black;width: 285px\" rowspan=\"3\" width=\"285\">\n<ul>\n<li><span style=\"color: #000000\"><em>Die Sch\u00fclerinnen und Sch\u00fcler werden j\u00e4hrlich \u00fcber das Verhalten bei Notf\u00e4llen und Alarm unterwiesen.<\/em><\/span><\/li>\n<li><span style=\"color: #000000\"><em>Die Lehrkr\u00e4fte besprechen mit den Sch\u00fclerinnen und Sch\u00fclern Ma\u00dfnahmen zur Sicherheit und zum Gesundheitsschutz.<\/em><\/span><\/li>\n<li><span style=\"color: #000000\"><em>Die Lehrkr\u00e4fte erkennen Gef\u00e4hrdungspotentiale bei den Sch\u00fclerinnen und Sch\u00fclern und initiieren geeignete Ma\u00dfnahmen zur Sicherheit und zum Gesundheitsschutz.<\/em><\/span><\/li>\n<\/ul>\n<\/td>\n<\/tr>\n<\/tbody>\n<\/table>\n\n\n\n<hr class=\"wp-block-separator is-style-wide\" \/>\n\n\n\n<table style=\"height: 278px;border-color: black\" border=\"0\" width=\"658\">\n<tbody>\n<tr>\n<td style=\"background-color: #ccffff;width: 37px;border-color: black;vertical-align: middle\" rowspan=\"7\" width=\"37\">\n<p style=\"text-align: center\"><span style=\"color: #000000\"><strong>B13<\/strong><\/span><\/p>\n<\/td>\n<td style=\"background-color: #ccffff;width: 285px;border-color: black\" width=\"285\">\n<p><span style=\"color: #000000\"><strong>Auf Regelabweichungen reagieren<\/strong><\/span><\/p>\n<\/td>\n<\/tr>\n<tr>\n<td style=\"border-color: black;width: 285px\" width=\"285\">\n<p><span style=\"color: #000000\"><strong>Die Schule reagiert systematisch auf ein Verhalten von Sch\u00fclerinnen und Sch\u00fclern, das von den vereinbarten Regeln abweicht.<\/strong><\/span><\/p>\n<\/td>\n<\/tr>\n<tr>\n<td style=\"border-color: black;width: 285px\" width=\"285\"><span style=\"color: #000000\"><strong>Anforderung (A):<\/strong><\/span><br><span style=\"color: #000000\">Abgestimmte schulische Regelungen liegen vor.<\/span><\/td>\n<\/tr>\n<tr>\n<td style=\"width: 285px;background-color: #dcdcdc;border-color: black;vertical-align: bottom\" width=\"285\"><span style=\"color: #000000\">Die folgenden Hinweise dienen den Schulen zur <strong>Unterst\u00fctzung bei der Bearbeitung der Kernaufgaben<\/strong>. Sie sind jedoch <strong>nicht verbindlich<\/strong> und somit <strong>nicht Erlassbestandteil<\/strong>.<\/span><\/td>\n<\/tr>\n<tr>\n<td style=\"border-color: black;width: 285px\" rowspan=\"3\" width=\"285\">\n<ul>\n<li><span style=\"color: #000000\"><em>Es gibt eine regelm\u00e4\u00dfig aktualisierte Schulordnung und bei Bedarf zus\u00e4tzliche Regelungen. Rechtlich notwendige Belehrungen\/Erkl\u00e4rungen (z. B. Infektionsschutz, Waffenerlass, Datenschutz, Raumnutzung) liegen vor.<\/em><\/span><\/li>\n<li><span style=\"color: #000000\"><em>Die einzuhaltenden Regeln und schulische Konsequenzen bei Regelverst\u00f6\u00dfen sind ver\u00f6ffentlicht und den Sch\u00fclerinnen und Sch\u00fclern sowie ggf. weiteren zu Beteiligenden kommuniziert. Die Kenntnisnahme und die Zurverf\u00fcgungstellung der Dokumente sind von den Sch\u00fclerinnen und Sch\u00fclern sowie ggf. weiteren zu Beteiligenden schriftlich best\u00e4tigt. Eine Dokumentation \u00fcber die Belehrung ist erfolgt.<\/em><\/span><\/li>\n<li><span style=\"color: #000000\"><em>Erziehungsmittel und Ordnungsma\u00dfnahmen werden entsprechend den rechtlichen Vorgaben angewandt.<\/em><\/span><\/li>\n<li><span style=\"color: #000000\"><em>Regelungen bei Schulvers\u00e4umnissen und Schulpflichtverletzungen liegen vor und werden umgesetzt.<\/em><\/span><\/li>\n<\/ul>\n<\/td>\n<\/tr>\n<\/tbody>\n<\/table>\n\n\n\n<hr class=\"wp-block-separator is-style-wide\" \/>\n\n\n\n<table style=\"height: 278px;border-color: black\" border=\"0\" width=\"658\">\n<tbody>\n<tr>\n<td style=\"background-color: #ccffff;width: 37px;border-color: black;vertical-align: middle\" rowspan=\"7\" width=\"37\">\n<p style=\"text-align: center\"><span style=\"color: #000000\"><strong>B14<\/strong><\/span><\/p>\n<\/td>\n<td style=\"background-color: #ccffff;width: 285px;border-color: black\" width=\"285\">\n<p><span style=\"color: #000000\"><strong>Individuell beraten und unterst\u00fctzen<\/strong><\/span><\/p>\n<\/td>\n<\/tr>\n<tr>\n<td style=\"border-color: black;width: 285px\" width=\"285\">\n<p><span style=\"color: #000000\"><strong>Die Schule bietet den Sch\u00fclerinnen und Sch\u00fclern in pers\u00f6nlichen Fragen Beratung und Unterst\u00fctzung an.<\/strong><\/span><\/p>\n<\/td>\n<\/tr>\n<tr>\n<td style=\"border-color: black;width: 285px\" width=\"285\"><span style=\"color: #000000\"><strong>Anforderung (A):<\/strong><\/span><br><span style=\"color: #000000\">Auf Basis abgestimmter Vorgehensweisen bietet die Schule individuelle Beratungsgespr\u00e4che an und organisiert bzw. vermittelt erforderliche Unterst\u00fctzungsangebote.<\/span><\/td>\n<\/tr>\n<tr>\n<td style=\"width: 285px;background-color: #dcdcdc;border-color: black;vertical-align: bottom\" width=\"285\"><span style=\"color: #000000\">Die folgenden Hinweise dienen den Schulen zur <strong>Unterst\u00fctzung bei der Bearbeitung der Kernaufgaben<\/strong>. Sie sind jedoch <strong>nicht verbindlich<\/strong> und somit <strong>nicht Erlassbestandteil<\/strong>.<\/span><\/td>\n<\/tr>\n<tr>\n<td style=\"border-color: black;width: 285px\" rowspan=\"3\" width=\"285\">\n<ul>\n<li><span style=\"color: #000000\"><em>Es gibt eine Zusammenarbeit mit \u00f6ffentlichen und freien Einrichtungen, deren T\u00e4tigkeit sich auf die Lebenssituation junger Menschen unterst\u00fctzend auswirkt.<\/em><\/span><\/li>\n<li><span style=\"color: #000000\"><em>Die Sch\u00fclerinnen und Sch\u00fcler sowie ggf. weitere zu Beteiligende sind dar\u00fcber informiert, wer sie bei pers\u00f6nlichen Fragen und\/oder in Notlagen unterst\u00fctzt.<\/em><\/span><\/li>\n<li><span style=\"color: #000000\"><em>Sozialp\u00e4dagogische Beratung und Unterst\u00fctzung wird angeboten.<\/em><\/span><\/li>\n<\/ul>\n<\/td>\n<\/tr>\n<\/tbody>\n<\/table>\n\n\n\n<hr class=\"wp-block-separator is-style-wide\" \/>\n\n\n\n<table style=\"height: 278px;border-color: black\" border=\"0\" width=\"658\">\n<tbody>\n<tr>\n<td style=\"background-color: #ccffff;width: 37px;border-color: black;vertical-align: middle\" rowspan=\"7\" width=\"37\">\n<p style=\"text-align: center\"><span style=\"color: #000000\"><strong>B15<\/strong><\/span><\/p>\n<\/td>\n<td style=\"background-color: #ccffff;width: 285px;border-color: black\" width=\"285\">\n<p><span style=\"color: #000000\"><strong>Berufs- und Schullaufbahnplanung unterst\u00fctzen<\/strong><\/span><\/p>\n<\/td>\n<\/tr>\n<tr>\n<td style=\"border-color: black;width: 285px\" width=\"285\">\n<p><span style=\"color: #000000\"><strong>Die Schule unterst\u00fctzt die Sch\u00fclerinnen und Sch\u00fcler systematisch bei der Berufs- und Schullaufbahnplanung.<\/strong><\/span><\/p>\n<\/td>\n<\/tr>\n<tr>\n<td style=\"border-color: black;width: 285px\" width=\"285\"><span style=\"color: #000000\"><strong>Anforderung (A):<\/strong><\/span><br><span style=\"color: #000000\">Die Beratung zur Berufs- und Schullaufbahnplanung ist organisiert.<\/span><\/td>\n<\/tr>\n<tr>\n<td style=\"width: 285px;background-color: #dcdcdc;border-color: black;vertical-align: bottom\" width=\"285\"><span style=\"color: #000000\">Die folgenden Hinweise dienen den Schulen zur <strong>Unterst\u00fctzung bei der Bearbeitung der Kernaufgaben<\/strong>. Sie sind jedoch <strong>nicht verbindlich<\/strong> und somit <strong>nicht Erlassbestandteil<\/strong>.<\/span><\/td>\n<\/tr>\n<tr>\n<td style=\"border-color: black;width: 285px\" rowspan=\"3\" width=\"285\">\n<ul>\n<li><em><span style=\"color: #000000\">Die Sch\u00fclerinnen und Sch\u00fcler sowie ggf. weitere zu Beteiligende sind \u00fcber Ansprechpartnerinnen und Ansprechpartner f\u00fcr individuelle Fragen der Berufs- und Schullaufbahnplanung informiert.<\/span><\/em><\/li>\n<li><em><span style=\"color: #000000\">Die Beratung zur Berufs- und Schullaufbahnplanung wird durchgef\u00fchrt bzw. organisiert.<\/span><\/em><\/li>\n<li><em><span style=\"color: #000000\">Veranstaltungen (z. B. Informationsveranstaltungen, Messen, Besuche von Hochschulen) werden organisiert.<\/span><\/em><\/li>\n<\/ul>\n<\/td>\n<\/tr>\n<\/tbody>\n<\/table>\n","protected":false},"excerpt":{"rendered":"<p>B12 Pr\u00e4ventiv arbeiten Die Schule arbeitet pr\u00e4ventiv f\u00fcr die Sicherheit und den Gesundheitsschutz der Sch\u00fclerinnen und Sch\u00fcler. Anforderung (A):Es liegen schulweit verbindliche Regelungen zur Pr\u00e4vention vor, um die Sicherheit und den Gesundheitsschutz der Sch\u00fclerinnen und Sch\u00fcler zu gew\u00e4hrleisten. Die folgenden Hinweise dienen den Schulen zur Unterst\u00fctzung bei der Bearbeitung der Kernaufgaben. Sie sind jedoch nicht &hellip; <a href=\"https:\/\/wordpress.nibis.de\/kam-bbs\/beraten-und-unterstuetzen\/\" class=\"more-link\"><span class=\"screen-reader-text\">Beraten und unterst\u00fctzen<\/span> weiterlesen <span class=\"meta-nav\">&rarr;<\/span><\/a><\/p>\n","protected":false},"author":9194395,"featured_media":0,"parent":0,"menu_order":0,"comment_status":"closed","ping_status":"closed","template":"","meta":{"footnotes":""},"class_list":["post-132","page","type-page","status-publish","hentry"],"_links":{"self":[{"href":"https:\/\/wordpress.nibis.de\/kam-bbs\/wp-json\/wp\/v2\/pages\/132","targetHints":{"allow":["GET"]}}],"collection":[{"href":"https:\/\/wordpress.nibis.de\/kam-bbs\/wp-json\/wp\/v2\/pages"}],"about":[{"href":"https:\/\/wordpress.nibis.de\/kam-bbs\/wp-json\/wp\/v2\/types\/page"}],"author":[{"embeddable":true,"href":"https:\/\/wordpress.nibis.de\/kam-bbs\/wp-json\/wp\/v2\/users\/9194395"}],"replies":[{"embeddable":true,"href":"https:\/\/wordpress.nibis.de\/kam-bbs\/wp-json\/wp\/v2\/comments?post=132"}],"version-history":[{"count":4,"href":"https:\/\/wordpress.nibis.de\/kam-bbs\/wp-json\/wp\/v2\/pages\/132\/revisions"}],"predecessor-version":[{"id":413,"href":"https:\/\/wordpress.nibis.de\/kam-bbs\/wp-json\/wp\/v2\/pages\/132\/revisions\/413"}],"wp:attachment":[{"href":"https:\/\/wordpress.nibis.de\/kam-bbs\/wp-json\/wp\/v2\/media?parent=132"}],"curies":[{"name":"wp","href":"https:\/\/api.w.org\/{rel}","templated":true}]}}