{"id":1241,"date":"2017-10-20T08:40:19","date_gmt":"2017-10-20T06:40:19","guid":{"rendered":"http:\/\/wordpress.nibis.de\/nisems\/?page_id=1241"},"modified":"2017-11-01T14:26:09","modified_gmt":"2017-11-01T13:26:09","slug":"angebote","status":"publish","type":"page","link":"https:\/\/wordpress.nibis.de\/nisems\/angebote\/","title":{"rendered":"Angebote"},"content":{"rendered":"<p><a href=\"#Wolfenb\u00fcttel\" target=\"_self\">Herzog August Bibliothek Wolfenb\u00fcttel &gt;&gt;<\/a> \/\u00a0 <a href=\"#Hannover\" target=\"_self\">GW Leibniz Bibliothek Hannover &gt;&gt;<\/a> \/ <a href=\"#Oldenburg\" target=\"_self\">Landesbibliothek Oldenburg &gt;&gt;<\/a> \/ <a href=\"#Fallersleben\" target=\"_self\">Studienst\u00e4tte HvF Fallersleben &gt;&gt;<\/a> \/<\/p>\n<hr \/>\n<h3 id=\"Wolfenb\u00fcttel\"><\/h3>\n<h3><span style=\"font-size: 24pt;color: #0000ff\"><strong>Wolfenb\u00fcttel<\/strong><\/span><\/h3>\n\n<table id=\"tablepress-7\" class=\"tablepress tablepress-id-7\">\n<thead>\n<tr class=\"row-1\">\n\t<th colspan=\"2\" class=\"column-1\">Sch\u00fclerseminare in der Herzog August Bibliothek Wolfenb\u00fcttel<\/th>\n<\/tr>\n<\/thead>\n<tbody>\n<tr class=\"row-2\">\n\t<td class=\"column-1\"><img loading=\"lazy\" decoding=\"async\" src=\"http:\/\/wordpress.nibis.de\/nisems\/files\/2018\/02\/Zeughaus003-800x450.jpg\" alt=\"\" width=\"300\" height=\"169\" class=\"alignnone size-large wp-image-1665\" \/><\/td><td class=\"column-2\">gehen weit \u00fcber die landl\u00e4ufigen Einf\u00fchrungsveranstaltungen in die Bibliotheksbenutzung hinaus. Sch\u00fclerinnen und Sch\u00fcler arbeiten mehrere Tage (in der Regel von montags bis mittwochs) in der Herzog August Bibliothek, um ein Thema aus dem Unterricht zu zu erarbeiten bzw. zu vertiefen oder um eine Facharbeit zu verfassen. Dabei wenden sie gelerntes Wissen \u00fcber den <strong>zielf\u00fchrenden Umgang mit den Informationssystemen einer wissenschaftlichen Bibliothek<\/strong> an.<br \/>\nBeachten Sie unseren Flyer <strong><a href=\"http:\/\/wordpress.nibis.de\/nisems\/files\/2018\/03\/flyer_hab.pdf\" rel=\"noopener\" target=\"_blank\">... hier&gt;&gt;<\/a><\/strong><br \/>\n<\/td>\n<\/tr>\n<tr class=\"row-3\">\n\t<td class=\"column-1\"><img loading=\"lazy\" decoding=\"async\" src=\"http:\/\/wordpress.nibis.de\/nisems\/files\/2018\/02\/Zeughaus010-800x450.jpg\" alt=\"\" width=\"300\" height=\"169\" class=\"alignnone size-large wp-image-1668\" srcset=\"https:\/\/wordpress.nibis.de\/nisems\/files\/2018\/02\/Zeughaus010.jpg 800w, https:\/\/wordpress.nibis.de\/nisems\/files\/2018\/02\/Zeughaus010-300x169.jpg 300w, https:\/\/wordpress.nibis.de\/nisems\/files\/2018\/02\/Zeughaus010-768x432.jpg 768w\" sizes=\"auto, (max-width: 300px) 100vw, 300px\" \/><\/td><td class=\"column-2\">Betreut werden sie dabei von Gymnasiallehrern, die als Bibliotheksp\u00e4dagogen die Seminare in Absprach mit den Fachlehrern vorbereiten. Der Arbeit mit den B\u00fcchern geht regelm\u00e4\u00dfig eine umfassende <strong>Einf\u00fchrung in die Benutzung einer wissenschaftlichen Bibliothek<\/strong> voraus, die von einer versierten Bibliothekarin gestaltet wird. <a href=\"http:\/\/www.hab.de\/de\/home\/bibliothek\/angebote-fuer-schueler\/wolfenbuetteler-schuelerseminare.html\" rel=\"noopener\" target=\"_blank\"><strong> ... mehr &gt;&gt;<\/strong><\/a><br \/>\n<br \/>\nEin digitales Anmeldeformular finden Sie <a href=\"http:\/\/www.hab.de\/de\/home\/bibliothek\/angebote-fuer-schueler\/organisation-und-anmeldung\/online-anmeldeformular.html\" rel=\"noopener\" target=\"_blank\"><strong>... hier&gt;&gt;<\/strong><\/a><br \/>\nEin Anmeldeformular als pdf-Dokument zum Ausdrucken <a href=\"http:\/\/www.hab.de\/files\/anmeldeformular.pdf\" rel=\"noopener\" target=\"_blank\"><strong>... hier &gt;&gt;<\/strong><\/a><br \/>\n<\/td>\n<\/tr>\n<tr class=\"row-4\">\n\t<td class=\"column-1\"><img loading=\"lazy\" decoding=\"async\" src=\"http:\/\/wordpress.nibis.de\/nisems\/files\/2017\/10\/lessinghaus02.jpg\" alt=\"\" width=\"300\" height=\"169\" class=\"alignnone size-full wp-image-1299\" \/><\/td><td class=\"column-2\">Bestandteile eines Sch\u00fclerseminars sind <strong>F\u00fchrungen <\/strong>durch die <strong>musealen R\u00e4ume der Herzog August Bibliothek<\/strong> (Lessings Arbeitsplatz von 1770-1781), durch das <strong>Lessinghaus<\/strong>und das <strong>Museum im Schloss Wolfenb\u00fcttel<\/strong> Wolfenb\u00fcttel. Lessing hat von 1770-1776 im Schloss und von 1777-1781 im heutigen Lessinghaus gewohnt. Dieses Angebot kann als <strong>\"Besuch bei Lessing\"<\/strong> auch unabh\u00e4ngig von der Durchf\u00fchrung eines Sch\u00fclerseminars gebucht werden.<br \/>\n<\/td>\n<\/tr>\n<tr class=\"row-5\">\n\t<td class=\"column-1\"><\/td><td class=\"column-2\"><strong>WEITERE ANGEBOTE<\/strong><\/td>\n<\/tr>\n<tr class=\"row-6\">\n\t<td class=\"column-1\"><img loading=\"lazy\" decoding=\"async\" src=\"http:\/\/wordpress.nibis.de\/nisems\/files\/2018\/02\/Seminarraum019-800x450.jpg\" alt=\"\" width=\"300\" height=\"169\" class=\"alignnone size-large wp-image-1673\" srcset=\"https:\/\/wordpress.nibis.de\/nisems\/files\/2018\/02\/Seminarraum019.jpg 800w, https:\/\/wordpress.nibis.de\/nisems\/files\/2018\/02\/Seminarraum019-300x169.jpg 300w, https:\/\/wordpress.nibis.de\/nisems\/files\/2018\/02\/Seminarraum019-768x432.jpg 768w\" sizes=\"auto, (max-width: 300px) 100vw, 300px\" \/><\/td><td class=\"column-2\">- <strong>\"Besuch bei Lessing\"<\/strong> (F\u00fchrungen durch Bibliothek, Lessinghaus und Schlossmuseum) <strong><a href=\"http:\/\/www.hab.de\/de\/home\/bibliothek\/angebote-fuer-schueler\/besuch-bei-lessing.html\" rel=\"noopener\" target=\"_blank\">... mehr <\/a>&gt;&gt;<\/strong><br \/>\n- <strong>Abiturvorbereitung<\/strong> <strong><a href=\"http:\/\/www.hab.de\/de\/home\/bibliothek\/angebote-fuer-schueler\/abiturvorbereitung-deutsch.html\" rel=\"noopener\" target=\"_blank\"><strong>... mehr<\/strong><\/a> &gt;&gt;<\/strong><br \/>\n- Unterst\u00fctzung bei der <strong>Materialrecherche f\u00fcr die Facharbeit<\/strong> <a href=\"http:\/\/www.hab.de\/de\/home\/bibliothek\/angebote-fuer-schueler\/wege-zur-facharbeit.html\" rel=\"noopener\" target=\"_blank\"><strong>... mehr<\/strong><\/a> &gt;&gt;<br \/>\n- <strong>Fortbildung<\/strong> f\u00fcr Lehrer und Referendare <strong><a href=\"http:\/\/www.hab.de\/de\/home\/bibliothek\/angebote-fuer-schueler\/fortbildungsveranstaltungen-fuer-lehrer.html\" rel=\"noopener\" target=\"_blank\">... mehr<\/a> &gt;&gt;<\/strong><br \/>\n- <strong>Aktuelles Material<\/strong> f\u00fcr Sch\u00fclerseminare und Lehrerfortbildungen finden Sie auf den Webseiten des Sch\u00fclerseminars der HAB. <br \/>\n<\/td>\n<\/tr>\n<\/tbody>\n<tfoot>\n<tr class=\"row-7\">\n\t<td class=\"column-1\"><\/td><td class=\"column-2\"><\/td>\n<\/tr>\n<\/tfoot>\n<\/table>\n<!-- #tablepress-7 from cache -->\n<hr \/>\n<h3 id=\"Hannover\"><\/h3>\n<h3><span style=\"font-size: 24pt;color: #0000ff\"><strong>Hannover<\/strong><\/span><\/h3>\n\n<table id=\"tablepress-8\" class=\"tablepress tablepress-id-8\">\n<thead>\n<tr class=\"row-1\">\n\t<th colspan=\"2\" class=\"column-1\">Sch\u00fclerseminare in der Gottfried Wilhelm Leibniz Bibliothek Hannover<\/th>\n<\/tr>\n<\/thead>\n<tbody>\n<tr class=\"row-2\">\n\t<td class=\"column-1\"><img loading=\"lazy\" decoding=\"async\" src=\"http:\/\/wordpress.nibis.de\/nisems\/files\/2018\/02\/gwlb_sch\u00fcler002.jpg\" alt=\"\" width=\"300\" height=\"169\" class=\"alignnone size-full wp-image-1818\" \/><\/td><td class=\"column-2\">... als <strong>Workshops zum wissenschaftlichen Arbeiten f\u00fcr die Abiturvorbereitung<\/strong><br \/>\nDie <strong>Gottfried Wilhelm Leibniz Bibliothek in Hannover<\/strong> bietet als au\u00dferschulischer Lernort in Zusammenarbeit mit einer Gymnasiallehrkraft f\u00fcr Deutsch Workshops an. Themen sind z. B. \u201eLiteratur und Sprache um 1800 \u2013 Gegenwelten in der Romantik\u201c sowie \u201eLiteratur und Sprache um 1900 \u2013 Frauenbilder von Effi bis Else\u201c. In den jeweils <strong>vierst\u00fcndigen Workshops<\/strong> werden Sch\u00fclerinnen und Sch\u00fclern der Sekundarstufe II grundlegende Fertigkeiten zur wissenschaftlichen Recherche und Mediennutzung anhand abiturrelevanter Themen vermittelt.<br \/>\n<\/td>\n<\/tr>\n<tr class=\"row-3\">\n\t<td class=\"column-1\"><\/td><td class=\"column-2\">Die Workshops eignen sich auch zur Vorbereitung auf das wissenschaftliche Arbeiten im <strong>Seminarfach<\/strong>. W\u00fcnschenswert ist die Nutzung eigener Laptops, um die Weiterarbeit zu vereinfachen. Die alternativ zur Verf\u00fcgung stehenden Arbeitspl\u00e4tze in der GWLB erfordern die Anmeldung mit Leihkartennummer, so dass die Vorabanmeldung (bei Minderj\u00e4hrigen Unterschrift der Erziehungsberechtigten notwendig) nicht nur wegen eventueller Ausleihen empfohlen wird. Beachten Sie unseren Flyer <strong><a href=\"http:\/\/wordpress.nibis.de\/nisems\/files\/2018\/03\/Flyer_gwlb.pdf\" rel=\"noopener\" target=\"_blank\">... hier &gt;&gt;<\/a><\/strong><br \/>\nAnmeldungen zu den Workshops <strong><a href=\"http:\/\/www.gwlb.de\/service\/Fuehrung\/form-schule-zusatz.htm\" rel=\"noopener\" target=\"_blank\">... hier &gt;&gt;<\/a><\/strong><br \/>\nAnmeldungen f\u00fcr Schulungen und F\u00fchrungen <strong><a href=\"https:\/\/www.gwlb.de\/service\/Fuehrung\/\" rel=\"noopener\" target=\"_blank\">... hier &gt;&gt;<\/a><\/strong><br \/>\n<\/td>\n<\/tr>\n<tr class=\"row-4\">\n\t<td class=\"column-1\"><\/td><td class=\"column-2\"><strong>WEITERE ANGEBOTE<\/strong><\/td>\n<\/tr>\n<tr class=\"row-5\">\n\t<td class=\"column-1\">Bild<\/td><td class=\"column-2\">Die <strong>Akademie f\u00fcr Lesef\u00f6rderung<\/strong> an der Gottfried Wilhelm Leibniz Bibliothek, eine in Deutschland einzigartige Einrichtung, die Lesemotivation weckt und Lesekompetenz f\u00f6rdert, verfolgt das Ziel, die Lesef\u00f6rderung in Niedersachsen auf allen Bildungsebenen zu verankern und die verschiedenen Akteure in der Lesef\u00f6rderung aus- und weiterzubilden, in ihrer t\u00e4glichen Arbeit zu unterst\u00fctzen und sie nachhaltig zu vernetzen. Sie st\u00e4rkt damit das Bewusstsein f\u00fcr die <strong>Bedeutung der Lesekompetenz<\/strong> f\u00fcr einen erfolgreichen Bildungsweg von Kindern und Jugendlichen. <a href=\"http:\/\/www.alf-hannover.de\/\" rel=\"noopener\" target=\"_blank\"><strong>... mehr &gt;&gt;<\/strong><\/a><\/td>\n<\/tr>\n<\/tbody>\n<tfoot>\n<tr class=\"row-6\">\n\t<td class=\"column-1\"><\/td><td class=\"column-2\"><\/td>\n<\/tr>\n<\/tfoot>\n<\/table>\n<!-- #tablepress-8 from cache -->\n<hr \/>\n<h3 id=\"Oldenburg\"><\/h3>\n<h3><span style=\"font-size: 24pt;color: #0000ff\"><strong>Oldenburg<\/strong><\/span><\/h3>\n\n<table id=\"tablepress-9\" class=\"tablepress tablepress-id-9\">\n<thead>\n<tr class=\"row-1\">\n\t<th colspan=\"2\" class=\"column-1\">Sch\u00fclerseminare in der der Landesbibliothek Oldenburg<\/th>\n<\/tr>\n<\/thead>\n<tbody>\n<tr class=\"row-2\">\n\t<td class=\"column-1\"><img loading=\"lazy\" decoding=\"async\" src=\"http:\/\/wordpress.nibis.de\/nisems\/files\/2018\/02\/lbo003d.jpg\" alt=\"\" width=\"300\" height=\"169\" class=\"alignnone size-full wp-image-1825\" \/><\/td><td class=\"column-2\">Auch die Landesbibliothek Oldenburg bietet Sch\u00fclerseminare an.<br \/>\nmehr &gt;&gt;<\/td>\n<\/tr>\n<tr class=\"row-3\">\n\t<td class=\"column-1\">Bild<\/td><td class=\"column-2\">Text<\/td>\n<\/tr>\n<tr class=\"row-4\">\n\t<td class=\"column-1\"><\/td><td class=\"column-2\"><strong>WEITERE ANGEBOTE<\/strong><\/td>\n<\/tr>\n<tr class=\"row-5\">\n\t<td class=\"column-1\">Bild<\/td><td class=\"column-2\">Dar\u00fcber unterst\u00fctzt die LBO Sch\u00fclerinnen und Sch\u00fcler bei der Recherche f\u00fcr die Anfertigung ihrer Facharbeit.<br \/>\nmehr &gt;&gt;<\/td>\n<\/tr>\n<\/tbody>\n<tfoot>\n<tr class=\"row-6\">\n\t<td class=\"column-1\"><\/td><td class=\"column-2\"><\/td>\n<\/tr>\n<\/tfoot>\n<\/table>\n<!-- #tablepress-9 from cache -->\n<hr \/>\n<h3 id=\"Fallersleben\"><\/h3>\n<h3><span style=\"font-size: 24pt;color: #0000ff\"><strong>Fallersleben<\/strong><\/span><\/h3>\n\n<table id=\"tablepress-10\" class=\"tablepress tablepress-id-10\">\n<thead>\n<tr class=\"row-1\">\n\t<th colspan=\"2\" class=\"column-1\">Sch\u00fclerseminare in der Studienst\u00e4tte \"Hoffmann-von-Fallersleben\" in Fallersleben<\/strong><\/th>\n<\/tr>\n<\/thead>\n<tbody>\n<tr class=\"row-2\">\n\t<td class=\"column-1\"><img loading=\"lazy\" decoding=\"async\" src=\"http:\/\/wordpress.nibis.de\/nisems\/files\/2018\/02\/hvf001.jpg\" alt=\"\" width=\"300\" height=\"171\" class=\"size-full wp-image-1831\" \/> <\/td><td class=\"column-2\">Als au\u00dferschulischer Lernort bietet die Studienst\u00e4tte Sch\u00fclerseminare und unterrichtsbegleitende Hilfestellung f\u00fcr die Lehrkr\u00e4fte bei Projekten zu Themen aus der Literatur, Geschichte, Religion, Musik und Kunst des 19. Jahrhunderts an.<br \/>\n<a href=\"http:\/\/www.hoffmann-von-fallersleben-gesellschaft.de\/Lernort.html\" rel=\"noopener\" target=\"_blank\">mehr &gt;&gt;<\/a><\/td>\n<\/tr>\n<tr class=\"row-3\">\n\t<td class=\"column-1\">Bild<\/td><td class=\"column-2\"><\/td>\n<\/tr>\n<tr class=\"row-4\">\n\t<td class=\"column-1\"><\/td><td class=\"column-2\"><strong>WEITERE ANGEBOTE<\/strong><\/td>\n<\/tr>\n<tr class=\"row-5\">\n\t<td class=\"column-1\">Bild<\/td><td class=\"column-2\">Auch weitere Angebote gibt es.<\/td>\n<\/tr>\n<\/tbody>\n<tfoot>\n<tr class=\"row-6\">\n\t<td class=\"column-1\"><\/td><td class=\"column-2\"><\/td>\n<\/tr>\n<\/tfoot>\n<\/table>\n<!-- #tablepress-10 from cache -->\n<hr \/>\n<p><a href=\"#\">zur\u00fcck zum Seitenanfang &gt;&gt;<\/a><\/p>\n","protected":false},"excerpt":{"rendered":"<p>Herzog August Bibliothek Wolfenb\u00fcttel &gt;&gt; \/\u00a0 GW Leibniz Bibliothek Hannover &gt;&gt; \/ Landesbibliothek Oldenburg &gt;&gt; \/ Studienst\u00e4tte HvF Fallersleben &gt;&gt; \/ Wolfenb\u00fcttel Hannover Oldenburg Fallersleben zur\u00fcck zum Seitenanfang &gt;&gt;<\/p>\n","protected":false},"author":854,"featured_media":0,"parent":0,"menu_order":0,"comment_status":"closed","ping_status":"closed","template":"","meta":{"footnotes":""},"class_list":["post-1241","page","type-page","status-publish","hentry"],"_links":{"self":[{"href":"https:\/\/wordpress.nibis.de\/nisems\/wp-json\/wp\/v2\/pages\/1241","targetHints":{"allow":["GET"]}}],"collection":[{"href":"https:\/\/wordpress.nibis.de\/nisems\/wp-json\/wp\/v2\/pages"}],"about":[{"href":"https:\/\/wordpress.nibis.de\/nisems\/wp-json\/wp\/v2\/types\/page"}],"author":[{"embeddable":true,"href":"https:\/\/wordpress.nibis.de\/nisems\/wp-json\/wp\/v2\/users\/854"}],"replies":[{"embeddable":true,"href":"https:\/\/wordpress.nibis.de\/nisems\/wp-json\/wp\/v2\/comments?post=1241"}],"version-history":[{"count":45,"href":"https:\/\/wordpress.nibis.de\/nisems\/wp-json\/wp\/v2\/pages\/1241\/revisions"}],"predecessor-version":[{"id":1647,"href":"https:\/\/wordpress.nibis.de\/nisems\/wp-json\/wp\/v2\/pages\/1241\/revisions\/1647"}],"wp:attachment":[{"href":"https:\/\/wordpress.nibis.de\/nisems\/wp-json\/wp\/v2\/media?parent=1241"}],"curies":[{"name":"wp","href":"https:\/\/api.w.org\/{rel}","templated":true}]}}