







{"id":715,"date":"2016-05-28T19:47:51","date_gmt":"2016-05-28T17:47:51","guid":{"rendered":"http:\/\/wordpress.nibis.de\/nisems\/?page_id=715"},"modified":"2018-02-20T11:52:17","modified_gmt":"2018-02-20T10:52:17","slug":"kontakt-2","status":"publish","type":"page","link":"https:\/\/wordpress.nibis.de\/nisems\/kontakt-2\/","title":{"rendered":"Kontakt"},"content":{"rendered":"<hr \/>\n<p><a href=\"#Wolfenb\u00fcttel\" target=\"_self\">Herzog August Bibliothek Wolfenb\u00fcttel &gt;&gt;<\/a> \/\u00a0 <a href=\"#Hannover\" target=\"_self\">GW Leibniz Bibliothek Hannover &gt;&gt;<\/a> \/ <a href=\"#Oldenburg\" target=\"_self\">Landesbibliothek Oldenburg &gt;&gt;<\/a> \/ <a href=\"#Fallersleben\" target=\"_self\">Studienst\u00e4tte HvF Fallersleben &gt;&gt;<\/a> \/<\/p>\n<h3 id=\"Wolfenb\u00fcttel\"><\/h3>\n<h3 style=\"text-align: left\"><span style=\"font-size: 24pt;color: #0000ff\"><strong>Wolfenb\u00fcttel:<\/strong><\/span><span style=\"font-size: 18pt\"><strong><br \/>\n<span style=\"font-size: 10pt\">\n        <div id=\"map_ol3js_1\"\n       class=\"osm-map-container undefined\"\n             data-map_name=\"undefined\"\n             data-map=\"map_ol3js_1\"\n             data-autoshow=\"no\"\n             style=\"width:75%;\n                    max-width:100%;\n                    height:300px;\n                    display:block;\n                    overflow:hidden;\n                    border:2px solid grey;\">\n          <div id=\"map_ol3js_1_popup\" class=\"ol-popup\">\n            <a href=\"#\" id=\"map_ol3js_1_popup-closer\" class=\"ol-popup-closer\"><\/a>\n            <div id=\"map_ol3js_1_popup-content\"><\/div>\n          <\/div>\n        <\/div>\n    \n\n\t\t\t\t<script type=\"text\/javascript\">\n          translations['openlayer'] = \"open layer\";\n          translations['openlayerAtStartup'] = \"open layer at startup\";\n          translations['generateLink'] = \"link to this map with opened layers\";\n          translations['shortDescription'] = \"short description\";\n          translations['generatedShortCode'] = \"to get a text control link paste this code in your wordpress editor\";\n          translations['closeLayer'] = \"close layer\";\n          translations['cantGenerateLink'] = \"put this string in the existing map short code to control this map\";\n\t\t\t  <\/script>\n\n\n\t\t\t  <script type=\"text\/javascript\">\n\t\t\t  vectorM['map_ol3js_1'] = [];\n\t        \n        var raster = getTileLayer(\"osm\",\"NoKey\");\t\t\t\n\n\t\t\t  var map_ol3js_1 = new ol.Map({\n\t\t\t\tinteractions: ol.interaction.defaults.defaults({mouseWheelZoom:false}),\n\t\t\t\tlayers: [raster],\n\t\t\t\ttarget: \"map_ol3js_1\",\n\t\t\t\tview: new ol.View({\n\t\t\t\t  center: ol.proj.transform([10.532,52.163], \"EPSG:4326\", \"EPSG:3857\"),\n\t\t\t\t  zoom: 17\n\t\t\t\t})\n\t\t\t  });\n\t\t\t  osm_addMarkerLayer(map_ol3js_1,10.5313,52.16331,\"https:\/\/wordpress.nibis.de\/nisems\/wp-content\/plugins\/osm\/icons\/wpttemp-red.png\",0,-24,\"<p><strong>Zeughaus der HAB<\/strong><\/p>\") ; \naddControls2Map(map_ol3js_1,0,0,3,1,5,6,7,1,1);\nosm_addPopupClickhandler(map_ol3js_1,  \"map_ol3js_1\"); \nosm_addMouseHover(map_ol3js_1); <\/script><\/span><br \/>\n<\/strong><\/span><strong><span style=\"font-size: 14pt\">Anschrift:<br \/>\n<\/span><\/strong><span style=\"font-size: 12pt\">Sch\u00fclerseminar Herzog August Bibliothek<\/span><br \/>\n<span style=\"font-size: 12pt\"> Schlossplatz 12; Postfach 1364, 38299 Wolfenb\u00fcttel<\/span><br \/>\n<span style=\"font-size: 12pt\"> Telefon: 05331\/808-0 und 808-323<\/span><br \/>\n<span style=\"font-size: 12pt\"> Fax: 05331\/808-173, E-Mail: <a href=\"&#x6d;&#97;i&#x6c;&#116;o&#x3a;&#115;c&#x68;&#x75;&#101;&#x6c;&#x65;&#114;s&#x65;&#109;i&#x6e;&#97;r&#x40;&#x68;&#97;&#x62;&#x2e;&#100;e\" target=\"_blank\" rel=\"noopener\">s&#99;&#x68;&#x75;e&#108;&#101;&#x72;&#x73;e&#109;&#x69;&#x6e;a&#114;&#64;&#x68;&#x61;b&#46;&#x64;&#x65;<\/a><\/span><\/h3>\n<p style=\"text-align: left\"><span style=\"font-size: 12pt\">Unser <strong>Kontaktformular<\/strong> zur <strong>Anmeldung<\/strong> finden Sie hier als <a href=\"http:\/\/www.hab.de\/de\/home\/bibliothek\/angebote-fuer-schueler\/organisation-und-anmeldung\/online-anmeldeformular.html\" target=\"_blank\" rel=\"noopener\">Online-Formular &gt;&gt;<\/a>,<\/span><br \/>\n<span style=\"font-size: 12pt\"> zum Ausdrucken als <a href=\"http:\/\/www.hab.de\/files\/anmeldeformular.pdf\">pdf-Dokument &gt;&gt;<\/a> hier.<\/span><\/p>\n\n<table id=\"tablepress-3\" class=\"tablepress tablepress-id-3\">\n<thead>\n<tr class=\"row-1\">\n\t<th colspan=\"2\" class=\"column-1\"><strong>Die Ansprechpartner<\/strong><\/th>\n<\/tr>\n<\/thead>\n<tbody>\n<tr class=\"row-2\">\n\t<td class=\"column-1\"><img loading=\"lazy\" decoding=\"async\" src=\"http:\/\/wordpress.nibis.de\/nisems\/files\/2017\/10\/sey.jpg\" alt=\"\" width=\"160\" height=\"214\" class=\"alignnone size-full wp-image-1256\" \/><\/td><td class=\"column-2\"><strong>Wilfried Seyfarth<\/strong><br \/>\n<br \/>\nist  Beauftragter und Leiter des Wolfenb\u00fctteler Sch\u00fclerseminars, Oberstudienrat am Gymnasium im Schloss Wolfenb\u00fcttel  und unterrichtet  die F\u00e4cher Deutsch und Politik.<br \/>\n<br \/>\nE-Mail: <a href=\"&#109;&#x61;&#x69;l&#116;&#x6f;:&#115;&#x65;&#x79;f&#97;&#x72;t&#104;&#x40;&#x68;a&#98;&#x2e;d&#101;\">&#x73;&#x65;&#x79;&#x66;&#97;&#114;&#116;&#104;&#64;ha&#x62;&#x2e;&#x64;&#x65;<\/a>, <a href=\"mai&#108;&#116;&#111;&#x3a;&#x73;&#x63;&#x68;&#x75;&#x65;ler&#115;&#101;&#109;&#105;&#x6e;&#x61;&#x72;&#x40;&#x68;&#x61;b&#46;d&#101;\" rel=\"noopener\" target=\"_blank\">sc&#104;&#117;&#101;&#x6c;&#x65;&#x72;&#x73;&#x65;mi&#110;&#97;&#114;&#x40;&#x68;&#x61;&#x62;&#x2e;de<\/a><br \/>\n<br \/>\nTel. 05331\/808-323  oder 05331-808-0<\/td>\n<\/tr>\n<tr class=\"row-3\">\n\t<td class=\"column-1\"><img loading=\"lazy\" decoding=\"async\" src=\"http:\/\/wordpress.nibis.de\/nisems\/files\/2017\/10\/stu.jpg\" alt=\"\" width=\"160\" height=\"240\" class=\"alignnone size-full wp-image-1259\" \/><\/td><td class=\"column-2\"><strong>Frank Stuhlmann<\/strong><br \/>\n<br \/>\nist Beauftragter des Wolfenb\u00fctteler Sch\u00fclerseminars, Oberstudienrat am Gymnasium Gro\u00dfe Schule Wolfenb\u00fcttel und unterrichtet die F\u00e4cher Deutsch und Evangelische Religionslehre.<br \/>\n<br \/>\nE-Mail: <a href=\"m&#97;&#x69;&#x6c;&#x74;o&#58;&#x73;&#x74;&#x75;h&#108;&#x6d;&#x61;&#x6e;n&#64;&#x68;&#x61;&#x62;&#46;&#100;&#x65;\" rel=\"noopener\" target=\"_blank\">&#115;&#x74;&#117;&#x68;&#108;&#x6d;&#97;&#x6e;n&#x40;h&#x61;b&#x2e;d&#101;<\/a>, <a href=\"&#x6d;&#x61;&#105;l&#x74;&#x6f;&#x3a;&#99;h&#x75;&#x65;&#x6c;&#101;r&#x73;&#x65;&#x6d;&#105;n&#x61;&#x72;&#x40;&#104;a&#x62;&#x2e;&#x64;&#101;\" rel=\"noopener\" target=\"_blank\">&#115;&#99;&#x68;u&#101;&#x6c;&#x65;r&#115;&#x65;&#x6d;i&#110;&#x61;&#x72;&#64;&#104;&#x61;&#x62;&#46;&#100;&#x65;<\/a><br \/>\n<br \/>\nTel. 05331\/808-323 und 05331\/808-0<\/td>\n<\/tr>\n<tr class=\"row-4\">\n\t<td class=\"column-1\"><img loading=\"lazy\" decoding=\"async\" src=\"http:\/\/wordpress.nibis.de\/nisems\/files\/2017\/10\/won.jpg\" alt=\"\" width=\"160\" height=\"216\" class=\"alignnone size-full wp-image-1262\" \/><\/td><td class=\"column-2\"><strong>Brigitte Wonneberg<\/strong><br \/>\n<br \/>\nist Diplom-Bibliothekari und Mitarbeiterin der Herzog August Bibliothek in der Benutzungsabteilung.<br \/>\n<br \/>\nE-Mail: <a href=\"&#109;a&#x69;l&#x74;o&#x3a;w&#x6f;&#110;&#x6e;&#101;&#x62;&#101;&#x72;&#103;&#64;&#104;a&#x62;&#46;&#x64;e\" rel=\"noopener\" target=\"_blank\">&#119;o&#x6e;n&#x65;b&#x65;r&#x67;&#64;&#x68;&#97;&#x62;&#46;&#x64;&#101;<\/a>, <a href=\"&#109;a&#x69;l&#x74;o&#x3a;&#97;&#x75;&#115;&#x6b;&#117;n&#x66;t&#x40;h&#x61;&#98;&#x2e;&#100;&#x65;\" rel=\"noopener\" target=\"_blank\">&#x61;&#x75;&#x73;&#x6b;&#117;&#110;ft&#64;&#x68;&#x61;&#x62;&#x2e;&#100;&#101;<\/a><br \/>\n<br \/>\nTel. 05331\/808-312 und 05331\/808-307<\/td>\n<\/tr>\n<\/tbody>\n<tfoot>\n<tr class=\"row-5\">\n\t<td class=\"column-1\"><\/td><td class=\"column-2\"><\/td>\n<\/tr>\n<\/tfoot>\n<\/table>\n<!-- #tablepress-3 from cache -->\n<hr \/>\n<h3 id=\"Hannover\"><span style=\"font-size: 24pt;color: #0000ff\"><strong>Hannover<\/strong><\/span><br \/>\n<span style=\"font-size: 10pt\"><strong>\n        <div id=\"map_ol3js_2\"\n       class=\"osm-map-container undefined\"\n             data-map_name=\"undefined\"\n             data-map=\"map_ol3js_2\"\n             data-autoshow=\"no\"\n             style=\"width:75%;\n                    max-width:100%;\n                    height:300px;\n                    display:block;\n                    overflow:hidden;\n                    border:2px solid grey;\">\n          <div id=\"map_ol3js_2_popup\" class=\"ol-popup\">\n            <a href=\"#\" id=\"map_ol3js_2_popup-closer\" class=\"ol-popup-closer\"><\/a>\n            <div id=\"map_ol3js_2_popup-content\"><\/div>\n          <\/div>\n        <\/div>\n    \n\n\t\t\t\t<script type=\"text\/javascript\">\n          translations['openlayer'] = \"open layer\";\n          translations['openlayerAtStartup'] = \"open layer at startup\";\n          translations['generateLink'] = \"link to this map with opened layers\";\n          translations['shortDescription'] = \"short description\";\n          translations['generatedShortCode'] = \"to get a text control link paste this code in your wordpress editor\";\n          translations['closeLayer'] = \"close layer\";\n          translations['cantGenerateLink'] = \"put this string in the existing map short code to control this map\";\n\t\t\t  <\/script>\n\n\n\t\t\t  <script type=\"text\/javascript\">\n\t\t\t  vectorM['map_ol3js_2'] = [];\n\t        \n        var raster = getTileLayer(\"osm\",\"NoKey\");\t\t\t\n\n\t\t\t  var map_ol3js_2 = new ol.Map({\n\t\t\t\tinteractions: ol.interaction.defaults.defaults({mouseWheelZoom:false}),\n\t\t\t\tlayers: [raster],\n\t\t\t\ttarget: \"map_ol3js_2\",\n\t\t\t\tview: new ol.View({\n\t\t\t\t  center: ol.proj.transform([9.731,52.365], \"EPSG:4326\", \"EPSG:3857\"),\n\t\t\t\t  zoom: 16\n\t\t\t\t})\n\t\t\t  });\n\t\t\t  osm_addMarkerLayer(map_ol3js_2,9.73081,52.36526,\"https:\/\/wordpress.nibis.de\/nisems\/wp-content\/plugins\/osm\/icons\/wpttemp-red.png\",0,-24,\"<p><strong>GW Leibniz Bibliothek<\/strong><\/p>\") ; \naddControls2Map(map_ol3js_2,0,0,3,1,5,6,7,1,1);\nosm_addPopupClickhandler(map_ol3js_2,  \"map_ol3js_2\"); \nosm_addMouseHover(map_ol3js_2); <\/script><\/strong><\/span><\/h3>\n<h3 style=\"text-align: left\"><strong>Anschrift:<br \/>\n<\/strong><span style=\"font-size: 12pt\">Gottfried Wilhelm Leibniz Bibliothek<\/span><br \/>\n<span style=\"font-size: 12pt\"> Waterloostra\u00dfe 8, 30169 Hannover<\/span><br \/>\n<span style=\"font-size: 12pt\"> Tel. +49 511 1267-0, Fax +49 511 1267-202<\/span><\/h3>\n\n<table id=\"tablepress-6\" class=\"tablepress tablepress-id-6\">\n<thead>\n<tr class=\"row-1\">\n\t<th colspan=\"2\" class=\"column-1\">Die Ansprechpartnerin<\/th>\n<\/tr>\n<\/thead>\n<tbody>\n<tr class=\"row-2\">\n\t<td class=\"column-1\"><\/td><td class=\"column-2\"><strong>Christine Steudtner<\/strong><br \/>\nist Gymnasiallehrerin und ...<br \/>\nEmail:<br \/>\nTel.:<\/td>\n<\/tr>\n<\/tbody>\n<tfoot>\n<tr class=\"row-3\">\n\t<td class=\"column-1\"><\/td><td class=\"column-2\"><\/td>\n<\/tr>\n<\/tfoot>\n<\/table>\n<!-- #tablepress-6 from cache -->\n<hr \/>\n<h3 id=\"Oldenburg\"><span style=\"font-size: 24pt;color: #0000ff\"><strong>Oldenburg<\/strong><\/span><br \/>\n<span style=\"font-size: 10pt\"><strong>\n        <div id=\"map_ol3js_3\"\n       class=\"osm-map-container undefined\"\n             data-map_name=\"undefined\"\n             data-map=\"map_ol3js_3\"\n             data-autoshow=\"no\"\n             style=\"width:75%;\n                    max-width:100%;\n                    height:300px;\n                    display:block;\n                    overflow:hidden;\n                    border:2px solid grey;\">\n          <div id=\"map_ol3js_3_popup\" class=\"ol-popup\">\n            <a href=\"#\" id=\"map_ol3js_3_popup-closer\" class=\"ol-popup-closer\"><\/a>\n            <div id=\"map_ol3js_3_popup-content\"><\/div>\n          <\/div>\n        <\/div>\n    \n\n\t\t\t\t<script type=\"text\/javascript\">\n          translations['openlayer'] = \"open layer\";\n          translations['openlayerAtStartup'] = \"open layer at startup\";\n          translations['generateLink'] = \"link to this map with opened layers\";\n          translations['shortDescription'] = \"short description\";\n          translations['generatedShortCode'] = \"to get a text control link paste this code in your wordpress editor\";\n          translations['closeLayer'] = \"close layer\";\n          translations['cantGenerateLink'] = \"put this string in the existing map short code to control this map\";\n\t\t\t  <\/script>\n\n\n\t\t\t  <script type=\"text\/javascript\">\n\t\t\t  vectorM['map_ol3js_3'] = [];\n\t        \n        var raster = getTileLayer(\"osm\",\"NoKey\");\t\t\t\n\n\t\t\t  var map_ol3js_3 = new ol.Map({\n\t\t\t\tinteractions: ol.interaction.defaults.defaults({mouseWheelZoom:false}),\n\t\t\t\tlayers: [raster],\n\t\t\t\ttarget: \"map_ol3js_3\",\n\t\t\t\tview: new ol.View({\n\t\t\t\t  center: ol.proj.transform([8.215,53.147], \"EPSG:4326\", \"EPSG:3857\"),\n\t\t\t\t  zoom: 18\n\t\t\t\t})\n\t\t\t  });\n\t\t\t  osm_addMarkerLayer(map_ol3js_3,8.21507,53.14686,\"https:\/\/wordpress.nibis.de\/nisems\/wp-content\/plugins\/osm\/icons\/wpttemp-red.png\",0,-24,\"<p><strong>LB Oldenburg<\/strong><\/p>\") ; \naddControls2Map(map_ol3js_3,0,0,3,1,5,6,7,1,1);\nosm_addPopupClickhandler(map_ol3js_3,  \"map_ol3js_3\"); \nosm_addMouseHover(map_ol3js_3); <\/script><\/strong><\/span><\/h3>\n<h3 style=\"text-align: left\"><strong><span style=\"font-size: 14pt\">Anschrift:<\/span><br \/>\n<\/strong><span style=\"font-size: 12pt\">Landesbibliothek Oldenburg<\/span><br \/>\n<span style=\"font-size: 12pt\"> Pferdemarkt 15, 26121 Oldenburg<\/span><br \/>\n<span style=\"font-size: 12pt\"> Postanschrift: Postfach 3480, 26024 Oldenburg<\/span><br \/>\n<span style=\"font-size: 12pt\"> Tel. 0441-799-2800, Fax 0441-799-2865, EMail: <a href=\"&#109;&#97;&#x69;l&#116;&#x6f;&#x3a;l&#98;&#x6f;&#x40;l&#98;&#x2d;o&#108;&#x64;&#x65;n&#98;&#x75;&#x72;g&#46;&#x64;e\" target=\"_blank\" rel=\"noopener\">&#x6c;&#98;o&#x40;&#x6c;&#98;-&#x6f;&#108;d&#x65;&#x6e;&#98;u&#x72;&#103;&#46;&#x64;&#x65;<\/a><\/span><\/h3>\n\n<table id=\"tablepress-4\" class=\"tablepress tablepress-id-4\">\n<thead>\n<tr class=\"row-1\">\n\t<th colspan=\"2\" class=\"column-1\">Die Ansprechpartner<\/th>\n<\/tr>\n<\/thead>\n<tbody>\n<tr class=\"row-2\">\n\t<td class=\"column-1\"><\/td><td class=\"column-2\"><strong>W\u00fcbke Heinemeyer<\/strong><br \/>\n<br \/>\nist Beauftragte f\u00fcr die Sch\u00fclerseminare an der Landesbibliothek Oldenburg, Oberstudienr\u00e4tin am Oldenburg-Kolleg und unterrichtet die F\u00e4cher Deutsch und Franz\u00f6sisch.<br \/>\n<br \/>\nEmail: <a href=\"mai&#108;&#116;&#111;&#58;&#x77;&#x75;&#x65;&#x62;&#x6b;&#x65;&#x2e;hei&#110;&#101;&#109;&#101;&#121;&#x65;&#x72;&#x40;&#x6f;&#x6c;&#x2d;koll&#101;&#103;&#46;&#100;&#x65;\" target=\"_blank\">&#x77;u&#x65;b&#x6b;&#101;&#x2e;&#104;e&#x69;n&#x65;&#109;&#x65;&#121;&#x65;&#114;&#64;&#x6f;l&#x2d;&#107;&#x6f;&#108;&#x6c;&#x65;g&#x2e;d&#x65;<\/a><br \/>\n<br \/>\nTel: 0441-777 0-111<br \/>\n<\/td>\n<\/tr>\n<tr class=\"row-3\">\n\t<td class=\"column-1\"><\/td><td class=\"column-2\"><strong>Michaela Klinkow<\/strong><br \/>\n<br \/>\nist Bbliothekarin ...<br \/>\n<br \/>\nEMail: <a href=\"&#x6d;&#97;i&#x6c;&#116;o&#x3a;&#x6b;&#108;&#x69;&#x6e;&#107;o&#x77;&#64;l&#x62;&#x2d;&#111;&#x6c;&#x64;&#101;n&#x62;&#117;r&#x67;&#x2e;&#100;&#x65;\" target=\"_blank\">&#107;&#x6c;i&#x6e;&#x6b;&#111;&#x77;&#64;&#108;&#x62;&#45;&#x6f;l&#100;&#x65;n&#x62;u&#114;&#x67;&#46;&#x64;&#x65;<\/a><br \/>\n<br \/>\nTel. 0441-799-2800<br \/>\n<\/td>\n<\/tr>\n<\/tbody>\n<tfoot>\n<tr class=\"row-4\">\n\t<td class=\"column-1\"><\/td><td class=\"column-2\"><\/td>\n<\/tr>\n<\/tfoot>\n<\/table>\n<!-- #tablepress-4 from cache -->\n<hr \/>\n<h3 id=\"Fallersleben\"><span style=\"color: #0000ff;font-size: 24pt\"><strong>Fallersleben<br \/>\n<\/strong><\/span><span style=\"font-size: 10pt\"><strong>\n        <div id=\"map_ol3js_4\"\n       class=\"osm-map-container undefined\"\n             data-map_name=\"undefined\"\n             data-map=\"map_ol3js_4\"\n             data-autoshow=\"no\"\n             style=\"width:75%;\n                    max-width:100%;\n                    height:300px;\n                    display:block;\n                    overflow:hidden;\n                    border:2px solid grey;\">\n          <div id=\"map_ol3js_4_popup\" class=\"ol-popup\">\n            <a href=\"#\" id=\"map_ol3js_4_popup-closer\" class=\"ol-popup-closer\"><\/a>\n            <div id=\"map_ol3js_4_popup-content\"><\/div>\n          <\/div>\n        <\/div>\n    \n\n\t\t\t\t<script type=\"text\/javascript\">\n          translations['openlayer'] = \"open layer\";\n          translations['openlayerAtStartup'] = \"open layer at startup\";\n          translations['generateLink'] = \"link to this map with opened layers\";\n          translations['shortDescription'] = \"short description\";\n          translations['generatedShortCode'] = \"to get a text control link paste this code in your wordpress editor\";\n          translations['closeLayer'] = \"close layer\";\n          translations['cantGenerateLink'] = \"put this string in the existing map short code to control this map\";\n\t\t\t  <\/script>\n\n\n\t\t\t  <script type=\"text\/javascript\">\n\t\t\t  vectorM['map_ol3js_4'] = [];\n\t        \n        var raster = getTileLayer(\"osm\",\"NoKey\");\t\t\t\n\n\t\t\t  var map_ol3js_4 = new ol.Map({\n\t\t\t\tinteractions: ol.interaction.defaults.defaults({mouseWheelZoom:false}),\n\t\t\t\tlayers: [raster],\n\t\t\t\ttarget: \"map_ol3js_4\",\n\t\t\t\tview: new ol.View({\n\t\t\t\t  center: ol.proj.transform([10.717,52.417], \"EPSG:4326\", \"EPSG:3857\"),\n\t\t\t\t  zoom: 17\n\t\t\t\t})\n\t\t\t  });\n\t\t\t  osm_addMarkerLayer(map_ol3js_4,10.7162,52.41711,\"https:\/\/wordpress.nibis.de\/nisems\/wp-content\/plugins\/osm\/icons\/wpttemp-red.png\",0,-24,\"<p> <strong>Studienst\u00e4tte HvF<\/strong><\/p>\") ; \naddControls2Map(map_ol3js_4,0,0,3,1,5,6,7,1,1);\nosm_addPopupClickhandler(map_ol3js_4,  \"map_ol3js_4\"); \nosm_addMouseHover(map_ol3js_4); <\/script><\/strong><\/span><br \/>\n<strong><span style=\"font-size: 14pt\">Anschrift:<\/span><br \/>\n<\/strong><span style=\"font-size: 12pt\">Hoffmann-von-Fallersleben-Gesellschaft e.V., Archiv und Studienst\u00e4tte<\/span><br \/>\n<span style=\"font-size: 12pt\"> Schlossplatz 6, 38442 Wolfsburg-Fallersleben<\/span><br \/>\n<span style=\"font-size: 12pt\"> Tel: 05362\/959096, <a href=\"http:\/\/www.hoffmann-von-fallersleben-gesellschaft.de\" target=\"_blank\" rel=\"noopener\">www.hoffmann-von-fallersleben-gesellschaft.de<\/a><\/span><\/h3>\n<p style=\"text-align: left\"><span style=\"font-size: 12pt\">Unser <strong>Kontaktformular <\/strong>zur <strong>Anmeldung<\/strong> finden Sie <\/span><a href=\"http:\/\/hoffmann-von-fallersleben-gesellschaft.de\/Kontakt.html\" target=\"_blank\" rel=\"noopener\"><span style=\"font-size: 12pt\">hier &gt;&gt;.<\/span><br \/>\n<\/a><\/p>\n\n<table id=\"tablepress-5\" class=\"tablepress tablepress-id-5\">\n<thead>\n<tr class=\"row-1\">\n\t<th colspan=\"2\" class=\"column-1\"><strong>Die Ansprechpartnerin<\/strong><\/th>\n<\/tr>\n<\/thead>\n<tbody>\n<tr class=\"row-2\">\n\t<td class=\"column-1\"><\/td><td class=\"column-2\"><strong>Christina Dykan Andr\u00e9<\/strong><br \/>\n<br \/>\nist Beauftragte und Leiterin der Studienst\u00e4tte der Hoffmann-von-Fallersleben-Gesellschaft e.V., als Studienr\u00e4tin am Ratsgymnasium Wolfsburg unterrichtet sie die F\u00e4cher Deutsch und Geschichte.<br \/>\n<br \/>\nE-Mail: <a href=\"&#109;&#x61;i&#108;&#x74;o&#58;&#x63;d&#x79;&#x6b;&#97;&#x6e;&#64;&#102;&#x72;e&#101;&#x6e;e&#x74;&#x2e;&#100;&#x65;\" target=\"_blank\">&#99;&#x64;&#x79;&#107;&#x61;&#x6e;&#64;&#x66;&#x72;e&#101;&#x6e;e&#116;&#x2e;d&#101;<\/a>; <a href=\"&#x6d;&#x61;&#x69;&#x6c;&#x74;&#x6f;&#x3a;&#x68;&#x76;&#x66;&#x67;&#x2d;&#x73;&#x74;&#x75;&#x64;&#x69;&#x65;&#x6e;&#x73;&#x74;&#x61;&#x65;&#x74;&#x74;&#x65;&#x40;&#x61;&#x72;&#x63;&#x6f;&#x72;&#x2e;&#x64;&#x65;\" target=\"_blank\">&#104;&#x76;&#102;&#x67;&#45;&#x73;t&#x75;d&#x69;e&#110;&#x73;&#116;&#x61;&#101;&#x74;&#116;&#x65;&#64;&#x61;r&#x63;o&#114;&#x2e;&#100;&#x65;<\/a> <br \/>\n<br \/>\nTel. 05362\/95 90 96<\/strong><strong><\/strong><strong><\/td>\n<\/tr>\n<\/tbody>\n<tfoot>\n<tr class=\"row-3\">\n\t<td class=\"column-1\"><\/td><td class=\"column-2\"><\/td>\n<\/tr>\n<\/tfoot>\n<\/table>\n<!-- #tablepress-5 from cache -->\n<hr \/>\n<p><a href=\"#top\">zur\u00fcck zum Seitenanfang &gt;&gt;<\/a><\/p>\n","protected":false},"excerpt":{"rendered":"<p>Herzog August Bibliothek Wolfenb\u00fcttel &gt;&gt; \/\u00a0 GW Leibniz Bibliothek Hannover &gt;&gt; \/ Landesbibliothek Oldenburg &gt;&gt; \/ Studienst\u00e4tte HvF Fallersleben &gt;&gt; \/ Wolfenb\u00fcttel: Anschrift: Sch\u00fclerseminar Herzog August Bibliothek Schlossplatz 12; Postfach 1364, 38299 Wolfenb\u00fcttel Telefon: 05331\/808-0 und 808-323 Fax: 05331\/808-173, E-Mail: &#115;&#99;&#x68;u&#101;&#x6c;&#x65;r&#115;&#x65;&#x6d;i&#110;&#x61;r&#64;&#x68;&#x61;b&#46;&#x64;&#x65; Unser Kontaktformular zur Anmeldung finden Sie hier als Online-Formular &gt;&gt;, zum Ausdrucken als pdf-Dokument [&hellip;]<\/p>\n","protected":false},"author":854,"featured_media":0,"parent":0,"menu_order":0,"comment_status":"closed","ping_status":"closed","template":"","meta":{"footnotes":""},"class_list":["post-715","page","type-page","status-publish","hentry"],"_links":{"self":[{"href":"https:\/\/wordpress.nibis.de\/nisems\/wp-json\/wp\/v2\/pages\/715","targetHints":{"allow":["GET"]}}],"collection":[{"href":"https:\/\/wordpress.nibis.de\/nisems\/wp-json\/wp\/v2\/pages"}],"about":[{"href":"https:\/\/wordpress.nibis.de\/nisems\/wp-json\/wp\/v2\/types\/page"}],"author":[{"embeddable":true,"href":"https:\/\/wordpress.nibis.de\/nisems\/wp-json\/wp\/v2\/users\/854"}],"replies":[{"embeddable":true,"href":"https:\/\/wordpress.nibis.de\/nisems\/wp-json\/wp\/v2\/comments?post=715"}],"version-history":[{"count":172,"href":"https:\/\/wordpress.nibis.de\/nisems\/wp-json\/wp\/v2\/pages\/715\/revisions"}],"predecessor-version":[{"id":744,"href":"https:\/\/wordpress.nibis.de\/nisems\/wp-json\/wp\/v2\/pages\/715\/revisions\/744"}],"wp:attachment":[{"href":"https:\/\/wordpress.nibis.de\/nisems\/wp-json\/wp\/v2\/media?parent=715"}],"curies":[{"name":"wp","href":"https:\/\/api.w.org\/{rel}","templated":true}]}}