{"id":43,"date":"2018-03-25T15:47:08","date_gmt":"2018-03-25T13:47:08","guid":{"rendered":"http:\/\/wordpress.nibis.de\/opgs\/?page_id=43"},"modified":"2024-04-01T19:54:40","modified_gmt":"2024-04-01T17:54:40","slug":"otfried-preussler","status":"publish","type":"page","link":"https:\/\/wordpress.nibis.de\/opgs\/schule\/otfried-preussler\/","title":{"rendered":"Otfried Preu\u00dfler"},"content":{"rendered":"<p>[:de]<\/p>\n<div id=\"txt_278\">\n<p><em><span class=\"Textk\u00f6rper-2-C-C2\">\u00bbIch habe die \u00dcberzeugung gewonnen, dass Kinder das beste und kl\u00fcgste Publikum sind, das man sich als Geschichtenerz\u00e4hler nur w\u00fcnschen kann. Kinder sind strenge, unbestechliche Kritiker.\u00ab<\/span><\/em><\/p>\n<p class=\"Textk\u00f6rper-2-P\" style=\"text-align: justify\"><span class=\"Textk\u00f6rper-2-C-C0\">Der beliebte deutsche Kinderbuchautor Otfried Preu\u00dfler wurde 1923 im nordb\u00f6hmischen Reichenberg geboren, wo er 1942 das Abitur machte. Nach dem Kriegsdienst im Zweiten Weltkrieg und sowjetischer Kriegs-gefangenschaft ging er 1949 ins oberbayerische Rosenheim, wo er und seine Angeh\u00f6rigen eine zweite Heimat fanden. Die b\u00f6hmischen Wurzeln verleugnete Preu\u00dfler jedoch nie \u2013 in viele seiner Erz\u00e4hlungen und Romane flie\u00dfen die Sagen und Legenden ein, die er schon als Kind aus dem Isergebirge von seiner Gro\u00dfmutter geh\u00f6rt hatte.<\/span><\/p>\n<p class=\"Textk\u00f6rper-2-P\" style=\"text-align: justify\"><span class=\"Textk\u00f6rper-2-C-C0\">Preu\u00dfler wurde nach dem Krieg Volksschullehrer und sp\u00e4ter Rektor in Stephanskirchen. Als Schriftsteller bet\u00e4tigte er sich zun\u00e4chst nur nebenberuflich. Sein erstes Kinderbuch war \u00bbDer kleine Wassermann\u00ab, das 1956 erschien und f\u00fcr das er bereits 1957 den Deutschen Kinderbuchpreis erhielt. Nun begann eine unaufhaltsame Erfolgsgeschichte mit Bestsellern wie \u00bbDie kleine Hexe\u00ab, \u00bbDer R\u00e4uber Hotzenplotz\u00ab, \u00bbDas kleine Gespenst\u00ab oder \u00bbKrabat\u00ab. Auch heute noch stehen diese Werke, von denen etliche sowohl als Real- als auch als Animationsfilme adaptiert wurden, ganz oben auf der Liste der beliebtesten Kinderb\u00fccher.<\/span><\/p>\n<p class=\"Wp-Textk\u00f6rper-2-P\" style=\"text-align: justify\"><span class=\"Textk\u00f6rper-2-C-C0\">Otfried Preu\u00dfler hat sich in seinen letzten Lebensjahren weitgehend von der \u00d6ffentlichkeit zur\u00fcckgezogen. Otfried Preu\u00dfler verstarb am 18. Februar 2013 im Alter von 89 Jahren in Prien am Chiemsee.<\/span><\/p>\n<p class=\"Wp-Textk\u00f6rper-2-P\" style=\"text-align: justify\"><span class=\"Textk\u00f6rper-2-C-C2\">(Quelle: https:\/\/www.inhaltsangabe.de\/autoren\/preussler\/)<\/span><\/p>\n<p class=\"Wp-Textk\u00f6rper-2-P\" style=\"text-align: justify\"><span class=\"Textk\u00f6rper-2-C-C0\">Mehr \u00fcber Otfried-Preu\u00dfler und seine Werke gibt es hier: <\/span><span class=\"Platzhalter-C-C2\"><a href=\"http:\/\/www.preussler.de\/\" target=\"_blank\" rel=\"noopener\">www.preussler.de\/<\/a><\/span><\/p>\n<\/div>\n<p>Bald sind nur noch 21 Schulen in Deutschland nach Otfried Preu\u00dfler benannt. Ein Gymnasium in Bayern will den Namen ablegen. Grund: Ein Fr\u00fchwerk des ber\u00fchmten Kinderbuchautors ist von NS-Ideologie gepr\u00e4gt. Alexandra Vanin, Schulleiterin der Otfried-Preu\u00dfler-Schule in Hannover, erkl\u00e4rt in ihrem Standpunkt, wieso ihre Schule den Namen beh\u00e4lt: <a href=\"https:\/\/wordpress.nibis.de\/opgs\/files\/2024\/04\/Vanin-zu-Otfried-Preussler.pdf\">Vanin zu Otfried Preu\u00dfler<\/a><\/p>\n<p>[:en]<\/p>\n<div id=\"txt_278\">\n<p class=\"Textk\u00f6rper-2-P\" style=\"text-align: justify\"><em><span class=\"Textk\u00f6rper-2-C-C2\">\u00bbIch habe die \u00dcberzeugung gewonnen, dass Kinder das beste und kl\u00fcgste Publikum sind, das man sich als Geschichtenerz\u00e4hler nur w\u00fcnschen kann. Kinder sind strenge, unbestechliche Kritiker.\u00ab<\/span><\/em><\/p>\n<p class=\"Textk\u00f6rper-2-P\" style=\"text-align: justify\"><span class=\"Textk\u00f6rper-2-C-C0\">Der beliebte deutsche Kinderbuchautor Otfried Preu\u00dfler wurde 1923 im nordb\u00f6hmischen Reichenberg geboren, wo er 1942 das Abitur machte. Nach dem Kriegsdienst im Zweiten Weltkrieg und sowjetischer Kriegs-gefangenschaft ging er 1949 ins oberbayerische Rosenheim, wo er und seine Angeh\u00f6rigen eine zweite Heimat fanden. Die b\u00f6hmischen Wurzeln verleugnete Preu\u00dfler jedoch nie \u2013 in viele seiner Erz\u00e4hlungen und Romane flie\u00dfen die Sagen und Legenden ein, die er schon als Kind aus dem Isergebirge von seiner Gro\u00dfmutter geh\u00f6rt hatte.<\/span><\/p>\n<p class=\"Textk\u00f6rper-2-P\" style=\"text-align: justify\"><span class=\"Textk\u00f6rper-2-C-C0\">Preu\u00dfler wurde nach dem Krieg Volksschullehrer und sp\u00e4ter Rektor in Stephanskirchen. Als Schriftsteller bet\u00e4tigte er sich zun\u00e4chst nur nebenberuflich. Sein erstes Kinderbuch war \u00bbDer kleine Wassermann\u00ab, das 1956 erschien und f\u00fcr das er bereits 1957 den Deutschen Kinderbuchpreis erhielt. Nun begann eine unaufhaltsame Erfolgsgeschichte mit Bestsellern wie \u00bbDie kleine Hexe\u00ab, \u00bbDer R\u00e4uber Hotzenplotz\u00ab, \u00bbDas kleine Gespenst\u00ab oder \u00bbKrabat\u00ab. Auch heute noch stehen diese Werke, von denen etliche sowohl als Real- als auch als Animationsfilme adaptiert wurden, ganz oben auf der Liste der beliebtesten Kinderb\u00fccher.<\/span><\/p>\n<p class=\"Wp-Textk\u00f6rper-2-P\" style=\"text-align: justify\"><span class=\"Textk\u00f6rper-2-C-C0\">Otfried Preu\u00dfler hat sich in seinen letzten Lebensjahren weitgehend von der \u00d6ffentlichkeit zur\u00fcckgezogen. Otfried Preu\u00dfler verstarb am 18. Februar 2013 im Alter von 89 Jahren in Prien am Chiemsee.<\/span><\/p>\n<p class=\"Wp-Textk\u00f6rper-2-P\" style=\"text-align: justify\"><span class=\"Textk\u00f6rper-2-C-C2\">(Quelle: https:\/\/www.inhaltsangabe.de\/autoren\/preussler\/)<\/span><\/p>\n<p class=\"Wp-Textk\u00f6rper-2-P\" style=\"text-align: justify\"><span class=\"Textk\u00f6rper-2-C-C0\">Mehr \u00fcber Otfried-Preu\u00dfler und seine Werke gibt es hier:<\/span><\/p>\n<p class=\"Wp-Textk\u00f6rper-2-P\"><span class=\"Platzhalter-C-C2\"><a href=\"http:\/\/www.preussler.de\/\" target=\"_blank\" rel=\"noopener\">www.preussler.de\/<\/a><\/span><\/p>\n<\/div>\n<p>[:]<\/p>\n","protected":false},"excerpt":{"rendered":"<p>[:de] \u00bbIch habe die \u00dcberzeugung gewonnen, dass Kinder das beste und kl\u00fcgste Publikum sind, das man sich als Geschichtenerz\u00e4hler nur w\u00fcnschen kann. Kinder sind strenge, unbestechliche Kritiker.\u00ab Der beliebte deutsche Kinderbuchautor Otfried Preu\u00dfler wurde 1923 im nordb\u00f6hmischen Reichenberg geboren, wo er 1942 das Abitur machte. Nach dem Kriegsdienst im Zweiten Weltkrieg und sowjetischer Kriegs-gefangenschaft ging [&hellip;]<\/p>\n","protected":false},"author":9192565,"featured_media":0,"parent":14,"menu_order":3,"comment_status":"closed","ping_status":"closed","template":"page-templates\/child-menu.php","meta":{"footnotes":""},"class_list":["post-43","page","type-page","status-publish","hentry"],"_links":{"self":[{"href":"https:\/\/wordpress.nibis.de\/opgs\/wp-json\/wp\/v2\/pages\/43","targetHints":{"allow":["GET"]}}],"collection":[{"href":"https:\/\/wordpress.nibis.de\/opgs\/wp-json\/wp\/v2\/pages"}],"about":[{"href":"https:\/\/wordpress.nibis.de\/opgs\/wp-json\/wp\/v2\/types\/page"}],"author":[{"embeddable":true,"href":"https:\/\/wordpress.nibis.de\/opgs\/wp-json\/wp\/v2\/users\/9192565"}],"replies":[{"embeddable":true,"href":"https:\/\/wordpress.nibis.de\/opgs\/wp-json\/wp\/v2\/comments?post=43"}],"version-history":[{"count":8,"href":"https:\/\/wordpress.nibis.de\/opgs\/wp-json\/wp\/v2\/pages\/43\/revisions"}],"predecessor-version":[{"id":2035,"href":"https:\/\/wordpress.nibis.de\/opgs\/wp-json\/wp\/v2\/pages\/43\/revisions\/2035"}],"up":[{"embeddable":true,"href":"https:\/\/wordpress.nibis.de\/opgs\/wp-json\/wp\/v2\/pages\/14"}],"wp:attachment":[{"href":"https:\/\/wordpress.nibis.de\/opgs\/wp-json\/wp\/v2\/media?parent=43"}],"curies":[{"name":"wp","href":"https:\/\/api.w.org\/{rel}","templated":true}]}}