{"id":100,"date":"2019-03-04T10:33:39","date_gmt":"2019-03-04T09:33:39","guid":{"rendered":"https:\/\/wordpress.nibis.de\/rsgebhardshagen\/?page_id=100"},"modified":"2025-01-13T10:22:33","modified_gmt":"2025-01-13T09:22:33","slug":"wichtige-downloads","status":"publish","type":"page","link":"https:\/\/wordpress.nibis.de\/rsgebhardshagen\/wichtige-downloads\/","title":{"rendered":"Wichtige Downloads und Informationen"},"content":{"rendered":"<p><span style=\"color: #99ccff\"><strong>Liebe interessierte Eltern und Erziehungsberechtigte von Sch\u00fclerinnen und Sch\u00fclern der jetzigen 4. Klassen,<\/strong><\/span><\/p>\n<p>es ist nicht mehr lange Zeit, dann hat Ihr Kind die ersten 4 Jahre seiner Grundschulzeit hinter sich. TOLL!<\/p>\n<p>Wissen Sie schon, auf welche Schulformen Ihr Kind nach den Sommerferien wechseln soll?<\/p>\n<p>Vielleicht zur Realschule Gebhardshagen?!<\/p>\n<p style=\"text-align: center\"><span style=\"color: #800080\"><strong>WIR FREUEN UNS AUF IHRE KINDER!<\/strong><\/span><\/p>\n<p>Sch\u00f6n, dass wir so viele Besucher bei unserem Tag der offenen T\u00fcr begr\u00fc\u00dfen konnten. Gern k\u00f6nnen Sie sich auch noch einmal unseren digitalen<span style=\"color: #007777\"><strong>&nbsp;\u21d2 <a style=\"color: #007777\" href=\"https:\/\/wordpress.nibis.de\/rsgebhardshagen\/tag-der-offenen-tuer-2016\/\">Tag der offenen T\u00fcr<\/a> <\/strong><\/span>ansehen.&nbsp;<\/p>\n<p>Au\u00dferdem gibt es <a href=\"https:\/\/wordpress.nibis.de\/rsgebhardshagen\/files\/2022\/03\/Realschule-Gebhardshagen-Kennenlernen-Homepage.pdf\"><span style=\"text-decoration: underline\"><span style=\"color: #007777;text-decoration: underline\"><strong>\u21d2<\/strong><strong>hier<\/strong><\/span><\/span><\/a>&nbsp;weitere Informationen unserer <strong><span style=\"color: #007777\">\u21d2<a style=\"color: #007777\" href=\"https:\/\/wordpress.nibis.de\/rsgebhardshagen\/herzlich-willkommen\/\">Schulleitung Frau Priebe<\/a><\/span>.<\/strong><\/p>\n<p><span style=\"color: #ff9900\"><strong>Unsere Anmeldetage sind:<\/strong><\/span><\/p>\n<ul style=\"list-style-type: disc\">\n<li><span style=\"color: #800080\"><strong>Montag, 12.05.2025 von 8.30 Uhr- 12.30 Uhr und von <\/strong><strong>15.00 Uhr &#8211; 18.00 Uhr <\/strong><\/span><\/li>\n<li><span style=\"color: #800080\"><strong>Dienstag, 13.05.2025 von 8.30 Uhr &#8211; 12.30 Uhr<\/strong><\/span><\/li>\n<li><span style=\"color: #800080\"><strong>Mittwoch, 14.05.2025 von 8.30 Uhr &#8211; 12.30 Uhr und von 15.00 Uhr &#8211; 16.30 Uhr<\/strong><\/span><\/li>\n<\/ul>\n\n\n<div class=\"wp-block-image\"><figure class=\"aligncenter size-large\"><img loading=\"lazy\" decoding=\"async\" width=\"509\" height=\"340\" src=\"https:\/\/wordpress.nibis.de\/rsgebhardshagen\/files\/2021\/02\/directory-1699948__340.jpg\" alt=\"\" class=\"wp-image-1804\" srcset=\"https:\/\/wordpress.nibis.de\/rsgebhardshagen\/files\/2021\/02\/directory-1699948__340.jpg 509w, https:\/\/wordpress.nibis.de\/rsgebhardshagen\/files\/2021\/02\/directory-1699948__340-300x200.jpg 300w\" sizes=\"auto, (max-width: 509px) 100vw, 509px\" \/><\/figure><\/div>\n\n\n<p>\u00a0<\/p>\n<p>Wir freuen uns sehr, dass wir Euch und Sie bald an unserer Schule begr\u00fc\u00dfen d\u00fcrfen. Damit die Formalit\u00e4ten m\u00f6glichst z\u00fcgig erledigt werden k\u00f6nnen, bitten wie Sie folgendes zur Anmeldung mitzubringen.<\/p>\n<p><strong>Zur Anmeldung bringen Sie bitte Folgendes mit:<\/strong><\/p>\n<ul>\n<li>Den ausgef\u00fcllten\u00a0<span style=\"color: #007777\"><strong>\u21d2<a style=\"color: #007777\" href=\"https:\/\/wordpress.nibis.de\/rsgebhardshagen\/files\/2023\/03\/Anmeldebogen-der-Realschule-Gebhardshagen.pdf\">Anmeldebogen<\/a><\/strong><\/span><\/li>\n<li>Gegebenenfalls die\u00a0Beitrittserkl\u00e4rung zum\u00a0<span style=\"color: #007777\"><strong>\u21d2\u00a0<a style=\"color: #007777\" href=\"https:\/\/wordpress.nibis.de\/rsgebhardshagen\/files\/2020\/09\/Schulverein-Beitrittserkl\u00e4rung-mit-Flyer_ab_2020-09_Fr.Lauenstein-Hr.Kahn_20200908-1.pdf\">Schulverein<\/a><\/strong><\/span><\/li>\n<li>Erkl\u00e4rung der<a href=\"https:\/\/wordpress.nibis.de\/rsgebhardshagen\/files\/2019\/03\/Erkl\u00e4rung-der-Sorgeberechtigung.pdf\"><strong><span style=\"color: #007777\">\u21d2\u00a0<\/span><span style=\"color: #007777\">Sorgeberechtigung<\/span><\/strong><\/a><\/li>\n<li>Nutzungsvertrag &#8222;Eltern&#8220;\u00a0<strong><span style=\"color: #007777\">\u21d2 <a style=\"color: #007777\" href=\"https:\/\/wordpress.nibis.de\/rsgebhardshagen\/files\/2020\/04\/Nutzungsvertrag-f\u00fcr-IServ-Eltern-neu-2020.pdf\"><span style=\"color: #007777\">ISe<\/span>rv<\/a><\/span><\/strong> (Intranet der Schule)<\/li>\n<li>Nutzungsvertrag &#8222;Sch\u00fcler*innen&#8220;<span style=\"color: #007777\"><strong><a style=\"color: #007777\" href=\"https:\/\/wordpress.nibis.de\/rsgebhardshagen\/files\/2021\/05\/I-Serv-Sch\u00fcler.pdf\"> \u21d2 IServ<\/a><\/strong><\/span>\u00a0(Intranet der Schule)<\/li>\n<li><strong><span style=\"color: #007777\"><a style=\"color: #007777\" href=\"https:\/\/wordpress.nibis.de\/rsgebhardshagen\/files\/2023\/03\/Elternbrief-Einwilligung-personenbezogene-Daten-HP.pdf\">\u21d2 Einverst\u00e4ndniserkl\u00e4rung zur Verarbeitung<\/a> der personenbezogenen Daten<\/span><\/strong><\/li>\n<li>Falls Lernmittel geliehen werden: <span style=\"color: #333333\"><strong>\u21d2 Antrag Buchausleihe<\/strong><\/span><\/li>\n<li>unterschriebener<strong> <a href=\"https:\/\/wordpress.nibis.de\/rsgebhardshagen\/files\/2023\/03\/Leitfaden-zum-Schuelertransport.pdf\"><span style=\"color: #007777\">\u21d2 Leitfaden Sch\u00fclertransport<\/span><\/a><\/strong><\/li>\n<li>die gelesene\u00a0<span style=\"color: #007777\">\u00a0<strong><a href=\"https:\/\/wordpress.nibis.de\/rsgebhardshagen\/files\/2023\/05\/Schulordnung.pdf\">Schulordnung,<\/a><\/strong> <span style=\"color: #333333\">den gelesenen \u21d2<\/span><strong><a href=\"https:\/\/wordpress.nibis.de\/rsgebhardshagen\/files\/2023\/05\/36_RdErl_Waffenerlass_Nds_MBl_Verff.pdf\">Waffenerlass <\/a><\/strong><span style=\"color: #333333\">und die unterschriebene \u21d2Best\u00e4tigung zum<\/span> <a href=\"https:\/\/wordpress.nibis.de\/rsgebhardshagen\/files\/2023\/05\/Besttigung-Schulordnung-u-.-Verbot-Waffen.pdf\"><strong>Waffenerlass und der Schulordnung<\/strong><\/a><\/span><\/li>\n<li>Das Original\u00a0des letzten <span style=\"color: #ff0777\"><strong>Zeugnisses<\/strong><\/span>\u00a0der abgebenden Schule, sowie eine <span style=\"color: #ff0777\"><strong>Zeugniskopie<\/strong><\/span><\/li>\n<li>Die <span style=\"color: #ff0777\"><strong>Zeugnisse<\/strong><\/span>\u00a0der Klassen 1 \u2013 3 in Kopie und die Originale zur Einsicht oder<\/li>\n<li>die letzten Zeugnisse der abgebenden Schule<\/li>\n<li><span style=\"color: #ff0777\"><strong>Familienstammbuch<\/strong><\/span>\u00a0oder <span style=\"color: #ff0777\"><strong>Geburtsurkunde<\/strong><\/span>\u00a0des Kindes<\/li>\n<li><span style=\"color: #ff0777\"><strong>1 Passbild<\/strong><\/span> des Kindes<\/li>\n<li>Nachweis der <span style=\"color: #ff0777\"><strong>Masernimpfung<\/strong><\/span> (eine Kopie aus dem Impfausweis)\u00a0<\/li>\n<li>Materialkostenbeitrag in H\u00f6he von <span style=\"color: #ff0777\"><strong>12,50 \u20ac<\/strong>\u00a0<\/span>f\u00fcr Kopien und Sch\u00fclermaterialien (bitte abgez\u00e4hlt und in bar)<\/li>\n<li>\u00a0<strong><span style=\"color: #ff0777\">10,00 Euro<\/span><\/strong> f\u00fcr die Sportveranstaltung \u201eTrixitt\u201c, die am 18.08.2025 stattfindet<\/li>\n<li>Bitte besorgen Sie bis zum Schulbeginn auch die ben\u00f6tigten\u00a0<span style=\"color: #333333\"><strong>\u21d2 Arbeitsmittel.\u00a0<\/strong><\/span>Falls Sie die ben\u00f6tigten B\u00fccher selbst anschaffen m\u00f6chten und nicht \u00fcber die Schule ausleihen m\u00f6chten, besorgen Sie bitte diese<span style=\"color: #333333\">\u00a0bitte vor Beginn des neuen Schuljahres.<\/span><\/li>\n<\/ul>\n<p>Vielen Dank f\u00fcr Ihre Mithilfe!<\/p>\n\n\n<p><\/p>\n","protected":false},"excerpt":{"rendered":"<p>Liebe interessierte Eltern und Erziehungsberechtigte von Sch\u00fclerinnen und Sch\u00fclern der jetzigen 4. Klassen, es ist nicht mehr lange Zeit, dann hat Ihr Kind die ersten 4 Jahre seiner Grundschulzeit hinter sich. TOLL! Wissen Sie schon, auf welche Schulformen Ihr Kind nach den Sommerferien wechseln soll? Vielleicht zur Realschule Gebhardshagen?! WIR FREUEN UNS AUF IHRE KINDER! [&hellip;]<\/p>\n","protected":false},"author":9193020,"featured_media":0,"parent":0,"menu_order":0,"comment_status":"closed","ping_status":"closed","template":"","meta":{"footnotes":""},"class_list":["post-100","page","type-page","status-publish","hentry"],"_links":{"self":[{"href":"https:\/\/wordpress.nibis.de\/rsgebhardshagen\/wp-json\/wp\/v2\/pages\/100","targetHints":{"allow":["GET"]}}],"collection":[{"href":"https:\/\/wordpress.nibis.de\/rsgebhardshagen\/wp-json\/wp\/v2\/pages"}],"about":[{"href":"https:\/\/wordpress.nibis.de\/rsgebhardshagen\/wp-json\/wp\/v2\/types\/page"}],"author":[{"embeddable":true,"href":"https:\/\/wordpress.nibis.de\/rsgebhardshagen\/wp-json\/wp\/v2\/users\/9193020"}],"replies":[{"embeddable":true,"href":"https:\/\/wordpress.nibis.de\/rsgebhardshagen\/wp-json\/wp\/v2\/comments?post=100"}],"version-history":[{"count":85,"href":"https:\/\/wordpress.nibis.de\/rsgebhardshagen\/wp-json\/wp\/v2\/pages\/100\/revisions"}],"predecessor-version":[{"id":2452,"href":"https:\/\/wordpress.nibis.de\/rsgebhardshagen\/wp-json\/wp\/v2\/pages\/100\/revisions\/2452"}],"wp:attachment":[{"href":"https:\/\/wordpress.nibis.de\/rsgebhardshagen\/wp-json\/wp\/v2\/media?parent=100"}],"curies":[{"name":"wp","href":"https:\/\/api.w.org\/{rel}","templated":true}]}}