{"id":148,"date":"2023-06-07T12:40:27","date_gmt":"2023-06-07T10:40:27","guid":{"rendered":"https:\/\/wordpress.nibis.de\/rsi\/?page_id=148"},"modified":"2023-06-26T13:39:46","modified_gmt":"2023-06-26T11:39:46","slug":"stundentafel","status":"publish","type":"page","link":"https:\/\/wordpress.nibis.de\/rsi\/stundentafel\/","title":{"rendered":"Stundentafel"},"content":{"rendered":"\n<table id=\"tablepress-1\" class=\"tablepress tablepress-id-1 tbody-has-connected-cells\">\n<tbody class=\"row-striping\">\n<tr class=\"row-1\">\n\t<td colspan=\"2\" class=\"column-1\"><strong>Unterrichtszeiten<\/strong><\/td>\n<\/tr>\n<tr class=\"row-2\">\n\t<td class=\"column-1\">1. Stunde<\/td><td class=\"column-2\">07:55 \u2013 08:40 Uhr<\/td>\n<\/tr>\n<tr class=\"row-3\">\n\t<td class=\"column-1\">2. Stunde<\/td><td class=\"column-2\">08:45 \u2013 09:30 Uhr<\/td>\n<\/tr>\n<tr class=\"row-4\">\n\t<td colspan=\"2\" class=\"column-1\">Hofpause (15 Min)<\/td>\n<\/tr>\n<tr class=\"row-5\">\n\t<td class=\"column-1\">3. Stunde<\/td><td class=\"column-2\">09:45 \u2013 10:30 Uhr<\/td>\n<\/tr>\n<tr class=\"row-6\">\n\t<td class=\"column-1\">4. Stunde<\/td><td class=\"column-2\">10:35 \u2013 11:20 Uhr<\/td>\n<\/tr>\n<tr class=\"row-7\">\n\t<td colspan=\"2\" class=\"column-1\">Hofpause (20 Min)<\/td>\n<\/tr>\n<tr class=\"row-8\">\n\t<td class=\"column-1\">5. Stunde<\/td><td class=\"column-2\">11:40 \u2013 12:25 Uhr<\/td>\n<\/tr>\n<tr class=\"row-9\">\n\t<td class=\"column-1\">6. Stunde<\/td><td class=\"column-2\">12:30 \u2013 13:15 Uhr<\/td>\n<\/tr>\n<tr class=\"row-10\">\n\t<td colspan=\"2\" class=\"column-1\">Mittagspause (40 Min)<\/td>\n<\/tr>\n<tr class=\"row-11\">\n\t<td class=\"column-1\">7. Stunde<\/td><td class=\"column-2\">13:55 \u2013 14:40 Uhr<\/td>\n<\/tr>\n<tr class=\"row-12\">\n\t<td class=\"column-1\">8. Stunde<\/td><td class=\"column-2\">14:40 \u2013 15:25 Uhr<\/td>\n<\/tr>\n<\/tbody>\n<\/table>\n<!-- #tablepress-1 from cache -->\n\n\n\n<hr class=\"wp-block-separator is-style-wide\"\/>\n\n\n\n<p><strong>Ausgestaltung der Stundentafel<\/strong><\/p>\n\n\n\n<div class=\"wp-block-file\"><a id=\"wp-block-file--media-c0d4ae84-c49f-41a4-8750-9838fd5de8ac\" href=\"https:\/\/wordpress.nibis.de\/rsi\/files\/2023\/06\/Stundentafel_23_24.pdf\">Stundentafel_23_24<\/a><a href=\"https:\/\/wordpress.nibis.de\/rsi\/files\/2023\/06\/Stundentafel_23_24.pdf\" class=\"wp-block-file__button\" download aria-describedby=\"wp-block-file--media-c0d4ae84-c49f-41a4-8750-9838fd5de8ac\">Herunterladen<\/a><\/div>\n\n\n\n<hr class=\"wp-block-separator is-style-wide\"\/>\n\n\n\n<p><strong>Fit f\u00fcr die Zukunft<\/strong><\/p>\n\n\n\n<div class=\"wp-block-file\"><a id=\"wp-block-file--media-7cdede7f-a618-45fc-9e5b-74e7cd3fcf5e\" href=\"https:\/\/wordpress.nibis.de\/rsi\/files\/2023\/06\/Fit-fuer-die-Zukunft.pdf\">Fit-fuer-die-Zukunft<\/a><a href=\"https:\/\/wordpress.nibis.de\/rsi\/files\/2023\/06\/Fit-fuer-die-Zukunft.pdf\" class=\"wp-block-file__button\" download aria-describedby=\"wp-block-file--media-7cdede7f-a618-45fc-9e5b-74e7cd3fcf5e\">Herunterladen<\/a><\/div>\n\n\n\n<hr class=\"wp-block-separator is-style-wide\"\/>\n\n\n\n<p><strong>Profile<\/strong><\/p>\n\n\n\n<p>Alle <strong>Sch\u00fclerinnen und Sch\u00fcler des 8. Jahrgangs<\/strong> w\u00e4hlen vor den Sommerferien ein <strong>berufsvorbereitendes Profil<\/strong>. Mit ihrer Auswahl legen sich die Sch\u00fclerinnen und Sch\u00fcler f\u00fcr <strong>zwei Jahre<\/strong> fest. Die Profilwahl erfolgt \u00fcber das Modul Kurswahlen bei IServ. Die Profile finden <strong>vier Stunden in der Woche<\/strong> statt. Die Realschule Gro\u00df Ilsede bietet folgende Profile zur Auswahl an:Wirtschaft<\/p>\n\n\n\n<ul class=\"wp-block-list\"><li>Technik<\/li><li>Gesundheit und Soziales<\/li><li>Fremdsprachen (Franz\u00f6sisch) &#8211; <em>Dieses Profil kann nur von Sch\u00fclern und Sch\u00fclerinnen gew\u00e4hlt werden kann, die auch schon zuvor das Fach Franz\u00f6sisch als Unterrichtsfach hatten.<\/em><\/li><\/ul>\n","protected":false},"excerpt":{"rendered":"<p>Ausgestaltung der Stundentafel Fit f\u00fcr die Zukunft Profile Alle Sch\u00fclerinnen und Sch\u00fcler des 8. Jahrgangs w\u00e4hlen vor den Sommerferien ein berufsvorbereitendes Profil. Mit ihrer Auswahl &hellip; <\/p>\n","protected":false},"author":953,"featured_media":0,"parent":0,"menu_order":0,"comment_status":"closed","ping_status":"closed","template":"","meta":{"footnotes":""},"class_list":["post-148","page","type-page","status-publish","hentry"],"_links":{"self":[{"href":"https:\/\/wordpress.nibis.de\/rsi\/wp-json\/wp\/v2\/pages\/148","targetHints":{"allow":["GET"]}}],"collection":[{"href":"https:\/\/wordpress.nibis.de\/rsi\/wp-json\/wp\/v2\/pages"}],"about":[{"href":"https:\/\/wordpress.nibis.de\/rsi\/wp-json\/wp\/v2\/types\/page"}],"author":[{"embeddable":true,"href":"https:\/\/wordpress.nibis.de\/rsi\/wp-json\/wp\/v2\/users\/953"}],"replies":[{"embeddable":true,"href":"https:\/\/wordpress.nibis.de\/rsi\/wp-json\/wp\/v2\/comments?post=148"}],"version-history":[{"count":7,"href":"https:\/\/wordpress.nibis.de\/rsi\/wp-json\/wp\/v2\/pages\/148\/revisions"}],"predecessor-version":[{"id":386,"href":"https:\/\/wordpress.nibis.de\/rsi\/wp-json\/wp\/v2\/pages\/148\/revisions\/386"}],"wp:attachment":[{"href":"https:\/\/wordpress.nibis.de\/rsi\/wp-json\/wp\/v2\/media?parent=148"}],"curies":[{"name":"wp","href":"https:\/\/api.w.org\/{rel}","templated":true}]}}