{"id":18,"date":"2019-08-21T14:24:48","date_gmt":"2019-08-21T12:24:48","guid":{"rendered":"https:\/\/wordpress.nibis.de\/sadg\/?page_id=18"},"modified":"2024-05-22T15:50:53","modified_gmt":"2024-05-22T13:50:53","slug":"jhfj","status":"publish","type":"page","link":"https:\/\/wordpress.nibis.de\/sadg\/jhfj\/","title":{"rendered":"\u00dcber uns"},"content":{"rendered":"\n<p>Die Schule an der Goethestra\u00dfe wurde im August 1973 bezugsfertig und am 01. M\u00e4rz 1974 offiziell eingeweiht. Im ersten Jahr wurden die 193 Sch\u00fclerinnen und Sch\u00fcler aus den Gemeinden Westerstede und Apen in 12 <a href=\"https:\/\/wordpress.nibis.de\/sadg\/klassen\/\">Klassen<\/a> unterrichtet.<\/p>\n<p>Aktuell besuchen unsere Schule etwa 50 Sch\u00fclerinnen und Sch\u00fcler in 5 Klassen der Schuljahrg\u00e4nge 6 bis 10. Diese werden von 8 Lehrkr\u00e4ften unterrichten, wovon einige ebenfalls in der Inklusion au\u00dferhalb der F\u00f6rderschule arbeiten.\u00a0<\/p>\n<p>Die anderen 3 Lehrkr\u00e4fte sind an die Grundschulen, die Oberschulen, die IGS und das Gymnasium der Stadt Westerstede und der Gemeinde Apen abgeordnet und arbeiten ausschlie\u00dflich dort mit den Sch\u00fclerinnen und Sch\u00fclern mit Unterst\u00fctzungsbedarf.<\/p>\n<p>Seit dem Schuljahr 2011\/2012 ist die Schule an der Goethestra\u00dfe nach einer einj\u00e4hrigen Erprobungsphase offiziell <a href=\"https:\/\/wordpress.nibis.de\/sadg\/ganztag\/\">Ganztagsschule<\/a>. An zwei Nachmittagen in der Woche findet neben der Betreuung der Hausaufgaben ein AG-Angebot statt. Der Ganztagsbereich schlie\u00dft ab dem Schuljahr 2024\/2025.<\/p>\n<p>Die Sch\u00fcler haben an unserer Schule die M\u00f6glichkeit, nach Beendigung des 9. Schuljahrgangs den &#8222;<strong>Abschluss der F\u00f6rderschule mit dem Schwerpunkt Lernen<\/strong>&#8220; und nach dem 10. Schuljahrgangs den &#8222;<strong>Hauptschulabschluss<\/strong>&#8220; zu erwerben.<\/p>\n<p>\u00a0<\/p>\n","protected":false},"excerpt":{"rendered":"<p>Die Schule an der Goethestra\u00dfe wurde im August 1973 bezugsfertig und am 01. M\u00e4rz 1974 offiziell eingeweiht. Im ersten Jahr wurden die 193 Sch\u00fclerinnen und Sch\u00fcler aus den Gemeinden Westerstede und Apen in 12 Klassen unterrichtet. Aktuell besuchen unsere Schule &hellip; <a href=\"https:\/\/wordpress.nibis.de\/sadg\/jhfj\/\">Weiterlesen <span class=\"meta-nav\">&rarr;<\/span><\/a><\/p>\n","protected":false},"author":9192953,"featured_media":0,"parent":0,"menu_order":2,"comment_status":"closed","ping_status":"closed","template":"","meta":{"footnotes":""},"class_list":["post-18","page","type-page","status-publish","hentry"],"_links":{"self":[{"href":"https:\/\/wordpress.nibis.de\/sadg\/wp-json\/wp\/v2\/pages\/18","targetHints":{"allow":["GET"]}}],"collection":[{"href":"https:\/\/wordpress.nibis.de\/sadg\/wp-json\/wp\/v2\/pages"}],"about":[{"href":"https:\/\/wordpress.nibis.de\/sadg\/wp-json\/wp\/v2\/types\/page"}],"author":[{"embeddable":true,"href":"https:\/\/wordpress.nibis.de\/sadg\/wp-json\/wp\/v2\/users\/9192953"}],"replies":[{"embeddable":true,"href":"https:\/\/wordpress.nibis.de\/sadg\/wp-json\/wp\/v2\/comments?post=18"}],"version-history":[{"count":9,"href":"https:\/\/wordpress.nibis.de\/sadg\/wp-json\/wp\/v2\/pages\/18\/revisions"}],"predecessor-version":[{"id":680,"href":"https:\/\/wordpress.nibis.de\/sadg\/wp-json\/wp\/v2\/pages\/18\/revisions\/680"}],"wp:attachment":[{"href":"https:\/\/wordpress.nibis.de\/sadg\/wp-json\/wp\/v2\/media?parent=18"}],"curies":[{"name":"wp","href":"https:\/\/api.w.org\/{rel}","templated":true}]}}