{"id":87,"date":"2019-08-27T09:25:31","date_gmt":"2019-08-27T07:25:31","guid":{"rendered":"https:\/\/wordpress.nibis.de\/sadg\/?page_id=87"},"modified":"2019-09-05T14:37:44","modified_gmt":"2019-09-05T12:37:44","slug":"gewaltpraevention","status":"publish","type":"page","link":"https:\/\/wordpress.nibis.de\/sadg\/gewaltpraevention\/","title":{"rendered":"Gewaltpr\u00e4vention"},"content":{"rendered":"\n<p>Unser Schulprogramm im Rahmen eines Pr\u00e4ventions- und Interventionsprogramms f\u00fcr die Lehrer\/Innen und Sch\u00fcler\/Innen ist ein Programm f\u00fcr positives Erziehungsverhalten.<\/p>\n<p>Die Ziele sind die F\u00f6rderung einer f\u00fcr das Kind m\u00f6glichst angstfreien anregenden Umgebung, einer freundlichen Lernatmosph\u00e4re sowie die F\u00f6rderung positiven Erziehungsverhaltens im Umgang mit Stress und Aggressionen, verbunden mit realistischen Erwartungen.<\/p>\n<p>Schulintern hei\u00dft dies:<\/p>\n<ul>\n<li>Streitigkeiten werden sofort gekl\u00e4rt, nach dem Motto: Wehret der kleinen Gewalt, dann gibt es keine gro\u00dfe Gewalt!<\/li>\n<li>Streitanl\u00e4sse werden grunds\u00e4tzlich ernst genommen und gekl\u00e4rt.<\/li>\n<li>Sozialtraining (2 Stunden w\u00f6chentlich) ist in einigen Klassen fester Bestandteil und dient der Ein\u00fcbung sozial f\u00f6rderlicher Verhaltensweisen. nach den Grundideen der Interaktionstheorien, der aggressionsmindernden Verhaltenstrainingsprogramme nach Petermann etc.<\/li>\n<li>Ausbildung der Sch\u00fcler zum Streitschlichter mit Abschlusspr\u00fcfung und kontrollierter Anwendung im Schulalltag.<\/li>\n<li>In unser Programm werden auch die Fahrten im Schulbus und das Verhalten an den Haltestellen miteinbezogen. In Zusammenarbeit mit dem Landkreis, Busfahrern und Eltern wurden hierzu Vertr\u00e4ge ausgehandelt und deren Einhaltung wird durch regelm\u00e4\u00dfige Nachsorge beobachtet.<\/li>\n<li>Externe Verkn\u00fcpfung durch Zusammenarbeit mit dem Arbeitskreis Gewaltpr\u00e4vention auf regionaler Ebene, d. h. enge Zusammenarbeit mit Polizei, Jugendamt, Gesundheitsamt etc.<\/li>\n<\/ul>\n","protected":false},"excerpt":{"rendered":"<p>Unser Schulprogramm im Rahmen eines Pr\u00e4ventions- und Interventionsprogramms f\u00fcr die Lehrer\/Innen und Sch\u00fcler\/Innen ist ein Programm f\u00fcr positives Erziehungsverhalten. Die Ziele sind die F\u00f6rderung einer f\u00fcr das Kind m\u00f6glichst angstfreien anregenden Umgebung, einer freundlichen Lernatmosph\u00e4re sowie die F\u00f6rderung positiven Erziehungsverhaltens &hellip; <a href=\"https:\/\/wordpress.nibis.de\/sadg\/gewaltpraevention\/\">Weiterlesen <span class=\"meta-nav\">&rarr;<\/span><\/a><\/p>\n","protected":false},"author":9192953,"featured_media":0,"parent":0,"menu_order":0,"comment_status":"closed","ping_status":"closed","template":"","meta":{"footnotes":""},"class_list":["post-87","page","type-page","status-publish","hentry"],"_links":{"self":[{"href":"https:\/\/wordpress.nibis.de\/sadg\/wp-json\/wp\/v2\/pages\/87","targetHints":{"allow":["GET"]}}],"collection":[{"href":"https:\/\/wordpress.nibis.de\/sadg\/wp-json\/wp\/v2\/pages"}],"about":[{"href":"https:\/\/wordpress.nibis.de\/sadg\/wp-json\/wp\/v2\/types\/page"}],"author":[{"embeddable":true,"href":"https:\/\/wordpress.nibis.de\/sadg\/wp-json\/wp\/v2\/users\/9192953"}],"replies":[{"embeddable":true,"href":"https:\/\/wordpress.nibis.de\/sadg\/wp-json\/wp\/v2\/comments?post=87"}],"version-history":[{"count":2,"href":"https:\/\/wordpress.nibis.de\/sadg\/wp-json\/wp\/v2\/pages\/87\/revisions"}],"predecessor-version":[{"id":141,"href":"https:\/\/wordpress.nibis.de\/sadg\/wp-json\/wp\/v2\/pages\/87\/revisions\/141"}],"wp:attachment":[{"href":"https:\/\/wordpress.nibis.de\/sadg\/wp-json\/wp\/v2\/media?parent=87"}],"curies":[{"name":"wp","href":"https:\/\/api.w.org\/{rel}","templated":true}]}}