{"id":3080,"date":"2018-12-29T17:39:15","date_gmt":"2018-12-29T16:39:15","guid":{"rendered":"http:\/\/wordpress.nibis.de\/semsopos\/?page_id=3080"},"modified":"2024-12-20T10:53:11","modified_gmt":"2024-12-20T09:53:11","slug":"fachdidaktiken","status":"publish","type":"page","link":"https:\/\/wordpress.nibis.de\/semsopos\/fachdidaktiken\/","title":{"rendered":"Fachdidaktiken"},"content":{"rendered":"<p>Die Ausbildungs- und Pr\u00fcfungsverordnung (APVO) sieht im Studienseminar f\u00fcr das Lehramt f\u00fcr Sonderp\u00e4dagogik sieht zur Zeit die Ausbildung in einer Fachdidaktik vor. Das bedeutet, dass Sie Ihren gesamten Ausbildungsunterricht im Umfang von 12 Unterrichtsstunden ausschlie\u00dflich in dieser Fachdidaktik unterrichten d\u00fcrfen. Au\u00dferdem ist die Anwesenheit von mindestens zwei Sch\u00fclerinnen oder Sch\u00fclern in den Klassen\/Lerngruppen gefordert, die einen Bedarf an sonderp\u00e4dagogischer Unterst\u00fctzung in Ihrem ausgebildeten F\u00f6rderschwerpunkt aufweisen.<\/p>\n<p>Unter bestimmten Voraussetzungen k\u00f6nnen Sie die Ausbildung in einer <strong>weiteren Fachdidaktik <\/strong>beantragen (siehe \u00a73 der APVO und die entsprechenden Durchf\u00fchrungsbestimmungen). Sie m\u00fcssen dieses weitere Fach auf Masterniveau (oder vergleichbar) studiert haben. Einen entsprechenden <a href=\"https:\/\/wordpress.nibis.de\/semsopos\/files\/Ausbildung-Weiteres-Fach-2.docx\" target=\"_blank\" rel=\"noopener\"><strong>Antrag auf Ausbildung in einem weiteren Fach<\/strong><\/a> k\u00f6nnen Sie innerhalb von vier Wochen nach Beginn der Ausbildung im Studienseminar stellen. Diese Option kann unter Umst\u00e4nden helfen, die Anzahl der Lerngruppen zu reduzieren. F\u00fcr die Pr\u00fcfung entscheiden Sie sich, welches Fach (in beiden Pr\u00fcfungsstunden) gezeigt werden soll. Der Zeitpunkt daf\u00fcr liegt am Ende des 14 Ausbildungsmonats wenn auch die Ausbildungsnote ermittelt wird. Sie entscheiden selbst, welche Note &#8211; und damit welche Fachdidaktik &#8211; in Ihrer Pr\u00fcfung gezeigt wird.<\/p>\n<p>Inhaltlich bereiten die Fachdidaktikseminare auf die Planung und Durchf\u00fchrung eines fachdidaktisch begr\u00fcndeten und methodisch durchdachten Unterrichts vor, der die unterschiedlichen Beeintr\u00e4chtigungen der Sch\u00fclerinnen und Sch\u00fcler ber\u00fccksichtigt.<\/p>\n<p>In unserem Studienseminar werden einige &#8211; kleine &#8211; Fachdidaktikseminare standort\u00fcbergreifend in Osnabr\u00fcck oder in Aurich angeboten. Bei einzelnen &#8211; ganz kleinen &#8211; Fachdidaktiken greifen wir auf die etablierte Kooperation mit den Studienseminaren im GHR-Bereich zur\u00fcck. Eine \u00dcbersicht \u00fcber die Fachdidaktikseminare\u00a0 finden Sie in dieser <a href=\"https:\/\/wordpress.nibis.de\/semsopos\/uebersicht-fachseminare\/\" target=\"_blank\" rel=\"noopener\"><strong>Tabelle<\/strong><\/a>.<\/p>\n","protected":false},"excerpt":{"rendered":"<p>Die Ausbildungs- und Pr\u00fcfungsverordnung (APVO) sieht im Studienseminar f\u00fcr das Lehramt f\u00fcr Sonderp\u00e4dagogik sieht zur Zeit die Ausbildung in einer Fachdidaktik vor. Das bedeutet, dass Sie Ihren gesamten Ausbildungsunterricht im Umfang von 12 Unterrichtsstunden ausschlie\u00dflich in dieser Fachdidaktik unterrichten d\u00fcrfen. Au\u00dferdem ist die Anwesenheit von mindestens zwei Sch\u00fclerinnen oder Sch\u00fclern in den Klassen\/Lerngruppen gefordert, die [&hellip;]<\/p>\n","protected":false},"author":1287,"featured_media":0,"parent":0,"menu_order":0,"comment_status":"closed","ping_status":"closed","template":"","meta":{"footnotes":""},"class_list":["post-3080","page","type-page","status-publish","hentry"],"_links":{"self":[{"href":"https:\/\/wordpress.nibis.de\/semsopos\/wp-json\/wp\/v2\/pages\/3080","targetHints":{"allow":["GET"]}}],"collection":[{"href":"https:\/\/wordpress.nibis.de\/semsopos\/wp-json\/wp\/v2\/pages"}],"about":[{"href":"https:\/\/wordpress.nibis.de\/semsopos\/wp-json\/wp\/v2\/types\/page"}],"author":[{"embeddable":true,"href":"https:\/\/wordpress.nibis.de\/semsopos\/wp-json\/wp\/v2\/users\/1287"}],"replies":[{"embeddable":true,"href":"https:\/\/wordpress.nibis.de\/semsopos\/wp-json\/wp\/v2\/comments?post=3080"}],"version-history":[{"count":5,"href":"https:\/\/wordpress.nibis.de\/semsopos\/wp-json\/wp\/v2\/pages\/3080\/revisions"}],"predecessor-version":[{"id":6365,"href":"https:\/\/wordpress.nibis.de\/semsopos\/wp-json\/wp\/v2\/pages\/3080\/revisions\/6365"}],"wp:attachment":[{"href":"https:\/\/wordpress.nibis.de\/semsopos\/wp-json\/wp\/v2\/media?parent=3080"}],"curies":[{"name":"wp","href":"https:\/\/api.w.org\/{rel}","templated":true}]}}