{"id":1112,"date":"2020-01-08T13:23:30","date_gmt":"2020-01-08T12:23:30","guid":{"rendered":"https:\/\/wordpress.nibis.de\/sib\/?page_id=1112"},"modified":"2020-09-28T21:29:12","modified_gmt":"2020-09-28T19:29:12","slug":"g-11b","status":"publish","type":"page","link":"https:\/\/wordpress.nibis.de\/sib\/archiv\/schuljahr-2019-2020\/g-11b\/","title":{"rendered":"G 11b 2019\/2020"},"content":{"rendered":"\n<figure class=\"wp-block-image\"><img loading=\"lazy\" decoding=\"async\" width=\"605\" height=\"340\" src=\"https:\/\/wordpress.nibis.de\/sib\/files\/2020\/01\/grafik-3.png\" alt=\"\" class=\"wp-image-1113\" srcset=\"https:\/\/wordpress.nibis.de\/sib\/files\/2020\/01\/grafik-3.png 605w, https:\/\/wordpress.nibis.de\/sib\/files\/2020\/01\/grafik-3-250x141.png 250w\" sizes=\"auto, (max-width: 605px) 100vw, 605px\" \/><figcaption><br> <\/figcaption><\/figure>\n\n\n\n<p><\/p>\n\n\n\n<p>Jedes Jahr im Herbst starten wir wieder\nmit unserem Klassenprojekt &#8222;Feuer und Flamme&#8220;. Wir stellen aus\ngespendeten Wachsresten, f\u00fcr die wir sehr dankbar sind, sch\u00f6ne Kerzen her. <\/p>\n\n\n\n<p>Zur Produktion unserer Kerzen geh\u00f6ren\nviele Arbeitsschritte: <\/p>\n\n\n\n<p>Kerzenreste nach Farben sortieren,\nschmutzige Stellen im Wachs entfernen, Dochte vorbereiten, Kerzengie\u00dfformen mit\nGummis dicht machen, Wachs schmelzen, fl\u00fcssiges Wachs in die Formen einf\u00fcllen, fertige\nKerzen aus der Form herausnehmen. Alle machen mit. Das Projekt macht uns viel\nSpa\u00df. <\/p>\n\n\n\n<p>Die G 11b &nbsp;<\/p>\n","protected":false},"excerpt":{"rendered":"<p>Jedes Jahr im Herbst starten wir wieder mit unserem Klassenprojekt &#8222;Feuer und Flamme&#8220;. Wir stellen aus gespendeten Wachsresten, f\u00fcr die wir sehr dankbar sind, sch\u00f6ne Kerzen her. Zur Produktion unserer Kerzen geh\u00f6ren viele Arbeitsschritte: Kerzenreste nach Farben sortieren, schmutzige Stellen im Wachs entfernen, Dochte vorbereiten, Kerzengie\u00dfformen mit Gummis dicht machen, Wachs schmelzen, fl\u00fcssiges Wachs in &hellip; <a href=\"https:\/\/wordpress.nibis.de\/sib\/archiv\/schuljahr-2019-2020\/g-11b\/\" class=\"more-link\"><span class=\"screen-reader-text\">G 11b 2019\/2020<\/span> weiterlesen <span class=\"meta-nav\">&rarr;<\/span><\/a><\/p>\n","protected":false},"author":9192613,"featured_media":0,"parent":1353,"menu_order":0,"comment_status":"closed","ping_status":"closed","template":"","meta":{"footnotes":""},"class_list":["post-1112","page","type-page","status-publish","hentry"],"_links":{"self":[{"href":"https:\/\/wordpress.nibis.de\/sib\/wp-json\/wp\/v2\/pages\/1112","targetHints":{"allow":["GET"]}}],"collection":[{"href":"https:\/\/wordpress.nibis.de\/sib\/wp-json\/wp\/v2\/pages"}],"about":[{"href":"https:\/\/wordpress.nibis.de\/sib\/wp-json\/wp\/v2\/types\/page"}],"author":[{"embeddable":true,"href":"https:\/\/wordpress.nibis.de\/sib\/wp-json\/wp\/v2\/users\/9192613"}],"replies":[{"embeddable":true,"href":"https:\/\/wordpress.nibis.de\/sib\/wp-json\/wp\/v2\/comments?post=1112"}],"version-history":[{"count":2,"href":"https:\/\/wordpress.nibis.de\/sib\/wp-json\/wp\/v2\/pages\/1112\/revisions"}],"predecessor-version":[{"id":1368,"href":"https:\/\/wordpress.nibis.de\/sib\/wp-json\/wp\/v2\/pages\/1112\/revisions\/1368"}],"up":[{"embeddable":true,"href":"https:\/\/wordpress.nibis.de\/sib\/wp-json\/wp\/v2\/pages\/1353"}],"wp:attachment":[{"href":"https:\/\/wordpress.nibis.de\/sib\/wp-json\/wp\/v2\/media?parent=1112"}],"curies":[{"name":"wp","href":"https:\/\/api.w.org\/{rel}","templated":true}]}}