{"id":691,"date":"2019-03-08T16:40:20","date_gmt":"2019-03-08T15:40:20","guid":{"rendered":"https:\/\/wordpress.nibis.de\/sib\/?page_id=691"},"modified":"2020-09-28T21:34:19","modified_gmt":"2020-09-28T19:34:19","slug":"g-5c","status":"publish","type":"page","link":"https:\/\/wordpress.nibis.de\/sib\/archiv\/schuljahr-2018-2019\/g-5c\/","title":{"rendered":"G 5c 2018\/2019"},"content":{"rendered":"\n<p class=\"has-text-align-right\">08.03.2019<\/p>\n\n\n\n<p>Hallo, wir sind die Klasse G5c und stolze Besitzer eines eigenen Gartens! <\/p>\n\n\n\n<p>Der befindet sich n\u00e4mlich direkt neben unserem Klassenraum und hat eine Laube mit Gartenger\u00e4ten, einen langen Holztisch mit B\u00e4nken, viele B\u00fcsche und Blumen,&nbsp; Platz zum Spielen und die weltbeste Aussicht bis zur Marienburg! <\/p>\n\n\n\n<p class=\"has-text-align-left\">Im\nMoment sind wir damit besch\u00e4ftigt, die Spuren des Winters zu beseitigen und\nPlatz f\u00fcr ein Gem\u00fcsebeet zu schaffen. Dann k\u00f6nnen wir hoffentlich im Sommer\nunsere eigenen M\u00f6hren, Tomaten, Gurken oder Erbsen ernten \u2013 das wird bestimmt\nlecker und passt perfekt zu unserem Thema \u201eGesunde Ern\u00e4hrung\u201c.<\/p>\n\n\n\n<p class=\"has-text-align-left\">Im\nHerbst haben wir in einer Feuerschale unsere gesammelten St\u00f6cke und Holzst\u00fccke\nverbrannt und lecker Folienkartoffeln im Feuer gegrillt. Wenn das Wetter sch\u00f6n\nist, fr\u00fchst\u00fccken wir sehr gern drau\u00dfen.<\/p>\n\n\n\n<p class=\"has-text-align-left\">Kommt\nuns doch mal besuchen in unserem Garten!<\/p>\n\n\n\n<p class=\"has-text-align-left\">Eure Klasse G5c<\/p>\n\n\n\n<figure class=\"wp-block-image\"><img loading=\"lazy\" decoding=\"async\" width=\"1200\" height=\"494\" src=\"https:\/\/wordpress.nibis.de\/sib\/files\/2019\/03\/Garten-1-1200x494.jpg\" alt=\"\" class=\"wp-image-692\" \/><figcaption>unser Garten im Sommer<\/figcaption><\/figure>\n\n\n\n<figure class=\"wp-block-gallery columns-3 is-cropped wp-block-gallery-1 is-layout-flex wp-block-gallery-is-layout-flex\"><ul class=\"blocks-gallery-grid\"><li class=\"blocks-gallery-item\"><figure><img loading=\"lazy\" decoding=\"async\" width=\"1024\" height=\"675\" src=\"https:\/\/wordpress.nibis.de\/sib\/files\/2019\/03\/Garten-2-1024x675.jpg\" alt=\"\" data-id=\"693\" data-link=\"https:\/\/wordpress.nibis.de\/sib\/?attachment_id=693\" class=\"wp-image-693\" \/><figcaption class=\"blocks-gallery-item__caption\">die ersten Schneegl\u00f6ckchen<\/figcaption><\/figure><\/li><li class=\"blocks-gallery-item\"><figure><img loading=\"lazy\" decoding=\"async\" width=\"559\" height=\"675\" src=\"https:\/\/wordpress.nibis.de\/sib\/files\/2019\/03\/Garten-3-e1552058885997-559x675.jpg\" alt=\"\" data-id=\"694\" data-link=\"https:\/\/wordpress.nibis.de\/sib\/?attachment_id=694\" class=\"wp-image-694\" \/><figcaption class=\"blocks-gallery-item__caption\">alle sind flei\u00dfig&#8230;<\/figcaption><\/figure><\/li><li class=\"blocks-gallery-item\"><figure><img loading=\"lazy\" decoding=\"async\" width=\"569\" height=\"675\" src=\"https:\/\/wordpress.nibis.de\/sib\/files\/2019\/03\/Garten-4-569x675.jpg\" alt=\"\" data-id=\"696\" data-link=\"https:\/\/wordpress.nibis.de\/sib\/?attachment_id=696\" class=\"wp-image-696\" \/><\/figure><\/li><li class=\"blocks-gallery-item\"><figure><img loading=\"lazy\" decoding=\"async\" width=\"580\" height=\"675\" src=\"https:\/\/wordpress.nibis.de\/sib\/files\/2019\/03\/Garten-5-e1552059191545-580x675.jpg\" alt=\"\" data-id=\"697\" data-link=\"https:\/\/wordpress.nibis.de\/sib\/?attachment_id=697\" class=\"wp-image-697\" \/><\/figure><\/li><li class=\"blocks-gallery-item\"><figure><img loading=\"lazy\" decoding=\"async\" width=\"576\" height=\"675\" src=\"https:\/\/wordpress.nibis.de\/sib\/files\/2019\/03\/Garten-6-576x675.jpg\" alt=\"\" data-id=\"698\" data-link=\"https:\/\/wordpress.nibis.de\/sib\/?attachment_id=698\" class=\"wp-image-698\" \/><figcaption class=\"blocks-gallery-item__caption\">&#8230; mehr oder weniger \ud83d\ude42<\/figcaption><\/figure><\/li><\/ul><\/figure>\n","protected":false},"excerpt":{"rendered":"<p>08.03.2019 Hallo, wir sind die Klasse G5c und stolze Besitzer eines eigenen Gartens! Der befindet sich n\u00e4mlich direkt neben unserem Klassenraum und hat eine Laube mit Gartenger\u00e4ten, einen langen Holztisch mit B\u00e4nken, viele B\u00fcsche und Blumen,&nbsp; Platz zum Spielen und die weltbeste Aussicht bis zur Marienburg! Im Moment sind wir damit besch\u00e4ftigt, die Spuren des &hellip; <a href=\"https:\/\/wordpress.nibis.de\/sib\/archiv\/schuljahr-2018-2019\/g-5c\/\" class=\"more-link\"><span class=\"screen-reader-text\">G 5c 2018\/2019<\/span> weiterlesen <span class=\"meta-nav\">&rarr;<\/span><\/a><\/p>\n","protected":false},"author":9192613,"featured_media":0,"parent":1096,"menu_order":0,"comment_status":"closed","ping_status":"closed","template":"","meta":{"footnotes":""},"class_list":["post-691","page","type-page","status-publish","hentry"],"_links":{"self":[{"href":"https:\/\/wordpress.nibis.de\/sib\/wp-json\/wp\/v2\/pages\/691","targetHints":{"allow":["GET"]}}],"collection":[{"href":"https:\/\/wordpress.nibis.de\/sib\/wp-json\/wp\/v2\/pages"}],"about":[{"href":"https:\/\/wordpress.nibis.de\/sib\/wp-json\/wp\/v2\/types\/page"}],"author":[{"embeddable":true,"href":"https:\/\/wordpress.nibis.de\/sib\/wp-json\/wp\/v2\/users\/9192613"}],"replies":[{"embeddable":true,"href":"https:\/\/wordpress.nibis.de\/sib\/wp-json\/wp\/v2\/comments?post=691"}],"version-history":[{"count":6,"href":"https:\/\/wordpress.nibis.de\/sib\/wp-json\/wp\/v2\/pages\/691\/revisions"}],"predecessor-version":[{"id":1377,"href":"https:\/\/wordpress.nibis.de\/sib\/wp-json\/wp\/v2\/pages\/691\/revisions\/1377"}],"up":[{"embeddable":true,"href":"https:\/\/wordpress.nibis.de\/sib\/wp-json\/wp\/v2\/pages\/1096"}],"wp:attachment":[{"href":"https:\/\/wordpress.nibis.de\/sib\/wp-json\/wp\/v2\/media?parent=691"}],"curies":[{"name":"wp","href":"https:\/\/api.w.org\/{rel}","templated":true}]}}