{"id":1858,"date":"2025-03-26T13:31:49","date_gmt":"2025-03-26T12:31:49","guid":{"rendered":"https:\/\/wordpress.nibis.de\/sltagung\/?page_id=1858"},"modified":"2025-07-09T14:35:59","modified_gmt":"2025-07-09T12:35:59","slug":"programm-der-tagung-2025","status":"publish","type":"page","link":"https:\/\/wordpress.nibis.de\/sltagung\/programm-der-tagung-2025\/","title":{"rendered":"Programm der Tagung 2025"},"content":{"rendered":"\n<h2 class=\"has-text-align-center\"><strong>Wie st\u00e4rken wir unsere Demokratie?<\/strong><\/h2>\n<h2 class=\"has-text-align-center\"><strong>Schule zwischen digitaler Eruption und gesellschaftlicher Spaltung \u2013 Fakten, Impulse, Praxis<\/strong><\/h2>\n\n\n\n<hr class=\"wp-block-separator\" \/>\n\n\n\n<p>Wir stellen f\u00fcr Sie ein spannendes und informatives Programm f\u00fcr beide Tage zusammen. Auf dieser Seite erhalten Sie einen ersten Einblick.<\/p>\n<p>Bitte beachten Sie, dass die folgende Programm\u00fcbersicht vorl\u00e4ufig ist. Schauen Sie gerne regelm\u00e4\u00dfig vorbei, um auf dem neuesten Stand zu bleiben.<\/p>\n\n\n\n<hr class=\"wp-block-separator\" \/>\n\n\n\n<h1 class=\"has-text-align-center wp-block-heading\">Keynotes<\/h1>\n\n\n\n<figure class=\"wp-block-gallery has-nested-images columns-default is-cropped wp-block-gallery-1 is-layout-flex wp-block-gallery-is-layout-flex\">\n<figure class=\"wp-block-image size-large is-style-tw-hard-shadow\"><a href=\"https:\/\/wordpress.nibis.de\/sltagung\/keynote-am-28-08-2025-prof-dr-monika-oberle-demokratie-unter-druck-herausforderungen-loesungen-perspektiven\/\"><img loading=\"lazy\" decoding=\"async\" width=\"1000\" height=\"400\" data-id=\"2205\" src=\"https:\/\/wordpress.nibis.de\/sltagung\/files\/2025\/04\/Keynote1-1.png\" alt=\"\" class=\"wp-image-2205\" srcset=\"https:\/\/wordpress.nibis.de\/sltagung\/files\/2025\/04\/Keynote1-1.png 1000w, https:\/\/wordpress.nibis.de\/sltagung\/files\/2025\/04\/Keynote1-1-300x120.png 300w, https:\/\/wordpress.nibis.de\/sltagung\/files\/2025\/04\/Keynote1-1-768x307.png 768w, https:\/\/wordpress.nibis.de\/sltagung\/files\/2025\/04\/Keynote1-1-604x242.png 604w\" sizes=\"auto, (max-width: 1000px) 100vw, 1000px\" \/><\/a><\/figure>\n\n\n\n<figure class=\"wp-block-image size-large is-style-tw-hard-shadow\"><a href=\"https:\/\/wordpress.nibis.de\/sltagung\/keynote-am-29-08-2025-prof-dr-steve-kenner\/\"><img loading=\"lazy\" decoding=\"async\" width=\"1000\" height=\"400\" data-id=\"2025\" src=\"https:\/\/wordpress.nibis.de\/sltagung\/files\/2025\/04\/Keynote2.png\" alt=\"\" class=\"wp-image-2025\" srcset=\"https:\/\/wordpress.nibis.de\/sltagung\/files\/2025\/04\/Keynote2.png 1000w, https:\/\/wordpress.nibis.de\/sltagung\/files\/2025\/04\/Keynote2-300x120.png 300w, https:\/\/wordpress.nibis.de\/sltagung\/files\/2025\/04\/Keynote2-768x307.png 768w, https:\/\/wordpress.nibis.de\/sltagung\/files\/2025\/04\/Keynote2-604x242.png 604w\" sizes=\"auto, (max-width: 1000px) 100vw, 1000px\" \/><\/a><\/figure>\n<\/figure>\n\n\n\n<hr class=\"wp-block-separator\" \/>\n\n\n\n<h1 class=\"has-text-align-center wp-block-heading\">Arbeitsphasen am 28.08.2025<\/h1>\n\n\n<p>In praxisnahen Workshops von jeweils etwa zwei Stunden tauchen Sie in die Tagungsthemen ein. Die Workshops finden in zwei Bl\u00f6cken statt, sodass Sie die M\u00f6glichkeit haben, zwei verschiedene Themen auszuw\u00e4hlen.<\/p>\n\n\n<figure class=\"wp-block-gallery has-nested-images columns-2 is-cropped is-style-default wp-block-gallery-2 is-layout-flex wp-block-gallery-is-layout-flex\">\n<figure class=\"wp-block-image size-large is-style-tw-hard-shadow\"><a href=\"https:\/\/schulleitungstagung.nibis.de\/digitale-transformation-und-demokratiebildung-strategien-fuer-schulleitungen\/\"><img loading=\"lazy\" decoding=\"async\" width=\"1000\" height=\"400\" data-id=\"2064\" src=\"https:\/\/wordpress.nibis.de\/sltagung\/files\/2025\/04\/Salim.png\" alt=\"\" class=\"wp-image-2064\" srcset=\"https:\/\/wordpress.nibis.de\/sltagung\/files\/2025\/04\/Salim.png 1000w, https:\/\/wordpress.nibis.de\/sltagung\/files\/2025\/04\/Salim-300x120.png 300w, https:\/\/wordpress.nibis.de\/sltagung\/files\/2025\/04\/Salim-768x307.png 768w, https:\/\/wordpress.nibis.de\/sltagung\/files\/2025\/04\/Salim-604x242.png 604w\" sizes=\"auto, (max-width: 1000px) 100vw, 1000px\" \/><\/a><\/figure>\n\n\n\n<figure class=\"wp-block-image size-large is-style-tw-hard-shadow\"><a href=\"https:\/\/wordpress.nibis.de\/sltagung\/demokratie-und-ethik-im-zeitalter-von-ki\/\"><img loading=\"lazy\" decoding=\"async\" width=\"1000\" height=\"400\" data-id=\"2095\" src=\"https:\/\/wordpress.nibis.de\/sltagung\/files\/2025\/04\/Koeberer-Grauer.png\" alt=\"\" class=\"wp-image-2095\" srcset=\"https:\/\/wordpress.nibis.de\/sltagung\/files\/2025\/04\/Koeberer-Grauer.png 1000w, https:\/\/wordpress.nibis.de\/sltagung\/files\/2025\/04\/Koeberer-Grauer-300x120.png 300w, https:\/\/wordpress.nibis.de\/sltagung\/files\/2025\/04\/Koeberer-Grauer-768x307.png 768w, https:\/\/wordpress.nibis.de\/sltagung\/files\/2025\/04\/Koeberer-Grauer-604x242.png 604w\" sizes=\"auto, (max-width: 1000px) 100vw, 1000px\" \/><\/a><\/figure>\n\n\n\n<figure class=\"wp-block-image size-large is-style-tw-hard-shadow\"><a href=\"https:\/\/schulleitungstagung.nibis.de\/eine-schulgemeinschaft-demokratisch-fuehren-mit-dem-perma-lead-vielfalt-erleben-wohlbefinden-und-gemeinschaft-gestalten\/\"><img loading=\"lazy\" decoding=\"async\" width=\"1000\" height=\"400\" data-id=\"2065\" src=\"https:\/\/wordpress.nibis.de\/sltagung\/files\/2025\/04\/Gerull.png\" alt=\"\" class=\"wp-image-2065\" srcset=\"https:\/\/wordpress.nibis.de\/sltagung\/files\/2025\/04\/Gerull.png 1000w, https:\/\/wordpress.nibis.de\/sltagung\/files\/2025\/04\/Gerull-300x120.png 300w, https:\/\/wordpress.nibis.de\/sltagung\/files\/2025\/04\/Gerull-768x307.png 768w, https:\/\/wordpress.nibis.de\/sltagung\/files\/2025\/04\/Gerull-604x242.png 604w\" sizes=\"auto, (max-width: 1000px) 100vw, 1000px\" \/><\/a><\/figure>\n\n\n\n<figure class=\"wp-block-image size-large is-style-tw-hard-shadow\"><a href=\"https:\/\/schulleitungstagung.nibis.de\/ki-und-demokratie-kritik-und-nutzung-von-ki-als-thema-der-demokratiebildung\/\"><img loading=\"lazy\" decoding=\"async\" width=\"1000\" height=\"400\" data-id=\"2271\" src=\"https:\/\/wordpress.nibis.de\/sltagung\/files\/2025\/07\/AID.png\" alt=\"\" class=\"wp-image-2271\" srcset=\"https:\/\/wordpress.nibis.de\/sltagung\/files\/2025\/07\/AID.png 1000w, https:\/\/wordpress.nibis.de\/sltagung\/files\/2025\/07\/AID-300x120.png 300w, https:\/\/wordpress.nibis.de\/sltagung\/files\/2025\/07\/AID-768x307.png 768w, https:\/\/wordpress.nibis.de\/sltagung\/files\/2025\/07\/AID-604x242.png 604w\" sizes=\"auto, (max-width: 1000px) 100vw, 1000px\" \/><\/a><\/figure>\n\n\n\n<figure class=\"wp-block-image size-large is-style-tw-hard-shadow\"><a href=\"https:\/\/wordpress.nibis.de\/sltagung\/die-kraft-der-sprache-ueber-sprachvielfalt-und-innere-entwicklung-im-bildungsraum\/\"><img loading=\"lazy\" decoding=\"async\" width=\"1000\" height=\"400\" data-id=\"2045\" src=\"https:\/\/wordpress.nibis.de\/sltagung\/files\/2025\/04\/Oeztuerk.png\" alt=\"\" class=\"wp-image-2045\" srcset=\"https:\/\/wordpress.nibis.de\/sltagung\/files\/2025\/04\/Oeztuerk.png 1000w, https:\/\/wordpress.nibis.de\/sltagung\/files\/2025\/04\/Oeztuerk-300x120.png 300w, https:\/\/wordpress.nibis.de\/sltagung\/files\/2025\/04\/Oeztuerk-768x307.png 768w, https:\/\/wordpress.nibis.de\/sltagung\/files\/2025\/04\/Oeztuerk-604x242.png 604w\" sizes=\"auto, (max-width: 1000px) 100vw, 1000px\" \/><\/a><\/figure>\n\n\n\n<figure class=\"wp-block-image size-large is-style-tw-hard-shadow\"><a href=\"https:\/\/schulleitungstagung.nibis.de\/schulische-medienprojekte-als-beitrag-zur-demokratiebildung\/\"><img loading=\"lazy\" decoding=\"async\" width=\"1000\" height=\"400\" data-id=\"2041\" src=\"https:\/\/wordpress.nibis.de\/sltagung\/files\/2025\/04\/Schieb.png\" alt=\"\" class=\"wp-image-2041\" srcset=\"https:\/\/wordpress.nibis.de\/sltagung\/files\/2025\/04\/Schieb.png 1000w, https:\/\/wordpress.nibis.de\/sltagung\/files\/2025\/04\/Schieb-300x120.png 300w, https:\/\/wordpress.nibis.de\/sltagung\/files\/2025\/04\/Schieb-768x307.png 768w, https:\/\/wordpress.nibis.de\/sltagung\/files\/2025\/04\/Schieb-604x242.png 604w\" sizes=\"auto, (max-width: 1000px) 100vw, 1000px\" \/><\/a><\/figure>\n\n\n\n<figure class=\"wp-block-image size-large is-style-tw-hard-shadow\"><a href=\"https:\/\/schulleitungstagung.nibis.de\/schuelerpartizipation-in-einer-kultur-der-digitalitaet-datenbasierte-schulentwicklung-und-zeitgemaesse-beteiligungsformate\/\"><img loading=\"lazy\" decoding=\"async\" width=\"1000\" height=\"400\" data-id=\"2082\" src=\"https:\/\/wordpress.nibis.de\/sltagung\/files\/2025\/04\/Schmidt-1.png\" alt=\"\" class=\"wp-image-2082\" srcset=\"https:\/\/wordpress.nibis.de\/sltagung\/files\/2025\/04\/Schmidt-1.png 1000w, https:\/\/wordpress.nibis.de\/sltagung\/files\/2025\/04\/Schmidt-1-300x120.png 300w, https:\/\/wordpress.nibis.de\/sltagung\/files\/2025\/04\/Schmidt-1-768x307.png 768w, https:\/\/wordpress.nibis.de\/sltagung\/files\/2025\/04\/Schmidt-1-604x242.png 604w\" sizes=\"auto, (max-width: 1000px) 100vw, 1000px\" \/><\/a><\/figure>\n\n\n\n<figure class=\"wp-block-image size-large is-style-tw-hard-shadow\"><a href=\"https:\/\/schulleitungstagung.nibis.de\/von-daten-zu-entscheidungen-wie-ki-systeme-schleichend-werte-untergraben\/\"><img loading=\"lazy\" decoding=\"async\" width=\"1000\" height=\"400\" data-id=\"2105\" src=\"https:\/\/wordpress.nibis.de\/sltagung\/files\/2025\/04\/Brueggemann-Riecken-2.png\" alt=\"\" class=\"wp-image-2105\" srcset=\"https:\/\/wordpress.nibis.de\/sltagung\/files\/2025\/04\/Brueggemann-Riecken-2.png 1000w, https:\/\/wordpress.nibis.de\/sltagung\/files\/2025\/04\/Brueggemann-Riecken-2-300x120.png 300w, https:\/\/wordpress.nibis.de\/sltagung\/files\/2025\/04\/Brueggemann-Riecken-2-768x307.png 768w, https:\/\/wordpress.nibis.de\/sltagung\/files\/2025\/04\/Brueggemann-Riecken-2-604x242.png 604w\" sizes=\"auto, (max-width: 1000px) 100vw, 1000px\" \/><\/a><\/figure>\n\n\n\n<figure class=\"wp-block-image size-large is-style-tw-hard-shadow\"><a href=\"https:\/\/wordpress.nibis.de\/sltagung\/perspektive-wechseln-haltung-zeigen-freiraeume-suchen\/\"><img loading=\"lazy\" decoding=\"async\" width=\"1000\" height=\"400\" data-id=\"2182\" src=\"https:\/\/wordpress.nibis.de\/sltagung\/files\/2025\/04\/Loest-Koenig.png\" alt=\"\" class=\"wp-image-2182\" srcset=\"https:\/\/wordpress.nibis.de\/sltagung\/files\/2025\/04\/Loest-Koenig.png 1000w, https:\/\/wordpress.nibis.de\/sltagung\/files\/2025\/04\/Loest-Koenig-300x120.png 300w, https:\/\/wordpress.nibis.de\/sltagung\/files\/2025\/04\/Loest-Koenig-768x307.png 768w, https:\/\/wordpress.nibis.de\/sltagung\/files\/2025\/04\/Loest-Koenig-604x242.png 604w\" sizes=\"auto, (max-width: 1000px) 100vw, 1000px\" \/><\/a><\/figure>\n\n\n\n<figure class=\"wp-block-image size-large is-style-tw-hard-shadow\"><a href=\"https:\/\/wordpress.nibis.de\/sltagung\/diskriminierungskritische-schul-und-unterrichtsentwicklung\/\"><img loading=\"lazy\" decoding=\"async\" width=\"1000\" height=\"400\" data-id=\"2179\" src=\"https:\/\/wordpress.nibis.de\/sltagung\/files\/2025\/04\/Gomis-1.png\" alt=\"\" class=\"wp-image-2179\" srcset=\"https:\/\/wordpress.nibis.de\/sltagung\/files\/2025\/04\/Gomis-1.png 1000w, https:\/\/wordpress.nibis.de\/sltagung\/files\/2025\/04\/Gomis-1-300x120.png 300w, https:\/\/wordpress.nibis.de\/sltagung\/files\/2025\/04\/Gomis-1-768x307.png 768w, https:\/\/wordpress.nibis.de\/sltagung\/files\/2025\/04\/Gomis-1-604x242.png 604w\" sizes=\"auto, (max-width: 1000px) 100vw, 1000px\" \/><\/a><\/figure>\n<\/figure>\n\n\n\n<hr class=\"wp-block-separator\" \/>\n\n\n\n<h1 class=\"has-text-align-center wp-block-heading\"><strong>Podiumsdiskussion am 29.08.2025<\/strong><\/h1>\n\n\n\n<figure class=\"wp-block-image size-full is-style-tw-hard-shadow\"><a href=\"https:\/\/schulleitungstagung.nibis.de\/podiumsdiskussion-wie-staerken-wir-unsere-demokratie-perspektiven-aus-wissenschaft-schule-und-gesellschaft\/\"><img loading=\"lazy\" decoding=\"async\" width=\"1000\" height=\"400\" src=\"https:\/\/wordpress.nibis.de\/sltagung\/files\/2025\/04\/Podiumsdiskussion.png\" alt=\"\" class=\"wp-image-2175\" srcset=\"https:\/\/wordpress.nibis.de\/sltagung\/files\/2025\/04\/Podiumsdiskussion.png 1000w, https:\/\/wordpress.nibis.de\/sltagung\/files\/2025\/04\/Podiumsdiskussion-300x120.png 300w, https:\/\/wordpress.nibis.de\/sltagung\/files\/2025\/04\/Podiumsdiskussion-768x307.png 768w, https:\/\/wordpress.nibis.de\/sltagung\/files\/2025\/04\/Podiumsdiskussion-604x242.png 604w\" sizes=\"auto, (max-width: 1000px) 100vw, 1000px\" \/><\/a><\/figure>\n\n\n\n<hr class=\"wp-block-separator\" \/>\n\n\n\n<div class=\"wp-block-image is-style-tw-hard-shadow\"><figure class=\"aligncenter size-full\"><a href=\"moderation-der-tagung\"><img loading=\"lazy\" decoding=\"async\" width=\"1000\" height=\"400\" src=\"https:\/\/wordpress.nibis.de\/sltagung\/files\/2025\/03\/Riensberg-1.png\" alt=\"\" class=\"wp-image-1914\" srcset=\"https:\/\/wordpress.nibis.de\/sltagung\/files\/2025\/03\/Riensberg-1.png 1000w, https:\/\/wordpress.nibis.de\/sltagung\/files\/2025\/03\/Riensberg-1-300x120.png 300w, https:\/\/wordpress.nibis.de\/sltagung\/files\/2025\/03\/Riensberg-1-768x307.png 768w, https:\/\/wordpress.nibis.de\/sltagung\/files\/2025\/03\/Riensberg-1-604x242.png 604w\" sizes=\"auto, (max-width: 1000px) 100vw, 1000px\" \/><\/a><\/figure><\/div>\n","protected":false},"excerpt":{"rendered":"<p>Wie st\u00e4rken wir unsere Demokratie? Schule zwischen digitaler Eruption und gesellschaftlicher Spaltung \u2013 Fakten, Impulse, Praxis Wir stellen f\u00fcr Sie ein spannendes und informatives Programm f\u00fcr beide Tage zusammen. Auf dieser Seite erhalten Sie einen ersten Einblick. Bitte beachten Sie, dass die folgende Programm\u00fcbersicht vorl\u00e4ufig ist. Schauen Sie gerne regelm\u00e4\u00dfig vorbei, um auf dem neuesten Stand zu bleiben. Keynotes Arbeitsphasen am 28.08.2025 In praxisnahen Workshops von jeweils etwa zwei Stunden tauchen Sie in die Tagungsthemen ein. Die Workshops finden in&#8230;<\/p>\n<p class=\"read-more\"><a class=\"btn btn-default\" href=\"https:\/\/wordpress.nibis.de\/sltagung\/programm-der-tagung-2025\/\">Weiterlesen<span class=\"screen-reader-text\"> Weiterlesen<\/span><\/a><\/p>\n","protected":false},"author":9193395,"featured_media":0,"parent":0,"menu_order":0,"comment_status":"closed","ping_status":"closed","template":"","meta":{"footnotes":""},"class_list":["post-1858","page","type-page","status-publish","hentry"],"_links":{"self":[{"href":"https:\/\/wordpress.nibis.de\/sltagung\/wp-json\/wp\/v2\/pages\/1858","targetHints":{"allow":["GET"]}}],"collection":[{"href":"https:\/\/wordpress.nibis.de\/sltagung\/wp-json\/wp\/v2\/pages"}],"about":[{"href":"https:\/\/wordpress.nibis.de\/sltagung\/wp-json\/wp\/v2\/types\/page"}],"author":[{"embeddable":true,"href":"https:\/\/wordpress.nibis.de\/sltagung\/wp-json\/wp\/v2\/users\/9193395"}],"replies":[{"embeddable":true,"href":"https:\/\/wordpress.nibis.de\/sltagung\/wp-json\/wp\/v2\/comments?post=1858"}],"version-history":[{"count":48,"href":"https:\/\/wordpress.nibis.de\/sltagung\/wp-json\/wp\/v2\/pages\/1858\/revisions"}],"predecessor-version":[{"id":2273,"href":"https:\/\/wordpress.nibis.de\/sltagung\/wp-json\/wp\/v2\/pages\/1858\/revisions\/2273"}],"wp:attachment":[{"href":"https:\/\/wordpress.nibis.de\/sltagung\/wp-json\/wp\/v2\/media?parent=1858"}],"curies":[{"name":"wp","href":"https:\/\/api.w.org\/{rel}","templated":true}]}}