{"id":1998,"date":"2025-04-03T08:07:56","date_gmt":"2025-04-03T06:07:56","guid":{"rendered":"https:\/\/wordpress.nibis.de\/sltagung\/?page_id=1998"},"modified":"2025-08-26T11:49:17","modified_gmt":"2025-08-26T09:49:17","slug":"die-kraft-der-sprache-ueber-sprachvielfalt-und-innere-entwicklung-im-bildungsraum","status":"publish","type":"page","link":"https:\/\/wordpress.nibis.de\/sltagung\/die-kraft-der-sprache-ueber-sprachvielfalt-und-innere-entwicklung-im-bildungsraum\/","title":{"rendered":"Die Kraft der Sprache \u2013 \u00dcber Sprachvielfalt und innere Entwicklung im Bildungsraum"},"content":{"rendered":"\n<h2>Raum: Hamburg<\/h2>\n\n\n\n<p><img loading=\"lazy\" decoding=\"async\" class=\"size-medium wp-image-2054 alignleft\" src=\"https:\/\/wordpress.nibis.de\/sltagung\/files\/2025\/04\/Yelda-Bild-1-199x300.png\" alt=\"\" width=\"199\" height=\"300\" srcset=\"https:\/\/wordpress.nibis.de\/sltagung\/files\/2025\/04\/Yelda-Bild-1-199x300.png 199w, https:\/\/wordpress.nibis.de\/sltagung\/files\/2025\/04\/Yelda-Bild-1-179x270.png 179w, https:\/\/wordpress.nibis.de\/sltagung\/files\/2025\/04\/Yelda-Bild-1.png 265w\" sizes=\"auto, (max-width: 199px) 100vw, 199px\" \/> <img loading=\"lazy\" decoding=\"async\" class=\"size-medium wp-image-2055 alignleft\" src=\"https:\/\/wordpress.nibis.de\/sltagung\/files\/2025\/04\/Foto-Seyhan-002-200x300.jpg\" alt=\"\" width=\"200\" height=\"300\" srcset=\"https:\/\/wordpress.nibis.de\/sltagung\/files\/2025\/04\/Foto-Seyhan-002-200x300.jpg 200w, https:\/\/wordpress.nibis.de\/sltagung\/files\/2025\/04\/Foto-Seyhan-002-180x270.jpg 180w, https:\/\/wordpress.nibis.de\/sltagung\/files\/2025\/04\/Foto-Seyhan-002.jpg 267w\" sizes=\"auto, (max-width: 200px) 100vw, 200px\" \/>Im ersten Teil erhalten die Teilnehmenden einen fachlichen \u00dcberblick zur aktuellen Situation von Mehrsprachigkeit im nieders\u00e4chsischen Schulkontext. Erg\u00e4nzt wird dieser durch Reflexionsimpulse zur Rolle und Bedeutung von Sprache \u2013 insbesondere der Erstsprache \u2013 f\u00fcr Kinder und Jugendliche im schulischen Alltag.<\/p>\n<p>Im zweiten Teil geben wir Einblick in ein freiwilliges, partizipatives Begleitangebot f\u00fcr Lehrende und p\u00e4dagogische Fachkr\u00e4fte. Hier stehen Methoden der Achtsamkeit und Gewaltfreien Kommunikation im Fokus, die (Selbst)Wahrnehmung, F\u00fcrsorge und Beziehungskompetenz st\u00e4rken. Diese F\u00e4higkeiten gelten als Grundlage f\u00fcr eine demokratische Haltung und eine Kultur der Verbundenheit im Bildungsbereich.<\/p>\n<p><strong>Ziel:<\/strong> Ziel ist es, Orientierung zur aktuellen Lage der Mehrsprachigkeit im Schulkontext zu geben und zum Austausch \u00fcber die Rolle von Erstsprache und Sprachvielfalt einzuladen. Im zweiten Teil m\u00f6chten wir erfahrbar machen, wie Achtsamkeit und Gewaltfreie Kommunikation dazu beitragen k\u00f6nnen, innere Haltungen und Beziehungskompetenz im Bildungsalltag zu st\u00e4rken \u2013 als Basis f\u00fcr ein demokratisches Miteinander.<\/p>\n<p><strong>Yelda Balkuv <\/strong>ist Kommunikationsexpertin mit den Schwerpunkten Gewaltfreie Kommunikation und Achtsamkeit. Sie entwickelt Bildungsangebote im Kontext innerer Haltung und Demokratief\u00e4higkeitenbildung.<\/p>\n<p><strong>Seyhan \u00d6zt\u00fcrk <\/strong>Rechtsanw\u00e4ltin, Vorsitzende F\u00f6TEV-Nds e. V. sowie stellvertretende Vorsitzende AGF e.V.\u00a0und engagiert sich seit vielen Jahren in der (Eltern-)Bildung. Ihr Fokus liegt auf Chancengleichheit, Teilhabe und Mehrsprachigkeit in Gremien und Verb\u00e4nden.<\/p>\n","protected":false},"excerpt":{"rendered":"<p>Raum: Hamburg Im ersten Teil erhalten die Teilnehmenden einen fachlichen \u00dcberblick zur aktuellen Situation von Mehrsprachigkeit im nieders\u00e4chsischen Schulkontext. Erg\u00e4nzt wird dieser durch Reflexionsimpulse zur Rolle und Bedeutung von Sprache \u2013 insbesondere der Erstsprache \u2013 f\u00fcr Kinder und Jugendliche im schulischen Alltag. Im zweiten Teil geben wir Einblick in ein freiwilliges, partizipatives Begleitangebot f\u00fcr Lehrende und p\u00e4dagogische Fachkr\u00e4fte. Hier stehen Methoden der Achtsamkeit und Gewaltfreien Kommunikation im Fokus, die (Selbst)Wahrnehmung, F\u00fcrsorge und Beziehungskompetenz st\u00e4rken. Diese F\u00e4higkeiten gelten als Grundlage f\u00fcr&#8230;<\/p>\n<p class=\"read-more\"><a class=\"btn btn-default\" href=\"https:\/\/wordpress.nibis.de\/sltagung\/die-kraft-der-sprache-ueber-sprachvielfalt-und-innere-entwicklung-im-bildungsraum\/\">Weiterlesen<span class=\"screen-reader-text\"> Weiterlesen<\/span><\/a><\/p>\n","protected":false},"author":9193395,"featured_media":0,"parent":0,"menu_order":0,"comment_status":"closed","ping_status":"closed","template":"","meta":{"footnotes":""},"class_list":["post-1998","page","type-page","status-publish","hentry"],"_links":{"self":[{"href":"https:\/\/wordpress.nibis.de\/sltagung\/wp-json\/wp\/v2\/pages\/1998","targetHints":{"allow":["GET"]}}],"collection":[{"href":"https:\/\/wordpress.nibis.de\/sltagung\/wp-json\/wp\/v2\/pages"}],"about":[{"href":"https:\/\/wordpress.nibis.de\/sltagung\/wp-json\/wp\/v2\/types\/page"}],"author":[{"embeddable":true,"href":"https:\/\/wordpress.nibis.de\/sltagung\/wp-json\/wp\/v2\/users\/9193395"}],"replies":[{"embeddable":true,"href":"https:\/\/wordpress.nibis.de\/sltagung\/wp-json\/wp\/v2\/comments?post=1998"}],"version-history":[{"count":6,"href":"https:\/\/wordpress.nibis.de\/sltagung\/wp-json\/wp\/v2\/pages\/1998\/revisions"}],"predecessor-version":[{"id":2306,"href":"https:\/\/wordpress.nibis.de\/sltagung\/wp-json\/wp\/v2\/pages\/1998\/revisions\/2306"}],"wp:attachment":[{"href":"https:\/\/wordpress.nibis.de\/sltagung\/wp-json\/wp\/v2\/media?parent=1998"}],"curies":[{"name":"wp","href":"https:\/\/api.w.org\/{rel}","templated":true}]}}