{"id":2004,"date":"2025-04-23T12:48:12","date_gmt":"2025-04-23T10:48:12","guid":{"rendered":"https:\/\/wordpress.nibis.de\/sltagung\/?page_id=2004"},"modified":"2025-08-26T11:52:04","modified_gmt":"2025-08-26T09:52:04","slug":"diskriminierungskritische-schul-und-unterrichtsentwicklung","status":"publish","type":"page","link":"https:\/\/wordpress.nibis.de\/sltagung\/diskriminierungskritische-schul-und-unterrichtsentwicklung\/","title":{"rendered":"Diskriminierungskritische Schul- und Unterrichtsentwicklung"},"content":{"rendered":"\n<h2>Raum: Hannover<\/h2>\n\n\n\n<p>Im Rahmen des Workshops werden zun\u00e4chst Einblicke in M\u00f6glichkeiten und Grenzen einer diskriminierungskritischen Schul- und Unterrichtsentwicklung gegeben. Im Anschluss soll neben einer praktischen Arbeit an beispielhaften F\u00e4llen die Querschnittsaufgabe Antidiskriminierung gemeinsam f\u00fcr die Praxis \u00fcberpr\u00fcft und handhabbar gemacht werden.\u00a0<br \/><br \/><strong>Saraya Gomis<\/strong> war neben ihrer Arbeit als Lehrerin u.a. die erste Antidiskriminierungsbeauftragte f\u00fcr Berliner Schulen und von 2021 bis 2023 Staatssekret\u00e4rin f\u00fcr Vielfalt und Antidiskriminierung der Berliner Senatsverwaltung f\u00fcr Justiz, Vielfalt und Antidiskriminierung. Sie besch\u00e4ftigt sich insbesondere mit institutionellen Diskriminierungen, der Organisationsentwicklung und institutionellen Ver\u00e4nderungsprozessen.<\/p>\n","protected":false},"excerpt":{"rendered":"<p>Raum: Hannover Im Rahmen des Workshops werden zun\u00e4chst Einblicke in M\u00f6glichkeiten und Grenzen einer diskriminierungskritischen Schul- und Unterrichtsentwicklung gegeben. Im Anschluss soll neben einer praktischen Arbeit an beispielhaften F\u00e4llen die Querschnittsaufgabe Antidiskriminierung gemeinsam f\u00fcr die Praxis \u00fcberpr\u00fcft und handhabbar gemacht werden.\u00a0 Saraya Gomis war neben ihrer Arbeit als Lehrerin u.a. die erste Antidiskriminierungsbeauftragte f\u00fcr Berliner Schulen und von 2021 bis 2023 Staatssekret\u00e4rin f\u00fcr Vielfalt und Antidiskriminierung der Berliner Senatsverwaltung f\u00fcr Justiz, Vielfalt und Antidiskriminierung. Sie besch\u00e4ftigt sich insbesondere mit institutionellen&#8230;<\/p>\n<p class=\"read-more\"><a class=\"btn btn-default\" href=\"https:\/\/wordpress.nibis.de\/sltagung\/diskriminierungskritische-schul-und-unterrichtsentwicklung\/\">Weiterlesen<span class=\"screen-reader-text\"> Weiterlesen<\/span><\/a><\/p>\n","protected":false},"author":9193395,"featured_media":0,"parent":0,"menu_order":0,"comment_status":"closed","ping_status":"closed","template":"","meta":{"footnotes":""},"class_list":["post-2004","page","type-page","status-publish","hentry"],"_links":{"self":[{"href":"https:\/\/wordpress.nibis.de\/sltagung\/wp-json\/wp\/v2\/pages\/2004","targetHints":{"allow":["GET"]}}],"collection":[{"href":"https:\/\/wordpress.nibis.de\/sltagung\/wp-json\/wp\/v2\/pages"}],"about":[{"href":"https:\/\/wordpress.nibis.de\/sltagung\/wp-json\/wp\/v2\/types\/page"}],"author":[{"embeddable":true,"href":"https:\/\/wordpress.nibis.de\/sltagung\/wp-json\/wp\/v2\/users\/9193395"}],"replies":[{"embeddable":true,"href":"https:\/\/wordpress.nibis.de\/sltagung\/wp-json\/wp\/v2\/comments?post=2004"}],"version-history":[{"count":3,"href":"https:\/\/wordpress.nibis.de\/sltagung\/wp-json\/wp\/v2\/pages\/2004\/revisions"}],"predecessor-version":[{"id":2311,"href":"https:\/\/wordpress.nibis.de\/sltagung\/wp-json\/wp\/v2\/pages\/2004\/revisions\/2311"}],"wp:attachment":[{"href":"https:\/\/wordpress.nibis.de\/sltagung\/wp-json\/wp\/v2\/media?parent=2004"}],"curies":[{"name":"wp","href":"https:\/\/api.w.org\/{rel}","templated":true}]}}