{"id":2128,"date":"2025-04-17T13:02:20","date_gmt":"2025-04-17T11:02:20","guid":{"rendered":"https:\/\/wordpress.nibis.de\/sltagung\/?page_id=2128"},"modified":"2025-06-03T13:41:27","modified_gmt":"2025-06-03T11:41:27","slug":"tagesplaene-2","status":"publish","type":"page","link":"https:\/\/wordpress.nibis.de\/sltagung\/tagesplaene-2\/","title":{"rendered":"Tagespl\u00e4ne"},"content":{"rendered":"\n<p style=\"text-align: center\"><strong>Vorl\u00e4ufige Tagesplanung<\/strong><\/p>\n<p style=\"text-align: center\"><em><strong>\u00c4nderungen sind m\u00f6glich!<\/strong><\/em><\/p>\n\n\n\n<div class=\"wp-block-columns is-layout-flex wp-container-core-columns-is-layout-abceabcf wp-block-columns-is-layout-flex\">\n<div class=\"wp-block-column is-layout-flow wp-block-column-is-layout-flow\" style=\"--col-width:100%;flex-basis:100%\">\n<figure class=\"wp-block-table is-style-stripes\"><table><tbody><tr><td><\/td><td><strong>Donnerstag, 28. August 2025<\/strong><\/td><td><\/td><\/tr><tr><td><strong>9:00 Uhr<\/strong> <\/td><td><strong>Ankommen der Teilnehmerinnen <\/strong><br><strong>und Teilnehmer<\/strong>,<br><strong>Begr\u00fc\u00dfungskaffee<\/strong><\/td><td><strong>B\u00f6hme Lounge<\/strong><\/td><\/tr><tr><td><strong>10:00 Uhr<\/strong><\/td><td><strong>Begr\u00fc\u00dfung:<\/strong> <strong>Frau Dr. Elke Richlick<\/strong> <br>(<em>Beh\u00f6rdenleiterin des NLQ<\/em>)<\/td><td><strong>B\u00f6hmesaal<\/strong><\/td><\/tr><tr><td><strong>10:30 Uhr<\/strong><\/td><td><strong><a href=\"https:\/\/schulleitungstagung.nibis.de\/keynote-am-28-08-2025-prof-dr-monika-oberle-demokratie-unter-druck-herausforderungen-loesungen-perspektiven\/\">Keynote: Prof. Dr. Monika Oberle<\/a><\/strong><\/td><td><strong>B\u00f6hmesaal<\/strong><\/td><\/tr><tr><td><strong>11:30 Uhr<\/strong><\/td><td><strong>Pr\u00e4sentation der Bildungsmarkt-Themenst\u00e4nde<\/strong><\/td><td><strong><strong>B\u00f6hmesaal<\/strong><\/strong><\/td><\/tr><tr><td><strong>12:00 Uhr<\/strong><\/td><td><strong>Mittagessen<\/strong><\/td><td><strong>Restaurant<\/strong><\/td><\/tr><tr><td><strong>13:00 Uhr<\/strong><\/td><td><strong><strong>Arbeitsphase I in Kleingruppen<\/strong><\/strong><\/td><td><strong><strong><a href=\"https:\/\/schulleitungstagung.nibis.de\/tagungshaus\/\">s. Raumplan<\/a><\/strong><\/strong><\/td><\/tr><tr><td><strong>14:45 Uhr<\/strong><\/td><td><strong>Kaffeepause<\/strong><\/td><td><strong><strong>B\u00f6hme Lounge<\/strong><\/strong><\/td><\/tr><tr><td><strong>15:15 Uhr<\/strong><\/td><td><strong>Arbeitsphase II in Kleingruppen<\/strong><\/td><td><strong><a href=\"https:\/\/schulleitungstagung.nibis.de\/tagungshaus\/\">s. Raumplan<\/a><\/strong><\/td><\/tr><tr><td><strong>17:00 Uhr<\/strong><\/td><td><strong><strong>Impuls: Kultusministerin Julia Willie Hamburg<\/strong><\/strong><\/td><td><strong><strong><strong>B\u00f6hmesaal<\/strong><\/strong><\/strong><\/td><\/tr><tr><td><strong>17:30 Uhr<\/strong><\/td><td><strong><strong>Im Dialog mit Frau Ministerin: Reflexion und Austausch<\/strong><\/strong><\/td><td><strong><strong><strong><strong>B\u00f6hmesaal<\/strong><\/strong><\/strong><\/strong><\/td><\/tr><tr><td><strong>18:00 Uhr<\/strong><\/td><td><strong>Bilanz des Tages<\/strong><br><strong>Austausch und Diskussion<\/strong><\/td><td><strong>B\u00f6hmesaal<\/strong><\/td><\/tr><tr><td><strong>18:30 Uhr<\/strong><\/td><td><strong>Abendessen<\/strong><\/td><td><strong>Restaurant<\/strong><\/td><\/tr><tr><td><strong>ab <br>19:30 Uhr<\/strong><\/td><td><strong><strong>Abendgestaltung mit Programmangeboten<\/strong><\/strong><\/td><td><\/td><\/tr><\/tbody><\/table><\/figure>\n<\/div>\n<\/div>\n\n\n\n\n\n<figure class=\"wp-block-table is-style-stripes\"><table><tbody><tr><td><\/td><td><strong>Freitag, 29. August 2025<\/strong><\/td><td><\/td><\/tr><tr><td><strong>8:30 Uhr<\/strong> <\/td><td><strong>Ankommen und<\/strong><br><strong>Begr\u00fc\u00dfungskaffee<\/strong><\/td><td><strong>B\u00f6hme Lounge<\/strong><\/td><\/tr><tr><td><strong><span style=\"color:#000000\" class=\"tadv-color\">9:00 Uhr<\/span><\/strong><\/td><td><strong><a href=\"https:\/\/schulleitungstagung.nibis.de\/keynote-am-29-08-2025-prof-dr-steve-kenner\/\">Keynote: Prof. Dr. Steve Kenner<\/a><\/strong><\/td><td><strong>B\u00f6hmesaal<\/strong><\/td><\/tr><tr><td><strong>10:00 Uhr<\/strong><\/td><td><strong>Reflexion &amp; Austausch I &#8211; Von Wissenschaft zur Praxis<\/strong><\/td><td><\/td><\/tr><tr><td><strong><span style=\"color:#000000\" class=\"tadv-color\">10:40 Uhr<\/span><\/strong><\/td><td><strong>Kaffeepause<\/strong><\/td><td><strong>B\u00f6hme Lounge<\/strong><\/td><\/tr><tr><td><strong><span style=\"color:#000000\" class=\"tadv-color\">11:00 Uhr<\/span><\/strong><\/td><td><a href=\"https:\/\/schulleitungstagung.nibis.de\/podiumsdiskussion-wie-staerken-wir-unsere-demokratie-perspektiven-aus-wissenschaft-schule-und-gesellschaft\/\"><strong>Podiumsdiskussion: <\/strong><br><em>Wie st\u00e4rken wir unsere Demokratie? <\/em><br><em>Perspektiven aus Wissenschaft, Schule <\/em><br><em>und Gesellschaft<\/em><\/a><\/td><td><strong>B\u00f6hmesaal<\/strong><\/td><\/tr><tr><td><strong>12:30 Uhr<\/strong><\/td><td><strong>Reflexion &amp; Austausch II &#8211; Meine n\u00e4chsten Schritte<\/strong><\/td><td><\/td><\/tr><tr><td><strong><span style=\"color:#000000\" class=\"tadv-color\">13:30 Uhr<\/span><\/strong><\/td><td><span style=\"color:#000000\" class=\"tadv-color\"><strong>Bilanz<\/strong> <strong>und<\/strong> <strong>Schlussworte<\/strong><\/span>:<br>Nieders\u00e4chsischen Schulleitungstagung 2025<\/td><td><strong>B\u00f6hmesaal<\/strong><\/td><\/tr><tr><td><strong><span style=\"color:#000000\" class=\"tadv-color\">14:30 Uhr<\/span><\/strong><\/td><td><strong><span style=\"color:#000000\" class=\"tadv-color\">Ausklang und Verabschiedung mit Imbiss<\/span><\/strong><\/td><td><\/td><\/tr><tr><td><\/td><td><\/td><td><\/td><\/tr><\/tbody><\/table><\/figure>\n","protected":false},"excerpt":{"rendered":"<p>Vorl\u00e4ufige Tagesplanung \u00c4nderungen sind m\u00f6glich! Donnerstag, 28. August 2025 9:00 Uhr Ankommen der Teilnehmerinnen und Teilnehmer,Begr\u00fc\u00dfungskaffee B\u00f6hme Lounge 10:00 Uhr Begr\u00fc\u00dfung: Frau Dr. Elke Richlick (Beh\u00f6rdenleiterin des NLQ) B\u00f6hmesaal 10:30 Uhr Keynote: Prof. Dr. Monika Oberle B\u00f6hmesaal 11:30 Uhr Pr\u00e4sentation der Bildungsmarkt-Themenst\u00e4nde B\u00f6hmesaal 12:00 Uhr Mittagessen Restaurant 13:00 Uhr Arbeitsphase I in Kleingruppen s. Raumplan 14:45 Uhr Kaffeepause B\u00f6hme Lounge 15:15 Uhr Arbeitsphase II in Kleingruppen s. Raumplan 17:00 Uhr Impuls: Kultusministerin Julia Willie Hamburg B\u00f6hmesaal 17:30 Uhr Im Dialog&#8230;<\/p>\n<p class=\"read-more\"><a class=\"btn btn-default\" href=\"https:\/\/wordpress.nibis.de\/sltagung\/tagesplaene-2\/\">Weiterlesen<span class=\"screen-reader-text\"> Weiterlesen<\/span><\/a><\/p>\n","protected":false},"author":9193395,"featured_media":0,"parent":0,"menu_order":0,"comment_status":"closed","ping_status":"closed","template":"","meta":{"footnotes":""},"class_list":["post-2128","page","type-page","status-publish","hentry"],"_links":{"self":[{"href":"https:\/\/wordpress.nibis.de\/sltagung\/wp-json\/wp\/v2\/pages\/2128","targetHints":{"allow":["GET"]}}],"collection":[{"href":"https:\/\/wordpress.nibis.de\/sltagung\/wp-json\/wp\/v2\/pages"}],"about":[{"href":"https:\/\/wordpress.nibis.de\/sltagung\/wp-json\/wp\/v2\/types\/page"}],"author":[{"embeddable":true,"href":"https:\/\/wordpress.nibis.de\/sltagung\/wp-json\/wp\/v2\/users\/9193395"}],"replies":[{"embeddable":true,"href":"https:\/\/wordpress.nibis.de\/sltagung\/wp-json\/wp\/v2\/comments?post=2128"}],"version-history":[{"count":36,"href":"https:\/\/wordpress.nibis.de\/sltagung\/wp-json\/wp\/v2\/pages\/2128\/revisions"}],"predecessor-version":[{"id":2216,"href":"https:\/\/wordpress.nibis.de\/sltagung\/wp-json\/wp\/v2\/pages\/2128\/revisions\/2216"}],"wp:attachment":[{"href":"https:\/\/wordpress.nibis.de\/sltagung\/wp-json\/wp\/v2\/media?parent=2128"}],"curies":[{"name":"wp","href":"https:\/\/api.w.org\/{rel}","templated":true}]}}