{"id":2229,"date":"2025-06-10T12:21:30","date_gmt":"2025-06-10T10:21:30","guid":{"rendered":"https:\/\/wordpress.nibis.de\/sltagung\/?page_id=2229"},"modified":"2025-06-10T14:06:47","modified_gmt":"2025-06-10T12:06:47","slug":"digital-divide-was-koennen-sie-als-schulleitung-tun-um-die-digitalen-kompetenzen-von-schuelerinnen-an-ihrer-schule-zu-staerken-digital-leadership-ki","status":"publish","type":"page","link":"https:\/\/wordpress.nibis.de\/sltagung\/digital-divide-was-koennen-sie-als-schulleitung-tun-um-die-digitalen-kompetenzen-von-schuelerinnen-an-ihrer-schule-zu-staerken-digital-leadership-ki\/","title":{"rendered":"Digital Divide"},"content":{"rendered":"\n<p class=\"wp-block wp-block-post-title block-editor-block-list__block editor-post-title editor-post-title__input rich-text is-selected\" role=\"textbox\" aria-label=\"Titel hier eingeben\">Digital-Divide &#8211; Was k\u00f6nnen Sie als Schulleitung tun, um die digitalen Kompetenzen von Sch\u00fcler*innen an Ihrer Schule zu st\u00e4rken (Digital Leadership &amp; KI)<\/p>\n<p>Das Thema <strong>Digital Divide<\/strong> besch\u00e4ftigt Wissenschaft und Praxis gleicherma\u00dfen. In diesem Online-Austausch erhalten Sie eine kompakte Zusammenfassung der zentralen Ergebnisse der internationalen Vergleichsstudie <strong>ICILS 2023<\/strong> \u2013 mit besonderem Fokus auf die Rolle der Schulleitung.<\/p>\n<p>Nach einem kurzen Impulsvortrag erhalten Sie\u00a0Gelegenheit in Kleingruppen \u00fcber die Bedeutung f\u00fcr Ihre Schule zu reflektieren und zu diskutieren sowie sich \u00fcber Erfahrungen, Herausforderungen und m\u00f6gliche L\u00f6sungsans\u00e4tze auszutauschen.<\/p>\n<p>\u00a0<\/p>\n<p><i>Hinweise: F\u00fcr die Teilnahme an der Veranstaltung entstehen Ihnen keine Kosten. Dieser Hinweis gilt auch f\u00fcr Schulen in freier Tr\u00e4gerschaft. Der Impuls von Lisa Hofmann und Dennis Wohlfeil wird zu Dokumentationszwecken videografiert.<\/i><\/p>\n<div style=\"width: 640px;\" class=\"wp-video\"><video class=\"wp-video-shortcode\" id=\"video-2229-1\" width=\"640\" height=\"360\" preload=\"metadata\" controls=\"controls\"><source type=\"video\/mp4\" src=\"https:\/\/wordpress.nibis.de\/sltagung\/files\/2025\/06\/NLQ_Digital_Divide.mp4?_=1\" \/><a href=\"https:\/\/wordpress.nibis.de\/sltagung\/files\/2025\/06\/NLQ_Digital_Divide.mp4\">https:\/\/wordpress.nibis.de\/sltagung\/files\/2025\/06\/NLQ_Digital_Divide.mp4<\/a><\/video><\/div>\n<p>\u00a0<\/p>\n","protected":false},"excerpt":{"rendered":"<p>Digital-Divide &#8211; Was k\u00f6nnen Sie als Schulleitung tun, um die digitalen Kompetenzen von Sch\u00fcler*innen an Ihrer Schule zu st\u00e4rken (Digital Leadership &amp; KI) Das Thema Digital Divide besch\u00e4ftigt Wissenschaft und Praxis gleicherma\u00dfen. In diesem Online-Austausch erhalten Sie eine kompakte Zusammenfassung der zentralen Ergebnisse der internationalen Vergleichsstudie ICILS 2023 \u2013 mit besonderem Fokus auf die Rolle der Schulleitung. Nach einem kurzen Impulsvortrag erhalten Sie\u00a0Gelegenheit in Kleingruppen \u00fcber die Bedeutung f\u00fcr Ihre Schule zu reflektieren und zu diskutieren sowie sich \u00fcber Erfahrungen,&#8230;<\/p>\n<p class=\"read-more\"><a class=\"btn btn-default\" href=\"https:\/\/wordpress.nibis.de\/sltagung\/digital-divide-was-koennen-sie-als-schulleitung-tun-um-die-digitalen-kompetenzen-von-schuelerinnen-an-ihrer-schule-zu-staerken-digital-leadership-ki\/\">Weiterlesen<span class=\"screen-reader-text\"> Weiterlesen<\/span><\/a><\/p>\n","protected":false},"author":9194208,"featured_media":0,"parent":0,"menu_order":0,"comment_status":"closed","ping_status":"closed","template":"","meta":{"footnotes":""},"class_list":["post-2229","page","type-page","status-publish","hentry"],"_links":{"self":[{"href":"https:\/\/wordpress.nibis.de\/sltagung\/wp-json\/wp\/v2\/pages\/2229","targetHints":{"allow":["GET"]}}],"collection":[{"href":"https:\/\/wordpress.nibis.de\/sltagung\/wp-json\/wp\/v2\/pages"}],"about":[{"href":"https:\/\/wordpress.nibis.de\/sltagung\/wp-json\/wp\/v2\/types\/page"}],"author":[{"embeddable":true,"href":"https:\/\/wordpress.nibis.de\/sltagung\/wp-json\/wp\/v2\/users\/9194208"}],"replies":[{"embeddable":true,"href":"https:\/\/wordpress.nibis.de\/sltagung\/wp-json\/wp\/v2\/comments?post=2229"}],"version-history":[{"count":3,"href":"https:\/\/wordpress.nibis.de\/sltagung\/wp-json\/wp\/v2\/pages\/2229\/revisions"}],"predecessor-version":[{"id":2250,"href":"https:\/\/wordpress.nibis.de\/sltagung\/wp-json\/wp\/v2\/pages\/2229\/revisions\/2250"}],"wp:attachment":[{"href":"https:\/\/wordpress.nibis.de\/sltagung\/wp-json\/wp\/v2\/media?parent=2229"}],"curies":[{"name":"wp","href":"https:\/\/api.w.org\/{rel}","templated":true}]}}