{"id":799,"date":"2023-06-08T12:01:38","date_gmt":"2023-06-08T10:01:38","guid":{"rendered":"https:\/\/wordpress.nibis.de\/sltagung\/?page_id=799"},"modified":"2025-03-27T10:26:00","modified_gmt":"2025-03-27T09:26:00","slug":"podiumsdiskussion-auf-der-niedersaechsischen-schulleitungstagung-2023","status":"publish","type":"page","link":"https:\/\/wordpress.nibis.de\/sltagung\/podiumsdiskussion-auf-der-niedersaechsischen-schulleitungstagung-2023\/","title":{"rendered":"ZZZ_Podiumsdiskussion auf der Nieders\u00e4chsischen Schulleitungstagung 2023!"},"content":{"rendered":"\n<div class=\"flex-1 overflow-hidden\">\n<div class=\"react-scroll-to-bottom--css-wzbmd-79elbk h-full dark:bg-gray-800\">\n<div class=\"react-scroll-to-bottom--css-wzbmd-1n7m0yu\">\n<div class=\"flex flex-col text-sm dark:bg-gray-800\">\n<div class=\"group w-full text-gray-800 dark:text-gray-100 border-b border-black\/10 dark:border-gray-900\/50 bg-gray-50 dark:bg-[#444654]\">\n<div class=\"flex p-4 gap-4 text-base md:gap-6 md:max-w-2xl lg:max-w-[38rem] xl:max-w-3xl md:py-6 lg:px-0 m-auto\">\n<div class=\"relative flex w-[calc(100%-50px)] flex-col gap-1 md:gap-3 lg:w-[calc(100%-115px)]\">\n<div class=\"flex flex-grow flex-col gap-3\">\n<div class=\"min-h-[20px] flex flex-col items-start gap-4 whitespace-pre-wrap break-words\">\n<div class=\"markdown prose w-full break-words dark:prose-invert light\">\n<p><strong>Thema: &#8222;KI das neue Normal? &#8211; Schule im Zeitalter der Digitalit\u00e4t f\u00fchren und entwickeln&#8220;<\/strong><\/p>\n<p>Die Nieders\u00e4chsische Schulleitungstagung 2023 er\u00f6ffnet den zweiten Tag mit einer Podiumsdiskussion, die sich mit zukunftsweisenden Fragen besch\u00e4ftigt:<\/p>\n<p><strong>\u00a0 \u00a0 \u00a0 \u00a0 \u00a0 \u00a0 \u00a0 \u00a0 \u00a0 \u00a0 \u00a0 \u00a0 \u00a0 \u00a0 \u00a0 \u00a0 \u00a0Wie f\u00fchre und entwickle ich Schule im Zeitalter von Digitalit\u00e4t?<\/strong><\/p>\n<p>\u00a0 \u00a0 \u00a0 \u00a0 \u00a0 \u00a0 \u00a0 \u00a0 \u00a0 \u00a0 \u00a0 \u00a0 \u00a0 \u00a0 \u00a0 \u00a0 \u00a0 \u00a0 \u00a0 \u00a0 \u00a0 \u00a0 \u00a0 \u00a0 \u00a0 \u00a0 \u00a0 \u00a0 \u00a0 \u00a0 \u00a0 \u00a0 \u00a0 \u00a0 \u00a0 \u00a0 \u00a0 \u00a0 \u00a0 \u00a0 \u00a0 \u00a0 \u00a0 \u00a0und<\/p>\n<p style=\"text-align: center\"><strong>Ist K\u00fcnstliche Intelligenz (KI) das neue Normal in der Schule?<\/strong><\/p>\n<p>In einer Welt, die von fortschreitender Digitalisierung und technologischem Wandel gepr\u00e4gt ist, stehen Schulen vor der Herausforderung, ihre Bildungslandschaft an die Anforderungen des 21. Jahrhunderts anzupassen. Wir freuen uns, hochkar\u00e4tige Expertinnen und Experten auf unserem Podium begr\u00fc\u00dfen zu d\u00fcrfen, um dieses faszinierende Thema zu diskutieren und ihre Perspektiven aufzuzeigen.<\/p>\n<p>Bei der Diskussion werden das Dagstuhl Dreieck \/ Frankfurt Dreieck in die Betrachtungen einbezogen. <br \/>Das Dagstuhl Dreieck \/ Frankfurt Dreieck repr\u00e4sentiert die drei Schl\u00fcsselaspekte f\u00fcr den erfolgreichen Einsatz von Digitalisierung \/ KI in der Schule: Mensch, Technologie und P\u00e4dagogik. Diese Perspektiven sind entscheidend, um ein ausgewogenes Verst\u00e4ndnis der Chancen und Herausforderungen von Digitalisierung \/ KI im Bildungsbereich zu entwickeln.<\/p>\n<p>Die Podiumsteilnehmenden werden ihre umfangreiche Expertise in den Bereichen Digitalisierung \/ KI, Schulleitung und P\u00e4dagogik sowie Ethik einbringen. Sie werden die vielf\u00e4ltigen Fragen beleuchten, die sich mit dem Einsatz von Digitalisierung \/ KI in der Schule ergeben:<\/p>\n<ul>\n<li>Wie kann Digitalisierung \/ KI die Lernerfahrung verbessern?<\/li>\n<li>Welche Auswirkungen hat Digitalisierung \/ KI auf den Lehrplan und den Unterrichtsprozess?<\/li>\n<li>Wie k\u00f6nnen \/ m\u00fcssen Pr\u00fcfungsformate zuk\u00fcnftig gestaltet sein?<\/li>\n<li>Wie k\u00f6nnen Schulen sicherstellen, dass digitale Medien \/ KI ethisch und verantwortungsvoll eingesetzt werden?<\/li>\n<li>Wie kann die Schulleitung die Entwicklung und Implementierung von Digitalisierung \/ KI in Schulen unterst\u00fctzen und begleiten?<\/li>\n<li>Wie k\u00f6nnen bildungspolitische Entscheidungstr\u00e4gerinnen und -tr\u00e4ger, Verwaltung und Beh\u00f6rde Schulleitungen bei Initiierung und Begleitung von digitaler Schulentwicklung unterst\u00fctzten?<\/li>\n<\/ul>\n<p>Diese Fragen werden aus verschiedenen Blickwinkeln betrachtet, so dass die individuellen Expertisen, Einsichten und Erfahrungen geteilt werden. Die Diskussion bietet die M\u00f6glichkeit, neue Erkenntnisse zu gewinnen, um Schulen effektiv in das Zeitalter der Digitalit\u00e4t zu f\u00fchren und zu entwickeln.<\/p>\n<p>Wir laden Sie herzlich ein, an dieser spannenden Podiumsdiskussion teilzunehmen. Seien Sie dabei, wenn Expertinnen und Experten ihre Einsichten, Erfahrungen und Visionen teilen und die Zukunft der Bildung im Zeitalter der Digitalit\u00e4t diskutieren. Zusammen k\u00f6nnen wir eine Bildungslandschaft gestalten, die Digitalisierung f\u00fcr Schul- und Unterrichtsentwicklung gezielt einsetzt KI als neues Normal erfolgreich integriert.<\/p>\n<p>Sichern Sie sich jetzt Ihren Platz f\u00fcr diese inspirierende Diskussion auf der Nieders\u00e4chsischen Schulleitungstagung 2023 und seien Sie ein Teil des Wandels! Melden Sie sich noch heute zur Tagung an!<\/p>\n<p>\u00a0<\/p>\n<figure id=\"attachment_1257\" aria-describedby=\"caption-attachment-1257\" style=\"width: 264px\" class=\"wp-caption alignleft\"><img loading=\"lazy\" decoding=\"async\" class=\"wp-image-1257\" src=\"https:\/\/wordpress.nibis.de\/sltagung\/files\/2023\/07\/Weber-198x300.jpg\" alt=\"\" width=\"264\" height=\"400\" srcset=\"https:\/\/wordpress.nibis.de\/sltagung\/files\/2023\/07\/Weber-198x300.jpg 198w, https:\/\/wordpress.nibis.de\/sltagung\/files\/2023\/07\/Weber-178x270.jpg 178w, https:\/\/wordpress.nibis.de\/sltagung\/files\/2023\/07\/Weber.jpg 211w\" sizes=\"auto, (max-width: 264px) 100vw, 264px\" \/><figcaption id=\"caption-attachment-1257\" class=\"wp-caption-text\"><strong><em>Bildrechte: Yorck Maecke<\/em><\/strong><\/figcaption><\/figure>\n<p><strong>Katja Weber<\/strong> f\u00fchrt durch die beiden Tage und moderiert die Podiumsdiskussion. Katja Weber arbeitet f\u00fcr radioeins\/rbb und Deutschlandfunk Nova, sie moderiert Veranstaltungen und Diskussionen, gern zu Fragen von Digitalisierung, Bildung, Gesellschaft und Politik. Ihre G\u00e4ste aus Bildung und Forschung werden sein:<\/p>\n<p>\u00a0<\/p>\n<p>\u00a0<\/p>\n<p>\u00a0<\/p>\n<p>\u00a0<\/p>\n<p><img loading=\"lazy\" decoding=\"async\" class=\" wp-image-1259 alignright\" src=\"https:\/\/wordpress.nibis.de\/sltagung\/files\/2023\/07\/Fellmann-199x300.jpg\" alt=\"\" width=\"199\" height=\"300\" srcset=\"https:\/\/wordpress.nibis.de\/sltagung\/files\/2023\/07\/Fellmann-199x300.jpg 199w, https:\/\/wordpress.nibis.de\/sltagung\/files\/2023\/07\/Fellmann-678x1024.jpg 678w, https:\/\/wordpress.nibis.de\/sltagung\/files\/2023\/07\/Fellmann-768x1160.jpg 768w, https:\/\/wordpress.nibis.de\/sltagung\/files\/2023\/07\/Fellmann-1017x1536.jpg 1017w, https:\/\/wordpress.nibis.de\/sltagung\/files\/2023\/07\/Fellmann-1356x2048.jpg 1356w, https:\/\/wordpress.nibis.de\/sltagung\/files\/2023\/07\/Fellmann-179x270.jpg 179w, https:\/\/wordpress.nibis.de\/sltagung\/files\/2023\/07\/Fellmann-scaled.jpg 1695w\" sizes=\"auto, (max-width: 199px) 100vw, 199px\" \/><\/p>\n<\/div>\n<\/div>\n<\/div>\n<p style=\"text-align: right\"><strong style=\"font-size: revert;text-align: right;color: initial\">Dr. Gabriela Fellmann<\/strong><span style=\"font-size: revert;text-align: right;color: initial\"><br \/>Ministerialr\u00e4tin in Referat 33 <br \/><\/span><span style=\"font-size: revert;text-align: right;color: initial\">\u00a0Gymnasien, Gesamtschulen, Abendgymnasien,<\/span><span style=\"font-size: revert;text-align: right;color: initial\"><br \/>Kollegs, Deutsche Schulen im Ausland \u2013 <br \/>des Nieders\u00e4chsischen Kultusministeriums und <br \/>Mitglied der l\u00e4nderoffenen KMK-AG \u201eK\u00fcnstliche Intelligenz&#8220;<\/span><\/p>\n<p>\u00a0<\/p>\n<div class=\"flex flex-grow flex-col gap-3\">\n<div class=\"min-h-[20px] flex flex-col items-start gap-4 whitespace-pre-wrap break-words\">\n<div class=\"markdown prose w-full break-words dark:prose-invert light\">\n<p style=\"text-align: left\"><strong><img loading=\"lazy\" decoding=\"async\" class=\"wp-image-1261 alignleft\" src=\"https:\/\/wordpress.nibis.de\/sltagung\/files\/2023\/07\/Thomas_Iser11_2021_klein-3.jpg\" alt=\"\" width=\"198\" height=\"297\" srcset=\"https:\/\/wordpress.nibis.de\/sltagung\/files\/2023\/07\/Thomas_Iser11_2021_klein-3.jpg 200w, https:\/\/wordpress.nibis.de\/sltagung\/files\/2023\/07\/Thomas_Iser11_2021_klein-3-180x270.jpg 180w\" sizes=\"auto, (max-width: 198px) 100vw, 198px\" \/><\/strong><\/p>\n<p>\u00a0<\/p>\n<p style=\"text-align: left\"><strong>Thomas Iser<\/strong>\u00a0<br \/>Stellvertretender Leiter des Referats 54 <br \/>\u201eBildung in der digitalen Welt\u201c und <br \/>stv. Bundesratsbeauftragter in der EU-AG <br \/>Digital Education, Learning, Teaching &amp; Assessment<\/p>\n<\/div>\n<p>\u00a0<\/p>\n<\/div>\n<\/div>\n<\/div>\n<div class=\"relative flex w-[calc(100%-50px)] flex-col gap-1 md:gap-3 lg:w-[calc(100%-115px)]\">\n<div class=\"flex flex-grow flex-col gap-3\">\n<div class=\"min-h-[20px] flex flex-col items-start gap-4 whitespace-pre-wrap break-words\">\n<div class=\"markdown prose w-full break-words dark:prose-invert light\">\n<p style=\"text-align: right\"><strong><img loading=\"lazy\" decoding=\"async\" class=\"size-medium wp-image-823 alignright\" src=\"https:\/\/wordpress.nibis.de\/sltagung\/files\/2023\/05\/Jan-Peter-Braun_03-1-200x300.jpg\" alt=\"\" width=\"200\" height=\"300\" srcset=\"https:\/\/wordpress.nibis.de\/sltagung\/files\/2023\/05\/Jan-Peter-Braun_03-1-200x300.jpg 200w, https:\/\/wordpress.nibis.de\/sltagung\/files\/2023\/05\/Jan-Peter-Braun_03-1-683x1024.jpg 683w, https:\/\/wordpress.nibis.de\/sltagung\/files\/2023\/05\/Jan-Peter-Braun_03-1-768x1152.jpg 768w, https:\/\/wordpress.nibis.de\/sltagung\/files\/2023\/05\/Jan-Peter-Braun_03-1-180x270.jpg 180w, https:\/\/wordpress.nibis.de\/sltagung\/files\/2023\/05\/Jan-Peter-Braun_03-1.jpg 960w\" sizes=\"auto, (max-width: 200px) 100vw, 200px\" \/><\/strong><\/p>\n<p>\u00a0<\/p>\n<p style=\"text-align: right\"><strong>Dr. Jan-Peter Braun<\/strong>\u00a0<br \/>Schulfachlicher Dezernent <br \/>Regionales Landesamt f\u00fcr Schule <br \/>und Bildung\u00a0Braunschweig<\/p>\n<p>\u00a0<\/p>\n<\/div>\n<\/div>\n<p>\u00a0<\/p>\n<div class=\"min-h-[20px] flex flex-col items-start gap-4 whitespace-pre-wrap break-words\">\n<div class=\"markdown prose w-full break-words dark:prose-invert light\">\n<p style=\"text-align: left\"><strong><img loading=\"lazy\" decoding=\"async\" class=\" wp-image-1262 alignleft\" src=\"https:\/\/wordpress.nibis.de\/sltagung\/files\/2023\/07\/Pietsch-200x300.jpg\" alt=\"\" width=\"200\" height=\"300\" srcset=\"https:\/\/wordpress.nibis.de\/sltagung\/files\/2023\/07\/Pietsch-200x300.jpg 200w, https:\/\/wordpress.nibis.de\/sltagung\/files\/2023\/07\/Pietsch-180x270.jpg 180w, https:\/\/wordpress.nibis.de\/sltagung\/files\/2023\/07\/Pietsch.jpg 213w\" sizes=\"auto, (max-width: 200px) 100vw, 200px\" \/><\/strong><\/p>\n<p>\u00a0<\/p>\n<p style=\"text-align: left\"><strong>Prof. Marcus Pietsch<\/strong>\u00a0<br \/>Professor f\u00fcr Bildungswissenschaft <br \/>an der Leuphana Universit\u00e4t L\u00fcneburg<\/p>\n<p>\u00a0<\/p>\n<p>\u00a0<\/p>\n<p style=\"text-align: right\"><strong><img loading=\"lazy\" decoding=\"async\" class=\"wp-image-1224 alignright\" src=\"https:\/\/wordpress.nibis.de\/sltagung\/files\/2023\/07\/schloendorf-christian2-206x300.png\" alt=\"\" width=\"205\" height=\"299\" srcset=\"https:\/\/wordpress.nibis.de\/sltagung\/files\/2023\/07\/schloendorf-christian2-206x300.png 206w, https:\/\/wordpress.nibis.de\/sltagung\/files\/2023\/07\/schloendorf-christian2-186x270.png 186w, https:\/\/wordpress.nibis.de\/sltagung\/files\/2023\/07\/schloendorf-christian2.png 265w\" sizes=\"auto, (max-width: 205px) 100vw, 205px\" \/><\/strong><\/p>\n<p>\u00a0<\/p>\n<p style=\"text-align: right\"><strong>Christian Schl\u00f6ndorf<\/strong>\u00a0<br \/>Fachbereichsleitung Medienbildung, <br \/>Nieders\u00e4chsisches Landesinstitut f\u00fcr schulische <br \/>Qualit\u00e4tsentwicklung, Fachbereich 53<\/p>\n<p>\u00a0<\/p>\n<\/div>\n<div class=\"markdown prose w-full break-words dark:prose-invert light\">\n<p>\u00a0<\/p>\n<p><strong><img loading=\"lazy\" decoding=\"async\" class=\"wp-image-1302 alignleft\" src=\"https:\/\/wordpress.nibis.de\/sltagung\/files\/2023\/07\/Hildt.DSC_3441-200x300.jpg\" alt=\"\" width=\"198\" height=\"297\" srcset=\"https:\/\/wordpress.nibis.de\/sltagung\/files\/2023\/07\/Hildt.DSC_3441-200x300.jpg 200w, https:\/\/wordpress.nibis.de\/sltagung\/files\/2023\/07\/Hildt.DSC_3441-684x1024.jpg 684w, https:\/\/wordpress.nibis.de\/sltagung\/files\/2023\/07\/Hildt.DSC_3441-768x1150.jpg 768w, https:\/\/wordpress.nibis.de\/sltagung\/files\/2023\/07\/Hildt.DSC_3441-1025x1536.jpg 1025w, https:\/\/wordpress.nibis.de\/sltagung\/files\/2023\/07\/Hildt.DSC_3441-180x270.jpg 180w, https:\/\/wordpress.nibis.de\/sltagung\/files\/2023\/07\/Hildt.DSC_3441.jpg 1183w\" sizes=\"auto, (max-width: 198px) 100vw, 198px\" \/><\/strong><\/p>\n<p>\u00a0<\/p>\n<p><strong>Prof. Dr. Elisabeth Hildt, <\/strong>Professorin f\u00fcr Philosophie und Direktorin des Center for the Study of Ethics in the Professions am Illinois Institute of Technology, Center for the Study of Ethics in the Professions, und L3S Forschungszentrum, LUH<\/p>\n<p>\u00a0<\/p>\n<p>\u00a0<\/p>\n<p style=\"text-align: right\"><strong><img loading=\"lazy\" decoding=\"async\" class=\"wp-image-1318 alignright\" src=\"https:\/\/wordpress.nibis.de\/sltagung\/files\/2023\/07\/Mueller-200x300.jpg\" alt=\"\" width=\"200\" height=\"300\" srcset=\"https:\/\/wordpress.nibis.de\/sltagung\/files\/2023\/07\/Mueller-200x300.jpg 200w, https:\/\/wordpress.nibis.de\/sltagung\/files\/2023\/07\/Mueller-180x270.jpg 180w, https:\/\/wordpress.nibis.de\/sltagung\/files\/2023\/07\/Mueller.jpg 267w\" sizes=\"auto, (max-width: 200px) 100vw, 200px\" \/><\/strong><\/p>\n<p>\u00a0<\/p>\n<p style=\"text-align: right\"><strong>Silke M\u00fcller<\/strong>, Schulleiterin der Oberschule Hatten, Digitalisierungsbotschafterin des Landes Niedersachsen, Autorin<\/p>\n<p>\u00a0<\/p>\n<p>\u00a0<\/p>\n<p>\u00a0<\/p>\n<p>\u00a0<\/p>\n<p style=\"text-align: left\">Der Nieders\u00e4chsische Landessch\u00fcler*innenrat ist zeitgleich durch einen eigenen &#8218;Aktionstag&#8216; eingebunden. Die komm. Vorstandsvorsitzende, <strong>Louisa Basner<\/strong>, bringt daher die Perspektive der Sch\u00fcler*innen \u00fcber eine Videobotschaft in die Diskussion ein.<\/p>\n<p><a href=\"https:\/\/schulleitungstagung.nibis.de\/impulse\/\">Zur\u00fcck zu den Impulsen<\/a><\/p>\n<\/div>\n<\/div>\n<\/div>\n<\/div>\n<\/div>\n<\/div>\n<\/div>\n<\/div>\n<\/div>\n<\/div>\n","protected":false},"excerpt":{"rendered":"<p>Thema: &#8222;KI das neue Normal? &#8211; Schule im Zeitalter der Digitalit\u00e4t f\u00fchren und entwickeln&#8220; Die Nieders\u00e4chsische Schulleitungstagung 2023 er\u00f6ffnet den zweiten Tag mit einer Podiumsdiskussion, die sich mit zukunftsweisenden Fragen besch\u00e4ftigt: \u00a0 \u00a0 \u00a0 \u00a0 \u00a0 \u00a0 \u00a0 \u00a0 \u00a0 \u00a0 \u00a0 \u00a0 \u00a0 \u00a0 \u00a0 \u00a0 \u00a0Wie f\u00fchre und entwickle ich Schule im Zeitalter von Digitalit\u00e4t? \u00a0 \u00a0 \u00a0 \u00a0 \u00a0 \u00a0 \u00a0 \u00a0 \u00a0 \u00a0 \u00a0 \u00a0 \u00a0 \u00a0 \u00a0 \u00a0 \u00a0 \u00a0 \u00a0 \u00a0 \u00a0 \u00a0 \u00a0&#8230;<\/p>\n<p class=\"read-more\"><a class=\"btn btn-default\" href=\"https:\/\/wordpress.nibis.de\/sltagung\/podiumsdiskussion-auf-der-niedersaechsischen-schulleitungstagung-2023\/\">Weiterlesen<span class=\"screen-reader-text\"> Weiterlesen<\/span><\/a><\/p>\n","protected":false},"author":9193395,"featured_media":0,"parent":0,"menu_order":0,"comment_status":"closed","ping_status":"closed","template":"","meta":{"footnotes":""},"class_list":["post-799","page","type-page","status-publish","hentry"],"_links":{"self":[{"href":"https:\/\/wordpress.nibis.de\/sltagung\/wp-json\/wp\/v2\/pages\/799","targetHints":{"allow":["GET"]}}],"collection":[{"href":"https:\/\/wordpress.nibis.de\/sltagung\/wp-json\/wp\/v2\/pages"}],"about":[{"href":"https:\/\/wordpress.nibis.de\/sltagung\/wp-json\/wp\/v2\/types\/page"}],"author":[{"embeddable":true,"href":"https:\/\/wordpress.nibis.de\/sltagung\/wp-json\/wp\/v2\/users\/9193395"}],"replies":[{"embeddable":true,"href":"https:\/\/wordpress.nibis.de\/sltagung\/wp-json\/wp\/v2\/comments?post=799"}],"version-history":[{"count":72,"href":"https:\/\/wordpress.nibis.de\/sltagung\/wp-json\/wp\/v2\/pages\/799\/revisions"}],"predecessor-version":[{"id":1951,"href":"https:\/\/wordpress.nibis.de\/sltagung\/wp-json\/wp\/v2\/pages\/799\/revisions\/1951"}],"wp:attachment":[{"href":"https:\/\/wordpress.nibis.de\/sltagung\/wp-json\/wp\/v2\/media?parent=799"}],"curies":[{"name":"wp","href":"https:\/\/api.w.org\/{rel}","templated":true}]}}