{"id":805,"date":"2023-07-19T14:57:06","date_gmt":"2023-07-19T12:57:06","guid":{"rendered":"https:\/\/wordpress.nibis.de\/sltagung\/?page_id=805"},"modified":"2025-03-27T10:27:59","modified_gmt":"2025-03-27T09:27:59","slug":"begruessung","status":"publish","type":"page","link":"https:\/\/wordpress.nibis.de\/sltagung\/begruessung\/","title":{"rendered":"ZZZ_Begr\u00fc\u00dfung"},"content":{"rendered":"\n<p style=\"text-align: left\"><strong><img loading=\"lazy\" decoding=\"async\" class=\"wp-image-1250 alignleft\" src=\"https:\/\/wordpress.nibis.de\/sltagung\/files\/2023\/07\/richlick-198x300.jpg\" alt=\"\" width=\"263\" height=\"398\" srcset=\"https:\/\/wordpress.nibis.de\/sltagung\/files\/2023\/07\/richlick-198x300.jpg 198w, https:\/\/wordpress.nibis.de\/sltagung\/files\/2023\/07\/richlick-178x270.jpg 178w, https:\/\/wordpress.nibis.de\/sltagung\/files\/2023\/07\/richlick.jpg 211w\" sizes=\"auto, (max-width: 263px) 100vw, 263px\" \/><\/strong><\/p>\n<p><strong>Dr. Elke Richlick<\/strong><\/p>\n<p><strong>Direktorin des Nieders\u00e4chsischen Landesinstituts f\u00fcr schulische Qualit\u00e4tsentwicklung<\/strong><\/p>\n<p class=\"Grundtext1\">Frau Dr. Richlick wird in ihrer Funktion als Beh\u00f6rdenleiterin des Nieders\u00e4chsischen Landesinstituts f\u00fcr schulische Qualit\u00e4tsentwicklung die G\u00e4ste der diesj\u00e4hrigen Schulleitungstagung begr\u00fc\u00dfen.<\/p>\n<p><a href=\"https:\/\/wordpress.nibis.de\/sltagung\/?page_id=792\"><strong>Zur\u00fcck zu den Impulsen<\/strong><\/a><\/p>\n","protected":false},"excerpt":{"rendered":"<p>Dr. Elke Richlick Direktorin des Nieders\u00e4chsischen Landesinstituts f\u00fcr schulische Qualit\u00e4tsentwicklung Frau Dr. Richlick wird in ihrer Funktion als Beh\u00f6rdenleiterin des Nieders\u00e4chsischen Landesinstituts f\u00fcr schulische Qualit\u00e4tsentwicklung die G\u00e4ste der diesj\u00e4hrigen Schulleitungstagung begr\u00fc\u00dfen. Zur\u00fcck zu den Impulsen<\/p>\n","protected":false},"author":9193395,"featured_media":0,"parent":0,"menu_order":0,"comment_status":"closed","ping_status":"closed","template":"","meta":{"footnotes":""},"class_list":["post-805","page","type-page","status-publish","hentry"],"_links":{"self":[{"href":"https:\/\/wordpress.nibis.de\/sltagung\/wp-json\/wp\/v2\/pages\/805","targetHints":{"allow":["GET"]}}],"collection":[{"href":"https:\/\/wordpress.nibis.de\/sltagung\/wp-json\/wp\/v2\/pages"}],"about":[{"href":"https:\/\/wordpress.nibis.de\/sltagung\/wp-json\/wp\/v2\/types\/page"}],"author":[{"embeddable":true,"href":"https:\/\/wordpress.nibis.de\/sltagung\/wp-json\/wp\/v2\/users\/9193395"}],"replies":[{"embeddable":true,"href":"https:\/\/wordpress.nibis.de\/sltagung\/wp-json\/wp\/v2\/comments?post=805"}],"version-history":[{"count":5,"href":"https:\/\/wordpress.nibis.de\/sltagung\/wp-json\/wp\/v2\/pages\/805\/revisions"}],"predecessor-version":[{"id":1962,"href":"https:\/\/wordpress.nibis.de\/sltagung\/wp-json\/wp\/v2\/pages\/805\/revisions\/1962"}],"wp:attachment":[{"href":"https:\/\/wordpress.nibis.de\/sltagung\/wp-json\/wp\/v2\/media?parent=805"}],"curies":[{"name":"wp","href":"https:\/\/api.w.org\/{rel}","templated":true}]}}