{"id":928,"date":"2023-06-08T09:10:11","date_gmt":"2023-06-08T07:10:11","guid":{"rendered":"https:\/\/wordpress.nibis.de\/sltagung\/?page_id=928"},"modified":"2025-04-17T13:28:54","modified_gmt":"2025-04-17T11:28:54","slug":"tagesplaene","status":"publish","type":"page","link":"https:\/\/wordpress.nibis.de\/sltagung\/tagesplaene\/","title":{"rendered":"ZZZ_Tagespl\u00e4ne"},"content":{"rendered":"\n<p style=\"text-align: center\"><strong>Vorl\u00e4ufige Tagesplanung<\/strong><\/p>\n<p style=\"text-align: center\"><em><strong>\u00c4nderungen sind m\u00f6glich!<\/strong><\/em><\/p>\n\n\n\n<figure class=\"wp-block-table is-style-stripes has-medium-font-size\"><table class=\"has-black-color has-text-color\"><tbody><tr><td>                                  <\/td><td><strong><span style=\"color:#0693e3\" class=\"tadv-color\"><strong>Dienstag, den 29. August 2023<\/strong><\/span><\/strong><\/td><td>     <\/td><\/tr><tr><td><strong>9:00 Uhr<\/strong> <\/td><td><strong>Ankommen der Teilnehmerinnen <\/strong><br><strong>und <\/strong><strong>Teilnehmer<\/strong><br><strong>Begr\u00fc\u00dfungskaffee<\/strong><\/td><td>Aula  <br>R 210<\/td><\/tr><tr><td><strong>10:00 Uhr<\/strong><\/td><td><strong>Begr\u00fc\u00dfung:<\/strong> <strong>Frau Dr. Elke Richlick<\/strong> <br>(<em>Beh\u00f6rdenleiterin des NLQ<\/em>)<\/td><td>Aula  <br>R 210<\/td><\/tr><tr><td><strong>10:30 Uhr<\/strong><\/td><td><strong>F\u00fchrung und Schulentwicklung in einer digitalen Welt\/im digitalen Zeitalter&nbsp;\u2013&nbsp;eine Selbsteinsch\u00e4tzung f\u00fcr Schulleitungen in Niedersachsen<\/strong> <em>(Leuphana Universit\u00e4t)<\/em><\/td><td>Aula  <br>R 210<\/td><\/tr><tr><td><strong>11:00 Uhr<\/strong><\/td><td><strong><a rel=\"noreferrer noopener\" href=\"https:\/\/schulleitungstagung.nibis.de\/keynote-lernen-mit-und-ueber-kuenstliche-intelligenz-implikationen-fuer-die-lehrkraeftebildung\/\" target=\"_blank\">Keynote: Prof. Dr. Johanna Fleckenstein<\/a><\/strong><\/td><td>Aula  <br>R 210<\/td><\/tr><tr><td><strong>12:00 Uhr<\/strong><\/td><td><strong>Impuls der Kultusministerin Julia Willie Hamburg<\/strong><\/td><td>Aula <br>R 210<\/td><\/tr><tr><td><strong>12:30 Uhr<\/strong><\/td><td><strong>Im Dialog mit Frau Ministerin<\/strong>: <br><strong>Reflexion und Austausch <\/strong><\/td><td>Aula<br>R 210<\/td><\/tr><tr><td><strong>13:00 Uhr<\/strong><\/td><td><strong>Mittagessen<\/strong><\/td><td>Mensa<\/td><\/tr><tr><td><strong>14:00 Uhr<\/strong><\/td><td><strong><a href=\"https:\/\/schulleitungstagung.nibis.de\/angebote-fuer-die-arbeitsphase\/\" target=\"_blank\" rel=\"noreferrer noopener\">Arbeitsphase in Kleingruppen<\/a><\/strong><\/td><td>s. Raumplan<\/td><\/tr><tr><td><strong>16:00 Uhr<\/strong><\/td><td><strong>Kaffeepause inkl. Gallery-Walk<\/strong> <br><em>(Angebote der Mini-Messe)<\/em><\/td><td><\/td><\/tr><tr><td><strong>16:45 Uhr<\/strong><\/td><td><strong>Bilanz des 1. Tages<\/strong><br><strong>Austausch und Diskussion<\/strong><\/td><td>Aula <br>R 210<\/td><\/tr><tr><td><strong>ca. 17:30 Uhr<\/strong><\/td><td><strong>Ende des ersten Tages<\/strong><\/td><td><\/td><\/tr><\/tbody><\/table><\/figure>\n\n\n\n<hr class=\"wp-block-separator is-style-wide\" \/>\n\n\n\n<p style=\"text-align: center\"><strong>Vorl\u00e4ufige Tagesplanung<\/strong><\/p>\n<p style=\"text-align: center\"><em><strong>\u00c4nderungen sind m\u00f6glich!<\/strong><\/em><\/p>\n\n\n\n<figure class=\"wp-block-table is-style-stripes has-medium-font-size\"><table><tbody><tr><td>           <\/td><td><span style=\"color:#0693e3\" class=\"tadv-color\"><strong>Mittwoch, den 30. August 2023<\/strong><\/span><\/td><td><\/td><\/tr><tr><td><strong>8:30 Uhr<\/strong> <\/td><td><strong>Ankommen und<\/strong><br><strong>Begr\u00fc\u00dfungskaffee<\/strong><\/td><td>Aula  <br>R 210<\/td><\/tr><tr><td><strong><span style=\"color:#000000\" class=\"tadv-color\">9:00 Uhr<\/span><\/strong><\/td><td><strong><span style=\"color:#000000\" class=\"tadv-color\"><a href=\"https:\/\/schulleitungstagung.nibis.de\/podiumsdiskussion-auf-der-niedersaechsischen-schulleitungstagung-2023\/\">Podiumsdiskussion<\/a><\/span><\/strong><\/td><td><span style=\"color:#000000\" class=\"tadv-color\">Aula  <br>R 210<\/span><\/td><\/tr><tr><td><strong><span style=\"color:#000000\" class=\"tadv-color\">10:30 Uhr<\/span><\/strong><\/td><td><strong>Kaffeepause<\/strong><\/td><td><\/td><\/tr><tr><td><strong><span style=\"color:#000000\" class=\"tadv-color\">11:00 Uhr<\/span><\/strong><\/td><td><strong><span style=\"color:#000000\" class=\"tadv-color\"><a href=\"https:\/\/schulleitungstagung.nibis.de\/angebote-fur-die-arbeitsphase-30-08-2023\/\">Arbeitsphase in Kleingruppen<\/a><\/span><\/strong><\/td><td><span style=\"color:#000000\" class=\"tadv-color\">s. Raumplan<\/span><\/td><\/tr><tr><td><strong><span style=\"color:#000000\" class=\"tadv-color\">13:00 Uhr<\/span><\/strong><\/td><td><span style=\"color:#000000\" class=\"tadv-color\"><strong>Nieders\u00e4chsischen Schulleitungstagung 2023<\/strong><br><strong>Bilanz<\/strong> <strong>und<\/strong> <strong>Schlussworte<\/strong><\/span><\/td><td><span style=\"color:#000000\" class=\"tadv-color\">Aula <br>R 210<\/span><\/td><\/tr><tr><td><strong><span style=\"color:#000000\" class=\"tadv-color\">14:00 Uhr<\/span><\/strong><\/td><td><strong><span style=\"color:#000000\" class=\"tadv-color\">Ausklang und Verabschiedung mit Imbiss<\/span><\/strong><\/td><td><span style=\"color:#000000\" class=\"tadv-color\">Aula <br>R 210<\/span><\/td><\/tr><\/tbody><\/table><\/figure>\n\n\n\n<p style=\"text-align: center\"><strong>Vorl\u00e4ufige Tagesplanung<\/strong><\/p>\n<p style=\"text-align: center\"><em><strong>\u00c4nderungen sind m\u00f6glich!<\/strong><\/em><\/p>\n","protected":false},"excerpt":{"rendered":"<p>Vorl\u00e4ufige Tagesplanung \u00c4nderungen sind m\u00f6glich! Dienstag, den 29. August 2023 9:00 Uhr Ankommen der Teilnehmerinnen und TeilnehmerBegr\u00fc\u00dfungskaffee Aula R 210 10:00 Uhr Begr\u00fc\u00dfung: Frau Dr. Elke Richlick (Beh\u00f6rdenleiterin des NLQ) Aula R 210 10:30 Uhr F\u00fchrung und Schulentwicklung in einer digitalen Welt\/im digitalen Zeitalter&nbsp;\u2013&nbsp;eine Selbsteinsch\u00e4tzung f\u00fcr Schulleitungen in Niedersachsen (Leuphana Universit\u00e4t) Aula R 210 11:00 Uhr Keynote: Prof. Dr. Johanna Fleckenstein Aula R 210 12:00 Uhr Impuls der Kultusministerin Julia Willie Hamburg Aula R 210 12:30 Uhr Im Dialog mit&#8230;<\/p>\n<p class=\"read-more\"><a class=\"btn btn-default\" href=\"https:\/\/wordpress.nibis.de\/sltagung\/tagesplaene\/\">Weiterlesen<span class=\"screen-reader-text\"> Weiterlesen<\/span><\/a><\/p>\n","protected":false},"author":9193843,"featured_media":0,"parent":0,"menu_order":0,"comment_status":"closed","ping_status":"closed","template":"","meta":{"footnotes":""},"class_list":["post-928","page","type-page","status-publish","hentry"],"_links":{"self":[{"href":"https:\/\/wordpress.nibis.de\/sltagung\/wp-json\/wp\/v2\/pages\/928","targetHints":{"allow":["GET"]}}],"collection":[{"href":"https:\/\/wordpress.nibis.de\/sltagung\/wp-json\/wp\/v2\/pages"}],"about":[{"href":"https:\/\/wordpress.nibis.de\/sltagung\/wp-json\/wp\/v2\/types\/page"}],"author":[{"embeddable":true,"href":"https:\/\/wordpress.nibis.de\/sltagung\/wp-json\/wp\/v2\/users\/9193843"}],"replies":[{"embeddable":true,"href":"https:\/\/wordpress.nibis.de\/sltagung\/wp-json\/wp\/v2\/comments?post=928"}],"version-history":[{"count":41,"href":"https:\/\/wordpress.nibis.de\/sltagung\/wp-json\/wp\/v2\/pages\/928\/revisions"}],"predecessor-version":[{"id":2166,"href":"https:\/\/wordpress.nibis.de\/sltagung\/wp-json\/wp\/v2\/pages\/928\/revisions\/2166"}],"wp:attachment":[{"href":"https:\/\/wordpress.nibis.de\/sltagung\/wp-json\/wp\/v2\/media?parent=928"}],"curies":[{"name":"wp","href":"https:\/\/api.w.org\/{rel}","templated":true}]}}