{"id":67,"date":"2022-06-04T15:51:34","date_gmt":"2022-06-04T13:51:34","guid":{"rendered":"https:\/\/wordpress.nibis.de\/stsghrlg\/?page_id=67"},"modified":"2024-12-12T21:11:19","modified_gmt":"2024-12-12T20:11:19","slug":"veranstaltungen","status":"publish","type":"page","link":"https:\/\/wordpress.nibis.de\/stsghrlg\/veranstaltungen\/","title":{"rendered":"Veranstaltungen"},"content":{"rendered":"\n<p><strong>Segeltour<\/strong><\/p>\n\n\n\n<p>Die mehrt\u00e4gige Tour f\u00fcr Auszubildende und Ausbilder*innen der L\u00fcneburger Studienseminare f\u00fcr GHR, Sonderp\u00e4dagogik und das gymnasiale Lehramt findet regelm\u00e4\u00dfig im Fr\u00fchjahr auf der Ostsee statt. Die Teilnahme ist freiwillig. Die Erlebnisse der Tour 2019 hat Christopher Rieckmann in einem Film zusammengefasst. <a href=\"https:\/\/wordpress.nibis.de\/stsghrlg\/files\/2024\/12\/Segeltour_Video.mp4\"><em>(\u2192&nbsp;<\/em>Segeltour-Video)<\/a><\/p>\n\n\n\n<p><strong>Methodentag<\/strong><\/p>\n\n\n\n<p>Der Methodentag entstand auf Initiative einer Anw\u00e4rterin mit dem Ziel, praktisch erprobte und bew\u00e4hrte Methoden und Materialien in kurzen Workshops zu pr\u00e4sentieren. Er findet seither regelm\u00e4\u00dfig im Rahmen der P\u00e4dagogikseminare vor den Weihnachtsferien statt und endet mit einer gemeinsamen Weihnachtsfeier.<\/p>\n\n\n\n<p><strong>P\u00e4dagogische Exkursionen<\/strong><\/p>\n\n\n\n<p>Mindestens einmal pro Kalenderjahr bieten wir Exkursionen zu Schulen mit besonderer p\u00e4dagogischer Pr\u00e4gung an (z.B. zu Gewinnern des deutschen Schulpreises, zu ausgezeichneten Demokratieschulen und\/oder freien und Alternativschulen).&nbsp;<\/p>\n\n\n\n<p><strong>Fachtage<\/strong><\/p>\n\n\n\n<p>Heterogenit\u00e4t als Chance und Herausforderung &#8211; Gemeinsam lehren, gemeinsam lernen, gemeinsam gesund bleiben (2018), Demokratiebildung (2023, 2024).<\/p>\n\n\n\n<p><strong>Kleine Messe<\/strong><\/p>\n\n\n\n<p>Renommierte Schulverlage pr\u00e4sentieren ausgew\u00e4hlte, aktuelle Lehrwerke und Materialien aus ihrem Angebot und stellen sie in kurzen Workshops zur Diskussion.<\/p>\n","protected":false},"excerpt":{"rendered":"<p>Segeltour Die mehrt\u00e4gige Tour f\u00fcr Auszubildende und Ausbilder*innen der L\u00fcneburger Studienseminare f\u00fcr GHR, Sonderp\u00e4dagogik und das gymnasiale Lehramt findet regelm\u00e4\u00dfig im Fr\u00fchjahr auf der Ostsee statt. Die Teilnahme ist freiwillig. <a class=\"more-link\" href=\"https:\/\/wordpress.nibis.de\/stsghrlg\/veranstaltungen\/\">weiter lesen \u2192<\/a><\/p>\n","protected":false},"author":9194005,"featured_media":0,"parent":0,"menu_order":0,"comment_status":"closed","ping_status":"closed","template":"","meta":{"footnotes":""},"class_list":["post-67","page","type-page","status-publish","hentry"],"_links":{"self":[{"href":"https:\/\/wordpress.nibis.de\/stsghrlg\/wp-json\/wp\/v2\/pages\/67","targetHints":{"allow":["GET"]}}],"collection":[{"href":"https:\/\/wordpress.nibis.de\/stsghrlg\/wp-json\/wp\/v2\/pages"}],"about":[{"href":"https:\/\/wordpress.nibis.de\/stsghrlg\/wp-json\/wp\/v2\/types\/page"}],"author":[{"embeddable":true,"href":"https:\/\/wordpress.nibis.de\/stsghrlg\/wp-json\/wp\/v2\/users\/9194005"}],"replies":[{"embeddable":true,"href":"https:\/\/wordpress.nibis.de\/stsghrlg\/wp-json\/wp\/v2\/comments?post=67"}],"version-history":[{"count":9,"href":"https:\/\/wordpress.nibis.de\/stsghrlg\/wp-json\/wp\/v2\/pages\/67\/revisions"}],"predecessor-version":[{"id":1003,"href":"https:\/\/wordpress.nibis.de\/stsghrlg\/wp-json\/wp\/v2\/pages\/67\/revisions\/1003"}],"wp:attachment":[{"href":"https:\/\/wordpress.nibis.de\/stsghrlg\/wp-json\/wp\/v2\/media?parent=67"}],"curies":[{"name":"wp","href":"https:\/\/api.w.org\/{rel}","templated":true}]}}