{"id":263,"date":"2013-07-01T18:32:58","date_gmt":"2013-07-01T16:32:58","guid":{"rendered":"http:\/\/wordpress.nibis.de\/stsvergy\/?page_id=263"},"modified":"2018-02-06T12:17:08","modified_gmt":"2018-02-06T11:17:08","slug":"kgs-tarmstedt-europaschule","status":"publish","type":"page","link":"https:\/\/wordpress.nibis.de\/stsvergy\/kgs-tarmstedt-europaschule\/","title":{"rendered":"KGS Tarmstedt Europaschule"},"content":{"rendered":"<p><strong><span style=\"font-size: medium;font-family: arial,helvetica,sans-serif;color: #333333\">Liebe Referendarinnen, liebe Referendare,<\/span><\/strong><\/p>\n<p><span style=\"font-size: medium;font-family: arial,helvetica,sans-serif;color: #333333\">ich gr\u00fc\u00dfe Sie herzlich aus der KGS Tarmstedt und w\u00fcnsche Ihnen alles Gute f\u00fcr Ihr Referendariat! Wir freuen uns, wenn Sie Ihre Ausbildung bei uns machen oder bei uns hospitieren.<\/span><\/p>\n<p><span style=\"font-size: medium;font-family: arial,helvetica,sans-serif;color: #333333\">Die KGS Tarmstedt ist eine lebendige, leistungsf\u00e4hige Ganztagssschule, in der Sch\u00fclerinnen und Sch\u00fcler, Lehrerinnen und Lehrer, Eltern sowie der Schultr\u00e4ger, die Samtgemeinde Tarmstedt, demokratisch, auf Augenh\u00f6he und im Sinne der jungen Generation hervorragend von Jahrgang 5 \u2013 12 zusammenarbeiten.<\/span><\/p>\n<p><span style=\"font-size: medium;font-family: arial,helvetica,sans-serif;color: #333333\">Die Integration verschiedenster Lerntypen und Begabungen ist bei uns Tradition und Programm. Gleicherma\u00dfen sind wir aber auch dem Anspruch verpflichtet jeden uns anvertrauten Jugendlichen gem\u00e4\u00df seiner Begabung optimal zu f\u00f6rdern und zu fordern.<\/span><\/p>\n<p><span style=\"font-size: medium;font-family: arial,helvetica,sans-serif;color: #333333\">Wir sind daf\u00fcr sehr gut aufgestellt und bieten u.a.:<\/span><\/p>\n<ul>\n<li><span style=\"font-size: medium;font-family: arial,helvetica,sans-serif;color: #333333\">ein reichhaltiges internationales Profil mit drei modernen Fremdsprachen (Englisch, Franz\u00f6sisch, Spanisch) und vielen Auslandskontakten an.<\/span><\/li>\n<li><span style=\"font-size: medium;font-family: arial,helvetica,sans-serif;color: #333333\">ausgezeichnete Bedingungen im Bereich Naturwissenschaften: wir f\u00fchren in allen NW auf erh\u00f6htem Niveau zum Abitur<\/span><\/li>\n<li><span style=\"font-size: medium;font-family: arial,helvetica,sans-serif;color: #333333\">hervorragende Sportanlagen<\/span><\/li>\n<li><span style=\"font-size: medium;font-family: arial,helvetica,sans-serif;color: #333333\">einen starken musisch-kultureller Bereich<\/span><\/li>\n<li><span style=\"font-size: medium;font-family: arial,helvetica,sans-serif;color: #333333\">f\u00e4cher\u00fcbergreifende Projektorientierung nicht nur in den Geisteswissenschaften<\/span><\/li>\n<li><span style=\"font-size: medium;font-family: arial,helvetica,sans-serif;color: #333333\">Kooperationen mit au\u00dferschulischen Partnern<\/span><\/li>\n<li><span style=\"font-size: medium;font-family: arial,helvetica,sans-serif;color: #333333\">Einen lebendigen Ganztag mit p\u00e4dagogischen MitarbeiterInnen und FSJ\u2019lerInnen<\/span><\/li>\n<li><span style=\"font-size: medium;font-family: arial,helvetica,sans-serif;color: #333333\">aktive Zusammenarbeit mit Schulsozialp\u00e4dagogInnen, Beratungs\u00adlehrkr\u00e4ften, der SV, den ElternvertreterInnen und dem Schulverein<\/span><\/li>\n<li><span style=\"font-size: medium;font-family: arial,helvetica,sans-serif;color: #333333\">einen offenen Umgang mit den Dingen, die wir noch verbessern wollen<\/span><\/li>\n<\/ul>\n<p><span style=\"font-size: medium;font-family: arial,helvetica,sans-serif;color: #333333\">Unsere Referendarinnen und Rerefendare werden sehr bewusst und pers\u00f6nlich betreut: durch die Mentorinnen und Mentoren und durch einen regelm\u00e4\u00dfigen p\u00e4dagogischen Gespr\u00e4chskreis mit der Schulleitung.<\/span><\/p>\n<p><span style=\"font-size: medium;font-family: arial,helvetica,sans-serif;color: #333333\">Wenn Sie Fragen haben, rufen Sie uns an. Wir nehmen uns Zeit f\u00fcr Sie!<\/span><\/p>\n<p><span style=\"font-size: medium;font-family: arial,helvetica,sans-serif;color: #333333\">Sandra Pohl, Schulleiterin<br \/>\n<\/span><\/p>\n<table style=\"border-color: #c3d4ca;border-width: 0px\" border=\"0\">\n<tbody>\n<tr>\n<td style=\"background-color: #ebf2f4;border: 1px solid #6a9df0\"><span style=\"color: #000000\"><span style=\"color: #333333\"><span style=\"font-family: arial,helvetica,sans-serif\">KGS Tarmstedt Europaschule<\/span><\/span><\/span><br \/>\n<span style=\"color: #000000\"><span style=\"color: #333333\"><span style=\"font-family: arial,helvetica,sans-serif\">Kleine Trift 13<\/span><\/span><\/span><br \/>\n<span style=\"color: #000000\"><span style=\"color: #000000\"><span style=\"color: #333333\"><span style=\"font-family: arial,helvetica,sans-serif\">27412 Tarmstedt<\/span><\/span><\/span><\/span><span style=\"font-family: arial,helvetica,sans-serif;color: #333333\">Tel : 04283 &#8211; 608340<\/span><\/p>\n<div><span style=\"font-family: arial,helvetica,sans-serif;color: #333333\">Fax: 04283 &#8211; 6083413<\/span><\/div>\n<p><span style=\"font-family: arial,helvetica,sans-serif;color: #333333\">Mail: <a href=\"&#109;&#x61;&#105;&#x6c;&#116;&#x6f;&#58;&#x6b;&#111;&#x6e;&#116;&#x61;&#107;&#x74;&#64;&#x6b;&#103;&#x73;&#45;&#x74;&#97;&#x72;&#109;&#x73;&#116;&#x65;d&#x74;&#46;&#x64;e\">kontakt(at)kgs-tarmstedt.de<\/a><\/span><br \/>\n<a href=\"http:\/\/kgs-tarmstedt.de\" target=\"_blank\" rel=\"noopener\"><span style=\"font-family: arial,helvetica,sans-serif;color: #333333\"> Website: www.kgs-tarmstedt.de<\/span><\/a><\/p>\n<p><span style=\"font-family: arial,helvetica,sans-serif;color: #333333\">Schulleiterin: Sandra Pohl, GSD&#8216;<br \/>\n<\/span><\/td>\n<\/tr>\n<\/tbody>\n<\/table>\n<p>&nbsp;<\/p>\n<div><span style=\"font-family: arial,helvetica,sans-serif\">\u00a0<\/span><\/div>\n","protected":false},"excerpt":{"rendered":"<p>Liebe Referendarinnen, liebe Referendare, ich gr\u00fc\u00dfe Sie herzlich aus der KGS Tarmstedt und w\u00fcnsche Ihnen alles Gute f\u00fcr Ihr Referendariat! Wir freuen uns, wenn Sie Ihre Ausbildung bei uns machen oder bei uns hospitieren. Die KGS Tarmstedt ist eine lebendige, &hellip; <a href=\"https:\/\/wordpress.nibis.de\/stsvergy\/kgs-tarmstedt-europaschule\/\">Weiterlesen <span class=\"meta-nav\">&rarr;<\/span><\/a><\/p>\n","protected":false},"author":184,"featured_media":0,"parent":0,"menu_order":0,"comment_status":"closed","ping_status":"closed","template":"","meta":{"footnotes":""},"class_list":["post-263","page","type-page","status-publish","hentry"],"_links":{"self":[{"href":"https:\/\/wordpress.nibis.de\/stsvergy\/wp-json\/wp\/v2\/pages\/263","targetHints":{"allow":["GET"]}}],"collection":[{"href":"https:\/\/wordpress.nibis.de\/stsvergy\/wp-json\/wp\/v2\/pages"}],"about":[{"href":"https:\/\/wordpress.nibis.de\/stsvergy\/wp-json\/wp\/v2\/types\/page"}],"author":[{"embeddable":true,"href":"https:\/\/wordpress.nibis.de\/stsvergy\/wp-json\/wp\/v2\/users\/184"}],"replies":[{"embeddable":true,"href":"https:\/\/wordpress.nibis.de\/stsvergy\/wp-json\/wp\/v2\/comments?post=263"}],"version-history":[{"count":20,"href":"https:\/\/wordpress.nibis.de\/stsvergy\/wp-json\/wp\/v2\/pages\/263\/revisions"}],"predecessor-version":[{"id":1228,"href":"https:\/\/wordpress.nibis.de\/stsvergy\/wp-json\/wp\/v2\/pages\/263\/revisions\/1228"}],"wp:attachment":[{"href":"https:\/\/wordpress.nibis.de\/stsvergy\/wp-json\/wp\/v2\/media?parent=263"}],"curies":[{"name":"wp","href":"https:\/\/api.w.org\/{rel}","templated":true}]}}