{"id":39,"date":"2013-06-27T13:10:20","date_gmt":"2013-06-27T11:10:20","guid":{"rendered":"http:\/\/wordpress.nibis.de\/stsvergy\/?page_id=39"},"modified":"2019-02-04T11:18:49","modified_gmt":"2019-02-04T10:18:49","slug":"physik","status":"publish","type":"page","link":"https:\/\/wordpress.nibis.de\/stsvergy\/physik\/","title":{"rendered":"Physik"},"content":{"rendered":"<table border=\"0\">\n<tbody>\n<tr>\n<td><span style=\"font-family: arial,helvetica,sans-serif\">Fachleiter<\/span><\/td>\n<td><span style=\"font-family: arial,helvetica,sans-serif\">Ulf Konrad (StD)<\/span><\/td>\n<\/tr>\n<tr>\n<td><span style=\"font-family: arial,helvetica,sans-serif\">Schule<\/span><\/td>\n<td><span style=\"font-family: arial,helvetica,sans-serif\">Rat<\/span><span style=\"font-family: arial,helvetica,sans-serif\">sgymnasium Rotenburg<\/span><\/td>\n<\/tr>\n<tr>\n<td><span style=\"font-family: arial,helvetica,sans-serif\">Fachseminar<\/span><\/td>\n<td>\n<ul>\n<li><span style=\"font-family: arial,helvetica,sans-serif\">14-t\u00e4glich, donnerstags (gerade Woche)<br \/>\n<\/span><\/li>\n<li><span style=\"font-family: arial,helvetica,sans-serif\">Beginn 15:00 Uhr<\/span><\/li>\n<li><span style=\"font-family: arial,helvetica,sans-serif\">Ort: Ratsgymna<\/span><span style=\"font-family: arial,helvetica,sans-serif\">sium Rotenburg<\/span><\/li>\n<\/ul>\n<\/td>\n<\/tr>\n<\/tbody>\n<\/table>\n<p><span style=\"font-size: large\"><strong>Zur Ausbildung im Fach Physik<\/strong><\/span><span style=\"font-family: arial,helvetica,sans-serif\"><br \/>\n<\/span><\/p>\n<p><span style=\"font-family: arial,helvetica,sans-serif\"><strong>\u00a0<i>\u201eIn Zeiten rascher Ver\u00e4nderungen erstarkte stets die Idee der formalen Bildung als Versuch,\u00a0 auf Unvorhersehbares vorbereitet zu sein. Diejenigen Disziplinen haben gute Aussichten, auch \u00fcber <\/i><\/strong><strong><i>Formalia hinaus etwas zu dieser Vorbereitung beizutragen, die einen Bestand an dauerhaftem Grundwissen und einem dauerhaften Methodenkanon besitzen.\u201c \/\/ <\/i><\/strong><\/span><br \/>\n<span style=\"font-family: arial,helvetica,sans-serif\"> <strong><i>W. Bleichroth<\/i><\/strong><\/span><\/p>\n<p><span style=\"font-family: arial,helvetica,sans-serif\">Aufgabe des Fachseminars PHYSIK ist es, eine Br\u00fccke zwischen der unive<\/span><span style=\"font-family: arial,helvetica,sans-serif\">rsit\u00e4ren Ausbildung und dem Einsatz in der Schule mit seinen t\u00e4glichen Anforderungen zu bauen.<\/span><\/p>\n<p><span style=\"font-family: arial,helvetica,sans-serif\">Auf der Basis einer fachlichen Sicherheit soll aus einem Fachgegenstand guter Unterricht werden. Dazu steht an erster Stelle die Leidenschaft f\u00fcr den gew\u00e4hlten Beruf. Guter Physik-Unterricht orientiert sich an der naturwissenschaftlichen Erkenntnisgewinnung. Guter Physik-Unterricht baut die h\u00e4ufig von den Sch\u00fclern mit in den Unterricht gebrachten \u00c4ngste und Vorurteile rasch ab.<\/span><\/p>\n<p><span style=\"font-family: arial,helvetica,sans-serif\">Neben den f\u00fcr alle F\u00e4cher geltenden Kriterien f\u00fcr guten Unterricht, nimmt das Experiment im Physikunterricht eine zentrale Rolle ein. Dem werden auch di<\/span><span style=\"font-family: arial,helvetica,sans-serif\">e Fachseminare in besonderer Weise Rechnung tragen.<\/span><\/p>\n<p><a href=\"http:\/\/wordpress.nibis.de\/stsvergy\/files\/SLP-Physik-VER-19-01.pdf\" target=\"_blank\" rel=\"noopener\"><strong><span style=\"font-family: arial,helvetica,sans-serif;font-size: medium\">Zum Fachkonzept Physik<\/span><\/strong><\/a><\/p>\n<p><img loading=\"lazy\" decoding=\"async\" class=\"alignnone wp-image-357\" src=\"http:\/\/wordpress.nibis.de\/stsvergy\/files\/P1050530-300x225.jpg\" alt=\"P1050530\" width=\"300\" height=\"225\" srcset=\"https:\/\/wordpress.nibis.de\/stsvergy\/files\/P1050530-300x225.jpg 300w, https:\/\/wordpress.nibis.de\/stsvergy\/files\/P1050530-640x480.jpg 640w\" sizes=\"auto, (max-width: 300px) 100vw, 300px\" \/><img loading=\"lazy\" decoding=\"async\" class=\"size-medium wp-image-510 alignright\" src=\"http:\/\/wordpress.nibis.de\/stsvergy\/files\/P1050514-300x225.jpg\" alt=\"P1050514\" width=\"300\" height=\"225\" srcset=\"https:\/\/wordpress.nibis.de\/stsvergy\/files\/P1050514-300x225.jpg 300w, https:\/\/wordpress.nibis.de\/stsvergy\/files\/P1050514-640x480.jpg 640w\" sizes=\"auto, (max-width: 300px) 100vw, 300px\" \/><\/p>\n<p style=\"text-align: center\"><img loading=\"lazy\" decoding=\"async\" class=\"wp-image-356 aligncenter\" src=\"http:\/\/wordpress.nibis.de\/stsvergy\/files\/P1050521-300x225.jpg\" alt=\"P1050521\" width=\"300\" height=\"225\" srcset=\"https:\/\/wordpress.nibis.de\/stsvergy\/files\/P1050521-300x225.jpg 300w, https:\/\/wordpress.nibis.de\/stsvergy\/files\/P1050521-640x480.jpg 640w\" sizes=\"auto, (max-width: 300px) 100vw, 300px\" \/><\/p>\n<p>&nbsp;<\/p>\n","protected":false},"excerpt":{"rendered":"<p>Fachleiter Ulf Konrad (StD) Schule Ratsgymnasium Rotenburg Fachseminar 14-t\u00e4glich, donnerstags (gerade Woche) Beginn 15:00 Uhr Ort: Ratsgymnasium Rotenburg Zur Ausbildung im Fach Physik \u00a0\u201eIn Zeiten rascher Ver\u00e4nderungen erstarkte stets die Idee der formalen Bildung als Versuch,\u00a0 auf Unvorhersehbares vorbereitet zu &hellip; <a href=\"https:\/\/wordpress.nibis.de\/stsvergy\/physik\/\">Weiterlesen <span class=\"meta-nav\">&rarr;<\/span><\/a><\/p>\n","protected":false},"author":184,"featured_media":0,"parent":0,"menu_order":0,"comment_status":"closed","ping_status":"closed","template":"","meta":{"footnotes":""},"class_list":["post-39","page","type-page","status-publish","hentry"],"_links":{"self":[{"href":"https:\/\/wordpress.nibis.de\/stsvergy\/wp-json\/wp\/v2\/pages\/39","targetHints":{"allow":["GET"]}}],"collection":[{"href":"https:\/\/wordpress.nibis.de\/stsvergy\/wp-json\/wp\/v2\/pages"}],"about":[{"href":"https:\/\/wordpress.nibis.de\/stsvergy\/wp-json\/wp\/v2\/types\/page"}],"author":[{"embeddable":true,"href":"https:\/\/wordpress.nibis.de\/stsvergy\/wp-json\/wp\/v2\/users\/184"}],"replies":[{"embeddable":true,"href":"https:\/\/wordpress.nibis.de\/stsvergy\/wp-json\/wp\/v2\/comments?post=39"}],"version-history":[{"count":34,"href":"https:\/\/wordpress.nibis.de\/stsvergy\/wp-json\/wp\/v2\/pages\/39\/revisions"}],"predecessor-version":[{"id":1287,"href":"https:\/\/wordpress.nibis.de\/stsvergy\/wp-json\/wp\/v2\/pages\/39\/revisions\/1287"}],"wp:attachment":[{"href":"https:\/\/wordpress.nibis.de\/stsvergy\/wp-json\/wp\/v2\/media?parent=39"}],"curies":[{"name":"wp","href":"https:\/\/api.w.org\/{rel}","templated":true}]}}