{"id":2431,"date":"2023-07-12T15:55:55","date_gmt":"2023-07-12T13:55:55","guid":{"rendered":"https:\/\/wordpress.nibis.de\/stursula\/?page_id=2431"},"modified":"2023-07-12T15:55:55","modified_gmt":"2023-07-12T13:55:55","slug":"geschichte","status":"publish","type":"page","link":"https:\/\/wordpress.nibis.de\/stursula\/geschichte\/","title":{"rendered":"Geschichte"},"content":{"rendered":"<p>2017<br \/>\nVerabschiedung des Achtsamkeitskonzeptes<br \/>\nEinrichtung eine &#8222;Mobbing-Interventions-Teams&#8220; (MIT)<br \/>\nEntwicklung von Kompetenzrastern<\/p>\n<p>2016<br \/>\nErstellen eines Achtsamkeitskonzeptes<br \/>\nErster Grillabend f\u00fcr Ehrenamtliche<br \/>\nArbeit an einem Inklusionskonzept<\/p>\n<p>2015<br \/>\nProjektwoche &#8222;Winterzauber&#8220; mit anschlie\u00dfender \u00f6ffentlicher Veranstaltung<br \/>\nBeginn der Arbeit mit den IPads<\/p>\n<p>2014<br \/>\nFeierliche Einweihung der Photovoltaikanlage auf dem Dach der Schule(mit den Zukunftsgenossen L\u00fcneburg)<br \/>\nErste Anw\u00e4rterin aus dem Seminar f\u00fcr F\u00f6rderschulen<\/p>\n<p>2013<br \/>\nab Februar: Beginn des Ganztagsbetriebs<br \/>\nab August: neue Rhythmisierung (Aufl\u00f6sung des 45-Minuten-Taktes)<\/p>\n<p>2012<br \/>\nUmzug der Schule und des Hortes St. Marien in den St.-Ursula-Weg 5<br \/>\nFrau Korthaus-Lindner geht in den Ruhestand<br \/>\nErste Schulsozialarbeiterin &#8211; Frau Hensel<br \/>\nVorbereitung auf die Einf\u00fchrung der Ganztagsschule<\/p>\n<p>2011<br \/>\nRichtfest des neuen Schulgeb\u00e4udes<br \/>\nBau des Brunnens f\u00fcr den Raum der Stille<\/p>\n<p>2010<br \/>\nGrundsteinlegung<br \/>\nFrau Anica Subasic geht in die Elternzeit<\/p>\n<p>2009<br \/>\nFrau Astrid Marung verl\u00e4sst im Februar die Schule<br \/>\nLeistungsverzeichnis f\u00fcr Schulneubau erstellt<\/p>\n<p>2008<br \/>\nSchulneubau geplant auf dem Gel\u00e4nde der Eon-Avacon<br \/>\nBauausschuss ins Leben gerufen (besteht aus Lehrern und Eltern)<br \/>\nBenjamin M\u00e4dge 1. Zivildienstleistender an der Schule<br \/>\nDie schuleigene Kogge vom F\u00f6rderverein wurde durch die Sch\u00fcler\/innen bemalt<br \/>\nEinf\u00fchrung der \u201eFreien Stillarbeit\u201c<br \/>\nEinf\u00fchrung eines Sch\u00fclerrates<\/p>\n<p>2007<br \/>\nErster Schulvorstand wurde gew\u00e4hlt<br \/>\nerste Eltern\/Vaterzeit des Schulleiters, als erste Frauenbeauftragte wurde Britta Simon gew\u00e4hlt<br \/>\nder Bischof Norbert Trelle besucht die Schule<br \/>\nHerr Stumpenhusen scheidet nach langj\u00e4hriger T\u00e4tigkeit als Elternratsvorsitzender aus<br \/>\nEr\u00f6ffnung der Schulbibliothek<\/p>\n<p>2006<br \/>\nVerabschiedung von Pfarrer Dr. Kroh, Einf\u00fchrungsgottesdienst des neuen Pfarrers Carsten Menges<br \/>\nPilotschule f\u00fcr neue Schulverwaltungssoftware Magellan, die Schulsekret\u00e4rin Frau Inge Bruns-Geraldy geht in den Ruhestand<\/p>\n<p>2005<br \/>\nFertigstellung und Einweihung des Anbaus. Mit Sponsorengeldern wird der Schulhof umgestaltet. Herzst\u00fcck der Umgestaltung ist eine 6 Meter hohe Kletterpyramide.<br \/>\nWegfall der Schulbusbef\u00f6rderung durch die \u201eMohrmann-Busse\u201c<\/p>\n<p>2004<br \/>\nBeginn der Bauarbeiten zu Erweiterung des Schulgeb\u00e4udes.<\/p>\n<p>2003<br \/>\nDie St.-Ursula-Schule wird \u201eVerl\u00e4ssliche Grundschule\u201c.<br \/>\nVon der Karg-Stiftung werden wir als eine von deutschlandweit 15 Schulen ausgew\u00e4hlt, an dem \u201eImpulsschulprojekt\u201c zur integrativen F\u00f6rderung besonders begabter Kinder teilzunehmen<\/p>\n<p>2002<br \/>\nFrau Rudolph wird mit einem gro\u00dfen Festakt nach 27 j\u00e4hriger T\u00e4tigkeit als Schulleiterin der St.-Ursula-Schule in den Ruhestand verabschiedet.<br \/>\nHerr Patrick Schn\u00fcttgen \u00fcbernimmt die Leitung der Schule.<\/p>\n<p>2001<br \/>\nWir feiern die 150-Jahr-Feier der Schule<\/p>\n<p>1999<br \/>\nDie \u201eUrsula-Sau&#8220; wird bemalt und im \u201eModehaus Rieckmann&#8220; ausgestellt. Eine Computer AG wird eingerichtet.<\/p>\n<p>1995<br \/>\nEinweihung einer Pergola auf dem Schulhof und Pflanzung eines Weinstocks<\/p>\n<p>1993<br \/>\nDer Sch\u00fclertransport bricht im Dezember wegen Glatteis zusammen<\/p>\n<p>1992<br \/>\nFrau Rudolph f\u00e4hrt zur Partnerschaftsschule nach Naruto in Japan.<br \/>\nDas Nebengeb\u00e4ude (Milchk\u00fcche) brennt in den Herbstferien ab.<\/p>\n<p>1991<br \/>\nErrichtung eines Kletterger\u00fcstes in neuer Sandfl\u00e4che auf dem Schulhof<\/p>\n<p>1989<br \/>\nGr\u00fcndung einer Hortgruppe in der Johannisstra\u00dfe<\/p>\n<p>1986<br \/>\nGr\u00fcndung des F\u00f6rdervereins \u201eEltern und Freunde der St.-Ursula-Schule e.V.&#8220;<\/p>\n<p>1983<br \/>\nKollegium \u00fcbt das praktische L\u00f6schen mit Handger\u00e4ten bei der Feuerwehr.<br \/>\nSieger bei den Waldlaufmeisterschaften.<br \/>\nSchulfesterl\u00f6s als Spende f\u00fcr eine Madonnenfigur aus Ruanda f\u00fcr das Gemeindehaus St. Marien<\/p>\n<p>1979<br \/>\nSchulball im Sch\u00fctzenhaus<\/p>\n<p>1978<br \/>\nUmgestaltung des Schulhofes unter der Kastanie<\/p>\n<p>1976<br \/>\nFirma Mohrmann \u00fcbernimmt Schulbustransport<\/p>\n<p>1975<br \/>\nErste Wangeroogefahrt der 4. Klassen, dort Besuch von Pater Schulz (Ruanda).<br \/>\nDie letzte Oberstufenklasse (9s) verl\u00e4sst die Volksschule IX.<br \/>\nnur noch Grundschule (Klassen 1 bis 4).<br \/>\nSieger bei den Vergleichswettk\u00e4mpfen der L\u00fcneburger Grundschulen im Wald.<br \/>\nSt. Ursula wird Namenspatronin der Schule<\/p>\n<p>1972<br \/>\nDie 5. und 6. Klassen gehen fast geschlossen in die Orientierungsstufe Kaltenmoor<\/p>\n<p>1971<br \/>\nDurch Ver\u00e4nderung des Schulsystems beginnt die Oberstufe \u201eauszulaufen&#8220;.<br \/>\nDie katholische Schule wird in den n\u00e4chsten Jahren zur Grundschule.<br \/>\nDie Sch\u00fclerzahl sinkt im Laufe der kommenden Jahre auf etwa 200.<br \/>\nDer Kindergarten St. Marien wird gegr\u00fcndet.<\/p>\n<p>1968<br \/>\nAbbruch der 100-j\u00e4hrigen Marienkirche auf dem Schulhof<\/p>\n<p>1965<br \/>\nKonkordat zwischen dem Vatikan und dem Land Niedersachsen (der konfessionelle Status der Schule wird best\u00e4tigt)<\/p>\n<p>1964<br \/>\nAm 9. M\u00e4rz brennt das Schulgeb\u00e4ude infolge Brandstiftung<\/p>\n<p>1960<br \/>\nEinsatz des ersten kircheneigenen Schulbusses<\/p>\n<p>1955<br \/>\nSchulkinder bilden Spalier an der Ilmenaustra\u00dfe f\u00fcr den Besuch des Bundespr\u00e4sidenten Prof. Heuss<\/p>\n<p>1950<br \/>\n512 Sch\u00fcler &#8211; davon die H\u00e4lfte Fl\u00fcchtlingskinder &#8211; 14-klassig, 6 R\u00e4ume, Nachmittagsunterricht<\/p>\n<p>1946<br \/>\nWiederer\u00f6ffnung der katholischen Volksschule IX am 15.10.46 mit drei Lehrern und 262 Sch\u00fclern<\/p>\n<p>1939<br \/>\nDie nationalsozialistische Regierung entzieht der katholischen Schule ihren Status, sie wird Gemeinschaftsschule.<\/p>\n<p>1932<br \/>\nTeilung der Oberstufe, damit ist die Schule 6-klassig<\/p>\n<p>1929<br \/>\nKein Unterricht, da Graf Zeppelin seine Weltumfahrt beendet hat<\/p>\n<p>1922<br \/>\nEin \u201eKnabe&#8220; wird wegen Schulvers\u00e4umnissen mit 150 Mark bestraft<\/p>\n<p>1919<br \/>\nDie geistliche Kreisschulinspektion wird aufgehoben<\/p>\n<p>1918<br \/>\nDer Unterricht f\u00e4llt im Winter wegen Kohlenmangels weitgehend aus<\/p>\n<p>1913<br \/>\nJede L\u00fcneburger Schule beteiligt sich an der 100-Jahr-Feier von Johanna Stegen<\/p>\n<p>1909<br \/>\nDer Ostfl\u00fcgel mit den Fenstern zur Roten Stra\u00dfe wird angebaut<\/p>\n<p>1908<br \/>\nDie Verwaltung der Schule geht an die Stadt \u00fcber.<br \/>\nDas Schulhaus wird von der Stadt gekauft.<br \/>\n170 Kinder besuchen die Schule.<\/p>\n<p>1906<br \/>\nKaiser Wilhelm II. besucht \u201eper Automobil&#8220; L\u00fcneburg<\/p>\n<p>1901<br \/>\nErrichtung einer 3. Schulabteilung: Oberklasse, Mittelklasse, Unterklasse<\/p>\n<p>1888<br \/>\nSchulkinder nehmen \u201eStellung&#8220; am Sande zum Empfang von der Kaiserin mit Prinzessin Viktoria<\/p>\n<p>1887<br \/>\nAufteilung der einklassigen Schule in Ober- und Unterklasse<\/p>\n<p>1885<br \/>\nBauliche Erweiterung des Schulhauses und \u00c4nderung der Beh\u00f6rdenzust\u00e4ndigkeit von der Provinz Hannover auf K\u00f6nigliche Regierung L\u00fcneburg<\/p>\n<p>1868<br \/>\nBau des Schulhauses (Westfl\u00fcgel der Schule in der Wallstr. 2)<\/p>\n<p>1857<br \/>\nEinweihung der St. Marien-Kirche auf dem Grundst\u00fcck Wallstr. 2 (heute Schulhof)<\/p>\n<p>1851<br \/>\nErrichtung einer \u00f6ffentlichen katholischen Volksschule mit 12 Kindern<\/p>\n","protected":false},"excerpt":{"rendered":"<p>2017 Verabschiedung des Achtsamkeitskonzeptes Einrichtung eine &#8222;Mobbing-Interventions-Teams&#8220; (MIT) Entwicklung von Kompetenzrastern 2016 Erstellen eines Achtsamkeitskonzeptes Erster Grillabend f\u00fcr Ehrenamtliche Arbeit an einem Inklusionskonzept 2015 Projektwoche &#8222;Winterzauber&#8220; mit anschlie\u00dfender \u00f6ffentlicher Veranstaltung Beginn der Arbeit mit den IPads 2014 Feierliche Einweihung der Photovoltaikanlage auf dem Dach der Schule(mit den Zukunftsgenossen L\u00fcneburg) Erste Anw\u00e4rterin aus dem Seminar f\u00fcr F\u00f6rderschulen 2013 ab Februar: Beginn des Ganztagsbetriebs ab August: neue Rhythmisierung (Aufl\u00f6sung des 45-Minuten-Taktes) 2012 Umzug der Schule und des Hortes St. Marien in den&#8230;<\/p>\n<p class=\"read-more\"><a class=\"btn btn-default\" href=\"https:\/\/wordpress.nibis.de\/stursula\/geschichte\/\">Weiterlesen<span class=\"screen-reader-text\"> Weiterlesen<\/span><\/a><\/p>\n","protected":false},"author":9194205,"featured_media":0,"parent":0,"menu_order":0,"comment_status":"closed","ping_status":"closed","template":"","meta":{"footnotes":""},"class_list":["post-2431","page","type-page","status-publish","hentry"],"_links":{"self":[{"href":"https:\/\/wordpress.nibis.de\/stursula\/wp-json\/wp\/v2\/pages\/2431","targetHints":{"allow":["GET"]}}],"collection":[{"href":"https:\/\/wordpress.nibis.de\/stursula\/wp-json\/wp\/v2\/pages"}],"about":[{"href":"https:\/\/wordpress.nibis.de\/stursula\/wp-json\/wp\/v2\/types\/page"}],"author":[{"embeddable":true,"href":"https:\/\/wordpress.nibis.de\/stursula\/wp-json\/wp\/v2\/users\/9194205"}],"replies":[{"embeddable":true,"href":"https:\/\/wordpress.nibis.de\/stursula\/wp-json\/wp\/v2\/comments?post=2431"}],"version-history":[{"count":1,"href":"https:\/\/wordpress.nibis.de\/stursula\/wp-json\/wp\/v2\/pages\/2431\/revisions"}],"predecessor-version":[{"id":2432,"href":"https:\/\/wordpress.nibis.de\/stursula\/wp-json\/wp\/v2\/pages\/2431\/revisions\/2432"}],"wp:attachment":[{"href":"https:\/\/wordpress.nibis.de\/stursula\/wp-json\/wp\/v2\/media?parent=2431"}],"curies":[{"name":"wp","href":"https:\/\/api.w.org\/{rel}","templated":true}]}}