{"id":2462,"date":"2023-07-12T16:00:43","date_gmt":"2023-07-12T14:00:43","guid":{"rendered":"https:\/\/wordpress.nibis.de\/stursula\/?page_id=2462"},"modified":"2026-08-18T11:56:31","modified_gmt":"2026-08-18T09:56:31","slug":"mitarbeiter","status":"publish","type":"page","link":"https:\/\/wordpress.nibis.de\/stursula\/mitarbeiter\/","title":{"rendered":"Mitarbeiter"},"content":{"rendered":"<p><strong>Vertretungslehrkr\u00e4fte<\/strong><br \/>\nAyleen Jakobs<br \/>\nJette Blank<br \/>\nMilena Riedel (Modullernen)<br \/>\nSofia Samadi<br \/>\nTamara Sievers<\/p>\n<p style=\"margin-top: 30px\"><strong>P\u00e4dagogische Mitarbeiterin &#8222;Inklusion&#8220;<\/strong><br \/>\nIna Landman<\/p>\n<p style=\"margin-top: 30px\"><strong>Verl\u00e4ssliche Grundschulbetreuung (VGS)<\/strong><br \/>\n<strong>Offene Ganztagsschule (OGS)<\/strong><br \/>\nAleksandra Albrecht<br \/>\nAnya Kleinoth<br \/>\nBrigitte Blankenburg<br \/>\nCathleen Sch\u00e4fer<br \/>\nDiana Stelle<br \/>\nEmma Werner<br \/>\nFenja Burghardt<br \/>\nJo Ofner<br \/>\nJule Dantzer<br \/>\nMaja M\u00fcller<br \/>\nUlrike Hoffmann<br \/>\nYona Gro\u00dfkopf<\/p>\n<p><strong>Schulsekret\u00e4rin\/Koordination OGS<\/strong><br \/>\nManuela M\u00fcller<\/p>\n<p style=\"margin-top: 30px\"><strong>Hausmeister<\/strong><br \/>\nIgor Rotermel<\/p>\n<p style=\"margin-top: 30px\"><strong>Schulsozialarbeiterin<\/strong><br \/>\nKaroline Rogge<\/p>\n<p><strong>Bufdi<\/strong><br \/>\nNoah Carstens<\/p>\n<p><strong>K\u00fcche<\/strong><br \/>\nLeonie K\u00fchl<br \/>\nFrau Dittmer (ab 1.9.)<\/p>\n","protected":false},"excerpt":{"rendered":"<p>Vertretungslehrkr\u00e4fte Ayleen Jakobs Jette Blank Milena Riedel (Modullernen) Sofia Samadi Tamara Sievers P\u00e4dagogische Mitarbeiterin &#8222;Inklusion&#8220; Ina Landman Verl\u00e4ssliche Grundschulbetreuung (VGS) Offene Ganztagsschule (OGS) Aleksandra Albrecht Anya Kleinoth Brigitte Blankenburg Cathleen Sch\u00e4fer Diana Stelle Emma Werner Fenja Burghardt Jo Ofner Jule Dantzer Maja M\u00fcller Ulrike Hoffmann Yona Gro\u00dfkopf Schulsekret\u00e4rin\/Koordination OGS Manuela M\u00fcller Hausmeister Igor Rotermel Schulsozialarbeiterin Karoline Rogge Bufdi Noah Carstens K\u00fcche Leonie K\u00fchl Frau Dittmer (ab 1.9.)<\/p>\n","protected":false},"author":9194205,"featured_media":0,"parent":0,"menu_order":0,"comment_status":"closed","ping_status":"closed","template":"","meta":{"footnotes":""},"class_list":["post-2462","page","type-page","status-publish","hentry"],"_links":{"self":[{"href":"https:\/\/wordpress.nibis.de\/stursula\/wp-json\/wp\/v2\/pages\/2462","targetHints":{"allow":["GET"]}}],"collection":[{"href":"https:\/\/wordpress.nibis.de\/stursula\/wp-json\/wp\/v2\/pages"}],"about":[{"href":"https:\/\/wordpress.nibis.de\/stursula\/wp-json\/wp\/v2\/types\/page"}],"author":[{"embeddable":true,"href":"https:\/\/wordpress.nibis.de\/stursula\/wp-json\/wp\/v2\/users\/9194205"}],"replies":[{"embeddable":true,"href":"https:\/\/wordpress.nibis.de\/stursula\/wp-json\/wp\/v2\/comments?post=2462"}],"version-history":[{"count":8,"href":"https:\/\/wordpress.nibis.de\/stursula\/wp-json\/wp\/v2\/pages\/2462\/revisions"}],"predecessor-version":[{"id":3474,"href":"https:\/\/wordpress.nibis.de\/stursula\/wp-json\/wp\/v2\/pages\/2462\/revisions\/3474"}],"wp:attachment":[{"href":"https:\/\/wordpress.nibis.de\/stursula\/wp-json\/wp\/v2\/media?parent=2462"}],"curies":[{"name":"wp","href":"https:\/\/api.w.org\/{rel}","templated":true}]}}